{"id":1540,"date":"2024-11-21T10:08:26","date_gmt":"2024-11-21T09:08:26","guid":{"rendered":"http:\/\/mjc.endinahosting.com\/?post_type=listing&#038;p=1540"},"modified":"2026-02-19T08:40:22","modified_gmt":"2026-02-19T07:40:22","slug":"ermita-de-san-roque","status":"publish","type":"listing","link":"https:\/\/manchajucarcentro.com\/turismo\/recurso\/ermita-de-san-roque\/","title":{"rendered":"Ermita de San Roque"},"content":{"rendered":"<p>La Ermita de San Roque ya es nombrada en la Desamortizaci\u00f3n Eclesi\u00e1stica y en el Diccionario de Pascual Madoz aparece rese\u00f1ada en 1853, aunque su origen puede remontarse a mediados del siglo XVIII, incluso antes.<\/p>\n<p>En ella reside la imagen del patr\u00f3n del pueblo y la imagen de Santa Quiteria. Debido a las obras de restauraci\u00f3n, aparecieron unos frescos del s.XVII.<\/p>\n<p>Junto a la Ermita hay una peque\u00f1a explanada en la que se realizan los juegos pirot\u00e9cnicos de los toros de carretillas, en el d\u00eda de San Roque, el 16 de agosto durante las fiestas patronales.<\/p>\n","protected":false},"author":1,"featured_media":1432,"comment_status":"open","ping_status":"closed","template":"","meta":[],"listing_category":[96,74],"event_category":[],"service_category":[],"rental_category":[],"classifieds_category":[],"listing_feature":[],"region":[62],"class_list":["post-1540","listing","type-listing","status-publish","has-post-thumbnail","hentry","listing_category-recurso-cultural","listing_category-recursos","region-barrax"],"_links":{"self":[{"href":"https:\/\/manchajucarcentro.com\/turismo\/wp-json\/wp\/v2\/listing\/1540","targetHints":{"allow":["GET"]}}],"collection":[{"href":"https:\/\/manchajucarcentro.com\/turismo\/wp-json\/wp\/v2\/listing"}],"about":[{"href":"https:\/\/manchajucarcentro.com\/turismo\/wp-json\/wp\/v2\/types\/listing"}],"author":[{"embeddable":true,"href":"https:\/\/manchajucarcentro.com\/turismo\/wp-json\/wp\/v2\/users\/1"}],"replies":[{"embeddable":true,"href":"https:\/\/manchajucarcentro.com\/turismo\/wp-json\/wp\/v2\/comments?post=1540"}],"wp:featuredmedia":[{"embeddable":true,"href":"https:\/\/manchajucarcentro.com\/turismo\/wp-json\/wp\/v2\/media\/1432"}],"wp:attachment":[{"href":"https:\/\/manchajucarcentro.com\/turismo\/wp-json\/wp\/v2\/media?parent=1540"}],"wp:term":[{"taxonomy":"listing_category","embeddable":true,"href":"https:\/\/manchajucarcentro.com\/turismo\/wp-json\/wp\/v2\/listing_category?post=1540"},{"taxonomy":"event_category","embeddable":true,"href":"https:\/\/manchajucarcentro.com\/turismo\/wp-json\/wp\/v2\/event_category?post=1540"},{"taxonomy":"service_category","embeddable":true,"href":"https:\/\/manchajucarcentro.com\/turismo\/wp-json\/wp\/v2\/service_category?post=1540"},{"taxonomy":"rental_category","embeddable":true,"href":"https:\/\/manchajucarcentro.com\/turismo\/wp-json\/wp\/v2\/rental_category?post=1540"},{"taxonomy":"classifieds_category","embeddable":true,"href":"https:\/\/manchajucarcentro.com\/turismo\/wp-json\/wp\/v2\/classifieds_category?post=1540"},{"taxonomy":"listing_feature","embeddable":true,"href":"https:\/\/manchajucarcentro.com\/turismo\/wp-json\/wp\/v2\/listing_feature?post=1540"},{"taxonomy":"region","embeddable":true,"href":"https:\/\/manchajucarcentro.com\/turismo\/wp-json\/wp\/v2\/region?post=1540"}],"curies":[{"name":"wp","href":"https:\/\/api.w.org\/{rel}","templated":true}]}}