{"id":1878,"date":"2024-11-26T11:42:59","date_gmt":"2024-11-26T10:42:59","guid":{"rendered":"http:\/\/mjc.endinahosting.com\/?page_id=1878"},"modified":"2025-03-07T13:17:53","modified_gmt":"2025-03-07T12:17:53","slug":"fiestas-y-eventos","status":"publish","type":"page","link":"https:\/\/manchajucarcentro.com\/turismo\/fiestas-y-eventos\/","title":{"rendered":"Fiestas y eventos"},"content":{"rendered":"\t\t<div data-elementor-type=\"wp-page\" data-elementor-id=\"1878\" class=\"elementor elementor-1878\">\n\t\t\t\t<div class=\"elementor-element elementor-element-c21e5cb e-flex e-con-boxed e-con e-parent\" data-id=\"c21e5cb\" data-element_type=\"container\">\n\t\t\t\t\t<div class=\"e-con-inner\">\n\t\t<div class=\"elementor-element elementor-element-76613b3 e-con-full e-flex e-con e-child\" data-id=\"76613b3\" data-element_type=\"container\">\n\t\t\t\t<div class=\"elementor-element elementor-element-7ce4f10 elementor-widget elementor-widget-text-editor\" data-id=\"7ce4f10\" data-element_type=\"widget\" data-widget_type=\"text-editor.default\">\n\t\t\t\t<div class=\"elementor-widget-container\">\n\t\t\t\t\t\t\tLa comarca Mancha J\u00facar-Centro destaca por su calendario repleto de fiestas, ferias y eventos que celebran sus tradiciones y cultura. Desde carnavales llenos de color y alegr\u00eda hasta romer\u00edas cargadas de devoci\u00f3n. Las fiestas patronales, ferias locales y festivales de m\u00fasica crean momentos \u00fanicos de convivencia y celebraci\u00f3n. Estas festividades reflejan la riqueza hist\u00f3rica y cultural que caracteriza a la regi\u00f3n.\n\t\t\t\t\t\t<\/div>\n\t\t\t\t<\/div>\n\t\t\t\t<\/div>\n\t\t<div class=\"elementor-element elementor-element-a752842 e-con-full e-flex e-con e-child\" data-id=\"a752842\" data-element_type=\"container\">\n\t\t\t\t<div class=\"elementor-element elementor-element-69a4276 elementor-widget elementor-widget-text-editor\" data-id=\"69a4276\" data-element_type=\"widget\" data-widget_type=\"text-editor.default\">\n\t\t\t\t<div class=\"elementor-widget-container\">\n\t\t\t\t\t\t\tEs ineludible la visita a esta comarca rica en tradiciones y celebraciones que reflejan la esencia cultural de sus nueve localidades. Cada municipio aporta su identidad a trav\u00e9s de fiestas patronales, romer\u00edas, carnavales y eventos singulares.\t\t\t\t\t\t<\/div>\n\t\t\t\t<\/div>\n\t\t\t\t<\/div>\n\t\t\t\t\t<\/div>\n\t\t\t\t<\/div>\n\t\t<div class=\"elementor-element elementor-element-a7cd21a e-flex e-con-boxed e-con e-parent\" data-id=\"a7cd21a\" data-element_type=\"container\" data-settings=\"{&quot;background_background&quot;:&quot;classic&quot;}\">\n\t\t\t\t\t<div class=\"e-con-inner\">\n\t\t\t\t<div class=\"elementor-element elementor-element-1afa933 elementor-widget__width-initial elementor-widget elementor-widget-listeo-headline\" data-id=\"1afa933\" data-element_type=\"widget\" data-widget_type=\"listeo-headline.default\">\n\t\t\t\t<div class=\"elementor-widget-container\">\n\t\t\t\t\t<h3 \n\t\tstyle=\"text-align:center;\" class=\"headline  headline-aligned-to-center headline-extra-spacing headline-box  headline-with-subtitle \"> Celebra con nosotros las fiestas de nuestra comarca  <span > Un calendario llevo de cultura, pasi\u00f3n y esp\u00edritu festivo<\/span><\/h3>\n\t\t\t\t<\/div>\n\t\t\t\t<\/div>\n\t\t\t\t\t<\/div>\n\t\t\t\t<\/div>\n\t\t<div class=\"elementor-element elementor-element-6e3f283a bl-desc-municipios e-flex e-con-boxed e-con e-parent\" data-id=\"6e3f283a\" data-element_type=\"container\" data-settings=\"{&quot;background_background&quot;:&quot;classic&quot;}\">\n\t\t\t\t\t<div class=\"e-con-inner\">\n\t\t<div class=\"elementor-element elementor-element-73e10369 e-con-full e-flex e-con e-child\" data-id=\"73e10369\" data-element_type=\"container\">\n\t\t\t\t<div class=\"elementor-element elementor-element-6807149b elementor-pagination-position-inside elementor-arrows-position-inside elementor-widget elementor-widget-image-carousel\" data-id=\"6807149b\" data-element_type=\"widget\" data-settings=\"{&quot;slides_to_show&quot;:&quot;1&quot;,&quot;navigation&quot;:&quot;both&quot;,&quot;autoplay&quot;:&quot;yes&quot;,&quot;pause_on_hover&quot;:&quot;yes&quot;,&quot;pause_on_interaction&quot;:&quot;yes&quot;,&quot;autoplay_speed&quot;:5000,&quot;infinite&quot;:&quot;yes&quot;,&quot;effect&quot;:&quot;slide&quot;,&quot;speed&quot;:500}\" data-widget_type=\"image-carousel.default\">\n\t\t\t\t<div class=\"elementor-widget-container\">\n\t\t\t\t\t<div class=\"elementor-image-carousel-wrapper swiper\" dir=\"ltr\">\n\t\t\t<div class=\"elementor-image-carousel swiper-wrapper\" aria-live=\"off\">\n\t\t\t\t\t\t\t\t<div class=\"swiper-slide\" role=\"group\" aria-roledescription=\"slide\" aria-label=\"1 de 4\"><figure class=\"swiper-slide-inner\"><img decoding=\"async\" class=\"swiper-slide-image\" src=\"https:\/\/manchajucarcentro.com\/turismo\/wp-content\/uploads\/elementor\/thumbs\/Fiestas-y-Eventos-Slide-1-rhy9yl6oznl612a1axphszylnm34xm7vjmmtno3jhs.jpg\" alt=\"\" \/><\/figure><\/div><div class=\"swiper-slide\" role=\"group\" aria-roledescription=\"slide\" aria-label=\"2 de 4\"><figure class=\"swiper-slide-inner\"><img decoding=\"async\" class=\"swiper-slide-image\" src=\"https:\/\/manchajucarcentro.com\/turismo\/wp-content\/uploads\/elementor\/thumbs\/Fiestas-y-Eventos-Slide-3-rhy9y8ysit4fu4rsaafcel1lxlrd5jvd5y5if2lnqo.jpg\" alt=\"\" \/><\/figure><\/div><div class=\"swiper-slide\" role=\"group\" aria-roledescription=\"slide\" aria-label=\"3 de 4\"><figure class=\"swiper-slide-inner\"><img decoding=\"async\" class=\"swiper-slide-image\" src=\"https:\/\/manchajucarcentro.com\/turismo\/wp-content\/uploads\/elementor\/thumbs\/Fiestas-y-Eventos-Slide-5-rhy9xgrmts1u5twquy8jbs5s41mcqmrf22ky0rrgxc.jpg\" alt=\"\" \/><\/figure><\/div><div class=\"swiper-slide\" role=\"group\" aria-roledescription=\"slide\" aria-label=\"4 de 4\"><figure class=\"swiper-slide-inner\"><img decoding=\"async\" class=\"swiper-slide-image\" src=\"https:\/\/manchajucarcentro.com\/turismo\/wp-content\/uploads\/elementor\/thumbs\/Fiestas-y-Eventos-Slide-2-rhy9y49lkmy082ym1qe7k48ayoej32cphaw30osmls.png\" alt=\"\" \/><\/figure><\/div>\t\t\t<\/div>\n\t\t\t\t\t\t\t\t\t\t\t\t<div class=\"elementor-swiper-button elementor-swiper-button-prev\" role=\"button\" tabindex=\"0\">\n\t\t\t\t\t\t<i aria-hidden=\"true\" class=\"eicon-chevron-left\"><\/i>\t\t\t\t\t<\/div>\n\t\t\t\t\t<div class=\"elementor-swiper-button elementor-swiper-button-next\" role=\"button\" tabindex=\"0\">\n\t\t\t\t\t\t<i aria-hidden=\"true\" class=\"eicon-chevron-right\"><\/i>\t\t\t\t\t<\/div>\n\t\t\t\t\n\t\t\t\t\t\t\t\t\t<div class=\"swiper-pagination\"><\/div>\n\t\t\t\t\t\t\t\t\t<\/div>\n\t\t\t\t<\/div>\n\t\t\t\t<\/div>\n\t\t\t\t<\/div>\n\t\t<div class=\"elementor-element elementor-element-6844c50d e-con-full e-flex e-con e-child\" data-id=\"6844c50d\" data-element_type=\"container\">\n\t\t\t\t<div class=\"elementor-element elementor-element-1c2928a0 elementor-widget elementor-widget-text-editor\" data-id=\"1c2928a0\" data-element_type=\"widget\" data-widget_type=\"text-editor.default\">\n\t\t\t\t<div class=\"elementor-widget-container\">\n\t\t\t\t\t\t\t<p>En <a href=\"http:\/\/manchajucarcentro.com\/turismo\/tarazona-de-la-mancha\/\">Tarazona de la Mancha<\/a>, el Carnaval, declarado de Inter\u00e9s Tur\u00edstico Regional, es famoso por su colorido y creatividad. <a href=\"http:\/\/manchajucarcentro.com\/turismo\/villarrobledo\/\">Villarrobledo<\/a> destaca con su Semana Santa y el Vi\u00f1arock, pero tambi\u00e9n con sus tradicionales fiestas patronales en honor a San Blas. En <a href=\"http:\/\/manchajucarcentro.com\/turismo\/la-roda\/\">La Roda<\/a>, adem\u00e1s de su conocida Feria y Fiestas, el Festival de los Sentidos pone en valor la gastronom\u00eda y la m\u00fasica.<\/p><p><a href=\"http:\/\/manchajucarcentro.com\/turismo\/la-gineta\/\">La Gineta<\/a> celebra su romer\u00eda en honor a San Bartolom\u00e9, mientras que <a href=\"http:\/\/manchajucarcentro.com\/turismo\/minaya\/\">Minaya<\/a> honra a San Miguel con actos religiosos y culturales.<\/p><p><a href=\"http:\/\/manchajucarcentro.com\/turismo\/villalgordo-del-jucar\">Villalgordo del J\u00facar<\/a> organiza su popular romer\u00eda de la Virgen del Rosario, y en <a href=\"http:\/\/manchajucarcentro.com\/turismo\/fuensanta\/\">Fuensanta<\/a>, el Monasterio de Nuestra Se\u00f1ora de los Remedios se convierte en el centro de la romer\u00eda local.<\/p><p>En <a href=\"http:\/\/manchajucarcentro.com\/turismo\/montalvos\/\">Montalvos<\/a>, las fiestas de San Isidro reflejan su esencia agr\u00edcola, mientras que en <a href=\"http:\/\/manchajucarcentro.com\/turismo\/barrax\/\">Barrax<\/a>, la Fiesta de las Cruces de Mayo llena el municipio de tradici\u00f3n y devoci\u00f3n.<\/p>\t\t\t\t\t\t<\/div>\n\t\t\t\t<\/div>\n\t\t\t\t<\/div>\n\t\t\t\t\t<\/div>\n\t\t\t\t<\/div>\n\t\t\t\t<section class=\"elementor-section elementor-top-section elementor-element elementor-element-98d93c0 elementor-section-full_width elementor-section-stretched elementor-section-height-default elementor-section-height-default\" data-id=\"98d93c0\" data-element_type=\"section\" data-settings=\"{&quot;stretch_section&quot;:&quot;section-stretched&quot;,&quot;background_background&quot;:&quot;classic&quot;}\">\n\t\t\t\t\t\t\t<div class=\"elementor-background-overlay\"><\/div>\n\t\t\t\t\t\t\t<div class=\"elementor-container elementor-column-gap-default\">\n\t\t\t\t\t<div class=\"elementor-column elementor-col-100 elementor-top-column elementor-element elementor-element-93c1b89\" data-id=\"93c1b89\" data-element_type=\"column\">\n\t\t\t<div class=\"elementor-widget-wrap elementor-element-populated\">\n\t\t\t\t\t\t<section class=\"elementor-section elementor-inner-section elementor-element elementor-element-6f7df8c elementor-section-boxed elementor-section-height-default elementor-section-height-default\" data-id=\"6f7df8c\" data-element_type=\"section\">\n\t\t\t\t\t\t<div class=\"elementor-container elementor-column-gap-default\">\n\t\t\t\t\t<div class=\"elementor-column elementor-col-100 elementor-inner-column elementor-element elementor-element-705bef1\" data-id=\"705bef1\" data-element_type=\"column\">\n\t\t\t<div class=\"elementor-widget-wrap elementor-element-populated\">\n\t\t\t\t\t\t<div class=\"elementor-element elementor-element-7d9f5ac elementor-widget elementor-widget-heading\" data-id=\"7d9f5ac\" data-element_type=\"widget\" data-widget_type=\"heading.default\">\n\t\t\t\t<div class=\"elementor-widget-container\">\n\t\t\t<h2 class=\"elementor-heading-title elementor-size-large\"><a href=\"http:\/\/manchajucarcentro.com\/turismo\/agenda\/\">Agenda de Fiestas y Eventos<\/a><\/h2>\t\t<\/div>\n\t\t\t\t<\/div>\n\t\t\t\t\t<\/div>\n\t\t<\/div>\n\t\t\t\t\t<\/div>\n\t\t<\/section>\n\t\t\t\t\t<\/div>\n\t\t<\/div>\n\t\t\t\t\t<\/div>\n\t\t<\/section>\n\t\t\t\t<\/div>\n\t\t","protected":false},"excerpt":{"rendered":"<p>La comarca Mancha J\u00facar-Centro destaca por su calendario repleto de fiestas, ferias y eventos que celebran sus tradiciones y cultura. Desde carnavales llenos de color y alegr\u00eda hasta romer\u00edas cargadas de devoci\u00f3n. Las fiestas patronales, ferias locales y festivales de m\u00fasica crean momentos \u00fanicos de convivencia y celebraci\u00f3n. Estas festividades reflejan la riqueza hist\u00f3rica y [&hellip;]<\/p>\n","protected":false},"author":1,"featured_media":0,"parent":0,"menu_order":0,"comment_status":"closed","ping_status":"closed","template":"","meta":{"footnotes":""},"class_list":["post-1878","page","type-page","status-publish","hentry"],"_links":{"self":[{"href":"https:\/\/manchajucarcentro.com\/turismo\/wp-json\/wp\/v2\/pages\/1878","targetHints":{"allow":["GET"]}}],"collection":[{"href":"https:\/\/manchajucarcentro.com\/turismo\/wp-json\/wp\/v2\/pages"}],"about":[{"href":"https:\/\/manchajucarcentro.com\/turismo\/wp-json\/wp\/v2\/types\/page"}],"author":[{"embeddable":true,"href":"https:\/\/manchajucarcentro.com\/turismo\/wp-json\/wp\/v2\/users\/1"}],"replies":[{"embeddable":true,"href":"https:\/\/manchajucarcentro.com\/turismo\/wp-json\/wp\/v2\/comments?post=1878"}],"version-history":[{"count":59,"href":"https:\/\/manchajucarcentro.com\/turismo\/wp-json\/wp\/v2\/pages\/1878\/revisions"}],"predecessor-version":[{"id":4631,"href":"https:\/\/manchajucarcentro.com\/turismo\/wp-json\/wp\/v2\/pages\/1878\/revisions\/4631"}],"wp:attachment":[{"href":"https:\/\/manchajucarcentro.com\/turismo\/wp-json\/wp\/v2\/media?parent=1878"}],"curies":[{"name":"wp","href":"https:\/\/api.w.org\/{rel}","templated":true}]}}