{"id":893,"date":"2024-10-29T11:26:47","date_gmt":"2024-10-29T10:26:47","guid":{"rendered":"http:\/\/mjc.endinahosting.com\/?page_id=893"},"modified":"2024-12-16T09:17:32","modified_gmt":"2024-12-16T08:17:32","slug":"villalgordo-del-jucar","status":"publish","type":"page","link":"https:\/\/manchajucarcentro.com\/turismo\/villalgordo-del-jucar\/","title":{"rendered":"Villalgordo del J\u00facar"},"content":{"rendered":"\t\t<div data-elementor-type=\"wp-page\" data-elementor-id=\"893\" class=\"elementor elementor-893\">\n\t\t\t\t<div class=\"elementor-element elementor-element-a4c6e4a bl-desc-municipios e-flex e-con-boxed e-con e-parent\" data-id=\"a4c6e4a\" data-element_type=\"container\" data-settings=\"{&quot;background_background&quot;:&quot;classic&quot;}\">\n\t\t\t\t\t<div class=\"e-con-inner\">\n\t\t<div class=\"elementor-element elementor-element-f078544 e-con-full e-flex e-con e-child\" data-id=\"f078544\" data-element_type=\"container\">\n\t\t\t\t<div class=\"elementor-element elementor-element-ff8972a elementor-widget elementor-widget-text-editor\" data-id=\"ff8972a\" data-element_type=\"widget\" data-widget_type=\"text-editor.default\">\n\t\t\t\t<div class=\"elementor-widget-container\">\n\t\t\t\t\t\t\t<p>Villalgordo del J\u00facar es un t\u00edpico pueblo manchego cuyo origen se remonta a la repoblaci\u00f3n llevada a cabo por la orden de Santiago durante la Edad Media. Inicialmente dependiente de Alarc\u00f3n y despu\u00e9s de la Corona de Castilla, en 1672 consigue el privilegio de Villa.<\/p><p>Su econom\u00eda est\u00e1 basada en la agricultura, cultiv\u00e1ndose cereales y vid, pero fundamentalmente champi\u00f1\u00f3n, existiendo numerosas cuevas de cultivo y talleres de limpieza y envasado.<\/p><p>Su cercan\u00eda al r\u00edo J\u00facar, que pasa junto a la poblaci\u00f3n, le dota de unos paisajes bell\u00edsimos, lo que ofrece una buena oportunidad para el turismo rural.<\/p><p>Otro de sus atractivos es El Palacio de los Gos\u00e1lvez, terminado a principios del siglo XX con un estilo versallesco franc\u00e9s.<\/p>\t\t\t\t\t\t<\/div>\n\t\t\t\t<\/div>\n\t\t\t\t<\/div>\n\t\t<div class=\"elementor-element elementor-element-8fc3b9b e-con-full e-flex e-con e-child\" data-id=\"8fc3b9b\" data-element_type=\"container\">\n\t\t\t\t<div class=\"elementor-element elementor-element-ce63c0e elementor-pagination-position-inside elementor-arrows-position-inside elementor-widget elementor-widget-image-carousel\" data-id=\"ce63c0e\" data-element_type=\"widget\" data-settings=\"{&quot;slides_to_show&quot;:&quot;1&quot;,&quot;navigation&quot;:&quot;both&quot;,&quot;autoplay&quot;:&quot;yes&quot;,&quot;pause_on_hover&quot;:&quot;yes&quot;,&quot;pause_on_interaction&quot;:&quot;yes&quot;,&quot;autoplay_speed&quot;:5000,&quot;infinite&quot;:&quot;yes&quot;,&quot;effect&quot;:&quot;slide&quot;,&quot;speed&quot;:500}\" data-widget_type=\"image-carousel.default\">\n\t\t\t\t<div class=\"elementor-widget-container\">\n\t\t\t\t\t<div class=\"elementor-image-carousel-wrapper swiper\" dir=\"ltr\">\n\t\t\t<div class=\"elementor-image-carousel swiper-wrapper\" aria-live=\"off\">\n\t\t\t\t\t\t\t\t<div class=\"swiper-slide\" role=\"group\" aria-roledescription=\"slide\" aria-label=\"1 de 3\"><figure class=\"swiper-slide-inner\"><img decoding=\"async\" class=\"swiper-slide-image\" src=\"https:\/\/manchajucarcentro.com\/turismo\/wp-content\/uploads\/elementor\/thumbs\/Villalgordo-del-Jucar-Slide-3-rhy9irkhy1wq1ggaht2mlgp97hxntz1494p6efq5ds.jpg\" alt=\"\" \/><\/figure><\/div><div class=\"swiper-slide\" role=\"group\" aria-roledescription=\"slide\" aria-label=\"2 de 3\"><figure class=\"swiper-slide-inner\"><img decoding=\"async\" class=\"swiper-slide-image\" src=\"https:\/\/manchajucarcentro.com\/turismo\/wp-content\/uploads\/elementor\/thumbs\/Villalgordo-del-Jucar-Slide-1-rhy9i6w1rp4ey1abuk4u2lx450rl4mr0uachuckt6o.jpg\" alt=\"\" \/><\/figure><\/div><div class=\"swiper-slide\" role=\"group\" aria-roledescription=\"slide\" aria-label=\"3 de 3\"><figure class=\"swiper-slide-inner\"><img decoding=\"async\" class=\"swiper-slide-image\" src=\"https:\/\/manchajucarcentro.com\/turismo\/wp-content\/uploads\/elementor\/thumbs\/Villalgordo-del-Jucar-Slide-2-rhy9ipotkdu5e8j0ss9dgh6c0q6xektnkve7fvsxq8.jpg\" alt=\"\" \/><\/figure><\/div>\t\t\t<\/div>\n\t\t\t\t\t\t\t\t\t\t\t\t<div class=\"elementor-swiper-button elementor-swiper-button-prev\" role=\"button\" tabindex=\"0\">\n\t\t\t\t\t\t<i aria-hidden=\"true\" class=\"eicon-chevron-left\"><\/i>\t\t\t\t\t<\/div>\n\t\t\t\t\t<div class=\"elementor-swiper-button elementor-swiper-button-next\" role=\"button\" tabindex=\"0\">\n\t\t\t\t\t\t<i aria-hidden=\"true\" class=\"eicon-chevron-right\"><\/i>\t\t\t\t\t<\/div>\n\t\t\t\t\n\t\t\t\t\t\t\t\t\t<div class=\"swiper-pagination\"><\/div>\n\t\t\t\t\t\t\t\t\t<\/div>\n\t\t\t\t<\/div>\n\t\t\t\t<\/div>\n\t\t\t\t<\/div>\n\t\t\t\t\t<\/div>\n\t\t\t\t<\/div>\n\t\t<div class=\"elementor-element elementor-element-7f5068e e-flex e-con-boxed e-con e-parent\" data-id=\"7f5068e\" data-element_type=\"container\">\n\t\t\t\t\t<div class=\"e-con-inner\">\n\t\t\t\t<div class=\"elementor-element elementor-element-55b14a7 elementor-widget__width-initial elementor-widget elementor-widget-listeo-headline\" data-id=\"55b14a7\" data-element_type=\"widget\" data-widget_type=\"listeo-headline.default\">\n\t\t\t\t<div class=\"elementor-widget-container\">\n\t\t\t\t\t<h3 \n\t\tstyle=\"text-align:center;\" class=\"headline  headline-aligned-to-center headline-extra-spacing headline-box  headline-with-subtitle \"> Nuestra propuesta  <span > Descubre nuestra esencia y nuestros tesoros<\/span><\/h3>\n\t\t\t\t<\/div>\n\t\t\t\t<\/div>\n\t\t\t\t\t<\/div>\n\t\t\t\t<\/div>\n\t\t<div class=\"elementor-element elementor-element-8269717 e-flex e-con-boxed e-con e-parent\" data-id=\"8269717\" data-element_type=\"container\">\n\t\t\t\t\t<div class=\"e-con-inner\">\n\t\t\t\t<div class=\"elementor-element elementor-element-94e62d5 elementor-widget elementor-widget-listeo-listings-wide\" data-id=\"94e62d5\" data-element_type=\"widget\" data-widget_type=\"listeo-listings-wide.default\">\n\t\t\t\t<div class=\"elementor-widget-container\">\n\t\t\t        <div class=\"fullgrid-slick-carousel listings-wide-carousel\" data-slick='{\"autoplay\": true, \"autoplaySpeed\": 3000}' >\n            <div class=\"fw-carousel-item\">\n                        <div class=\"taxonoomy-wide-grid-element\">                        <div class=\"slg-half\">\n                            <a data-grid-start-index=\"0\" href=\"https:\/\/manchajucarcentro.com\/turismo\/recurso\/casa-rural-dona-sara\/\" class=\"slg-gallery-cover\"><img fetchpriority=\"high\" decoding=\"async\" width=\"600\" height=\"313\" src=\"https:\/\/manchajucarcentro.com\/turismo\/wp-content\/uploads\/2024\/10\/Casa-Rural-Dona-Sara-Villalgordo-del-Jucar-2.webp\" class=\"attachment-listeo-gallery size-listeo-gallery wp-post-image\" alt=\"\" srcset=\"https:\/\/manchajucarcentro.com\/turismo\/wp-content\/uploads\/2024\/10\/Casa-Rural-Dona-Sara-Villalgordo-del-Jucar-2.webp 600w, https:\/\/manchajucarcentro.com\/turismo\/wp-content\/uploads\/2024\/10\/Casa-Rural-Dona-Sara-Villalgordo-del-Jucar-2-300x157.webp 300w, https:\/\/manchajucarcentro.com\/turismo\/wp-content\/uploads\/2024\/10\/Casa-Rural-Dona-Sara-Villalgordo-del-Jucar-2-590x308.webp 590w, https:\/\/manchajucarcentro.com\/turismo\/wp-content\/uploads\/2024\/10\/Casa-Rural-Dona-Sara-Villalgordo-del-Jucar-2-577x301.webp 577w\" sizes=\"(max-width: 600px) 100vw, 600px\" \/><\/a>\n                            <h4>Casa Rural Do\u00f1a Sara<\/h4>\n                        <\/div>                        <div class=\"slg-half\">\n                            <div class=\"slg-grid\">\n                                <div class=\"slg-grid-top\">\n                                    <div class=\"slg-grid-inner\">\n                                        <a data-grid-start-index=\"1\" href=\"https:\/\/manchajucarcentro.com\/turismo\/recurso\/rio-jucar\/\" class=\"slg-gallery-cover\"><img decoding=\"async\" width=\"1040\" height=\"960\" src=\"https:\/\/manchajucarcentro.com\/turismo\/wp-content\/uploads\/2024\/11\/Villalgordo-del-Jucar-Slide-2.jpg\" class=\"attachment-listeo-gallery size-listeo-gallery wp-post-image\" alt=\"\" srcset=\"https:\/\/manchajucarcentro.com\/turismo\/wp-content\/uploads\/2024\/11\/Villalgordo-del-Jucar-Slide-2.jpg 1040w, https:\/\/manchajucarcentro.com\/turismo\/wp-content\/uploads\/2024\/11\/Villalgordo-del-Jucar-Slide-2-300x277.jpg 300w, https:\/\/manchajucarcentro.com\/turismo\/wp-content\/uploads\/2024\/11\/Villalgordo-del-Jucar-Slide-2-1024x945.jpg 1024w, https:\/\/manchajucarcentro.com\/turismo\/wp-content\/uploads\/2024\/11\/Villalgordo-del-Jucar-Slide-2-768x709.jpg 768w, https:\/\/manchajucarcentro.com\/turismo\/wp-content\/uploads\/2024\/11\/Villalgordo-del-Jucar-Slide-2-590x545.jpg 590w, https:\/\/manchajucarcentro.com\/turismo\/wp-content\/uploads\/2024\/11\/Villalgordo-del-Jucar-Slide-2-726x670.jpg 726w, https:\/\/manchajucarcentro.com\/turismo\/wp-content\/uploads\/2024\/11\/Villalgordo-del-Jucar-Slide-2-577x533.jpg 577w\" sizes=\"(max-width: 1040px) 100vw, 1040px\" \/><\/a>\n                                        <h4>R\u00edo J\u00facar<\/h4>\n                                    <\/div>\n                                <\/div>\n                                                            <div class=\"slg-grid-bottom\">\n                                    <div class=\"slg-grid-inner\">\n                                        <a data-grid-start-index=\"2\" href=\"https:\/\/manchajucarcentro.com\/turismo\/recurso\/hoces-del-batanejo\/\" class=\"slg-gallery-cover\"><img decoding=\"async\" width=\"1024\" height=\"768\" src=\"https:\/\/manchajucarcentro.com\/turismo\/wp-content\/uploads\/2024\/11\/Hoces-del-Batanejo-Villalgordo-del-Jucar-1.jpg\" class=\"attachment-listeo-gallery size-listeo-gallery wp-post-image\" alt=\"\" srcset=\"https:\/\/manchajucarcentro.com\/turismo\/wp-content\/uploads\/2024\/11\/Hoces-del-Batanejo-Villalgordo-del-Jucar-1.jpg 1024w, https:\/\/manchajucarcentro.com\/turismo\/wp-content\/uploads\/2024\/11\/Hoces-del-Batanejo-Villalgordo-del-Jucar-1-300x225.jpg 300w, https:\/\/manchajucarcentro.com\/turismo\/wp-content\/uploads\/2024\/11\/Hoces-del-Batanejo-Villalgordo-del-Jucar-1-768x576.jpg 768w, https:\/\/manchajucarcentro.com\/turismo\/wp-content\/uploads\/2024\/11\/Hoces-del-Batanejo-Villalgordo-del-Jucar-1-590x443.jpg 590w, https:\/\/manchajucarcentro.com\/turismo\/wp-content\/uploads\/2024\/11\/Hoces-del-Batanejo-Villalgordo-del-Jucar-1-893x670.jpg 893w, https:\/\/manchajucarcentro.com\/turismo\/wp-content\/uploads\/2024\/11\/Hoces-del-Batanejo-Villalgordo-del-Jucar-1-577x433.jpg 577w\" sizes=\"(max-width: 1024px) 100vw, 1024px\" \/><\/a>\n                                        <h4>Hoces del Batanejo<\/h4>\n                                    <\/div>\n\n                                <\/div>\n\n                            <\/div>\n                        <\/div>\n                        <\/div><\/div><div class=\"fw-carousel-item\">\n                        <div class=\"taxonoomy-wide-grid-element\">                        <div class=\"slg-half\">\n                            <a data-grid-start-index=\"3\" href=\"https:\/\/manchajucarcentro.com\/turismo\/recurso\/casa-de-la-cultura-villalgordo-del-jucar\/\" class=\"slg-gallery-cover\"><img loading=\"lazy\" decoding=\"async\" width=\"1002\" height=\"633\" src=\"https:\/\/manchajucarcentro.com\/turismo\/wp-content\/uploads\/2024\/12\/Casa-de-cultura-Villalgordo-del-Jucar-1.jpg\" class=\"attachment-listeo-gallery size-listeo-gallery wp-post-image\" alt=\"\" srcset=\"https:\/\/manchajucarcentro.com\/turismo\/wp-content\/uploads\/2024\/12\/Casa-de-cultura-Villalgordo-del-Jucar-1.jpg 1002w, https:\/\/manchajucarcentro.com\/turismo\/wp-content\/uploads\/2024\/12\/Casa-de-cultura-Villalgordo-del-Jucar-1-300x190.jpg 300w, https:\/\/manchajucarcentro.com\/turismo\/wp-content\/uploads\/2024\/12\/Casa-de-cultura-Villalgordo-del-Jucar-1-768x485.jpg 768w, https:\/\/manchajucarcentro.com\/turismo\/wp-content\/uploads\/2024\/12\/Casa-de-cultura-Villalgordo-del-Jucar-1-590x373.jpg 590w, https:\/\/manchajucarcentro.com\/turismo\/wp-content\/uploads\/2024\/12\/Casa-de-cultura-Villalgordo-del-Jucar-1-577x365.jpg 577w\" sizes=\"(max-width: 1002px) 100vw, 1002px\" \/><\/a>\n                            <h4>Casa de la cultura<\/h4>\n                        <\/div>                        <div class=\"slg-half\">\n                            <div class=\"slg-grid\">\n                                <div class=\"slg-grid-top\">\n                                    <div class=\"slg-grid-inner\">\n                                        <a data-grid-start-index=\"4\" href=\"https:\/\/manchajucarcentro.com\/turismo\/recurso\/ermita-de-san-isidro-labrador\/\" class=\"slg-gallery-cover\"><img loading=\"lazy\" decoding=\"async\" width=\"1200\" height=\"1600\" src=\"https:\/\/manchajucarcentro.com\/turismo\/wp-content\/uploads\/2024\/11\/Ermita-San-Isidro-Villalgordo-del-Jucar-1-1200x1600.jpg\" class=\"attachment-listeo-gallery size-listeo-gallery wp-post-image\" alt=\"\" srcset=\"https:\/\/manchajucarcentro.com\/turismo\/wp-content\/uploads\/2024\/11\/Ermita-San-Isidro-Villalgordo-del-Jucar-1-1200x1600.jpg 1200w, https:\/\/manchajucarcentro.com\/turismo\/wp-content\/uploads\/2024\/11\/Ermita-San-Isidro-Villalgordo-del-Jucar-1-225x300.jpg 225w, https:\/\/manchajucarcentro.com\/turismo\/wp-content\/uploads\/2024\/11\/Ermita-San-Isidro-Villalgordo-del-Jucar-1-768x1024.jpg 768w, https:\/\/manchajucarcentro.com\/turismo\/wp-content\/uploads\/2024\/11\/Ermita-San-Isidro-Villalgordo-del-Jucar-1-1152x1536.jpg 1152w, https:\/\/manchajucarcentro.com\/turismo\/wp-content\/uploads\/2024\/11\/Ermita-San-Isidro-Villalgordo-del-Jucar-1-443x590.jpg 443w, https:\/\/manchajucarcentro.com\/turismo\/wp-content\/uploads\/2024\/11\/Ermita-San-Isidro-Villalgordo-del-Jucar-1-503x670.jpg 503w, https:\/\/manchajucarcentro.com\/turismo\/wp-content\/uploads\/2024\/11\/Ermita-San-Isidro-Villalgordo-del-Jucar-1-577x769.jpg 577w, https:\/\/manchajucarcentro.com\/turismo\/wp-content\/uploads\/2024\/11\/Ermita-San-Isidro-Villalgordo-del-Jucar-1.jpg 1536w\" sizes=\"(max-width: 1200px) 100vw, 1200px\" \/><\/a>\n                                        <h4>Ermita de San Isidro Labrador<\/h4>\n                                    <\/div>\n                                <\/div>\n                                                            <div class=\"slg-grid-bottom\">\n                                    <div class=\"slg-grid-inner\">\n                                        <a data-grid-start-index=\"5\" href=\"https:\/\/manchajucarcentro.com\/turismo\/recurso\/iglesia-de-santa-maria-magdalena\/\" class=\"slg-gallery-cover\"><img loading=\"lazy\" decoding=\"async\" width=\"1200\" height=\"900\" src=\"https:\/\/manchajucarcentro.com\/turismo\/wp-content\/uploads\/2024\/11\/Iglesia-de-Santa-Maria-Magdalena-Villalgordo-del-Jucar-1-1200x900.jpg\" class=\"attachment-listeo-gallery size-listeo-gallery wp-post-image\" alt=\"\" srcset=\"https:\/\/manchajucarcentro.com\/turismo\/wp-content\/uploads\/2024\/11\/Iglesia-de-Santa-Maria-Magdalena-Villalgordo-del-Jucar-1-1200x900.jpg 1200w, https:\/\/manchajucarcentro.com\/turismo\/wp-content\/uploads\/2024\/11\/Iglesia-de-Santa-Maria-Magdalena-Villalgordo-del-Jucar-1-300x225.jpg 300w, https:\/\/manchajucarcentro.com\/turismo\/wp-content\/uploads\/2024\/11\/Iglesia-de-Santa-Maria-Magdalena-Villalgordo-del-Jucar-1-1024x768.jpg 1024w, https:\/\/manchajucarcentro.com\/turismo\/wp-content\/uploads\/2024\/11\/Iglesia-de-Santa-Maria-Magdalena-Villalgordo-del-Jucar-1-768x576.jpg 768w, https:\/\/manchajucarcentro.com\/turismo\/wp-content\/uploads\/2024\/11\/Iglesia-de-Santa-Maria-Magdalena-Villalgordo-del-Jucar-1-1536x1152.jpg 1536w, https:\/\/manchajucarcentro.com\/turismo\/wp-content\/uploads\/2024\/11\/Iglesia-de-Santa-Maria-Magdalena-Villalgordo-del-Jucar-1-590x443.jpg 590w, https:\/\/manchajucarcentro.com\/turismo\/wp-content\/uploads\/2024\/11\/Iglesia-de-Santa-Maria-Magdalena-Villalgordo-del-Jucar-1-893x670.jpg 893w, https:\/\/manchajucarcentro.com\/turismo\/wp-content\/uploads\/2024\/11\/Iglesia-de-Santa-Maria-Magdalena-Villalgordo-del-Jucar-1-577x433.jpg 577w, https:\/\/manchajucarcentro.com\/turismo\/wp-content\/uploads\/2024\/11\/Iglesia-de-Santa-Maria-Magdalena-Villalgordo-del-Jucar-1.jpg 1920w\" sizes=\"(max-width: 1200px) 100vw, 1200px\" \/><\/a>\n                                        <h4>Iglesia de Santa Mar\u00eda Magdalena<\/h4>\n                                    <\/div>\n\n                                <\/div>\n\n                            <\/div>\n                        <\/div>\n                        <\/div><\/div><div class=\"fw-carousel-item\">\n                        <div class=\"taxonoomy-wide-grid-element\">                        <div class=\"slg-half\">\n                            <a data-grid-start-index=\"6\" href=\"https:\/\/manchajucarcentro.com\/turismo\/recurso\/casa-rural-el-cadillar\/\" class=\"slg-gallery-cover\"><img loading=\"lazy\" decoding=\"async\" width=\"1200\" height=\"800\" src=\"https:\/\/manchajucarcentro.com\/turismo\/wp-content\/uploads\/2024\/10\/Casa-Rural-El-Cadillar-Villalgordo-del-Jucar-3-1200x800.jpg\" class=\"attachment-listeo-gallery size-listeo-gallery wp-post-image\" alt=\"\" srcset=\"https:\/\/manchajucarcentro.com\/turismo\/wp-content\/uploads\/2024\/10\/Casa-Rural-El-Cadillar-Villalgordo-del-Jucar-3-1200x800.jpg 1200w, https:\/\/manchajucarcentro.com\/turismo\/wp-content\/uploads\/2024\/10\/Casa-Rural-El-Cadillar-Villalgordo-del-Jucar-3-300x200.jpg 300w, https:\/\/manchajucarcentro.com\/turismo\/wp-content\/uploads\/2024\/10\/Casa-Rural-El-Cadillar-Villalgordo-del-Jucar-3-1024x682.jpg 1024w, https:\/\/manchajucarcentro.com\/turismo\/wp-content\/uploads\/2024\/10\/Casa-Rural-El-Cadillar-Villalgordo-del-Jucar-3-768x512.jpg 768w, https:\/\/manchajucarcentro.com\/turismo\/wp-content\/uploads\/2024\/10\/Casa-Rural-El-Cadillar-Villalgordo-del-Jucar-3-1536x1024.jpg 1536w, https:\/\/manchajucarcentro.com\/turismo\/wp-content\/uploads\/2024\/10\/Casa-Rural-El-Cadillar-Villalgordo-del-Jucar-3-590x393.jpg 590w, https:\/\/manchajucarcentro.com\/turismo\/wp-content\/uploads\/2024\/10\/Casa-Rural-El-Cadillar-Villalgordo-del-Jucar-3-1005x670.jpg 1005w, https:\/\/manchajucarcentro.com\/turismo\/wp-content\/uploads\/2024\/10\/Casa-Rural-El-Cadillar-Villalgordo-del-Jucar-3-577x385.jpg 577w, https:\/\/manchajucarcentro.com\/turismo\/wp-content\/uploads\/2024\/10\/Casa-Rural-El-Cadillar-Villalgordo-del-Jucar-3.jpg 2000w\" sizes=\"(max-width: 1200px) 100vw, 1200px\" \/><\/a>\n                            <h4>Casa Rural El Cadillar<\/h4>\n                        <\/div>                        <div class=\"slg-half\">\n                            <div class=\"slg-grid\">\n                                <div class=\"slg-grid-top\">\n                                    <div class=\"slg-grid-inner\">\n                                        <a data-grid-start-index=\"7\" href=\"https:\/\/manchajucarcentro.com\/turismo\/recurso\/casa-rural-don-alonso\/\" class=\"slg-gallery-cover\"><img loading=\"lazy\" decoding=\"async\" width=\"1024\" height=\"768\" src=\"https:\/\/manchajucarcentro.com\/turismo\/wp-content\/uploads\/2024\/10\/Casa-Rural-Don-Alonso-Villalgordo-del-Jucar-1.jpg\" class=\"attachment-listeo-gallery size-listeo-gallery wp-post-image\" alt=\"\" srcset=\"https:\/\/manchajucarcentro.com\/turismo\/wp-content\/uploads\/2024\/10\/Casa-Rural-Don-Alonso-Villalgordo-del-Jucar-1.jpg 1024w, https:\/\/manchajucarcentro.com\/turismo\/wp-content\/uploads\/2024\/10\/Casa-Rural-Don-Alonso-Villalgordo-del-Jucar-1-300x225.jpg 300w, https:\/\/manchajucarcentro.com\/turismo\/wp-content\/uploads\/2024\/10\/Casa-Rural-Don-Alonso-Villalgordo-del-Jucar-1-768x576.jpg 768w, https:\/\/manchajucarcentro.com\/turismo\/wp-content\/uploads\/2024\/10\/Casa-Rural-Don-Alonso-Villalgordo-del-Jucar-1-590x443.jpg 590w, https:\/\/manchajucarcentro.com\/turismo\/wp-content\/uploads\/2024\/10\/Casa-Rural-Don-Alonso-Villalgordo-del-Jucar-1-893x670.jpg 893w, https:\/\/manchajucarcentro.com\/turismo\/wp-content\/uploads\/2024\/10\/Casa-Rural-Don-Alonso-Villalgordo-del-Jucar-1-577x433.jpg 577w\" sizes=\"(max-width: 1024px) 100vw, 1024px\" \/><\/a>\n                                        <h4>Casa Rural Don Alonso<\/h4>\n                                    <\/div>\n                                <\/div>\n                                                            <div class=\"slg-grid-bottom\">\n                                    <div class=\"slg-grid-inner\">\n                                        <a data-grid-start-index=\"8\" href=\"https:\/\/manchajucarcentro.com\/turismo\/recurso\/museo-del-envase-correas-tebar\/\" class=\"slg-gallery-cover\"><img loading=\"lazy\" decoding=\"async\" width=\"1200\" height=\"554\" src=\"https:\/\/manchajucarcentro.com\/turismo\/wp-content\/uploads\/2024\/11\/Museo-del-Envase-Villalgordo-del-Jucar-5.jpg\" class=\"attachment-listeo-gallery size-listeo-gallery wp-post-image\" alt=\"\" srcset=\"https:\/\/manchajucarcentro.com\/turismo\/wp-content\/uploads\/2024\/11\/Museo-del-Envase-Villalgordo-del-Jucar-5.jpg 1200w, https:\/\/manchajucarcentro.com\/turismo\/wp-content\/uploads\/2024\/11\/Museo-del-Envase-Villalgordo-del-Jucar-5-300x139.jpg 300w, https:\/\/manchajucarcentro.com\/turismo\/wp-content\/uploads\/2024\/11\/Museo-del-Envase-Villalgordo-del-Jucar-5-1024x473.jpg 1024w, https:\/\/manchajucarcentro.com\/turismo\/wp-content\/uploads\/2024\/11\/Museo-del-Envase-Villalgordo-del-Jucar-5-768x355.jpg 768w, https:\/\/manchajucarcentro.com\/turismo\/wp-content\/uploads\/2024\/11\/Museo-del-Envase-Villalgordo-del-Jucar-5-590x272.jpg 590w, https:\/\/manchajucarcentro.com\/turismo\/wp-content\/uploads\/2024\/11\/Museo-del-Envase-Villalgordo-del-Jucar-5-577x266.jpg 577w\" sizes=\"(max-width: 1200px) 100vw, 1200px\" \/><\/a>\n                                        <h4>Museo del Envase Correas T\u00e9bar<\/h4>\n                                    <\/div>\n\n                                <\/div>\n\n                            <\/div>\n                        <\/div>\n                        <\/div><\/div><div class=\"fw-carousel-item\">\n                        <div class=\"taxonoomy-wide-grid-element\">                        <div class=\"slg-half\">\n                            <a data-grid-start-index=\"9\" href=\"https:\/\/manchajucarcentro.com\/turismo\/recurso\/complejo-rural-cuatro-pinos\/\" class=\"slg-gallery-cover\"><img loading=\"lazy\" decoding=\"async\" width=\"1200\" height=\"800\" src=\"https:\/\/manchajucarcentro.com\/turismo\/wp-content\/uploads\/2024\/10\/Complejo-Rural-Cuatro-Pinos-Villalgordo-del-Jucar-1.jpg\" class=\"attachment-listeo-gallery size-listeo-gallery wp-post-image\" alt=\"\" srcset=\"https:\/\/manchajucarcentro.com\/turismo\/wp-content\/uploads\/2024\/10\/Complejo-Rural-Cuatro-Pinos-Villalgordo-del-Jucar-1.jpg 1200w, https:\/\/manchajucarcentro.com\/turismo\/wp-content\/uploads\/2024\/10\/Complejo-Rural-Cuatro-Pinos-Villalgordo-del-Jucar-1-300x200.jpg 300w, https:\/\/manchajucarcentro.com\/turismo\/wp-content\/uploads\/2024\/10\/Complejo-Rural-Cuatro-Pinos-Villalgordo-del-Jucar-1-1024x683.jpg 1024w, https:\/\/manchajucarcentro.com\/turismo\/wp-content\/uploads\/2024\/10\/Complejo-Rural-Cuatro-Pinos-Villalgordo-del-Jucar-1-768x512.jpg 768w, https:\/\/manchajucarcentro.com\/turismo\/wp-content\/uploads\/2024\/10\/Complejo-Rural-Cuatro-Pinos-Villalgordo-del-Jucar-1-590x393.jpg 590w, https:\/\/manchajucarcentro.com\/turismo\/wp-content\/uploads\/2024\/10\/Complejo-Rural-Cuatro-Pinos-Villalgordo-del-Jucar-1-1005x670.jpg 1005w, https:\/\/manchajucarcentro.com\/turismo\/wp-content\/uploads\/2024\/10\/Complejo-Rural-Cuatro-Pinos-Villalgordo-del-Jucar-1-577x385.jpg 577w\" sizes=\"(max-width: 1200px) 100vw, 1200px\" \/><\/a>\n                            <h4>Complejo Rural Cuatro Pinos<\/h4>\n                        <\/div>                        <div class=\"slg-half\">\n                            <div class=\"slg-grid\">\n                                <div class=\"slg-grid-top\">\n                                    <div class=\"slg-grid-inner\">\n                                        <a data-grid-start-index=\"10\" href=\"https:\/\/manchajucarcentro.com\/turismo\/recurso\/parque-municipal-del-hondo-del-rio\/\" class=\"slg-gallery-cover\"><img loading=\"lazy\" decoding=\"async\" width=\"800\" height=\"533\" src=\"https:\/\/manchajucarcentro.com\/turismo\/wp-content\/uploads\/2024\/11\/Parque-Municipal-del-Hondo-del-rio-Villalgordo-del-Jucar-1.jpg\" class=\"attachment-listeo-gallery size-listeo-gallery wp-post-image\" alt=\"\" srcset=\"https:\/\/manchajucarcentro.com\/turismo\/wp-content\/uploads\/2024\/11\/Parque-Municipal-del-Hondo-del-rio-Villalgordo-del-Jucar-1.jpg 800w, https:\/\/manchajucarcentro.com\/turismo\/wp-content\/uploads\/2024\/11\/Parque-Municipal-del-Hondo-del-rio-Villalgordo-del-Jucar-1-300x200.jpg 300w, https:\/\/manchajucarcentro.com\/turismo\/wp-content\/uploads\/2024\/11\/Parque-Municipal-del-Hondo-del-rio-Villalgordo-del-Jucar-1-768x512.jpg 768w, https:\/\/manchajucarcentro.com\/turismo\/wp-content\/uploads\/2024\/11\/Parque-Municipal-del-Hondo-del-rio-Villalgordo-del-Jucar-1-590x393.jpg 590w, https:\/\/manchajucarcentro.com\/turismo\/wp-content\/uploads\/2024\/11\/Parque-Municipal-del-Hondo-del-rio-Villalgordo-del-Jucar-1-577x384.jpg 577w\" sizes=\"(max-width: 800px) 100vw, 800px\" \/><\/a>\n                                        <h4>Parque Municipal del Hondo del r\u00edo<\/h4>\n                                    <\/div>\n                                <\/div>\n                                                            <div class=\"slg-grid-bottom\">\n                                    <div class=\"slg-grid-inner\">\n                                        <a data-grid-start-index=\"11\" href=\"https:\/\/manchajucarcentro.com\/turismo\/recurso\/area-de-autocaravanas\/\" class=\"slg-gallery-cover\"><img loading=\"lazy\" decoding=\"async\" width=\"823\" height=\"500\" src=\"https:\/\/manchajucarcentro.com\/turismo\/wp-content\/uploads\/2024\/12\/Area-de-autocaravas-Villalgordo-del-Jucar-1.jpeg\" class=\"attachment-listeo-gallery size-listeo-gallery wp-post-image\" alt=\"\" srcset=\"https:\/\/manchajucarcentro.com\/turismo\/wp-content\/uploads\/2024\/12\/Area-de-autocaravas-Villalgordo-del-Jucar-1.jpeg 823w, https:\/\/manchajucarcentro.com\/turismo\/wp-content\/uploads\/2024\/12\/Area-de-autocaravas-Villalgordo-del-Jucar-1-300x182.jpeg 300w, https:\/\/manchajucarcentro.com\/turismo\/wp-content\/uploads\/2024\/12\/Area-de-autocaravas-Villalgordo-del-Jucar-1-768x467.jpeg 768w, https:\/\/manchajucarcentro.com\/turismo\/wp-content\/uploads\/2024\/12\/Area-de-autocaravas-Villalgordo-del-Jucar-1-590x358.jpeg 590w, https:\/\/manchajucarcentro.com\/turismo\/wp-content\/uploads\/2024\/12\/Area-de-autocaravas-Villalgordo-del-Jucar-1-577x351.jpeg 577w\" sizes=\"(max-width: 823px) 100vw, 823px\" \/><\/a>\n                                        <h4>\u00c1rea de autocaravanas<\/h4>\n                                    <\/div>\n\n                                <\/div>\n\n                            <\/div>\n                        <\/div>\n                        <\/div><\/div><div class=\"fw-carousel-item\">\n                        <div class=\"taxonoomy-wide-grid-element\">                        <div class=\"slg-half\">\n                            <a data-grid-start-index=\"12\" href=\"https:\/\/manchajucarcentro.com\/turismo\/recurso\/vertice10-multiaventura\/\" class=\"slg-gallery-cover\"><img loading=\"lazy\" decoding=\"async\" width=\"338\" height=\"600\" src=\"https:\/\/manchajucarcentro.com\/turismo\/wp-content\/uploads\/2024\/12\/Vertice-10-Villalgordo-del-Jucar-1.jpg\" class=\"attachment-listeo-gallery size-listeo-gallery wp-post-image\" alt=\"\" srcset=\"https:\/\/manchajucarcentro.com\/turismo\/wp-content\/uploads\/2024\/12\/Vertice-10-Villalgordo-del-Jucar-1.jpg 338w, https:\/\/manchajucarcentro.com\/turismo\/wp-content\/uploads\/2024\/12\/Vertice-10-Villalgordo-del-Jucar-1-169x300.jpg 169w, https:\/\/manchajucarcentro.com\/turismo\/wp-content\/uploads\/2024\/12\/Vertice-10-Villalgordo-del-Jucar-1-332x590.jpg 332w\" sizes=\"(max-width: 338px) 100vw, 338px\" \/><\/a>\n                            <h4>V\u00e9rtice10 Multiaventura<\/h4>\n                        <\/div>                        <div class=\"slg-half\">\n                            <div class=\"slg-grid\">\n                                <div class=\"slg-grid-top\">\n                                    <div class=\"slg-grid-inner\">\n                                        <a data-grid-start-index=\"13\" href=\"https:\/\/manchajucarcentro.com\/turismo\/recurso\/casa-rural-el-campo\/\" class=\"slg-gallery-cover\"><img loading=\"lazy\" decoding=\"async\" width=\"1200\" height=\"900\" src=\"https:\/\/manchajucarcentro.com\/turismo\/wp-content\/uploads\/2024\/10\/Casa-Rural-El-Campo-Villalgordo-del-Jucar-1-1200x900.jpg\" class=\"attachment-listeo-gallery size-listeo-gallery wp-post-image\" alt=\"\" srcset=\"https:\/\/manchajucarcentro.com\/turismo\/wp-content\/uploads\/2024\/10\/Casa-Rural-El-Campo-Villalgordo-del-Jucar-1-1200x900.jpg 1200w, https:\/\/manchajucarcentro.com\/turismo\/wp-content\/uploads\/2024\/10\/Casa-Rural-El-Campo-Villalgordo-del-Jucar-1-300x225.jpg 300w, https:\/\/manchajucarcentro.com\/turismo\/wp-content\/uploads\/2024\/10\/Casa-Rural-El-Campo-Villalgordo-del-Jucar-1-1024x768.jpg 1024w, https:\/\/manchajucarcentro.com\/turismo\/wp-content\/uploads\/2024\/10\/Casa-Rural-El-Campo-Villalgordo-del-Jucar-1-768x576.jpg 768w, https:\/\/manchajucarcentro.com\/turismo\/wp-content\/uploads\/2024\/10\/Casa-Rural-El-Campo-Villalgordo-del-Jucar-1-1536x1152.jpg 1536w, https:\/\/manchajucarcentro.com\/turismo\/wp-content\/uploads\/2024\/10\/Casa-Rural-El-Campo-Villalgordo-del-Jucar-1-590x443.jpg 590w, https:\/\/manchajucarcentro.com\/turismo\/wp-content\/uploads\/2024\/10\/Casa-Rural-El-Campo-Villalgordo-del-Jucar-1-893x670.jpg 893w, https:\/\/manchajucarcentro.com\/turismo\/wp-content\/uploads\/2024\/10\/Casa-Rural-El-Campo-Villalgordo-del-Jucar-1-577x433.jpg 577w, https:\/\/manchajucarcentro.com\/turismo\/wp-content\/uploads\/2024\/10\/Casa-Rural-El-Campo-Villalgordo-del-Jucar-1.jpg 2048w\" sizes=\"(max-width: 1200px) 100vw, 1200px\" \/><\/a>\n                                        <h4>Casa Rural El Campo<\/h4>\n                                    <\/div>\n                                <\/div>\n                                                            <div class=\"slg-grid-bottom\">\n                                    <div class=\"slg-grid-inner\">\n                                        <a data-grid-start-index=\"14\" href=\"https:\/\/manchajucarcentro.com\/turismo\/recurso\/casa-rural-villa-dulcinea\/\" class=\"slg-gallery-cover\"><img loading=\"lazy\" decoding=\"async\" width=\"1024\" height=\"768\" src=\"https:\/\/manchajucarcentro.com\/turismo\/wp-content\/uploads\/2024\/10\/Casa-Rural-Villa-Dulcinea-1.jpg\" class=\"attachment-listeo-gallery size-listeo-gallery wp-post-image\" alt=\"\" srcset=\"https:\/\/manchajucarcentro.com\/turismo\/wp-content\/uploads\/2024\/10\/Casa-Rural-Villa-Dulcinea-1.jpg 1024w, https:\/\/manchajucarcentro.com\/turismo\/wp-content\/uploads\/2024\/10\/Casa-Rural-Villa-Dulcinea-1-300x225.jpg 300w, https:\/\/manchajucarcentro.com\/turismo\/wp-content\/uploads\/2024\/10\/Casa-Rural-Villa-Dulcinea-1-768x576.jpg 768w, https:\/\/manchajucarcentro.com\/turismo\/wp-content\/uploads\/2024\/10\/Casa-Rural-Villa-Dulcinea-1-590x443.jpg 590w, https:\/\/manchajucarcentro.com\/turismo\/wp-content\/uploads\/2024\/10\/Casa-Rural-Villa-Dulcinea-1-893x670.jpg 893w, https:\/\/manchajucarcentro.com\/turismo\/wp-content\/uploads\/2024\/10\/Casa-Rural-Villa-Dulcinea-1-577x433.jpg 577w\" sizes=\"(max-width: 1024px) 100vw, 1024px\" \/><\/a>\n                                        <h4>Casa Rural Villa Dulcinea<\/h4>\n                                    <\/div>\n\n                                <\/div>\n\n                            <\/div>\n                        <\/div>\n                        <\/div><\/div><div class=\"fw-carousel-item\">\n                        <div class=\"taxonoomy-wide-grid-element\">                        <div class=\"slg-half\">\n                            <a data-grid-start-index=\"15\" href=\"https:\/\/manchajucarcentro.com\/turismo\/recurso\/casa-rural-el-mirador-de-la-vega\/\" class=\"slg-gallery-cover\"><img loading=\"lazy\" decoding=\"async\" width=\"1200\" height=\"800\" src=\"https:\/\/manchajucarcentro.com\/turismo\/wp-content\/uploads\/2024\/10\/Casa-Rural-El-Mirador-de-la-Vega-1-1200x800.jpg\" class=\"attachment-listeo-gallery size-listeo-gallery wp-post-image\" alt=\"\" srcset=\"https:\/\/manchajucarcentro.com\/turismo\/wp-content\/uploads\/2024\/10\/Casa-Rural-El-Mirador-de-la-Vega-1-1200x800.jpg 1200w, https:\/\/manchajucarcentro.com\/turismo\/wp-content\/uploads\/2024\/10\/Casa-Rural-El-Mirador-de-la-Vega-1-300x200.jpg 300w, https:\/\/manchajucarcentro.com\/turismo\/wp-content\/uploads\/2024\/10\/Casa-Rural-El-Mirador-de-la-Vega-1-1024x683.jpg 1024w, https:\/\/manchajucarcentro.com\/turismo\/wp-content\/uploads\/2024\/10\/Casa-Rural-El-Mirador-de-la-Vega-1-768x512.jpg 768w, https:\/\/manchajucarcentro.com\/turismo\/wp-content\/uploads\/2024\/10\/Casa-Rural-El-Mirador-de-la-Vega-1-1536x1024.jpg 1536w, https:\/\/manchajucarcentro.com\/turismo\/wp-content\/uploads\/2024\/10\/Casa-Rural-El-Mirador-de-la-Vega-1-590x393.jpg 590w, https:\/\/manchajucarcentro.com\/turismo\/wp-content\/uploads\/2024\/10\/Casa-Rural-El-Mirador-de-la-Vega-1-1005x670.jpg 1005w, https:\/\/manchajucarcentro.com\/turismo\/wp-content\/uploads\/2024\/10\/Casa-Rural-El-Mirador-de-la-Vega-1-577x385.jpg 577w, https:\/\/manchajucarcentro.com\/turismo\/wp-content\/uploads\/2024\/10\/Casa-Rural-El-Mirador-de-la-Vega-1.jpg 2048w\" sizes=\"(max-width: 1200px) 100vw, 1200px\" \/><\/a>\n                            <h4>Casa Rural El mirador de la Vega<\/h4>\n                        <\/div>                                <div class=\"slg-half\">\n                                    <div class=\"slg-grid\">\n                                        <div class=\"slg-grid-top\">\n                                            <div class=\"slg-grid-inner\">\n                                                <a data-grid-start-index=\"16\" href=\"https:\/\/manchajucarcentro.com\/turismo\/recurso\/complejo-rural-cuatro-pinos\/\" class=\"slg-gallery-cover\"><img loading=\"lazy\" decoding=\"async\" width=\"1200\" height=\"800\" src=\"https:\/\/manchajucarcentro.com\/turismo\/wp-content\/uploads\/2024\/10\/Complejo-Rural-Cuatro-Pinos-Villalgordo-del-Jucar-1.jpg\" class=\"attachment-listeo-gallery size-listeo-gallery wp-post-image\" alt=\"\" srcset=\"https:\/\/manchajucarcentro.com\/turismo\/wp-content\/uploads\/2024\/10\/Complejo-Rural-Cuatro-Pinos-Villalgordo-del-Jucar-1.jpg 1200w, https:\/\/manchajucarcentro.com\/turismo\/wp-content\/uploads\/2024\/10\/Complejo-Rural-Cuatro-Pinos-Villalgordo-del-Jucar-1-300x200.jpg 300w, https:\/\/manchajucarcentro.com\/turismo\/wp-content\/uploads\/2024\/10\/Complejo-Rural-Cuatro-Pinos-Villalgordo-del-Jucar-1-1024x683.jpg 1024w, https:\/\/manchajucarcentro.com\/turismo\/wp-content\/uploads\/2024\/10\/Complejo-Rural-Cuatro-Pinos-Villalgordo-del-Jucar-1-768x512.jpg 768w, https:\/\/manchajucarcentro.com\/turismo\/wp-content\/uploads\/2024\/10\/Complejo-Rural-Cuatro-Pinos-Villalgordo-del-Jucar-1-590x393.jpg 590w, https:\/\/manchajucarcentro.com\/turismo\/wp-content\/uploads\/2024\/10\/Complejo-Rural-Cuatro-Pinos-Villalgordo-del-Jucar-1-1005x670.jpg 1005w, https:\/\/manchajucarcentro.com\/turismo\/wp-content\/uploads\/2024\/10\/Complejo-Rural-Cuatro-Pinos-Villalgordo-del-Jucar-1-577x385.jpg 577w\" sizes=\"(max-width: 1200px) 100vw, 1200px\" \/><\/a>\n                                                <h4>Complejo Rural Cuatro Pinos<\/h4>\n                                            <\/div>\n                                        <\/div>\n                                                                            <div class=\"slg-grid-bottom\">\n                                            <div class=\"slg-grid-inner\">\n                                                <a data-grid-start-index=\"17\" href=\"https:\/\/manchajucarcentro.com\/turismo\/recurso\/casa-rural-don-alonso\/\" class=\"slg-gallery-cover\"><img loading=\"lazy\" decoding=\"async\" width=\"1024\" height=\"768\" src=\"https:\/\/manchajucarcentro.com\/turismo\/wp-content\/uploads\/2024\/10\/Casa-Rural-Don-Alonso-Villalgordo-del-Jucar-1.jpg\" class=\"attachment-listeo-gallery size-listeo-gallery wp-post-image\" alt=\"\" srcset=\"https:\/\/manchajucarcentro.com\/turismo\/wp-content\/uploads\/2024\/10\/Casa-Rural-Don-Alonso-Villalgordo-del-Jucar-1.jpg 1024w, https:\/\/manchajucarcentro.com\/turismo\/wp-content\/uploads\/2024\/10\/Casa-Rural-Don-Alonso-Villalgordo-del-Jucar-1-300x225.jpg 300w, https:\/\/manchajucarcentro.com\/turismo\/wp-content\/uploads\/2024\/10\/Casa-Rural-Don-Alonso-Villalgordo-del-Jucar-1-768x576.jpg 768w, https:\/\/manchajucarcentro.com\/turismo\/wp-content\/uploads\/2024\/10\/Casa-Rural-Don-Alonso-Villalgordo-del-Jucar-1-590x443.jpg 590w, https:\/\/manchajucarcentro.com\/turismo\/wp-content\/uploads\/2024\/10\/Casa-Rural-Don-Alonso-Villalgordo-del-Jucar-1-893x670.jpg 893w, https:\/\/manchajucarcentro.com\/turismo\/wp-content\/uploads\/2024\/10\/Casa-Rural-Don-Alonso-Villalgordo-del-Jucar-1-577x433.jpg 577w\" sizes=\"(max-width: 1024px) 100vw, 1024px\" \/><\/a>\n                                                <h4>Casa Rural Don Alonso<\/h4>\n                                            <\/div>\n\n                                        <\/div>\n\n                                    <\/div>\n                                <\/div>\n                    <\/div>\n\t\t<\/div>\n\t\t\t\t<\/div>\n\t\t\t\t\t<\/div>\n\t\t\t\t<\/div>\n\t\t<div class=\"elementor-element elementor-element-1f399c3a e-flex e-con-boxed e-con e-parent\" data-id=\"1f399c3a\" data-element_type=\"container\">\n\t\t\t\t\t<div class=\"e-con-inner\">\n\t\t\t\t<div class=\"elementor-element elementor-element-6dc0b275 elementor-align-center elementor-widget elementor-widget-button\" data-id=\"6dc0b275\" data-element_type=\"widget\" data-widget_type=\"button.default\">\n\t\t\t\t<div class=\"elementor-widget-container\">\n\t\t\t\t\t<div class=\"elementor-button-wrapper\">\n\t\t\t<a class=\"elementor-button elementor-button-link elementor-size-sm\" href=\"http:\/\/manchajucarcentro.com\/turismo\/municipio\/villalgordo-del-jucar\">\n\t\t\t\t\t\t<span class=\"elementor-button-content-wrapper\">\n\t\t\t\t\t\t\t\t\t<span class=\"elementor-button-text\">Ver todos<\/span>\n\t\t\t\t\t<\/span>\n\t\t\t\t\t<\/a>\n\t\t<\/div>\n\t\t\t\t<\/div>\n\t\t\t\t<\/div>\n\t\t\t\t\t<\/div>\n\t\t\t\t<\/div>\n\t\t<div class=\"elementor-element elementor-element-ab5a880 e-flex e-con-boxed e-con e-parent\" data-id=\"ab5a880\" data-element_type=\"container\" data-settings=\"{&quot;background_background&quot;:&quot;classic&quot;}\">\n\t\t\t\t\t<div class=\"e-con-inner\">\n\t\t\t\t<div class=\"elementor-element elementor-element-0f667a1 elementor-widget__width-initial elementor-widget elementor-widget-listeo-headline\" data-id=\"0f667a1\" data-element_type=\"widget\" data-widget_type=\"listeo-headline.default\">\n\t\t\t\t<div class=\"elementor-widget-container\">\n\t\t\t\t\t<h3 \n\t\tstyle=\"text-align:center;\" class=\"headline  headline-aligned-to-center headline-extra-spacing headline-box  headline-with-subtitle \"> D\u00f3nde comer en Villalgordo del J\u00facar  <span > Todo el sabor de la cocina tradicional castellana<\/span><\/h3>\n\t\t\t\t<\/div>\n\t\t\t\t<\/div>\n\t\t\t\t<div class=\"elementor-element elementor-element-d2b925f elementor-widget elementor-widget-listeo-listings-carousel\" data-id=\"d2b925f\" data-element_type=\"widget\" data-widget_type=\"listeo-listings-carousel.default\">\n\t\t\t\t<div class=\"elementor-widget-container\">\n\t\t\t        <!-- Carousel \/ Start -->\n        \t<div class=\"simple-slick-carousel dots-nav\"  data-slick='{\"autoplay\": true, \"autoplaySpeed\": 3000}' >\n                            <div class=\"fw-carousel-item\">                    \n                        <!-- Listing Item -->\r\n        <a href=\"https:\/\/manchajucarcentro.com\/turismo\/recurso\/cafe-bar-el-pollo\/\"  class=\"listing-item-container listing-geo-data compact\" \r\n\t\tdata-title=\"Caf\u00e9 Bar El Pollo\"\r\n\t\tdata-listing-type=\"service\"\r\n\t\tdata-classifieds-price=\"\u20ac\"\r\n\t\tdata-friendly-address=\"C. San Roque, 9, 02636 Villalgordo del J\u00facar, Albacete\"\r\n\t\tdata-address=\"C. San Roque, 9, 02636 Villalgordo del J\u00facar, Albacete\"\r\n\t\tdata-image=\"https:\/\/manchajucarcentro.com\/turismo\/wp-content\/uploads\/2024\/10\/Cafe-Bar-El-pollo-Villalgordo-del-Jucar-e1732187268100-520x397.jpg\"\r\n\t\tdata-longitude=\"39.29531004000657\"\r\n\t\tdata-latitude=\"-2.063853019057997\"\r\n\t\t\t\tdata-icon=\"&lt;i class=&quot;fab fa-500px&quot;&gt;&lt;\/i&gt;\"\r\n\r\n\t>\r\n            <div class=\"listing-item  \">\r\n                <div class=\"listing-small-badges-container\">\r\n                                                                                                    \r\n                <\/div>\r\n                <img loading=\"lazy\" decoding=\"async\" width=\"520\" height=\"397\" src=\"https:\/\/manchajucarcentro.com\/turismo\/wp-content\/uploads\/2024\/10\/Cafe-Bar-El-pollo-Villalgordo-del-Jucar-e1732187268100-520x397.jpg\" class=\"attachment-listeo-listing-grid size-listeo-listing-grid wp-post-image\" alt=\"\" \/>\r\n                \r\n\r\n                <div class=\"listing-item-content\">\r\n                    \r\n                    <h3> Caf\u00e9 Bar El Pollo <\/h3>\r\n                    <span>C. San Roque, 9, 02636 Villalgordo del J\u00facar, Albacete<\/span>\r\n                <\/div>\r\n                                        <span class=\"save like-icon tooltip left\" title=\"Login To Bookmark Items\"><\/span>\r\n                                                <\/div>\r\n        <\/a>\r\n        \r\n\r\n        <!-- Listing Item \/ End -->\n                    <\/div>\n                                      <div class=\"fw-carousel-item\">                    \n                        <!-- Listing Item -->\r\n        <a href=\"https:\/\/manchajucarcentro.com\/turismo\/recurso\/bar-el-encuentro\/\"  class=\"listing-item-container listing-geo-data compact\" \r\n\t\tdata-title=\"Bar El Encuentro\"\r\n\t\tdata-listing-type=\"service\"\r\n\t\tdata-classifieds-price=\"\u20ac\"\r\n\t\tdata-friendly-address=\"C. Tarazona, 2, 02636 Villalgordo del J\u00facar, Albacete\"\r\n\t\tdata-address=\"C. Tarazona, 2, 02636 Villalgordo del J\u00facar, Albacete\"\r\n\t\tdata-image=\"https:\/\/manchajucarcentro.com\/turismo\/wp-content\/uploads\/2024\/10\/Bar-El-Encuentro-Villalgordo-del-Jucar-520x397.jpeg\"\r\n\t\tdata-longitude=\"39.29531404596364\"\r\n\t\tdata-latitude=\"-2.063453590222108\"\r\n\t\t\t\tdata-icon=\"&lt;i class=&quot;fab fa-500px&quot;&gt;&lt;\/i&gt;\"\r\n\r\n\t>\r\n            <div class=\"listing-item  \">\r\n                <div class=\"listing-small-badges-container\">\r\n                                                                                                    \r\n                <\/div>\r\n                <img loading=\"lazy\" decoding=\"async\" width=\"520\" height=\"397\" src=\"https:\/\/manchajucarcentro.com\/turismo\/wp-content\/uploads\/2024\/10\/Bar-El-Encuentro-Villalgordo-del-Jucar-520x397.jpeg\" class=\"attachment-listeo-listing-grid size-listeo-listing-grid wp-post-image\" alt=\"\" \/>\r\n                \r\n\r\n                <div class=\"listing-item-content\">\r\n                    \r\n                    <h3> Bar El Encuentro <\/h3>\r\n                    <span>C. Tarazona, 2, 02636 Villalgordo del J\u00facar, Albacete<\/span>\r\n                <\/div>\r\n                                        <span class=\"save like-icon tooltip left\" title=\"Login To Bookmark Items\"><\/span>\r\n                                                <\/div>\r\n        <\/a>\r\n        \r\n\r\n        <!-- Listing Item \/ End -->\n                    <\/div>\n                                      <div class=\"fw-carousel-item\">                    \n                        <!-- Listing Item -->\r\n        <a href=\"https:\/\/manchajucarcentro.com\/turismo\/recurso\/hotel-restaurante-rincon-de-tello\/\"  class=\"listing-item-container listing-geo-data compact\" \r\n\t\tdata-title=\"Hotel Restaurante Rinc\u00f3n de Tello\"\r\n\t\tdata-listing-type=\"service\"\r\n\t\tdata-classifieds-price=\"\u20ac\"\r\n\t\tdata-friendly-address=\"C. Chiquita, 20, 02636 Villalgordo del J\u00facar, Albacete\"\r\n\t\tdata-address=\"C. Chiquita, 20, 02636 Villalgordo del J\u00facar, Albacete\"\r\n\t\tdata-image=\"https:\/\/manchajucarcentro.com\/turismo\/wp-content\/uploads\/2024\/10\/Rincon-de-Tello-Villalgordo-del-Jucar-1.jpeg\"\r\n\t\tdata-longitude=\"39.296475053455666\"\r\n\t\tdata-latitude=\"-2.0650914631553694\"\r\n\t\t\t\tdata-icon=\"&lt;i class=&quot;fab fa-500px&quot;&gt;&lt;\/i&gt;\"\r\n\r\n\t>\r\n            <div class=\"listing-item  \">\r\n                <div class=\"listing-small-badges-container\">\r\n                                                                                                    \r\n                <\/div>\r\n                <img loading=\"lazy\" decoding=\"async\" width=\"480\" height=\"360\" src=\"https:\/\/manchajucarcentro.com\/turismo\/wp-content\/uploads\/2024\/10\/Rincon-de-Tello-Villalgordo-del-Jucar-1.jpeg\" class=\"attachment-listeo-listing-grid size-listeo-listing-grid wp-post-image\" alt=\"\" srcset=\"https:\/\/manchajucarcentro.com\/turismo\/wp-content\/uploads\/2024\/10\/Rincon-de-Tello-Villalgordo-del-Jucar-1.jpeg 480w, https:\/\/manchajucarcentro.com\/turismo\/wp-content\/uploads\/2024\/10\/Rincon-de-Tello-Villalgordo-del-Jucar-1-300x225.jpeg 300w\" sizes=\"(max-width: 480px) 100vw, 480px\" \/>\r\n                \r\n\r\n                <div class=\"listing-item-content\">\r\n                    \r\n                    <h3> Hotel Restaurante Rinc\u00f3n de Tello <\/h3>\r\n                    <span>C. Chiquita, 20, 02636 Villalgordo del J\u00facar, Albacete<\/span>\r\n                <\/div>\r\n                                        <span class=\"save like-icon tooltip left\" title=\"Login To Bookmark Items\"><\/span>\r\n                                                <\/div>\r\n        <\/a>\r\n        \r\n\r\n        <!-- Listing Item \/ End -->\n                    <\/div>\n                                      <div class=\"fw-carousel-item\">                    \n                        <!-- Listing Item -->\r\n        <a href=\"https:\/\/manchajucarcentro.com\/turismo\/recurso\/restaurante-la-villa-del-gourmet\/\"  class=\"listing-item-container listing-geo-data compact\" \r\n\t\tdata-title=\"Restaurante La Villa del Gourmet\"\r\n\t\tdata-listing-type=\"service\"\r\n\t\tdata-classifieds-price=\"\u20ac\"\r\n\t\tdata-friendly-address=\"Ctra. la Roda-Almod\u00f3var del Pinar, 13, 02636 Villalgordo del J\u00facar, Albacete\"\r\n\t\tdata-address=\"Ctra. la Roda-Almod\u00f3var del Pinar, 13, 02636 Villalgordo del J\u00facar, Albacete\"\r\n\t\tdata-image=\"https:\/\/manchajucarcentro.com\/turismo\/wp-content\/uploads\/2024\/10\/La-Villa-del-Gourmet-Villalgordo-del-Jucar-18-520x397.jpg\"\r\n\t\tdata-longitude=\"39.30310782491443\"\r\n\t\tdata-latitude=\"-2.0677823595342844\"\r\n\t\t\t\tdata-icon=\"&lt;i class=&quot;fab fa-500px&quot;&gt;&lt;\/i&gt;\"\r\n\r\n\t>\r\n            <div class=\"listing-item  \">\r\n                <div class=\"listing-small-badges-container\">\r\n                                                                                                    \r\n                <\/div>\r\n                <img loading=\"lazy\" decoding=\"async\" width=\"520\" height=\"397\" src=\"https:\/\/manchajucarcentro.com\/turismo\/wp-content\/uploads\/2024\/10\/La-Villa-del-Gourmet-Villalgordo-del-Jucar-18-520x397.jpg\" class=\"attachment-listeo-listing-grid size-listeo-listing-grid wp-post-image\" alt=\"\" \/>\r\n                                            <div class=\"listing-badge now-closed\">Cerrado ahora<\/div>\r\n                                        \r\n\r\n                <div class=\"listing-item-content\">\r\n                    \r\n                    <h3> Restaurante La Villa del Gourmet <\/h3>\r\n                    <span>Ctra. la Roda-Almod\u00f3var del Pinar, 13, 02636 Villalgordo del J\u00facar, Albacete<\/span>\r\n                <\/div>\r\n                                        <span class=\"save like-icon tooltip left\" title=\"Login To Bookmark Items\"><\/span>\r\n                                                <\/div>\r\n        <\/a>\r\n        \r\n\r\n        <!-- Listing Item \/ End -->\n                    <\/div>\n                                      <div class=\"fw-carousel-item\">                    \n                        <!-- Listing Item -->\r\n        <a href=\"https:\/\/manchajucarcentro.com\/turismo\/recurso\/disco-pub-scorpio\/\"  class=\"listing-item-container listing-geo-data compact\" \r\n\t\tdata-title=\"Disco Pub Scorpio\"\r\n\t\tdata-listing-type=\"service\"\r\n\t\tdata-classifieds-price=\"\u20ac\"\r\n\t\tdata-friendly-address=\"C. San Roque, 7D, 02636 Villalgordo del J\u00facar, Albacete\"\r\n\t\tdata-address=\"C. San Roque, 7D, 02636 Villalgordo del J\u00facar, Albacete\"\r\n\t\tdata-image=\"https:\/\/manchajucarcentro.com\/turismo\/wp-content\/uploads\/2024\/10\/Disco-Pub-Scorpio-Villalgordo-del-Jucar-520x397.jpeg\"\r\n\t\tdata-longitude=\"39.295600766108656\"\r\n\t\tdata-latitude=\"-2.0637858549328834\"\r\n\t\t\t\tdata-icon=\"&lt;i class=&quot;fab fa-500px&quot;&gt;&lt;\/i&gt;\"\r\n\r\n\t>\r\n            <div class=\"listing-item  \">\r\n                <div class=\"listing-small-badges-container\">\r\n                                                                                                    \r\n                <\/div>\r\n                <img loading=\"lazy\" decoding=\"async\" width=\"520\" height=\"397\" src=\"https:\/\/manchajucarcentro.com\/turismo\/wp-content\/uploads\/2024\/10\/Disco-Pub-Scorpio-Villalgordo-del-Jucar-520x397.jpeg\" class=\"attachment-listeo-listing-grid size-listeo-listing-grid wp-post-image\" alt=\"\" \/>\r\n                                        <div class=\"listing-badge now-open\">Abierto ahora<\/div>\r\n                        \r\n\r\n                <div class=\"listing-item-content\">\r\n                    \r\n                    <h3> Disco Pub Scorpio <\/h3>\r\n                    <span>C. San Roque, 7D, 02636 Villalgordo del J\u00facar, Albacete<\/span>\r\n                <\/div>\r\n                                        <span class=\"save like-icon tooltip left\" title=\"Login To Bookmark Items\"><\/span>\r\n                                                <\/div>\r\n        <\/a>\r\n        \r\n\r\n        <!-- Listing Item \/ End -->\n                    <\/div>\n                          <\/div>\n        \t\t<\/div>\n\t\t\t\t<\/div>\n\t\t\t\t\t<\/div>\n\t\t\t\t<\/div>\n\t\t<div class=\"elementor-element elementor-element-16cfa581 e-flex e-con-boxed e-con e-parent\" data-id=\"16cfa581\" data-element_type=\"container\">\n\t\t\t\t\t<div class=\"e-con-inner\">\n\t\t\t\t<div class=\"elementor-element elementor-element-4b7d6466 elementor-align-center elementor-widget elementor-widget-button\" data-id=\"4b7d6466\" data-element_type=\"widget\" data-widget_type=\"button.default\">\n\t\t\t\t<div class=\"elementor-widget-container\">\n\t\t\t\t\t<div class=\"elementor-button-wrapper\">\n\t\t\t<a class=\"elementor-button elementor-button-link elementor-size-sm\" href=\"http:\/\/manchajucarcentro.com\/turismo\/municipio\/villalgordo-del-jucar\">\n\t\t\t\t\t\t<span class=\"elementor-button-content-wrapper\">\n\t\t\t\t\t\t\t\t\t<span class=\"elementor-button-text\">Ver todos<\/span>\n\t\t\t\t\t<\/span>\n\t\t\t\t\t<\/a>\n\t\t<\/div>\n\t\t\t\t<\/div>\n\t\t\t\t<\/div>\n\t\t\t\t\t<\/div>\n\t\t\t\t<\/div>\n\t\t<div class=\"elementor-element elementor-element-3a81518 e-flex e-con-boxed e-con e-parent\" data-id=\"3a81518\" data-element_type=\"container\">\n\t\t\t\t\t<div class=\"e-con-inner\">\n\t\t\t\t<div class=\"elementor-element elementor-element-107f8ee elementor-widget__width-initial elementor-widget elementor-widget-listeo-headline\" data-id=\"107f8ee\" data-element_type=\"widget\" data-widget_type=\"listeo-headline.default\">\n\t\t\t\t<div class=\"elementor-widget-container\">\n\t\t\t\t\t<h3 \n\t\tstyle=\"text-align:center;\" class=\"headline  headline-aligned-to-center headline-extra-spacing headline-box  headline-with-subtitle \"> Experiencias listas para ti  <span > Naturaleza, gastronom\u00eda, starlight, m\u00fasica en directo...<\/span><\/h3>\n\t\t\t\t<\/div>\n\t\t\t\t<\/div>\n\t\t\t\t\t<\/div>\n\t\t\t\t<\/div>\n\t\t<div class=\"elementor-element elementor-element-508deb9 e-flex e-con-boxed e-con e-parent\" data-id=\"508deb9\" data-element_type=\"container\">\n\t\t\t\t\t<div class=\"e-con-inner\">\n\t\t\t\t<div class=\"elementor-element elementor-element-57f7cc1 elementor-widget elementor-widget-listeo-posts-grid\" data-id=\"57f7cc1\" data-element_type=\"widget\" data-widget_type=\"listeo-posts-grid.default\">\n\t\t\t\t<div class=\"elementor-widget-container\">\n\t\t\t\t\t\n\t\t<div class=\"listeo-post-grid-wrapper\">\n\t\t\t<div class=\"row\">\n\n\t\t\t\n\n\t\t\t\t\t\t\t<div class=\"col-md-4\">\n                <a href=\"https:\/\/manchajucarcentro.com\/turismo\/ruta-hoces-del-batanejo\/\" class=\"blog-compact-item-container\">\n                    <div class=\"blog-compact-item\">\n                        <img loading=\"lazy\" decoding=\"async\" width=\"577\" height=\"433\" src=\"https:\/\/manchajucarcentro.com\/turismo\/wp-content\/uploads\/2024\/12\/Ruta-Hoces-del-Botanejo-Villalgordo-del-Jucar-1-577x433.jpg\" class=\"attachment-listeo-blog-related-post size-listeo-blog-related-post wp-post-image\" alt=\"\" srcset=\"https:\/\/manchajucarcentro.com\/turismo\/wp-content\/uploads\/2024\/12\/Ruta-Hoces-del-Botanejo-Villalgordo-del-Jucar-1-577x433.jpg 577w, https:\/\/manchajucarcentro.com\/turismo\/wp-content\/uploads\/2024\/12\/Ruta-Hoces-del-Botanejo-Villalgordo-del-Jucar-1-300x225.jpg 300w, https:\/\/manchajucarcentro.com\/turismo\/wp-content\/uploads\/2024\/12\/Ruta-Hoces-del-Botanejo-Villalgordo-del-Jucar-1-1024x768.jpg 1024w, https:\/\/manchajucarcentro.com\/turismo\/wp-content\/uploads\/2024\/12\/Ruta-Hoces-del-Botanejo-Villalgordo-del-Jucar-1-768x576.jpg 768w, https:\/\/manchajucarcentro.com\/turismo\/wp-content\/uploads\/2024\/12\/Ruta-Hoces-del-Botanejo-Villalgordo-del-Jucar-1-590x443.jpg 590w, https:\/\/manchajucarcentro.com\/turismo\/wp-content\/uploads\/2024\/12\/Ruta-Hoces-del-Botanejo-Villalgordo-del-Jucar-1-893x670.jpg 893w, https:\/\/manchajucarcentro.com\/turismo\/wp-content\/uploads\/2024\/12\/Ruta-Hoces-del-Botanejo-Villalgordo-del-Jucar-1-1200x900.jpg 1200w, https:\/\/manchajucarcentro.com\/turismo\/wp-content\/uploads\/2024\/12\/Ruta-Hoces-del-Botanejo-Villalgordo-del-Jucar-1.jpg 1250w\" sizes=\"(max-width: 577px) 100vw, 577px\" \/><span class=\"blog-item-tag\">Rutas<\/span>                        \n                        <div class=\"blog-compact-item-content\">\n                                                        <h3>Ruta Hoces del Batanejo<\/h3>\n                                                        <p>Esta ruta preciosa localizada en el municipio de Villalgordo del J\u00facar,\u00a0 sigue el curso del...                            <\/p>\n                                                    <\/div>\n                    <\/div>\n                <\/a>\n            <\/div>\n\t\t\t<div class=\"col-md-4\">\n                <a href=\"https:\/\/manchajucarcentro.com\/turismo\/ruta-gregoriana\/\" class=\"blog-compact-item-container\">\n                    <div class=\"blog-compact-item\">\n                        <img loading=\"lazy\" decoding=\"async\" width=\"577\" height=\"433\" src=\"https:\/\/manchajucarcentro.com\/turismo\/wp-content\/uploads\/2024\/12\/Ruta-Gregoriana-Fuensanta-4-577x433.jpg\" class=\"attachment-listeo-blog-related-post size-listeo-blog-related-post wp-post-image\" alt=\"\" srcset=\"https:\/\/manchajucarcentro.com\/turismo\/wp-content\/uploads\/2024\/12\/Ruta-Gregoriana-Fuensanta-4-577x433.jpg 577w, https:\/\/manchajucarcentro.com\/turismo\/wp-content\/uploads\/2024\/12\/Ruta-Gregoriana-Fuensanta-4-300x225.jpg 300w, https:\/\/manchajucarcentro.com\/turismo\/wp-content\/uploads\/2024\/12\/Ruta-Gregoriana-Fuensanta-4-1024x768.jpg 1024w, https:\/\/manchajucarcentro.com\/turismo\/wp-content\/uploads\/2024\/12\/Ruta-Gregoriana-Fuensanta-4-768x576.jpg 768w, https:\/\/manchajucarcentro.com\/turismo\/wp-content\/uploads\/2024\/12\/Ruta-Gregoriana-Fuensanta-4-1536x1152.jpg 1536w, https:\/\/manchajucarcentro.com\/turismo\/wp-content\/uploads\/2024\/12\/Ruta-Gregoriana-Fuensanta-4-590x443.jpg 590w, https:\/\/manchajucarcentro.com\/turismo\/wp-content\/uploads\/2024\/12\/Ruta-Gregoriana-Fuensanta-4-893x670.jpg 893w, https:\/\/manchajucarcentro.com\/turismo\/wp-content\/uploads\/2024\/12\/Ruta-Gregoriana-Fuensanta-4-1200x900.jpg 1200w, https:\/\/manchajucarcentro.com\/turismo\/wp-content\/uploads\/2024\/12\/Ruta-Gregoriana-Fuensanta-4.jpg 1600w\" sizes=\"(max-width: 577px) 100vw, 577px\" \/><span class=\"blog-item-tag\">Rutas<\/span>                        \n                        <div class=\"blog-compact-item-content\">\n                                                        <h3>Ruta gregoriana<\/h3>\n                                                        <p>Un itinerario que, siguiendo los par\u00e1metros del Camino de Santiago, sirve al peregrino para visitar...                            <\/p>\n                                                    <\/div>\n                    <\/div>\n                <\/a>\n            <\/div>\n\t\t\t<div class=\"col-md-4\">\n                <a href=\"https:\/\/manchajucarcentro.com\/turismo\/ruta-patrimonial\/\" class=\"blog-compact-item-container\">\n                    <div class=\"blog-compact-item\">\n                        <img loading=\"lazy\" decoding=\"async\" width=\"577\" height=\"697\" src=\"https:\/\/manchajucarcentro.com\/turismo\/wp-content\/uploads\/2024\/12\/Ruta-Patrimonial-Tarazona-de-la-Mancha-3-577x697.jpg\" class=\"attachment-listeo-blog-related-post size-listeo-blog-related-post wp-post-image\" alt=\"\" srcset=\"https:\/\/manchajucarcentro.com\/turismo\/wp-content\/uploads\/2024\/12\/Ruta-Patrimonial-Tarazona-de-la-Mancha-3-577x697.jpg 577w, https:\/\/manchajucarcentro.com\/turismo\/wp-content\/uploads\/2024\/12\/Ruta-Patrimonial-Tarazona-de-la-Mancha-3-248x300.jpg 248w, https:\/\/manchajucarcentro.com\/turismo\/wp-content\/uploads\/2024\/12\/Ruta-Patrimonial-Tarazona-de-la-Mancha-3-848x1024.jpg 848w, https:\/\/manchajucarcentro.com\/turismo\/wp-content\/uploads\/2024\/12\/Ruta-Patrimonial-Tarazona-de-la-Mancha-3-768x927.jpg 768w, https:\/\/manchajucarcentro.com\/turismo\/wp-content\/uploads\/2024\/12\/Ruta-Patrimonial-Tarazona-de-la-Mancha-3-489x590.jpg 489w, https:\/\/manchajucarcentro.com\/turismo\/wp-content\/uploads\/2024\/12\/Ruta-Patrimonial-Tarazona-de-la-Mancha-3-555x670.jpg 555w, https:\/\/manchajucarcentro.com\/turismo\/wp-content\/uploads\/2024\/12\/Ruta-Patrimonial-Tarazona-de-la-Mancha-3.jpg 960w\" sizes=\"(max-width: 577px) 100vw, 577px\" \/><span class=\"blog-item-tag\">Rutas<\/span>                        \n                        <div class=\"blog-compact-item-content\">\n                                                        <h3>Ruta patrimonial<\/h3>\n                                                        <p>La Ruta Patrimonial de Tarazona de la Mancha permite al visitante adentrarse en la historia...                            <\/p>\n                                                    <\/div>\n                    <\/div>\n                <\/a>\n            <\/div>\n  <\/div>\n        <\/div>\n        \t\t<\/div>\n\t\t\t\t<\/div>\n\t\t\t\t\t<\/div>\n\t\t\t\t<\/div>\n\t\t<div class=\"elementor-element elementor-element-72bd1661 e-flex e-con-boxed e-con e-parent\" data-id=\"72bd1661\" data-element_type=\"container\">\n\t\t\t\t\t<div class=\"e-con-inner\">\n\t\t\t\t<div class=\"elementor-element elementor-element-216aab10 elementor-align-center elementor-widget elementor-widget-button\" data-id=\"216aab10\" data-element_type=\"widget\" data-widget_type=\"button.default\">\n\t\t\t\t<div class=\"elementor-widget-container\">\n\t\t\t\t\t<div class=\"elementor-button-wrapper\">\n\t\t\t<a class=\"elementor-button elementor-button-link elementor-size-sm\" href=\"http:\/\/manchajucarcentro.com\/turismo\/category\/rutas\/\">\n\t\t\t\t\t\t<span class=\"elementor-button-content-wrapper\">\n\t\t\t\t\t\t\t\t\t<span class=\"elementor-button-text\">Ver todos<\/span>\n\t\t\t\t\t<\/span>\n\t\t\t\t\t<\/a>\n\t\t<\/div>\n\t\t\t\t<\/div>\n\t\t\t\t<\/div>\n\t\t\t\t\t<\/div>\n\t\t\t\t<\/div>\n\t\t\t\t<\/div>\n\t\t","protected":false},"excerpt":{"rendered":"<p>Villalgordo del J\u00facar es un t\u00edpico pueblo manchego cuyo origen se remonta a la repoblaci\u00f3n llevada a cabo por la orden de Santiago durante la Edad Media. Inicialmente dependiente de Alarc\u00f3n y despu\u00e9s de la Corona de Castilla, en 1672 consigue el privilegio de Villa. Su econom\u00eda est\u00e1 basada en la agricultura, cultiv\u00e1ndose cereales y [&hellip;]<\/p>\n","protected":false},"author":1,"featured_media":0,"parent":0,"menu_order":0,"comment_status":"closed","ping_status":"closed","template":"","meta":{"footnotes":""},"class_list":["post-893","page","type-page","status-publish","hentry"],"_links":{"self":[{"href":"https:\/\/manchajucarcentro.com\/turismo\/wp-json\/wp\/v2\/pages\/893","targetHints":{"allow":["GET"]}}],"collection":[{"href":"https:\/\/manchajucarcentro.com\/turismo\/wp-json\/wp\/v2\/pages"}],"about":[{"href":"https:\/\/manchajucarcentro.com\/turismo\/wp-json\/wp\/v2\/types\/page"}],"author":[{"embeddable":true,"href":"https:\/\/manchajucarcentro.com\/turismo\/wp-json\/wp\/v2\/users\/1"}],"replies":[{"embeddable":true,"href":"https:\/\/manchajucarcentro.com\/turismo\/wp-json\/wp\/v2\/comments?post=893"}],"version-history":[{"count":42,"href":"https:\/\/manchajucarcentro.com\/turismo\/wp-json\/wp\/v2\/pages\/893\/revisions"}],"predecessor-version":[{"id":3593,"href":"https:\/\/manchajucarcentro.com\/turismo\/wp-json\/wp\/v2\/pages\/893\/revisions\/3593"}],"wp:attachment":[{"href":"https:\/\/manchajucarcentro.com\/turismo\/wp-json\/wp\/v2\/media?parent=893"}],"curies":[{"name":"wp","href":"https:\/\/api.w.org\/{rel}","templated":true}]}}