{"id":894,"date":"2024-10-29T11:26:22","date_gmt":"2024-10-29T10:26:22","guid":{"rendered":"http:\/\/mjc.endinahosting.com\/?page_id=894"},"modified":"2024-12-16T12:19:39","modified_gmt":"2024-12-16T11:19:39","slug":"tarazona-de-la-mancha","status":"publish","type":"page","link":"https:\/\/manchajucarcentro.com\/turismo\/tarazona-de-la-mancha\/","title":{"rendered":"Tarazona de la Mancha"},"content":{"rendered":"\t\t<div data-elementor-type=\"wp-page\" data-elementor-id=\"894\" class=\"elementor elementor-894\">\n\t\t\t\t<div class=\"elementor-element elementor-element-a4c6e4a bl-desc-municipios e-flex e-con-boxed e-con e-parent\" data-id=\"a4c6e4a\" data-element_type=\"container\" data-settings=\"{&quot;background_background&quot;:&quot;classic&quot;}\">\n\t\t\t\t\t<div class=\"e-con-inner\">\n\t\t<div class=\"elementor-element elementor-element-f078544 e-con-full e-flex e-con e-child\" data-id=\"f078544\" data-element_type=\"container\">\n\t\t\t\t<div class=\"elementor-element elementor-element-ff8972a elementor-widget elementor-widget-text-editor\" data-id=\"ff8972a\" data-element_type=\"widget\" data-widget_type=\"text-editor.default\">\n\t\t\t\t<div class=\"elementor-widget-container\">\n\t\t\t\t\t\t\t<p>Con una rica herencia hist\u00f3rica, Tarazona de la Mancha destaca por su Plaza Mayor, declarada Conjunto Hist\u00f3rico-Art\u00edstico.<\/p><p>Construida en el siglo XVII con un estilo colonial, la plaza est\u00e1 rodeada de balcones de madera y grandes arcos rom\u00e1nicos que anta\u00f1o serv\u00edan de entrada para los toros en los d\u00edas festivos. En su centro, una fuente conmemora la llegada del agua potable al pueblo en 1928.<\/p><p>La Iglesia de San Bartolom\u00e9, otro de sus tesoros, combina elementos renacentistas con detalles barrocos; su torre con chapitel de pizarra y su interior con tres naves demuestran la maestr\u00eda constructiva de la \u00e9poca.<\/p><p>Tambi\u00e9n merece menci\u00f3n la Plaza de Toros, \u00fanica en su tipo, pues est\u00e1 excavada en el suelo en lugar de construida hacia arriba.<\/p>\t\t\t\t\t\t<\/div>\n\t\t\t\t<\/div>\n\t\t\t\t<\/div>\n\t\t<div class=\"elementor-element elementor-element-8fc3b9b e-con-full e-flex e-con e-child\" data-id=\"8fc3b9b\" data-element_type=\"container\">\n\t\t\t\t<div class=\"elementor-element elementor-element-ce63c0e elementor-pagination-position-inside elementor-arrows-position-inside elementor-widget elementor-widget-image-carousel\" data-id=\"ce63c0e\" data-element_type=\"widget\" data-settings=\"{&quot;slides_to_show&quot;:&quot;1&quot;,&quot;navigation&quot;:&quot;both&quot;,&quot;autoplay&quot;:&quot;yes&quot;,&quot;pause_on_hover&quot;:&quot;yes&quot;,&quot;pause_on_interaction&quot;:&quot;yes&quot;,&quot;autoplay_speed&quot;:5000,&quot;infinite&quot;:&quot;yes&quot;,&quot;effect&quot;:&quot;slide&quot;,&quot;speed&quot;:500}\" data-widget_type=\"image-carousel.default\">\n\t\t\t\t<div class=\"elementor-widget-container\">\n\t\t\t\t\t<div class=\"elementor-image-carousel-wrapper swiper\" dir=\"ltr\">\n\t\t\t<div class=\"elementor-image-carousel swiper-wrapper\" aria-live=\"off\">\n\t\t\t\t\t\t\t\t<div class=\"swiper-slide\" role=\"group\" aria-roledescription=\"slide\" aria-label=\"1 de 4\"><figure class=\"swiper-slide-inner\"><img decoding=\"async\" class=\"swiper-slide-image\" src=\"https:\/\/manchajucarcentro.com\/turismo\/wp-content\/uploads\/elementor\/thumbs\/Tarazona-de-la-Mancha-Slide-1-rhy9gez0uyox0jv67si7d21rqtiml7p9xhzh7j7kxs.jpg\" alt=\"\" \/><\/figure><\/div><div class=\"swiper-slide\" role=\"group\" aria-roledescription=\"slide\" aria-label=\"2 de 4\"><figure class=\"swiper-slide-inner\"><img decoding=\"async\" class=\"swiper-slide-image\" src=\"https:\/\/manchajucarcentro.com\/turismo\/wp-content\/uploads\/elementor\/thumbs\/Tarazona-de-la-Mancha-Slide-3-rhy9gb7o3mjrq40mtqvp32zxda15qfackzdjafd5mo.jpg\" alt=\"\" \/><\/figure><\/div><div class=\"swiper-slide\" role=\"group\" aria-roledescription=\"slide\" aria-label=\"3 de 4\"><figure class=\"swiper-slide-inner\"><img decoding=\"async\" class=\"swiper-slide-image\" src=\"https:\/\/manchajucarcentro.com\/turismo\/wp-content\/uploads\/elementor\/thumbs\/Museo-Taurino-Tarazona-de-la-Mancha-1-rhy9yspeibus215yvqjk4f29y2x144ob4h9b2byf9c.jpg\" alt=\"\" \/><\/figure><\/div><div class=\"swiper-slide\" role=\"group\" aria-roledescription=\"slide\" aria-label=\"4 de 4\"><figure class=\"swiper-slide-inner\"><img decoding=\"async\" class=\"swiper-slide-image\" src=\"https:\/\/manchajucarcentro.com\/turismo\/wp-content\/uploads\/elementor\/thumbs\/Plaza-Mayor-Tarazona-de-la-Mancha-4-rhya1n5t79r17j159gtw677ip2w1f4z1ukd8dhqif4.jpg\" alt=\"\" \/><\/figure><\/div>\t\t\t<\/div>\n\t\t\t\t\t\t\t\t\t\t\t\t<div class=\"elementor-swiper-button elementor-swiper-button-prev\" role=\"button\" tabindex=\"0\">\n\t\t\t\t\t\t<i aria-hidden=\"true\" class=\"eicon-chevron-left\"><\/i>\t\t\t\t\t<\/div>\n\t\t\t\t\t<div class=\"elementor-swiper-button elementor-swiper-button-next\" role=\"button\" tabindex=\"0\">\n\t\t\t\t\t\t<i aria-hidden=\"true\" class=\"eicon-chevron-right\"><\/i>\t\t\t\t\t<\/div>\n\t\t\t\t\n\t\t\t\t\t\t\t\t\t<div class=\"swiper-pagination\"><\/div>\n\t\t\t\t\t\t\t\t\t<\/div>\n\t\t\t\t<\/div>\n\t\t\t\t<\/div>\n\t\t\t\t<\/div>\n\t\t\t\t\t<\/div>\n\t\t\t\t<\/div>\n\t\t<div class=\"elementor-element elementor-element-7f5068e e-flex e-con-boxed e-con e-parent\" data-id=\"7f5068e\" data-element_type=\"container\">\n\t\t\t\t\t<div class=\"e-con-inner\">\n\t\t\t\t<div class=\"elementor-element elementor-element-55b14a7 elementor-widget__width-initial elementor-widget elementor-widget-listeo-headline\" data-id=\"55b14a7\" data-element_type=\"widget\" data-widget_type=\"listeo-headline.default\">\n\t\t\t\t<div class=\"elementor-widget-container\">\n\t\t\t\t\t<h3 \n\t\tstyle=\"text-align:center;\" class=\"headline  headline-aligned-to-center headline-extra-spacing headline-box  headline-with-subtitle \"> Nuestra propuesta  <span > Descubre nuestra esencia y nuestros tesoros<\/span><\/h3>\n\t\t\t\t<\/div>\n\t\t\t\t<\/div>\n\t\t\t\t\t<\/div>\n\t\t\t\t<\/div>\n\t\t<div class=\"elementor-element elementor-element-8269717 e-flex e-con-boxed e-con e-parent\" data-id=\"8269717\" data-element_type=\"container\">\n\t\t\t\t\t<div class=\"e-con-inner\">\n\t\t\t\t<div class=\"elementor-element elementor-element-94e62d5 elementor-widget elementor-widget-listeo-listings-wide\" data-id=\"94e62d5\" data-element_type=\"widget\" data-widget_type=\"listeo-listings-wide.default\">\n\t\t\t\t<div class=\"elementor-widget-container\">\n\t\t\t        <div class=\"fullgrid-slick-carousel listings-wide-carousel\" data-slick='{\"autoplay\": true, \"autoplaySpeed\": 3000}' >\n            <div class=\"fw-carousel-item\">\n                        <div class=\"taxonoomy-wide-grid-element\">                        <div class=\"slg-half\">\n                            <a data-grid-start-index=\"0\" href=\"https:\/\/manchajucarcentro.com\/turismo\/recurso\/centro-de-interpretacion-del-patrimonio-local-y-del-carnaval\/\" class=\"slg-gallery-cover\"><img fetchpriority=\"high\" decoding=\"async\" width=\"1200\" height=\"1600\" src=\"https:\/\/manchajucarcentro.com\/turismo\/wp-content\/uploads\/2024\/11\/Centro-de-Interpretacion-del-Patrimonio-Local-y-del-Carnaval-Tarazona-de-la-Mancha-1.jpg\" class=\"attachment-listeo-gallery size-listeo-gallery wp-post-image\" alt=\"\" srcset=\"https:\/\/manchajucarcentro.com\/turismo\/wp-content\/uploads\/2024\/11\/Centro-de-Interpretacion-del-Patrimonio-Local-y-del-Carnaval-Tarazona-de-la-Mancha-1.jpg 1200w, https:\/\/manchajucarcentro.com\/turismo\/wp-content\/uploads\/2024\/11\/Centro-de-Interpretacion-del-Patrimonio-Local-y-del-Carnaval-Tarazona-de-la-Mancha-1-225x300.jpg 225w, https:\/\/manchajucarcentro.com\/turismo\/wp-content\/uploads\/2024\/11\/Centro-de-Interpretacion-del-Patrimonio-Local-y-del-Carnaval-Tarazona-de-la-Mancha-1-768x1024.jpg 768w, https:\/\/manchajucarcentro.com\/turismo\/wp-content\/uploads\/2024\/11\/Centro-de-Interpretacion-del-Patrimonio-Local-y-del-Carnaval-Tarazona-de-la-Mancha-1-1152x1536.jpg 1152w, https:\/\/manchajucarcentro.com\/turismo\/wp-content\/uploads\/2024\/11\/Centro-de-Interpretacion-del-Patrimonio-Local-y-del-Carnaval-Tarazona-de-la-Mancha-1-443x590.jpg 443w, https:\/\/manchajucarcentro.com\/turismo\/wp-content\/uploads\/2024\/11\/Centro-de-Interpretacion-del-Patrimonio-Local-y-del-Carnaval-Tarazona-de-la-Mancha-1-503x670.jpg 503w, https:\/\/manchajucarcentro.com\/turismo\/wp-content\/uploads\/2024\/11\/Centro-de-Interpretacion-del-Patrimonio-Local-y-del-Carnaval-Tarazona-de-la-Mancha-1-577x769.jpg 577w\" sizes=\"(max-width: 1200px) 100vw, 1200px\" \/><\/a>\n                            <h4>Centro de Interpretaci\u00f3n del Patrimonio Local y del Carnaval<\/h4>\n                        <\/div>                        <div class=\"slg-half\">\n                            <div class=\"slg-grid\">\n                                <div class=\"slg-grid-top\">\n                                    <div class=\"slg-grid-inner\">\n                                        <a data-grid-start-index=\"1\" href=\"https:\/\/manchajucarcentro.com\/turismo\/recurso\/gran-casino-pascasio-quilez\/\" class=\"slg-gallery-cover\"><img decoding=\"async\" width=\"1200\" height=\"852\" src=\"https:\/\/manchajucarcentro.com\/turismo\/wp-content\/uploads\/2024\/11\/Gran-Casino-Pascasio-Quilez-Tarazona-de-la-Mancha-1-1200x852.jpg\" class=\"attachment-listeo-gallery size-listeo-gallery wp-post-image\" alt=\"\" srcset=\"https:\/\/manchajucarcentro.com\/turismo\/wp-content\/uploads\/2024\/11\/Gran-Casino-Pascasio-Quilez-Tarazona-de-la-Mancha-1-1200x852.jpg 1200w, https:\/\/manchajucarcentro.com\/turismo\/wp-content\/uploads\/2024\/11\/Gran-Casino-Pascasio-Quilez-Tarazona-de-la-Mancha-1-300x213.jpg 300w, https:\/\/manchajucarcentro.com\/turismo\/wp-content\/uploads\/2024\/11\/Gran-Casino-Pascasio-Quilez-Tarazona-de-la-Mancha-1-1024x727.jpg 1024w, https:\/\/manchajucarcentro.com\/turismo\/wp-content\/uploads\/2024\/11\/Gran-Casino-Pascasio-Quilez-Tarazona-de-la-Mancha-1-768x545.jpg 768w, https:\/\/manchajucarcentro.com\/turismo\/wp-content\/uploads\/2024\/11\/Gran-Casino-Pascasio-Quilez-Tarazona-de-la-Mancha-1-1536x1091.jpg 1536w, https:\/\/manchajucarcentro.com\/turismo\/wp-content\/uploads\/2024\/11\/Gran-Casino-Pascasio-Quilez-Tarazona-de-la-Mancha-1-590x419.jpg 590w, https:\/\/manchajucarcentro.com\/turismo\/wp-content\/uploads\/2024\/11\/Gran-Casino-Pascasio-Quilez-Tarazona-de-la-Mancha-1-944x670.jpg 944w, https:\/\/manchajucarcentro.com\/turismo\/wp-content\/uploads\/2024\/11\/Gran-Casino-Pascasio-Quilez-Tarazona-de-la-Mancha-1-577x410.jpg 577w, https:\/\/manchajucarcentro.com\/turismo\/wp-content\/uploads\/2024\/11\/Gran-Casino-Pascasio-Quilez-Tarazona-de-la-Mancha-1.jpg 2000w\" sizes=\"(max-width: 1200px) 100vw, 1200px\" \/><\/a>\n                                        <h4>Gran Casino Pascasio Qu\u00edlez<\/h4>\n                                    <\/div>\n                                <\/div>\n                                                            <div class=\"slg-grid-bottom\">\n                                    <div class=\"slg-grid-inner\">\n                                        <a data-grid-start-index=\"2\" href=\"https:\/\/manchajucarcentro.com\/turismo\/recurso\/hostal-la-mancha\/\" class=\"slg-gallery-cover\"><img decoding=\"async\" width=\"1024\" height=\"768\" src=\"https:\/\/manchajucarcentro.com\/turismo\/wp-content\/uploads\/2024\/10\/Hostal-La-Mancha-Tarazona-de-la-Mancha-1.jpg\" class=\"attachment-listeo-gallery size-listeo-gallery wp-post-image\" alt=\"\" srcset=\"https:\/\/manchajucarcentro.com\/turismo\/wp-content\/uploads\/2024\/10\/Hostal-La-Mancha-Tarazona-de-la-Mancha-1.jpg 1024w, https:\/\/manchajucarcentro.com\/turismo\/wp-content\/uploads\/2024\/10\/Hostal-La-Mancha-Tarazona-de-la-Mancha-1-300x225.jpg 300w, https:\/\/manchajucarcentro.com\/turismo\/wp-content\/uploads\/2024\/10\/Hostal-La-Mancha-Tarazona-de-la-Mancha-1-768x576.jpg 768w, https:\/\/manchajucarcentro.com\/turismo\/wp-content\/uploads\/2024\/10\/Hostal-La-Mancha-Tarazona-de-la-Mancha-1-590x443.jpg 590w, https:\/\/manchajucarcentro.com\/turismo\/wp-content\/uploads\/2024\/10\/Hostal-La-Mancha-Tarazona-de-la-Mancha-1-893x670.jpg 893w, https:\/\/manchajucarcentro.com\/turismo\/wp-content\/uploads\/2024\/10\/Hostal-La-Mancha-Tarazona-de-la-Mancha-1-577x433.jpg 577w\" sizes=\"(max-width: 1024px) 100vw, 1024px\" \/><\/a>\n                                        <h4>Hostal La Mancha<\/h4>\n                                    <\/div>\n\n                                <\/div>\n\n                            <\/div>\n                        <\/div>\n                        <\/div><\/div><div class=\"fw-carousel-item\">\n                        <div class=\"taxonoomy-wide-grid-element\">                        <div class=\"slg-half\">\n                            <a data-grid-start-index=\"3\" href=\"https:\/\/manchajucarcentro.com\/turismo\/recurso\/confiteria-la-gracia\/\" class=\"slg-gallery-cover\"><img loading=\"lazy\" decoding=\"async\" width=\"1200\" height=\"801\" src=\"https:\/\/manchajucarcentro.com\/turismo\/wp-content\/uploads\/2024\/11\/Confiteria-La-Gracia-Tarazona-de-la-Mancha-1-1200x801.jpeg\" class=\"attachment-listeo-gallery size-listeo-gallery wp-post-image\" alt=\"\" srcset=\"https:\/\/manchajucarcentro.com\/turismo\/wp-content\/uploads\/2024\/11\/Confiteria-La-Gracia-Tarazona-de-la-Mancha-1-1200x801.jpeg 1200w, https:\/\/manchajucarcentro.com\/turismo\/wp-content\/uploads\/2024\/11\/Confiteria-La-Gracia-Tarazona-de-la-Mancha-1-300x200.jpeg 300w, https:\/\/manchajucarcentro.com\/turismo\/wp-content\/uploads\/2024\/11\/Confiteria-La-Gracia-Tarazona-de-la-Mancha-1-1024x684.jpeg 1024w, https:\/\/manchajucarcentro.com\/turismo\/wp-content\/uploads\/2024\/11\/Confiteria-La-Gracia-Tarazona-de-la-Mancha-1-768x513.jpeg 768w, https:\/\/manchajucarcentro.com\/turismo\/wp-content\/uploads\/2024\/11\/Confiteria-La-Gracia-Tarazona-de-la-Mancha-1-1536x1026.jpeg 1536w, https:\/\/manchajucarcentro.com\/turismo\/wp-content\/uploads\/2024\/11\/Confiteria-La-Gracia-Tarazona-de-la-Mancha-1-590x394.jpeg 590w, https:\/\/manchajucarcentro.com\/turismo\/wp-content\/uploads\/2024\/11\/Confiteria-La-Gracia-Tarazona-de-la-Mancha-1-1003x670.jpeg 1003w, https:\/\/manchajucarcentro.com\/turismo\/wp-content\/uploads\/2024\/11\/Confiteria-La-Gracia-Tarazona-de-la-Mancha-1-577x385.jpeg 577w, https:\/\/manchajucarcentro.com\/turismo\/wp-content\/uploads\/2024\/11\/Confiteria-La-Gracia-Tarazona-de-la-Mancha-1.jpeg 1565w\" sizes=\"(max-width: 1200px) 100vw, 1200px\" \/><\/a>\n                            <h4>Confiter\u00eda \u00abLa Gracia\u00bb<\/h4>\n                        <\/div>                        <div class=\"slg-half\">\n                            <div class=\"slg-grid\">\n                                <div class=\"slg-grid-top\">\n                                    <div class=\"slg-grid-inner\">\n                                        <a data-grid-start-index=\"4\" href=\"https:\/\/manchajucarcentro.com\/turismo\/recurso\/plaza-mayor-de-tarazona-de-la-mancha\/\" class=\"slg-gallery-cover\"><img loading=\"lazy\" decoding=\"async\" width=\"1024\" height=\"768\" src=\"https:\/\/manchajucarcentro.com\/turismo\/wp-content\/uploads\/2024\/12\/Plaza-Mayor-Tarazona-de-la-Mancha-4.jpg\" class=\"attachment-listeo-gallery size-listeo-gallery wp-post-image\" alt=\"\" srcset=\"https:\/\/manchajucarcentro.com\/turismo\/wp-content\/uploads\/2024\/12\/Plaza-Mayor-Tarazona-de-la-Mancha-4.jpg 1024w, https:\/\/manchajucarcentro.com\/turismo\/wp-content\/uploads\/2024\/12\/Plaza-Mayor-Tarazona-de-la-Mancha-4-300x225.jpg 300w, https:\/\/manchajucarcentro.com\/turismo\/wp-content\/uploads\/2024\/12\/Plaza-Mayor-Tarazona-de-la-Mancha-4-768x576.jpg 768w, https:\/\/manchajucarcentro.com\/turismo\/wp-content\/uploads\/2024\/12\/Plaza-Mayor-Tarazona-de-la-Mancha-4-590x443.jpg 590w, https:\/\/manchajucarcentro.com\/turismo\/wp-content\/uploads\/2024\/12\/Plaza-Mayor-Tarazona-de-la-Mancha-4-893x670.jpg 893w, https:\/\/manchajucarcentro.com\/turismo\/wp-content\/uploads\/2024\/12\/Plaza-Mayor-Tarazona-de-la-Mancha-4-577x433.jpg 577w\" sizes=\"(max-width: 1024px) 100vw, 1024px\" \/><\/a>\n                                        <h4>Plaza Mayor de Tarazona de la Mancha<\/h4>\n                                    <\/div>\n                                <\/div>\n                                                            <div class=\"slg-grid-bottom\">\n                                    <div class=\"slg-grid-inner\">\n                                        <a data-grid-start-index=\"5\" href=\"https:\/\/manchajucarcentro.com\/turismo\/recurso\/bodegas-casa-antonete\/\" class=\"slg-gallery-cover\"><img loading=\"lazy\" decoding=\"async\" width=\"1200\" height=\"1253\" src=\"https:\/\/manchajucarcentro.com\/turismo\/wp-content\/uploads\/2024\/10\/Bodega-Casa-Antonete-Tarazona-de-la-Mancha-5-e1732191465279-1200x1253.jpeg\" class=\"attachment-listeo-gallery size-listeo-gallery wp-post-image\" alt=\"\" srcset=\"https:\/\/manchajucarcentro.com\/turismo\/wp-content\/uploads\/2024\/10\/Bodega-Casa-Antonete-Tarazona-de-la-Mancha-5-e1732191465279-1200x1253.jpeg 1200w, https:\/\/manchajucarcentro.com\/turismo\/wp-content\/uploads\/2024\/10\/Bodega-Casa-Antonete-Tarazona-de-la-Mancha-5-e1732191465279-287x300.jpeg 287w, https:\/\/manchajucarcentro.com\/turismo\/wp-content\/uploads\/2024\/10\/Bodega-Casa-Antonete-Tarazona-de-la-Mancha-5-e1732191465279-981x1024.jpeg 981w, https:\/\/manchajucarcentro.com\/turismo\/wp-content\/uploads\/2024\/10\/Bodega-Casa-Antonete-Tarazona-de-la-Mancha-5-e1732191465279-768x802.jpeg 768w, https:\/\/manchajucarcentro.com\/turismo\/wp-content\/uploads\/2024\/10\/Bodega-Casa-Antonete-Tarazona-de-la-Mancha-5-e1732191465279-565x590.jpeg 565w, https:\/\/manchajucarcentro.com\/turismo\/wp-content\/uploads\/2024\/10\/Bodega-Casa-Antonete-Tarazona-de-la-Mancha-5-e1732191465279-642x670.jpeg 642w, https:\/\/manchajucarcentro.com\/turismo\/wp-content\/uploads\/2024\/10\/Bodega-Casa-Antonete-Tarazona-de-la-Mancha-5-e1732191465279-577x602.jpeg 577w, https:\/\/manchajucarcentro.com\/turismo\/wp-content\/uploads\/2024\/10\/Bodega-Casa-Antonete-Tarazona-de-la-Mancha-5-e1732191465279.jpeg 1440w\" sizes=\"(max-width: 1200px) 100vw, 1200px\" \/><\/a>\n                                        <h4>Bodegas Casa Antonete<\/h4>\n                                    <\/div>\n\n                                <\/div>\n\n                            <\/div>\n                        <\/div>\n                        <\/div><\/div><div class=\"fw-carousel-item\">\n                        <div class=\"taxonoomy-wide-grid-element\">                        <div class=\"slg-half\">\n                            <a data-grid-start-index=\"6\" href=\"https:\/\/manchajucarcentro.com\/turismo\/recurso\/monumento-al-carnaval\/\" class=\"slg-gallery-cover\"><img loading=\"lazy\" decoding=\"async\" width=\"1024\" height=\"768\" src=\"https:\/\/manchajucarcentro.com\/turismo\/wp-content\/uploads\/2024\/11\/Monumento-al-Carnaval-Tarazona-de-la-Mancha-1.jpg\" class=\"attachment-listeo-gallery size-listeo-gallery wp-post-image\" alt=\"\" srcset=\"https:\/\/manchajucarcentro.com\/turismo\/wp-content\/uploads\/2024\/11\/Monumento-al-Carnaval-Tarazona-de-la-Mancha-1.jpg 1024w, https:\/\/manchajucarcentro.com\/turismo\/wp-content\/uploads\/2024\/11\/Monumento-al-Carnaval-Tarazona-de-la-Mancha-1-300x225.jpg 300w, https:\/\/manchajucarcentro.com\/turismo\/wp-content\/uploads\/2024\/11\/Monumento-al-Carnaval-Tarazona-de-la-Mancha-1-768x576.jpg 768w, https:\/\/manchajucarcentro.com\/turismo\/wp-content\/uploads\/2024\/11\/Monumento-al-Carnaval-Tarazona-de-la-Mancha-1-590x443.jpg 590w, https:\/\/manchajucarcentro.com\/turismo\/wp-content\/uploads\/2024\/11\/Monumento-al-Carnaval-Tarazona-de-la-Mancha-1-893x670.jpg 893w, https:\/\/manchajucarcentro.com\/turismo\/wp-content\/uploads\/2024\/11\/Monumento-al-Carnaval-Tarazona-de-la-Mancha-1-577x433.jpg 577w\" sizes=\"(max-width: 1024px) 100vw, 1024px\" \/><\/a>\n                            <h4>Monumento al Carnaval<\/h4>\n                        <\/div>                        <div class=\"slg-half\">\n                            <div class=\"slg-grid\">\n                                <div class=\"slg-grid-top\">\n                                    <div class=\"slg-grid-inner\">\n                                        <a data-grid-start-index=\"7\" href=\"https:\/\/manchajucarcentro.com\/turismo\/recurso\/puente-romano\/\" class=\"slg-gallery-cover\"><img loading=\"lazy\" decoding=\"async\" width=\"1200\" height=\"800\" src=\"https:\/\/manchajucarcentro.com\/turismo\/wp-content\/uploads\/2024\/11\/Puente-Romano-Tarazona-de-la-Mancha-2-1200x800.jpg\" class=\"attachment-listeo-gallery size-listeo-gallery wp-post-image\" alt=\"\" srcset=\"https:\/\/manchajucarcentro.com\/turismo\/wp-content\/uploads\/2024\/11\/Puente-Romano-Tarazona-de-la-Mancha-2-1200x800.jpg 1200w, https:\/\/manchajucarcentro.com\/turismo\/wp-content\/uploads\/2024\/11\/Puente-Romano-Tarazona-de-la-Mancha-2-300x200.jpg 300w, https:\/\/manchajucarcentro.com\/turismo\/wp-content\/uploads\/2024\/11\/Puente-Romano-Tarazona-de-la-Mancha-2-1024x683.jpg 1024w, https:\/\/manchajucarcentro.com\/turismo\/wp-content\/uploads\/2024\/11\/Puente-Romano-Tarazona-de-la-Mancha-2-768x512.jpg 768w, https:\/\/manchajucarcentro.com\/turismo\/wp-content\/uploads\/2024\/11\/Puente-Romano-Tarazona-de-la-Mancha-2-1536x1024.jpg 1536w, https:\/\/manchajucarcentro.com\/turismo\/wp-content\/uploads\/2024\/11\/Puente-Romano-Tarazona-de-la-Mancha-2-590x393.jpg 590w, https:\/\/manchajucarcentro.com\/turismo\/wp-content\/uploads\/2024\/11\/Puente-Romano-Tarazona-de-la-Mancha-2-1005x670.jpg 1005w, https:\/\/manchajucarcentro.com\/turismo\/wp-content\/uploads\/2024\/11\/Puente-Romano-Tarazona-de-la-Mancha-2-577x385.jpg 577w, https:\/\/manchajucarcentro.com\/turismo\/wp-content\/uploads\/2024\/11\/Puente-Romano-Tarazona-de-la-Mancha-2.jpg 1600w\" sizes=\"(max-width: 1200px) 100vw, 1200px\" \/><\/a>\n                                        <h4>Puente Romano<\/h4>\n                                    <\/div>\n                                <\/div>\n                                                            <div class=\"slg-grid-bottom\">\n                                    <div class=\"slg-grid-inner\">\n                                        <a data-grid-start-index=\"8\" href=\"https:\/\/manchajucarcentro.com\/turismo\/recurso\/museo-taurino\/\" class=\"slg-gallery-cover\"><img loading=\"lazy\" decoding=\"async\" width=\"850\" height=\"566\" src=\"https:\/\/manchajucarcentro.com\/turismo\/wp-content\/uploads\/2024\/12\/Museo-Taurino-Tarazona-de-la-Mancha-1.jpg\" class=\"attachment-listeo-gallery size-listeo-gallery wp-post-image\" alt=\"\" srcset=\"https:\/\/manchajucarcentro.com\/turismo\/wp-content\/uploads\/2024\/12\/Museo-Taurino-Tarazona-de-la-Mancha-1.jpg 850w, https:\/\/manchajucarcentro.com\/turismo\/wp-content\/uploads\/2024\/12\/Museo-Taurino-Tarazona-de-la-Mancha-1-300x200.jpg 300w, https:\/\/manchajucarcentro.com\/turismo\/wp-content\/uploads\/2024\/12\/Museo-Taurino-Tarazona-de-la-Mancha-1-768x511.jpg 768w, https:\/\/manchajucarcentro.com\/turismo\/wp-content\/uploads\/2024\/12\/Museo-Taurino-Tarazona-de-la-Mancha-1-590x393.jpg 590w, https:\/\/manchajucarcentro.com\/turismo\/wp-content\/uploads\/2024\/12\/Museo-Taurino-Tarazona-de-la-Mancha-1-577x384.jpg 577w\" sizes=\"(max-width: 850px) 100vw, 850px\" \/><\/a>\n                                        <h4>Museo Taurino<\/h4>\n                                    <\/div>\n\n                                <\/div>\n\n                            <\/div>\n                        <\/div>\n                        <\/div><\/div><div class=\"fw-carousel-item\">\n                        <div class=\"taxonoomy-wide-grid-element\">                        <div class=\"slg-half\">\n                            <a data-grid-start-index=\"9\" href=\"https:\/\/manchajucarcentro.com\/turismo\/recurso\/casa-rural-la-casita\/\" class=\"slg-gallery-cover\"><img loading=\"lazy\" decoding=\"async\" width=\"1200\" height=\"900\" src=\"https:\/\/manchajucarcentro.com\/turismo\/wp-content\/uploads\/2024\/10\/Casa-Rural-La-Casita-Tarazona-de-la-Mancha-2-1200x900.png\" class=\"attachment-listeo-gallery size-listeo-gallery wp-post-image\" alt=\"\" srcset=\"https:\/\/manchajucarcentro.com\/turismo\/wp-content\/uploads\/2024\/10\/Casa-Rural-La-Casita-Tarazona-de-la-Mancha-2-1200x900.png 1200w, https:\/\/manchajucarcentro.com\/turismo\/wp-content\/uploads\/2024\/10\/Casa-Rural-La-Casita-Tarazona-de-la-Mancha-2-300x225.png 300w, https:\/\/manchajucarcentro.com\/turismo\/wp-content\/uploads\/2024\/10\/Casa-Rural-La-Casita-Tarazona-de-la-Mancha-2-1024x768.png 1024w, https:\/\/manchajucarcentro.com\/turismo\/wp-content\/uploads\/2024\/10\/Casa-Rural-La-Casita-Tarazona-de-la-Mancha-2-768x576.png 768w, https:\/\/manchajucarcentro.com\/turismo\/wp-content\/uploads\/2024\/10\/Casa-Rural-La-Casita-Tarazona-de-la-Mancha-2-1536x1152.png 1536w, https:\/\/manchajucarcentro.com\/turismo\/wp-content\/uploads\/2024\/10\/Casa-Rural-La-Casita-Tarazona-de-la-Mancha-2-590x443.png 590w, https:\/\/manchajucarcentro.com\/turismo\/wp-content\/uploads\/2024\/10\/Casa-Rural-La-Casita-Tarazona-de-la-Mancha-2-893x670.png 893w, https:\/\/manchajucarcentro.com\/turismo\/wp-content\/uploads\/2024\/10\/Casa-Rural-La-Casita-Tarazona-de-la-Mancha-2-577x433.png 577w, https:\/\/manchajucarcentro.com\/turismo\/wp-content\/uploads\/2024\/10\/Casa-Rural-La-Casita-Tarazona-de-la-Mancha-2.png 1600w\" sizes=\"(max-width: 1200px) 100vw, 1200px\" \/><\/a>\n                            <h4>Casa Rural La Casita<\/h4>\n                        <\/div>                        <div class=\"slg-half\">\n                            <div class=\"slg-grid\">\n                                <div class=\"slg-grid-top\">\n                                    <div class=\"slg-grid-inner\">\n                                        <a data-grid-start-index=\"10\" href=\"https:\/\/manchajucarcentro.com\/turismo\/recurso\/teatro-cine-sanchiz-y-casa-de-la-cultura\/\" class=\"slg-gallery-cover\"><img loading=\"lazy\" decoding=\"async\" width=\"1200\" height=\"900\" src=\"https:\/\/manchajucarcentro.com\/turismo\/wp-content\/uploads\/2024\/12\/Casa-de-Cultura-Cine-Sanchiz-Tarazona-de-la-Mancha-1-1200x900.jpg\" class=\"attachment-listeo-gallery size-listeo-gallery wp-post-image\" alt=\"\" srcset=\"https:\/\/manchajucarcentro.com\/turismo\/wp-content\/uploads\/2024\/12\/Casa-de-Cultura-Cine-Sanchiz-Tarazona-de-la-Mancha-1-1200x900.jpg 1200w, https:\/\/manchajucarcentro.com\/turismo\/wp-content\/uploads\/2024\/12\/Casa-de-Cultura-Cine-Sanchiz-Tarazona-de-la-Mancha-1-300x225.jpg 300w, https:\/\/manchajucarcentro.com\/turismo\/wp-content\/uploads\/2024\/12\/Casa-de-Cultura-Cine-Sanchiz-Tarazona-de-la-Mancha-1-1024x768.jpg 1024w, https:\/\/manchajucarcentro.com\/turismo\/wp-content\/uploads\/2024\/12\/Casa-de-Cultura-Cine-Sanchiz-Tarazona-de-la-Mancha-1-768x576.jpg 768w, https:\/\/manchajucarcentro.com\/turismo\/wp-content\/uploads\/2024\/12\/Casa-de-Cultura-Cine-Sanchiz-Tarazona-de-la-Mancha-1-1536x1152.jpg 1536w, https:\/\/manchajucarcentro.com\/turismo\/wp-content\/uploads\/2024\/12\/Casa-de-Cultura-Cine-Sanchiz-Tarazona-de-la-Mancha-1-590x443.jpg 590w, https:\/\/manchajucarcentro.com\/turismo\/wp-content\/uploads\/2024\/12\/Casa-de-Cultura-Cine-Sanchiz-Tarazona-de-la-Mancha-1-893x670.jpg 893w, https:\/\/manchajucarcentro.com\/turismo\/wp-content\/uploads\/2024\/12\/Casa-de-Cultura-Cine-Sanchiz-Tarazona-de-la-Mancha-1-577x433.jpg 577w, https:\/\/manchajucarcentro.com\/turismo\/wp-content\/uploads\/2024\/12\/Casa-de-Cultura-Cine-Sanchiz-Tarazona-de-la-Mancha-1.jpg 1600w\" sizes=\"(max-width: 1200px) 100vw, 1200px\" \/><\/a>\n                                        <h4>Teatro Cine Sanchiz y Casa de La Cultura<\/h4>\n                                    <\/div>\n                                <\/div>\n                                                            <div class=\"slg-grid-bottom\">\n                                    <div class=\"slg-grid-inner\">\n                                        <a data-grid-start-index=\"11\" href=\"https:\/\/manchajucarcentro.com\/turismo\/recurso\/ermita-san-blas-la-inmaculada\/\" class=\"slg-gallery-cover\"><img loading=\"lazy\" decoding=\"async\" width=\"800\" height=\"600\" src=\"https:\/\/manchajucarcentro.com\/turismo\/wp-content\/uploads\/2024\/12\/Ermita-San-Blas-Tarazona-de-la-Mancha-2.jpeg\" class=\"attachment-listeo-gallery size-listeo-gallery wp-post-image\" alt=\"\" srcset=\"https:\/\/manchajucarcentro.com\/turismo\/wp-content\/uploads\/2024\/12\/Ermita-San-Blas-Tarazona-de-la-Mancha-2.jpeg 800w, https:\/\/manchajucarcentro.com\/turismo\/wp-content\/uploads\/2024\/12\/Ermita-San-Blas-Tarazona-de-la-Mancha-2-300x225.jpeg 300w, https:\/\/manchajucarcentro.com\/turismo\/wp-content\/uploads\/2024\/12\/Ermita-San-Blas-Tarazona-de-la-Mancha-2-768x576.jpeg 768w, https:\/\/manchajucarcentro.com\/turismo\/wp-content\/uploads\/2024\/12\/Ermita-San-Blas-Tarazona-de-la-Mancha-2-590x443.jpeg 590w, https:\/\/manchajucarcentro.com\/turismo\/wp-content\/uploads\/2024\/12\/Ermita-San-Blas-Tarazona-de-la-Mancha-2-577x433.jpeg 577w\" sizes=\"(max-width: 800px) 100vw, 800px\" \/><\/a>\n                                        <h4>Ermita San Blas-La Inmaculada<\/h4>\n                                    <\/div>\n\n                                <\/div>\n\n                            <\/div>\n                        <\/div>\n                        <\/div><\/div><div class=\"fw-carousel-item\">\n                        <div class=\"taxonoomy-wide-grid-element\">                        <div class=\"slg-half\">\n                            <a data-grid-start-index=\"12\" href=\"https:\/\/manchajucarcentro.com\/turismo\/recurso\/daca-palla\/\" class=\"slg-gallery-cover\"><img loading=\"lazy\" decoding=\"async\" width=\"594\" height=\"594\" src=\"https:\/\/manchajucarcentro.com\/turismo\/wp-content\/uploads\/2024\/10\/Daca-Palla.jpg\" class=\"attachment-listeo-gallery size-listeo-gallery wp-post-image\" alt=\"\" srcset=\"https:\/\/manchajucarcentro.com\/turismo\/wp-content\/uploads\/2024\/10\/Daca-Palla.jpg 594w, https:\/\/manchajucarcentro.com\/turismo\/wp-content\/uploads\/2024\/10\/Daca-Palla-300x300.jpg 300w, https:\/\/manchajucarcentro.com\/turismo\/wp-content\/uploads\/2024\/10\/Daca-Palla-150x150.jpg 150w, https:\/\/manchajucarcentro.com\/turismo\/wp-content\/uploads\/2024\/10\/Daca-Palla-590x590.jpg 590w, https:\/\/manchajucarcentro.com\/turismo\/wp-content\/uploads\/2024\/10\/Daca-Palla-577x577.jpg 577w, https:\/\/manchajucarcentro.com\/turismo\/wp-content\/uploads\/2024\/10\/Daca-Palla-200x200.jpg 200w\" sizes=\"(max-width: 594px) 100vw, 594px\" \/><\/a>\n                            <h4>Daca &#038; Palla<\/h4>\n                        <\/div>                        <div class=\"slg-half\">\n                            <div class=\"slg-grid\">\n                                <div class=\"slg-grid-top\">\n                                    <div class=\"slg-grid-inner\">\n                                        <a data-grid-start-index=\"13\" href=\"https:\/\/manchajucarcentro.com\/turismo\/recurso\/caravan-la-mancha-s-l\/\" class=\"slg-gallery-cover\"><img loading=\"lazy\" decoding=\"async\" width=\"1200\" height=\"554\" src=\"https:\/\/manchajucarcentro.com\/turismo\/wp-content\/uploads\/2025\/06\/caravan01-1200x554.jpeg\" class=\"attachment-listeo-gallery size-listeo-gallery wp-post-image\" alt=\"\" srcset=\"https:\/\/manchajucarcentro.com\/turismo\/wp-content\/uploads\/2025\/06\/caravan01-1200x554.jpeg 1200w, https:\/\/manchajucarcentro.com\/turismo\/wp-content\/uploads\/2025\/06\/caravan01-300x139.jpeg 300w, https:\/\/manchajucarcentro.com\/turismo\/wp-content\/uploads\/2025\/06\/caravan01-1024x473.jpeg 1024w, https:\/\/manchajucarcentro.com\/turismo\/wp-content\/uploads\/2025\/06\/caravan01-768x355.jpeg 768w, https:\/\/manchajucarcentro.com\/turismo\/wp-content\/uploads\/2025\/06\/caravan01-1536x709.jpeg 1536w, https:\/\/manchajucarcentro.com\/turismo\/wp-content\/uploads\/2025\/06\/caravan01-590x272.jpeg 590w, https:\/\/manchajucarcentro.com\/turismo\/wp-content\/uploads\/2025\/06\/caravan01-577x266.jpeg 577w, https:\/\/manchajucarcentro.com\/turismo\/wp-content\/uploads\/2025\/06\/caravan01.jpeg 2040w\" sizes=\"(max-width: 1200px) 100vw, 1200px\" \/><\/a>\n                                        <h4>Caravan La Mancha, S.L.<\/h4>\n                                    <\/div>\n                                <\/div>\n                                                            <div class=\"slg-grid-bottom\">\n                                    <div class=\"slg-grid-inner\">\n                                        <a data-grid-start-index=\"14\" href=\"https:\/\/manchajucarcentro.com\/turismo\/recurso\/pension-el-cruce\/\" class=\"slg-gallery-cover\"><img loading=\"lazy\" decoding=\"async\" width=\"1200\" height=\"801\" src=\"https:\/\/manchajucarcentro.com\/turismo\/wp-content\/uploads\/2024\/10\/Restaurante-El-Cruce-Tarazona-de-la-Mancha-4.jpg\" class=\"attachment-listeo-gallery size-listeo-gallery wp-post-image\" alt=\"\" srcset=\"https:\/\/manchajucarcentro.com\/turismo\/wp-content\/uploads\/2024\/10\/Restaurante-El-Cruce-Tarazona-de-la-Mancha-4.jpg 1200w, https:\/\/manchajucarcentro.com\/turismo\/wp-content\/uploads\/2024\/10\/Restaurante-El-Cruce-Tarazona-de-la-Mancha-4-300x200.jpg 300w, https:\/\/manchajucarcentro.com\/turismo\/wp-content\/uploads\/2024\/10\/Restaurante-El-Cruce-Tarazona-de-la-Mancha-4-1024x684.jpg 1024w, https:\/\/manchajucarcentro.com\/turismo\/wp-content\/uploads\/2024\/10\/Restaurante-El-Cruce-Tarazona-de-la-Mancha-4-768x513.jpg 768w, https:\/\/manchajucarcentro.com\/turismo\/wp-content\/uploads\/2024\/10\/Restaurante-El-Cruce-Tarazona-de-la-Mancha-4-590x394.jpg 590w, https:\/\/manchajucarcentro.com\/turismo\/wp-content\/uploads\/2024\/10\/Restaurante-El-Cruce-Tarazona-de-la-Mancha-4-1004x670.jpg 1004w, https:\/\/manchajucarcentro.com\/turismo\/wp-content\/uploads\/2024\/10\/Restaurante-El-Cruce-Tarazona-de-la-Mancha-4-577x385.jpg 577w\" sizes=\"(max-width: 1200px) 100vw, 1200px\" \/><\/a>\n                                        <h4>Pensi\u00f3n el Cruce<\/h4>\n                                    <\/div>\n\n                                <\/div>\n\n                            <\/div>\n                        <\/div>\n                        <\/div><\/div><div class=\"fw-carousel-item\">\n                        <div class=\"taxonoomy-wide-grid-element\">                        <div class=\"slg-half\">\n                            <a data-grid-start-index=\"15\" href=\"https:\/\/manchajucarcentro.com\/turismo\/recurso\/ermita-santa-barbara\/\" class=\"slg-gallery-cover\"><img loading=\"lazy\" decoding=\"async\" width=\"677\" height=\"449\" src=\"https:\/\/manchajucarcentro.com\/turismo\/wp-content\/uploads\/2024\/11\/Ermita-de-Santa-Barbara-Tarazona-de-la-Mancha-1.jpg\" class=\"attachment-listeo-gallery size-listeo-gallery wp-post-image\" alt=\"\" srcset=\"https:\/\/manchajucarcentro.com\/turismo\/wp-content\/uploads\/2024\/11\/Ermita-de-Santa-Barbara-Tarazona-de-la-Mancha-1.jpg 677w, https:\/\/manchajucarcentro.com\/turismo\/wp-content\/uploads\/2024\/11\/Ermita-de-Santa-Barbara-Tarazona-de-la-Mancha-1-300x199.jpg 300w, https:\/\/manchajucarcentro.com\/turismo\/wp-content\/uploads\/2024\/11\/Ermita-de-Santa-Barbara-Tarazona-de-la-Mancha-1-590x391.jpg 590w, https:\/\/manchajucarcentro.com\/turismo\/wp-content\/uploads\/2024\/11\/Ermita-de-Santa-Barbara-Tarazona-de-la-Mancha-1-577x383.jpg 577w\" sizes=\"(max-width: 677px) 100vw, 677px\" \/><\/a>\n                            <h4>Ermita Santa B\u00e1rbara<\/h4>\n                        <\/div>                        <div class=\"slg-half\">\n                            <div class=\"slg-grid\">\n                                <div class=\"slg-grid-top\">\n                                    <div class=\"slg-grid-inner\">\n                                        <a data-grid-start-index=\"16\" href=\"https:\/\/manchajucarcentro.com\/turismo\/recurso\/iglesia-de-san-bartolome\/\" class=\"slg-gallery-cover\"><img loading=\"lazy\" decoding=\"async\" width=\"1200\" height=\"900\" src=\"https:\/\/manchajucarcentro.com\/turismo\/wp-content\/uploads\/2024\/11\/Iglesia-San-Bartolome-Tarazona-de-la-Mancha-2-1200x900.jpg\" class=\"attachment-listeo-gallery size-listeo-gallery wp-post-image\" alt=\"\" srcset=\"https:\/\/manchajucarcentro.com\/turismo\/wp-content\/uploads\/2024\/11\/Iglesia-San-Bartolome-Tarazona-de-la-Mancha-2-1200x900.jpg 1200w, https:\/\/manchajucarcentro.com\/turismo\/wp-content\/uploads\/2024\/11\/Iglesia-San-Bartolome-Tarazona-de-la-Mancha-2-300x225.jpg 300w, https:\/\/manchajucarcentro.com\/turismo\/wp-content\/uploads\/2024\/11\/Iglesia-San-Bartolome-Tarazona-de-la-Mancha-2-1024x768.jpg 1024w, https:\/\/manchajucarcentro.com\/turismo\/wp-content\/uploads\/2024\/11\/Iglesia-San-Bartolome-Tarazona-de-la-Mancha-2-768x576.jpg 768w, https:\/\/manchajucarcentro.com\/turismo\/wp-content\/uploads\/2024\/11\/Iglesia-San-Bartolome-Tarazona-de-la-Mancha-2-590x443.jpg 590w, https:\/\/manchajucarcentro.com\/turismo\/wp-content\/uploads\/2024\/11\/Iglesia-San-Bartolome-Tarazona-de-la-Mancha-2-893x670.jpg 893w, https:\/\/manchajucarcentro.com\/turismo\/wp-content\/uploads\/2024\/11\/Iglesia-San-Bartolome-Tarazona-de-la-Mancha-2-577x433.jpg 577w, https:\/\/manchajucarcentro.com\/turismo\/wp-content\/uploads\/2024\/11\/Iglesia-San-Bartolome-Tarazona-de-la-Mancha-2.jpg 1440w\" sizes=\"(max-width: 1200px) 100vw, 1200px\" \/><\/a>\n                                        <h4>Iglesia de San Bartolom\u00e9<\/h4>\n                                    <\/div>\n                                <\/div>\n                                                            <div class=\"slg-grid-bottom\">\n                                    <div class=\"slg-grid-inner\">\n                                        <a data-grid-start-index=\"17\" href=\"https:\/\/manchajucarcentro.com\/turismo\/recurso\/ermita-de-santa-ana-y-san-anton\/\" class=\"slg-gallery-cover\"><img loading=\"lazy\" decoding=\"async\" width=\"425\" height=\"300\" src=\"https:\/\/manchajucarcentro.com\/turismo\/wp-content\/uploads\/2024\/11\/Ermita-de-Santa-Ana-y-San-Anton-Tarazona-1.jpg\" class=\"attachment-listeo-gallery size-listeo-gallery wp-post-image\" alt=\"\" srcset=\"https:\/\/manchajucarcentro.com\/turismo\/wp-content\/uploads\/2024\/11\/Ermita-de-Santa-Ana-y-San-Anton-Tarazona-1.jpg 425w, https:\/\/manchajucarcentro.com\/turismo\/wp-content\/uploads\/2024\/11\/Ermita-de-Santa-Ana-y-San-Anton-Tarazona-1-300x212.jpg 300w\" sizes=\"(max-width: 425px) 100vw, 425px\" \/><\/a>\n                                        <h4>Ermita de Santa Ana y San Ant\u00f3n<\/h4>\n                                    <\/div>\n\n                                <\/div>\n\n                            <\/div>\n                        <\/div>\n                        <\/div><\/div><div class=\"fw-carousel-item\">\n                        <div class=\"taxonoomy-wide-grid-element\">                        <div class=\"slg-half\">\n                            <a data-grid-start-index=\"18\" href=\"https:\/\/manchajucarcentro.com\/turismo\/recurso\/ermita-de-santa-lucia-y-san-roque\/\" class=\"slg-gallery-cover\"><img loading=\"lazy\" decoding=\"async\" width=\"680\" height=\"510\" src=\"https:\/\/manchajucarcentro.com\/turismo\/wp-content\/uploads\/2024\/11\/Ermita-San-Roque-Tarazona-de-la-Mancha-2.jpg\" class=\"attachment-listeo-gallery size-listeo-gallery wp-post-image\" alt=\"\" srcset=\"https:\/\/manchajucarcentro.com\/turismo\/wp-content\/uploads\/2024\/11\/Ermita-San-Roque-Tarazona-de-la-Mancha-2.jpg 680w, https:\/\/manchajucarcentro.com\/turismo\/wp-content\/uploads\/2024\/11\/Ermita-San-Roque-Tarazona-de-la-Mancha-2-300x225.jpg 300w, https:\/\/manchajucarcentro.com\/turismo\/wp-content\/uploads\/2024\/11\/Ermita-San-Roque-Tarazona-de-la-Mancha-2-590x443.jpg 590w, https:\/\/manchajucarcentro.com\/turismo\/wp-content\/uploads\/2024\/11\/Ermita-San-Roque-Tarazona-de-la-Mancha-2-577x433.jpg 577w\" sizes=\"(max-width: 680px) 100vw, 680px\" \/><\/a>\n                            <h4>Ermita de Santa Luc\u00eda y San Roque<\/h4>\n                        <\/div>                                <div class=\"slg-half\">\n                                    <div class=\"slg-grid\">\n                                        <div class=\"slg-grid-top\">\n                                            <div class=\"slg-grid-inner\">\n                                                <a data-grid-start-index=\"19\" href=\"https:\/\/manchajucarcentro.com\/turismo\/recurso\/teatro-cine-sanchiz-y-casa-de-la-cultura\/\" class=\"slg-gallery-cover\"><img loading=\"lazy\" decoding=\"async\" width=\"1200\" height=\"900\" src=\"https:\/\/manchajucarcentro.com\/turismo\/wp-content\/uploads\/2024\/12\/Casa-de-Cultura-Cine-Sanchiz-Tarazona-de-la-Mancha-1-1200x900.jpg\" class=\"attachment-listeo-gallery size-listeo-gallery wp-post-image\" alt=\"\" srcset=\"https:\/\/manchajucarcentro.com\/turismo\/wp-content\/uploads\/2024\/12\/Casa-de-Cultura-Cine-Sanchiz-Tarazona-de-la-Mancha-1-1200x900.jpg 1200w, https:\/\/manchajucarcentro.com\/turismo\/wp-content\/uploads\/2024\/12\/Casa-de-Cultura-Cine-Sanchiz-Tarazona-de-la-Mancha-1-300x225.jpg 300w, https:\/\/manchajucarcentro.com\/turismo\/wp-content\/uploads\/2024\/12\/Casa-de-Cultura-Cine-Sanchiz-Tarazona-de-la-Mancha-1-1024x768.jpg 1024w, https:\/\/manchajucarcentro.com\/turismo\/wp-content\/uploads\/2024\/12\/Casa-de-Cultura-Cine-Sanchiz-Tarazona-de-la-Mancha-1-768x576.jpg 768w, https:\/\/manchajucarcentro.com\/turismo\/wp-content\/uploads\/2024\/12\/Casa-de-Cultura-Cine-Sanchiz-Tarazona-de-la-Mancha-1-1536x1152.jpg 1536w, https:\/\/manchajucarcentro.com\/turismo\/wp-content\/uploads\/2024\/12\/Casa-de-Cultura-Cine-Sanchiz-Tarazona-de-la-Mancha-1-590x443.jpg 590w, https:\/\/manchajucarcentro.com\/turismo\/wp-content\/uploads\/2024\/12\/Casa-de-Cultura-Cine-Sanchiz-Tarazona-de-la-Mancha-1-893x670.jpg 893w, https:\/\/manchajucarcentro.com\/turismo\/wp-content\/uploads\/2024\/12\/Casa-de-Cultura-Cine-Sanchiz-Tarazona-de-la-Mancha-1-577x433.jpg 577w, https:\/\/manchajucarcentro.com\/turismo\/wp-content\/uploads\/2024\/12\/Casa-de-Cultura-Cine-Sanchiz-Tarazona-de-la-Mancha-1.jpg 1600w\" sizes=\"(max-width: 1200px) 100vw, 1200px\" \/><\/a>\n                                                <h4>Teatro Cine Sanchiz y Casa de La Cultura<\/h4>\n                                            <\/div>\n                                        <\/div>\n                                                                            <div class=\"slg-grid-bottom\">\n                                            <div class=\"slg-grid-inner\">\n                                                <a data-grid-start-index=\"20\" href=\"https:\/\/manchajucarcentro.com\/turismo\/recurso\/puente-romano\/\" class=\"slg-gallery-cover\"><img loading=\"lazy\" decoding=\"async\" width=\"1200\" height=\"800\" src=\"https:\/\/manchajucarcentro.com\/turismo\/wp-content\/uploads\/2024\/11\/Puente-Romano-Tarazona-de-la-Mancha-2-1200x800.jpg\" class=\"attachment-listeo-gallery size-listeo-gallery wp-post-image\" alt=\"\" srcset=\"https:\/\/manchajucarcentro.com\/turismo\/wp-content\/uploads\/2024\/11\/Puente-Romano-Tarazona-de-la-Mancha-2-1200x800.jpg 1200w, https:\/\/manchajucarcentro.com\/turismo\/wp-content\/uploads\/2024\/11\/Puente-Romano-Tarazona-de-la-Mancha-2-300x200.jpg 300w, https:\/\/manchajucarcentro.com\/turismo\/wp-content\/uploads\/2024\/11\/Puente-Romano-Tarazona-de-la-Mancha-2-1024x683.jpg 1024w, https:\/\/manchajucarcentro.com\/turismo\/wp-content\/uploads\/2024\/11\/Puente-Romano-Tarazona-de-la-Mancha-2-768x512.jpg 768w, https:\/\/manchajucarcentro.com\/turismo\/wp-content\/uploads\/2024\/11\/Puente-Romano-Tarazona-de-la-Mancha-2-1536x1024.jpg 1536w, https:\/\/manchajucarcentro.com\/turismo\/wp-content\/uploads\/2024\/11\/Puente-Romano-Tarazona-de-la-Mancha-2-590x393.jpg 590w, https:\/\/manchajucarcentro.com\/turismo\/wp-content\/uploads\/2024\/11\/Puente-Romano-Tarazona-de-la-Mancha-2-1005x670.jpg 1005w, https:\/\/manchajucarcentro.com\/turismo\/wp-content\/uploads\/2024\/11\/Puente-Romano-Tarazona-de-la-Mancha-2-577x385.jpg 577w, https:\/\/manchajucarcentro.com\/turismo\/wp-content\/uploads\/2024\/11\/Puente-Romano-Tarazona-de-la-Mancha-2.jpg 1600w\" sizes=\"(max-width: 1200px) 100vw, 1200px\" \/><\/a>\n                                                <h4>Puente Romano<\/h4>\n                                            <\/div>\n\n                                        <\/div>\n\n                                    <\/div>\n                                <\/div>\n                    <\/div>\n\t\t<\/div>\n\t\t\t\t<\/div>\n\t\t\t\t\t<\/div>\n\t\t\t\t<\/div>\n\t\t<div class=\"elementor-element elementor-element-2016f458 e-flex e-con-boxed e-con e-parent\" data-id=\"2016f458\" data-element_type=\"container\">\n\t\t\t\t\t<div class=\"e-con-inner\">\n\t\t\t\t<div class=\"elementor-element elementor-element-dafd447 elementor-align-center elementor-widget elementor-widget-button\" data-id=\"dafd447\" data-element_type=\"widget\" data-widget_type=\"button.default\">\n\t\t\t\t<div class=\"elementor-widget-container\">\n\t\t\t\t\t<div class=\"elementor-button-wrapper\">\n\t\t\t<a class=\"elementor-button elementor-button-link elementor-size-sm\" href=\"http:\/\/manchajucarcentro.com\/turismo\/municipio\/tarazona-de-la-mancha\">\n\t\t\t\t\t\t<span class=\"elementor-button-content-wrapper\">\n\t\t\t\t\t\t\t\t\t<span class=\"elementor-button-text\">Ver todos<\/span>\n\t\t\t\t\t<\/span>\n\t\t\t\t\t<\/a>\n\t\t<\/div>\n\t\t\t\t<\/div>\n\t\t\t\t<\/div>\n\t\t\t\t\t<\/div>\n\t\t\t\t<\/div>\n\t\t<div class=\"elementor-element elementor-element-ab5a880 e-flex e-con-boxed e-con e-parent\" data-id=\"ab5a880\" data-element_type=\"container\" data-settings=\"{&quot;background_background&quot;:&quot;classic&quot;}\">\n\t\t\t\t\t<div class=\"e-con-inner\">\n\t\t\t\t<div class=\"elementor-element elementor-element-0f667a1 elementor-widget__width-initial elementor-widget elementor-widget-listeo-headline\" data-id=\"0f667a1\" data-element_type=\"widget\" data-widget_type=\"listeo-headline.default\">\n\t\t\t\t<div class=\"elementor-widget-container\">\n\t\t\t\t\t<h3 \n\t\tstyle=\"text-align:center;\" class=\"headline  headline-aligned-to-center headline-extra-spacing headline-box  headline-with-subtitle \"> D\u00f3nde comer en Tarazona de la Mancha  <span > Todo el sabor de la cocina tradicional castellana<\/span><\/h3>\n\t\t\t\t<\/div>\n\t\t\t\t<\/div>\n\t\t\t\t<div class=\"elementor-element elementor-element-d2b925f elementor-widget elementor-widget-listeo-listings-carousel\" data-id=\"d2b925f\" data-element_type=\"widget\" data-widget_type=\"listeo-listings-carousel.default\">\n\t\t\t\t<div class=\"elementor-widget-container\">\n\t\t\t        <!-- Carousel \/ Start -->\n        \t<div class=\"simple-slick-carousel dots-nav\"  data-slick='{\"autoplay\": true, \"autoplaySpeed\": 3000}' >\n                            <div class=\"fw-carousel-item\">                    \n                        <!-- Listing Item -->\r\n        <a href=\"https:\/\/manchajucarcentro.com\/turismo\/recurso\/restaurante-bar-emiliano\/\"  class=\"listing-item-container listing-geo-data compact\" \r\n\t\tdata-title=\"Restaurante Bar Emiliano\"\r\n\t\tdata-listing-type=\"service\"\r\n\t\tdata-classifieds-price=\"\u20ac\"\r\n\t\tdata-friendly-address=\"Av. la Roda, 46, 02100 Tarazona de la Mancha, Albacete\"\r\n\t\tdata-address=\"Av. la Roda, 46, 02100 Tarazona de la Mancha, Albacete\"\r\n\t\tdata-image=\"https:\/\/manchajucarcentro.com\/turismo\/wp-content\/uploads\/2024\/10\/Restaurante-Emiliano-Tarazona-de-la-Mancha-4-520x397.jpeg\"\r\n\t\tdata-longitude=\"39.25989848632015\"\r\n\t\tdata-latitude=\"-1.9142056037159718\"\r\n\t\t\t\tdata-icon=\"&lt;i class=&quot;fab fa-500px&quot;&gt;&lt;\/i&gt;\"\r\n\r\n\t>\r\n            <div class=\"listing-item  \">\r\n                <div class=\"listing-small-badges-container\">\r\n                                                                                                    \r\n                <\/div>\r\n                <img loading=\"lazy\" decoding=\"async\" width=\"520\" height=\"397\" src=\"https:\/\/manchajucarcentro.com\/turismo\/wp-content\/uploads\/2024\/10\/Restaurante-Emiliano-Tarazona-de-la-Mancha-4-520x397.jpeg\" class=\"attachment-listeo-listing-grid size-listeo-listing-grid wp-post-image\" alt=\"\" \/>\r\n                                        <div class=\"listing-badge now-open\">Abierto ahora<\/div>\r\n                        \r\n\r\n                <div class=\"listing-item-content\">\r\n                    \r\n                    <h3> Restaurante Bar Emiliano <\/h3>\r\n                    <span>Av. la Roda, 46, 02100 Tarazona de la Mancha, Albacete<\/span>\r\n                <\/div>\r\n                                        <span class=\"save like-icon tooltip left\" title=\"Login To Bookmark Items\"><\/span>\r\n                                                <\/div>\r\n        <\/a>\r\n        \r\n\r\n        <!-- Listing Item \/ End -->\n                    <\/div>\n                                      <div class=\"fw-carousel-item\">                    \n                        <!-- Listing Item -->\r\n        <a href=\"https:\/\/manchajucarcentro.com\/turismo\/recurso\/bar-los-cazadores\/\"  class=\"listing-item-container listing-geo-data compact\" \r\n\t\tdata-title=\"Bar Los Cazadores\"\r\n\t\tdata-listing-type=\"service\"\r\n\t\tdata-classifieds-price=\"\u20ac\"\r\n\t\tdata-friendly-address=\"C. Portillejo, 41, 02100 Tarazona de la Mancha, Albacete\"\r\n\t\tdata-address=\"C. Portillejo, 41, 02100 Tarazona de la Mancha, Albacete\"\r\n\t\tdata-image=\"https:\/\/manchajucarcentro.com\/turismo\/wp-content\/uploads\/2024\/10\/Bar-Los-Cazadores-Tarazona-de-la-Mancha-7-520x397.jpg\"\r\n\t\tdata-longitude=\"39.26243710213142\"\r\n\t\tdata-latitude=\"-1.918069107418866\"\r\n\t\t\t\tdata-icon=\"&lt;i class=&quot;fab fa-500px&quot;&gt;&lt;\/i&gt;\"\r\n\r\n\t>\r\n            <div class=\"listing-item  \">\r\n                <div class=\"listing-small-badges-container\">\r\n                                                                                                    \r\n                <\/div>\r\n                <img loading=\"lazy\" decoding=\"async\" width=\"520\" height=\"397\" src=\"https:\/\/manchajucarcentro.com\/turismo\/wp-content\/uploads\/2024\/10\/Bar-Los-Cazadores-Tarazona-de-la-Mancha-7-520x397.jpg\" class=\"attachment-listeo-listing-grid size-listeo-listing-grid wp-post-image\" alt=\"\" \/>\r\n                                            <div class=\"listing-badge now-closed\">Cerrado ahora<\/div>\r\n                                        \r\n\r\n                <div class=\"listing-item-content\">\r\n                    \r\n                    <h3> Bar Los Cazadores <\/h3>\r\n                    <span>C. Portillejo, 41, 02100 Tarazona de la Mancha, Albacete<\/span>\r\n                <\/div>\r\n                                        <span class=\"save like-icon tooltip left\" title=\"Login To Bookmark Items\"><\/span>\r\n                                                <\/div>\r\n        <\/a>\r\n        \r\n\r\n        <!-- Listing Item \/ End -->\n                    <\/div>\n                                      <div class=\"fw-carousel-item\">                    \n                        <!-- Listing Item -->\r\n        <a href=\"https:\/\/manchajucarcentro.com\/turismo\/recurso\/taberna-cambio-de-tercio\/\"  class=\"listing-item-container listing-geo-data compact\" \r\n\t\tdata-title=\"Taberna Cambio de Tercio\"\r\n\t\tdata-listing-type=\"service\"\r\n\t\tdata-classifieds-price=\"\u20ac\"\r\n\t\tdata-friendly-address=\"C. Juan y Medio, 3, 02100 Tarazona de la Mancha, Albacete\"\r\n\t\tdata-address=\"C. Juan y Medio, 3, 02100 Tarazona de la Mancha, Albacete\"\r\n\t\tdata-image=\"https:\/\/manchajucarcentro.com\/turismo\/wp-content\/uploads\/2024\/11\/Taberna-Cambio-de-Tercio-Tarazona-de-la-Mancha-4-520x397.jpeg\"\r\n\t\tdata-longitude=\"39.265310028354726\"\r\n\t\tdata-latitude=\"-1.913514505567211\"\r\n\t\t\t\tdata-icon=\"&lt;i class=&quot;fab fa-500px&quot;&gt;&lt;\/i&gt;\"\r\n\r\n\t>\r\n            <div class=\"listing-item  \">\r\n                <div class=\"listing-small-badges-container\">\r\n                                                                                                    \r\n                <\/div>\r\n                <img loading=\"lazy\" decoding=\"async\" width=\"520\" height=\"397\" src=\"https:\/\/manchajucarcentro.com\/turismo\/wp-content\/uploads\/2024\/11\/Taberna-Cambio-de-Tercio-Tarazona-de-la-Mancha-4-520x397.jpeg\" class=\"attachment-listeo-listing-grid size-listeo-listing-grid wp-post-image\" alt=\"\" \/>\r\n                                            <div class=\"listing-badge now-closed\">Cerrado ahora<\/div>\r\n                                        \r\n\r\n                <div class=\"listing-item-content\">\r\n                    \r\n                    <h3> Taberna Cambio de Tercio <\/h3>\r\n                    <span>C. Juan y Medio, 3, 02100 Tarazona de la Mancha, Albacete<\/span>\r\n                <\/div>\r\n                                        <span class=\"save like-icon tooltip left\" title=\"Login To Bookmark Items\"><\/span>\r\n                                                <\/div>\r\n        <\/a>\r\n        \r\n\r\n        <!-- Listing Item \/ End -->\n                    <\/div>\n                                      <div class=\"fw-carousel-item\">                    \n                        <!-- Listing Item -->\r\n        <a href=\"https:\/\/manchajucarcentro.com\/turismo\/recurso\/bar-restaurante-el-cruce\/\"  class=\"listing-item-container listing-geo-data compact\" \r\n\t\tdata-title=\"Bar-Restaurante El Cruce\"\r\n\t\tdata-listing-type=\"service\"\r\n\t\tdata-classifieds-price=\"\u20ac\"\r\n\t\tdata-friendly-address=\"C. Virgen, 103, 02100 Tarazona de la Mancha, Albacete\"\r\n\t\tdata-address=\"C. Virgen, 103, 02100 Tarazona de la Mancha, Albacete\"\r\n\t\tdata-image=\"https:\/\/manchajucarcentro.com\/turismo\/wp-content\/uploads\/2024\/10\/Restaurante-El-Cruce-Tarazona-de-la-Mancha-3-520x397.jpg\"\r\n\t\tdata-longitude=\"39.259997507625016\"\r\n\t\tdata-latitude=\"-1.910750546044101\"\r\n\t\t\t\tdata-icon=\"&lt;i class=&quot;fab fa-500px&quot;&gt;&lt;\/i&gt;\"\r\n\r\n\t>\r\n            <div class=\"listing-item  \">\r\n                <div class=\"listing-small-badges-container\">\r\n                                                                                                    \r\n                <\/div>\r\n                <img loading=\"lazy\" decoding=\"async\" width=\"520\" height=\"397\" src=\"https:\/\/manchajucarcentro.com\/turismo\/wp-content\/uploads\/2024\/10\/Restaurante-El-Cruce-Tarazona-de-la-Mancha-3-520x397.jpg\" class=\"attachment-listeo-listing-grid size-listeo-listing-grid wp-post-image\" alt=\"\" \/>\r\n                                        <div class=\"listing-badge now-open\">Abierto ahora<\/div>\r\n                        \r\n\r\n                <div class=\"listing-item-content\">\r\n                    \r\n                    <h3> Bar-Restaurante El Cruce <\/h3>\r\n                    <span>C. Virgen, 103, 02100 Tarazona de la Mancha, Albacete<\/span>\r\n                <\/div>\r\n                                        <span class=\"save like-icon tooltip left\" title=\"Login To Bookmark Items\"><\/span>\r\n                                                <\/div>\r\n        <\/a>\r\n        \r\n\r\n        <!-- Listing Item \/ End -->\n                    <\/div>\n                                      <div class=\"fw-carousel-item\">                    \n                        <!-- Listing Item -->\r\n        <a href=\"https:\/\/manchajucarcentro.com\/turismo\/recurso\/bar-el-puchericho\/\"  class=\"listing-item-container listing-geo-data compact\" \r\n\t\tdata-title=\"Bar El Puchericho\"\r\n\t\tdata-listing-type=\"service\"\r\n\t\tdata-classifieds-price=\"\u20ac\"\r\n\t\tdata-friendly-address=\"C. Virgen, 35, 02100 Tarazona de la Mancha, Albacete\"\r\n\t\tdata-address=\"C. Virgen, 35, 02100 Tarazona de la Mancha, Albacete\"\r\n\t\tdata-image=\"https:\/\/manchajucarcentro.com\/turismo\/wp-content\/uploads\/2024\/10\/Bar-El-Puchericho-Tarazona-de-la-Mancha-3-520x397.jpeg\"\r\n\t\tdata-longitude=\"39.263043481397126\"\r\n\t\tdata-latitude=\"-1.9114950190595328\"\r\n\t\t\t\tdata-icon=\"&lt;i class=&quot;fab fa-500px&quot;&gt;&lt;\/i&gt;\"\r\n\r\n\t>\r\n            <div class=\"listing-item  \">\r\n                <div class=\"listing-small-badges-container\">\r\n                                                                                                    \r\n                <\/div>\r\n                <img loading=\"lazy\" decoding=\"async\" width=\"520\" height=\"397\" src=\"https:\/\/manchajucarcentro.com\/turismo\/wp-content\/uploads\/2024\/10\/Bar-El-Puchericho-Tarazona-de-la-Mancha-3-520x397.jpeg\" class=\"attachment-listeo-listing-grid size-listeo-listing-grid wp-post-image\" alt=\"\" \/>\r\n                                            <div class=\"listing-badge now-closed\">Cerrado ahora<\/div>\r\n                                        \r\n\r\n                <div class=\"listing-item-content\">\r\n                    \r\n                    <h3> Bar El Puchericho <\/h3>\r\n                    <span>C. Virgen, 35, 02100 Tarazona de la Mancha, Albacete<\/span>\r\n                <\/div>\r\n                                        <span class=\"save like-icon tooltip left\" title=\"Login To Bookmark Items\"><\/span>\r\n                                                <\/div>\r\n        <\/a>\r\n        \r\n\r\n        <!-- Listing Item \/ End -->\n                    <\/div>\n                                      <div class=\"fw-carousel-item\">                    \n                        <!-- Listing Item -->\r\n        <a href=\"https:\/\/manchajucarcentro.com\/turismo\/recurso\/cafeteria-la-posada\/\"  class=\"listing-item-container listing-geo-data compact\" \r\n\t\tdata-title=\"Cafeter\u00eda La Posada\"\r\n\t\tdata-listing-type=\"service\"\r\n\t\tdata-classifieds-price=\"\u20ac\"\r\n\t\tdata-friendly-address=\"Pl. Gral. Ochando, 2, 02100 Tarazona de la Mancha, Albacete\"\r\n\t\tdata-address=\"Pl. Gral. Ochando, 2, 02100 Tarazona de la Mancha, Albacete\"\r\n\t\tdata-image=\"https:\/\/manchajucarcentro.com\/turismo\/wp-content\/uploads\/2024\/10\/Cafeteria-La-Posada-2-520x397.jpg\"\r\n\t\tdata-longitude=\"39.2648727544433\"\r\n\t\tdata-latitude=\"-1.9125660646749763\"\r\n\t\t\t\tdata-icon=\"&lt;i class=&quot;fab fa-500px&quot;&gt;&lt;\/i&gt;\"\r\n\r\n\t>\r\n            <div class=\"listing-item  \">\r\n                <div class=\"listing-small-badges-container\">\r\n                                                                                                    \r\n                <\/div>\r\n                <img loading=\"lazy\" decoding=\"async\" width=\"520\" height=\"397\" src=\"https:\/\/manchajucarcentro.com\/turismo\/wp-content\/uploads\/2024\/10\/Cafeteria-La-Posada-2-520x397.jpg\" class=\"attachment-listeo-listing-grid size-listeo-listing-grid wp-post-image\" alt=\"\" \/>\r\n                                        <div class=\"listing-badge now-open\">Abierto ahora<\/div>\r\n                        \r\n\r\n                <div class=\"listing-item-content\">\r\n                    \r\n                    <h3> Cafeter\u00eda La Posada <\/h3>\r\n                    <span>Pl. Gral. Ochando, 2, 02100 Tarazona de la Mancha, Albacete<\/span>\r\n                <\/div>\r\n                                        <span class=\"save like-icon tooltip left\" title=\"Login To Bookmark Items\"><\/span>\r\n                                                <\/div>\r\n        <\/a>\r\n        \r\n\r\n        <!-- Listing Item \/ End -->\n                    <\/div>\n                          <\/div>\n        \t\t<\/div>\n\t\t\t\t<\/div>\n\t\t\t\t\t<\/div>\n\t\t\t\t<\/div>\n\t\t<div class=\"elementor-element elementor-element-1b8c5ab6 e-flex e-con-boxed e-con e-parent\" data-id=\"1b8c5ab6\" data-element_type=\"container\">\n\t\t\t\t\t<div class=\"e-con-inner\">\n\t\t\t\t<div class=\"elementor-element elementor-element-6fe52b6b elementor-align-center elementor-widget elementor-widget-button\" data-id=\"6fe52b6b\" data-element_type=\"widget\" data-widget_type=\"button.default\">\n\t\t\t\t<div class=\"elementor-widget-container\">\n\t\t\t\t\t<div class=\"elementor-button-wrapper\">\n\t\t\t<a class=\"elementor-button elementor-button-link elementor-size-sm\" href=\"http:\/\/manchajucarcentro.com\/turismo\/municipio\/tarazona-de-la-mancha\">\n\t\t\t\t\t\t<span class=\"elementor-button-content-wrapper\">\n\t\t\t\t\t\t\t\t\t<span class=\"elementor-button-text\">Ver todos<\/span>\n\t\t\t\t\t<\/span>\n\t\t\t\t\t<\/a>\n\t\t<\/div>\n\t\t\t\t<\/div>\n\t\t\t\t<\/div>\n\t\t\t\t\t<\/div>\n\t\t\t\t<\/div>\n\t\t<div class=\"elementor-element elementor-element-3a81518 e-flex e-con-boxed e-con e-parent\" data-id=\"3a81518\" data-element_type=\"container\">\n\t\t\t\t\t<div class=\"e-con-inner\">\n\t\t\t\t<div class=\"elementor-element elementor-element-107f8ee elementor-widget__width-initial elementor-widget elementor-widget-listeo-headline\" data-id=\"107f8ee\" data-element_type=\"widget\" data-widget_type=\"listeo-headline.default\">\n\t\t\t\t<div class=\"elementor-widget-container\">\n\t\t\t\t\t<h3 \n\t\tstyle=\"text-align:center;\" class=\"headline  headline-aligned-to-center headline-extra-spacing headline-box  headline-with-subtitle \"> Experiencias listas para ti  <span > Naturaleza, gastronom\u00eda, starlight, m\u00fasica en directo...<\/span><\/h3>\n\t\t\t\t<\/div>\n\t\t\t\t<\/div>\n\t\t\t\t\t<\/div>\n\t\t\t\t<\/div>\n\t\t<div class=\"elementor-element elementor-element-508deb9 e-flex e-con-boxed e-con e-parent\" data-id=\"508deb9\" data-element_type=\"container\">\n\t\t\t\t\t<div class=\"e-con-inner\">\n\t\t\t\t<div class=\"elementor-element elementor-element-57f7cc1 elementor-widget elementor-widget-listeo-posts-grid\" data-id=\"57f7cc1\" data-element_type=\"widget\" data-widget_type=\"listeo-posts-grid.default\">\n\t\t\t\t<div class=\"elementor-widget-container\">\n\t\t\t\t\t\n\t\t<div class=\"listeo-post-grid-wrapper\">\n\t\t\t<div class=\"row\">\n\n\t\t\t\n\n\t\t\t\t\t\t\t<div class=\"col-md-4\">\n                <a href=\"https:\/\/manchajucarcentro.com\/turismo\/ruta-patrimonial\/\" class=\"blog-compact-item-container\">\n                    <div class=\"blog-compact-item\">\n                        <img loading=\"lazy\" decoding=\"async\" width=\"577\" height=\"697\" src=\"https:\/\/manchajucarcentro.com\/turismo\/wp-content\/uploads\/2024\/12\/Ruta-Patrimonial-Tarazona-de-la-Mancha-3-577x697.jpg\" class=\"attachment-listeo-blog-related-post size-listeo-blog-related-post wp-post-image\" alt=\"\" srcset=\"https:\/\/manchajucarcentro.com\/turismo\/wp-content\/uploads\/2024\/12\/Ruta-Patrimonial-Tarazona-de-la-Mancha-3-577x697.jpg 577w, https:\/\/manchajucarcentro.com\/turismo\/wp-content\/uploads\/2024\/12\/Ruta-Patrimonial-Tarazona-de-la-Mancha-3-248x300.jpg 248w, https:\/\/manchajucarcentro.com\/turismo\/wp-content\/uploads\/2024\/12\/Ruta-Patrimonial-Tarazona-de-la-Mancha-3-848x1024.jpg 848w, https:\/\/manchajucarcentro.com\/turismo\/wp-content\/uploads\/2024\/12\/Ruta-Patrimonial-Tarazona-de-la-Mancha-3-768x927.jpg 768w, https:\/\/manchajucarcentro.com\/turismo\/wp-content\/uploads\/2024\/12\/Ruta-Patrimonial-Tarazona-de-la-Mancha-3-489x590.jpg 489w, https:\/\/manchajucarcentro.com\/turismo\/wp-content\/uploads\/2024\/12\/Ruta-Patrimonial-Tarazona-de-la-Mancha-3-555x670.jpg 555w, https:\/\/manchajucarcentro.com\/turismo\/wp-content\/uploads\/2024\/12\/Ruta-Patrimonial-Tarazona-de-la-Mancha-3.jpg 960w\" sizes=\"(max-width: 577px) 100vw, 577px\" \/><span class=\"blog-item-tag\">Rutas<\/span>                        \n                        <div class=\"blog-compact-item-content\">\n                                                        <h3>Ruta patrimonial<\/h3>\n                                                        <p>La Ruta Patrimonial de Tarazona de la Mancha permite al visitante adentrarse en la historia...                            <\/p>\n                                                    <\/div>\n                    <\/div>\n                <\/a>\n            <\/div>\n\t\t\t<div class=\"col-md-4\">\n                <a href=\"https:\/\/manchajucarcentro.com\/turismo\/ruta-isbert\/\" class=\"blog-compact-item-container\">\n                    <div class=\"blog-compact-item\">\n                        <img loading=\"lazy\" decoding=\"async\" width=\"577\" height=\"385\" src=\"https:\/\/manchajucarcentro.com\/turismo\/wp-content\/uploads\/2024\/12\/Ruta-de-Isbert-Tarazona-de-la-Mancha-2-577x385.jpg\" class=\"attachment-listeo-blog-related-post size-listeo-blog-related-post wp-post-image\" alt=\"\" srcset=\"https:\/\/manchajucarcentro.com\/turismo\/wp-content\/uploads\/2024\/12\/Ruta-de-Isbert-Tarazona-de-la-Mancha-2-577x385.jpg 577w, https:\/\/manchajucarcentro.com\/turismo\/wp-content\/uploads\/2024\/12\/Ruta-de-Isbert-Tarazona-de-la-Mancha-2-300x200.jpg 300w, https:\/\/manchajucarcentro.com\/turismo\/wp-content\/uploads\/2024\/12\/Ruta-de-Isbert-Tarazona-de-la-Mancha-2-1024x683.jpg 1024w, https:\/\/manchajucarcentro.com\/turismo\/wp-content\/uploads\/2024\/12\/Ruta-de-Isbert-Tarazona-de-la-Mancha-2-768x512.jpg 768w, https:\/\/manchajucarcentro.com\/turismo\/wp-content\/uploads\/2024\/12\/Ruta-de-Isbert-Tarazona-de-la-Mancha-2-590x393.jpg 590w, https:\/\/manchajucarcentro.com\/turismo\/wp-content\/uploads\/2024\/12\/Ruta-de-Isbert-Tarazona-de-la-Mancha-2-1005x670.jpg 1005w, https:\/\/manchajucarcentro.com\/turismo\/wp-content\/uploads\/2024\/12\/Ruta-de-Isbert-Tarazona-de-la-Mancha-2-1200x800.jpg 1200w, https:\/\/manchajucarcentro.com\/turismo\/wp-content\/uploads\/2024\/12\/Ruta-de-Isbert-Tarazona-de-la-Mancha-2.jpg 1440w\" sizes=\"(max-width: 577px) 100vw, 577px\" \/><span class=\"blog-item-tag\">Rutas<\/span>                        \n                        <div class=\"blog-compact-item-content\">\n                                                        <h3>Ruta Isbert<\/h3>\n                                                        <p>La Ruta Isbert de Tarazona de la Mancha est\u00e1 dedicada a homenajear al famoso actor...                            <\/p>\n                                                    <\/div>\n                    <\/div>\n                <\/a>\n            <\/div>\n\t\t\t<div class=\"col-md-4\">\n                <a href=\"https:\/\/manchajucarcentro.com\/turismo\/ruta-hoces-del-batanejo\/\" class=\"blog-compact-item-container\">\n                    <div class=\"blog-compact-item\">\n                        <img loading=\"lazy\" decoding=\"async\" width=\"577\" height=\"433\" src=\"https:\/\/manchajucarcentro.com\/turismo\/wp-content\/uploads\/2024\/12\/Ruta-Hoces-del-Botanejo-Villalgordo-del-Jucar-1-577x433.jpg\" class=\"attachment-listeo-blog-related-post size-listeo-blog-related-post wp-post-image\" alt=\"\" srcset=\"https:\/\/manchajucarcentro.com\/turismo\/wp-content\/uploads\/2024\/12\/Ruta-Hoces-del-Botanejo-Villalgordo-del-Jucar-1-577x433.jpg 577w, https:\/\/manchajucarcentro.com\/turismo\/wp-content\/uploads\/2024\/12\/Ruta-Hoces-del-Botanejo-Villalgordo-del-Jucar-1-300x225.jpg 300w, https:\/\/manchajucarcentro.com\/turismo\/wp-content\/uploads\/2024\/12\/Ruta-Hoces-del-Botanejo-Villalgordo-del-Jucar-1-1024x768.jpg 1024w, https:\/\/manchajucarcentro.com\/turismo\/wp-content\/uploads\/2024\/12\/Ruta-Hoces-del-Botanejo-Villalgordo-del-Jucar-1-768x576.jpg 768w, https:\/\/manchajucarcentro.com\/turismo\/wp-content\/uploads\/2024\/12\/Ruta-Hoces-del-Botanejo-Villalgordo-del-Jucar-1-590x443.jpg 590w, https:\/\/manchajucarcentro.com\/turismo\/wp-content\/uploads\/2024\/12\/Ruta-Hoces-del-Botanejo-Villalgordo-del-Jucar-1-893x670.jpg 893w, https:\/\/manchajucarcentro.com\/turismo\/wp-content\/uploads\/2024\/12\/Ruta-Hoces-del-Botanejo-Villalgordo-del-Jucar-1-1200x900.jpg 1200w, https:\/\/manchajucarcentro.com\/turismo\/wp-content\/uploads\/2024\/12\/Ruta-Hoces-del-Botanejo-Villalgordo-del-Jucar-1.jpg 1250w\" sizes=\"(max-width: 577px) 100vw, 577px\" \/><span class=\"blog-item-tag\">Rutas<\/span>                        \n                        <div class=\"blog-compact-item-content\">\n                                                        <h3>Ruta Hoces del Batanejo<\/h3>\n                                                        <p>Esta ruta preciosa localizada en el municipio de Villalgordo del J\u00facar,\u00a0 sigue el curso del...                            <\/p>\n                                                    <\/div>\n                    <\/div>\n                <\/a>\n            <\/div>\n  <\/div>\n        <\/div>\n        \t\t<\/div>\n\t\t\t\t<\/div>\n\t\t\t\t\t<\/div>\n\t\t\t\t<\/div>\n\t\t<div class=\"elementor-element elementor-element-74126852 e-flex e-con-boxed e-con e-parent\" data-id=\"74126852\" data-element_type=\"container\">\n\t\t\t\t\t<div class=\"e-con-inner\">\n\t\t\t\t<div class=\"elementor-element elementor-element-47ddd66d elementor-align-center elementor-widget elementor-widget-button\" data-id=\"47ddd66d\" data-element_type=\"widget\" data-widget_type=\"button.default\">\n\t\t\t\t<div class=\"elementor-widget-container\">\n\t\t\t\t\t<div class=\"elementor-button-wrapper\">\n\t\t\t<a class=\"elementor-button elementor-button-link elementor-size-sm\" href=\"http:\/\/manchajucarcentro.com\/turismo\/category\/rutas\/\">\n\t\t\t\t\t\t<span class=\"elementor-button-content-wrapper\">\n\t\t\t\t\t\t\t\t\t<span class=\"elementor-button-text\">Ver todos<\/span>\n\t\t\t\t\t<\/span>\n\t\t\t\t\t<\/a>\n\t\t<\/div>\n\t\t\t\t<\/div>\n\t\t\t\t<\/div>\n\t\t\t\t\t<\/div>\n\t\t\t\t<\/div>\n\t\t\t\t<\/div>\n\t\t","protected":false},"excerpt":{"rendered":"<p>Con una rica herencia hist\u00f3rica, Tarazona de la Mancha destaca por su Plaza Mayor, declarada Conjunto Hist\u00f3rico-Art\u00edstico. Construida en el siglo XVII con un estilo colonial, la plaza est\u00e1 rodeada de balcones de madera y grandes arcos rom\u00e1nicos que anta\u00f1o serv\u00edan de entrada para los toros en los d\u00edas festivos. En su centro, una fuente [&hellip;]<\/p>\n","protected":false},"author":1,"featured_media":0,"parent":0,"menu_order":0,"comment_status":"closed","ping_status":"closed","template":"","meta":{"footnotes":""},"class_list":["post-894","page","type-page","status-publish","hentry"],"_links":{"self":[{"href":"https:\/\/manchajucarcentro.com\/turismo\/wp-json\/wp\/v2\/pages\/894","targetHints":{"allow":["GET"]}}],"collection":[{"href":"https:\/\/manchajucarcentro.com\/turismo\/wp-json\/wp\/v2\/pages"}],"about":[{"href":"https:\/\/manchajucarcentro.com\/turismo\/wp-json\/wp\/v2\/types\/page"}],"author":[{"embeddable":true,"href":"https:\/\/manchajucarcentro.com\/turismo\/wp-json\/wp\/v2\/users\/1"}],"replies":[{"embeddable":true,"href":"https:\/\/manchajucarcentro.com\/turismo\/wp-json\/wp\/v2\/comments?post=894"}],"version-history":[{"count":58,"href":"https:\/\/manchajucarcentro.com\/turismo\/wp-json\/wp\/v2\/pages\/894\/revisions"}],"predecessor-version":[{"id":3917,"href":"https:\/\/manchajucarcentro.com\/turismo\/wp-json\/wp\/v2\/pages\/894\/revisions\/3917"}],"wp:attachment":[{"href":"https:\/\/manchajucarcentro.com\/turismo\/wp-json\/wp\/v2\/media?parent=894"}],"curies":[{"name":"wp","href":"https:\/\/api.w.org\/{rel}","templated":true}]}}