{"id":895,"date":"2024-10-29T11:26:08","date_gmt":"2024-10-29T10:26:08","guid":{"rendered":"http:\/\/mjc.endinahosting.com\/?page_id=895"},"modified":"2024-12-16T09:22:33","modified_gmt":"2024-12-16T08:22:33","slug":"montalvos","status":"publish","type":"page","link":"https:\/\/manchajucarcentro.com\/turismo\/montalvos\/","title":{"rendered":"Montalvos"},"content":{"rendered":"\t\t<div data-elementor-type=\"wp-page\" data-elementor-id=\"895\" class=\"elementor elementor-895\">\n\t\t\t\t<div class=\"elementor-element elementor-element-a4c6e4a bl-desc-municipios e-flex e-con-boxed e-con e-parent\" data-id=\"a4c6e4a\" data-element_type=\"container\" data-settings=\"{&quot;background_background&quot;:&quot;classic&quot;}\">\n\t\t\t\t\t<div class=\"e-con-inner\">\n\t\t<div class=\"elementor-element elementor-element-f078544 e-con-full e-flex e-con e-child\" data-id=\"f078544\" data-element_type=\"container\">\n\t\t\t\t<div class=\"elementor-element elementor-element-ff8972a elementor-widget elementor-widget-text-editor\" data-id=\"ff8972a\" data-element_type=\"widget\" data-widget_type=\"text-editor.default\">\n\t\t\t\t<div class=\"elementor-widget-container\">\n\t\t\t\t\t\t\t<p>Montalvos, aunque peque\u00f1o en poblaci\u00f3n, conserva el encanto de los pueblos manchegos, donde la vida rural y la agricultura siguen siendo el motor de la comunidad.<\/p><p>El pueblo cuenta con una iglesia dedicada a su patrona, la Inmaculada Concepci\u00f3n, que refleja la espiritualidad y la historia local. Sus campos y pinares, que ofrecen un entorno perfecto para el senderismo y la observaci\u00f3n de la fauna, se complementan con la caza menor, siendo un lugar ideal para aquellos que buscan desconectar en un paisaje rural.<\/p><p>En Montalvos naci\u00f3 el conocido escritor Rodrigo Rubio, Premio Planeta en 1965, Premio Gabriel Mir\u00f3 en 1961, Premio \u00c1lvarez Quintero de la Real Academia en 1970.<\/p>\t\t\t\t\t\t<\/div>\n\t\t\t\t<\/div>\n\t\t\t\t<\/div>\n\t\t<div class=\"elementor-element elementor-element-8fc3b9b e-con-full e-flex e-con e-child\" data-id=\"8fc3b9b\" data-element_type=\"container\">\n\t\t\t\t<div class=\"elementor-element elementor-element-ce63c0e elementor-pagination-position-inside elementor-arrows-position-inside elementor-widget elementor-widget-image-carousel\" data-id=\"ce63c0e\" data-element_type=\"widget\" data-settings=\"{&quot;slides_to_show&quot;:&quot;1&quot;,&quot;navigation&quot;:&quot;both&quot;,&quot;autoplay&quot;:&quot;yes&quot;,&quot;pause_on_hover&quot;:&quot;yes&quot;,&quot;pause_on_interaction&quot;:&quot;yes&quot;,&quot;autoplay_speed&quot;:5000,&quot;infinite&quot;:&quot;yes&quot;,&quot;effect&quot;:&quot;slide&quot;,&quot;speed&quot;:500}\" data-widget_type=\"image-carousel.default\">\n\t\t\t\t<div class=\"elementor-widget-container\">\n\t\t\t\t\t<div class=\"elementor-image-carousel-wrapper swiper\" dir=\"ltr\">\n\t\t\t<div class=\"elementor-image-carousel swiper-wrapper\" aria-live=\"off\">\n\t\t\t\t\t\t\t\t<div class=\"swiper-slide\" role=\"group\" aria-roledescription=\"slide\" aria-label=\"1 de 3\"><figure class=\"swiper-slide-inner\"><img decoding=\"async\" class=\"swiper-slide-image\" src=\"https:\/\/manchajucarcentro.com\/turismo\/wp-content\/uploads\/elementor\/thumbs\/Montalvos-Slide-1-rhy9i26utixzbzh5m03p853t63er258d5n32fyrs1s.jpg\" alt=\"\" \/><\/figure><\/div><div class=\"swiper-slide\" role=\"group\" aria-roledescription=\"slide\" aria-label=\"2 de 3\"><figure class=\"swiper-slide-inner\"><img decoding=\"async\" class=\"swiper-slide-image\" src=\"https:\/\/manchajucarcentro.com\/turismo\/wp-content\/uploads\/elementor\/thumbs\/Montalvos-Slide-2-rhy9ikzmm7nps6puk888m0d11su3c3azw84s1hzwlc.jpg\" alt=\"\" \/><\/figure><\/div><div class=\"swiper-slide\" role=\"group\" aria-roledescription=\"slide\" aria-label=\"3 de 3\"><figure class=\"swiper-slide-inner\"><img decoding=\"async\" class=\"swiper-slide-image\" src=\"https:\/\/manchajucarcentro.com\/turismo\/wp-content\/uploads\/elementor\/thumbs\/Montalvos-Slide-3-rhy9iw9ow835ni9gqd3rfxik6fahwgjrxrylstj6io.jpg\" alt=\"\" \/><\/figure><\/div>\t\t\t<\/div>\n\t\t\t\t\t\t\t\t\t\t\t\t<div class=\"elementor-swiper-button elementor-swiper-button-prev\" role=\"button\" tabindex=\"0\">\n\t\t\t\t\t\t<i aria-hidden=\"true\" class=\"eicon-chevron-left\"><\/i>\t\t\t\t\t<\/div>\n\t\t\t\t\t<div class=\"elementor-swiper-button elementor-swiper-button-next\" role=\"button\" tabindex=\"0\">\n\t\t\t\t\t\t<i aria-hidden=\"true\" class=\"eicon-chevron-right\"><\/i>\t\t\t\t\t<\/div>\n\t\t\t\t\n\t\t\t\t\t\t\t\t\t<div class=\"swiper-pagination\"><\/div>\n\t\t\t\t\t\t\t\t\t<\/div>\n\t\t\t\t<\/div>\n\t\t\t\t<\/div>\n\t\t\t\t<\/div>\n\t\t\t\t\t<\/div>\n\t\t\t\t<\/div>\n\t\t<div class=\"elementor-element elementor-element-7f5068e e-flex e-con-boxed e-con e-parent\" data-id=\"7f5068e\" data-element_type=\"container\">\n\t\t\t\t\t<div class=\"e-con-inner\">\n\t\t\t\t<div class=\"elementor-element elementor-element-55b14a7 elementor-widget__width-initial elementor-widget elementor-widget-listeo-headline\" data-id=\"55b14a7\" data-element_type=\"widget\" data-widget_type=\"listeo-headline.default\">\n\t\t\t\t<div class=\"elementor-widget-container\">\n\t\t\t\t\t<h3 \n\t\tstyle=\"text-align:center;\" class=\"headline  headline-aligned-to-center headline-extra-spacing headline-box  headline-with-subtitle \"> Nuestra propuesta  <span > Descubre nuestra esencia y nuestros tesoros<\/span><\/h3>\n\t\t\t\t<\/div>\n\t\t\t\t<\/div>\n\t\t\t\t\t<\/div>\n\t\t\t\t<\/div>\n\t\t<div class=\"elementor-element elementor-element-8269717 e-flex e-con-boxed e-con e-parent\" data-id=\"8269717\" data-element_type=\"container\">\n\t\t\t\t\t<div class=\"e-con-inner\">\n\t\t\t\t<div class=\"elementor-element elementor-element-94e62d5 elementor-widget elementor-widget-listeo-listings-wide\" data-id=\"94e62d5\" data-element_type=\"widget\" data-widget_type=\"listeo-listings-wide.default\">\n\t\t\t\t<div class=\"elementor-widget-container\">\n\t\t\t        <div class=\"fullgrid-slick-carousel listings-wide-carousel\" data-slick='{\"autoplay\": true, \"autoplaySpeed\": 3000}' >\n            <div class=\"fw-carousel-item\">\n                        <div class=\"taxonoomy-wide-grid-element\">                        <div class=\"slg-half\">\n                            <a data-grid-start-index=\"0\" href=\"https:\/\/manchajucarcentro.com\/turismo\/recurso\/iglesia-de-la-purisima-concepcion-montalvos\/\" class=\"slg-gallery-cover\"><img fetchpriority=\"high\" decoding=\"async\" width=\"1200\" height=\"528\" src=\"https:\/\/manchajucarcentro.com\/turismo\/wp-content\/uploads\/2024\/11\/Iglesia-de-la-Purisima-Concepcion-Montalvos-1-1200x528.jpg\" class=\"attachment-listeo-gallery size-listeo-gallery wp-post-image\" alt=\"\" srcset=\"https:\/\/manchajucarcentro.com\/turismo\/wp-content\/uploads\/2024\/11\/Iglesia-de-la-Purisima-Concepcion-Montalvos-1-1200x528.jpg 1200w, https:\/\/manchajucarcentro.com\/turismo\/wp-content\/uploads\/2024\/11\/Iglesia-de-la-Purisima-Concepcion-Montalvos-1-300x132.jpg 300w, https:\/\/manchajucarcentro.com\/turismo\/wp-content\/uploads\/2024\/11\/Iglesia-de-la-Purisima-Concepcion-Montalvos-1-1024x451.jpg 1024w, https:\/\/manchajucarcentro.com\/turismo\/wp-content\/uploads\/2024\/11\/Iglesia-de-la-Purisima-Concepcion-Montalvos-1-768x338.jpg 768w, https:\/\/manchajucarcentro.com\/turismo\/wp-content\/uploads\/2024\/11\/Iglesia-de-la-Purisima-Concepcion-Montalvos-1-1536x676.jpg 1536w, https:\/\/manchajucarcentro.com\/turismo\/wp-content\/uploads\/2024\/11\/Iglesia-de-la-Purisima-Concepcion-Montalvos-1-590x260.jpg 590w, https:\/\/manchajucarcentro.com\/turismo\/wp-content\/uploads\/2024\/11\/Iglesia-de-la-Purisima-Concepcion-Montalvos-1-577x254.jpg 577w, https:\/\/manchajucarcentro.com\/turismo\/wp-content\/uploads\/2024\/11\/Iglesia-de-la-Purisima-Concepcion-Montalvos-1.jpg 1920w\" sizes=\"(max-width: 1200px) 100vw, 1200px\" \/><\/a>\n                            <h4>Iglesia de la Pur\u00edsima Concepci\u00f3n<\/h4>\n                        <\/div>                        <div class=\"slg-half\">\n                            <div class=\"slg-grid\">\n                                <div class=\"slg-grid-top\">\n                                    <div class=\"slg-grid-inner\">\n                                        <a data-grid-start-index=\"1\" href=\"https:\/\/manchajucarcentro.com\/turismo\/recurso\/monte-jucar-aventura\/\" class=\"slg-gallery-cover\"><img decoding=\"async\" width=\"1024\" height=\"768\" src=\"https:\/\/manchajucarcentro.com\/turismo\/wp-content\/uploads\/2024\/12\/Monte-Jucar-Aventura-Montalvos-1.jpg\" class=\"attachment-listeo-gallery size-listeo-gallery wp-post-image\" alt=\"\" srcset=\"https:\/\/manchajucarcentro.com\/turismo\/wp-content\/uploads\/2024\/12\/Monte-Jucar-Aventura-Montalvos-1.jpg 1024w, https:\/\/manchajucarcentro.com\/turismo\/wp-content\/uploads\/2024\/12\/Monte-Jucar-Aventura-Montalvos-1-300x225.jpg 300w, https:\/\/manchajucarcentro.com\/turismo\/wp-content\/uploads\/2024\/12\/Monte-Jucar-Aventura-Montalvos-1-768x576.jpg 768w, https:\/\/manchajucarcentro.com\/turismo\/wp-content\/uploads\/2024\/12\/Monte-Jucar-Aventura-Montalvos-1-590x443.jpg 590w, https:\/\/manchajucarcentro.com\/turismo\/wp-content\/uploads\/2024\/12\/Monte-Jucar-Aventura-Montalvos-1-893x670.jpg 893w, https:\/\/manchajucarcentro.com\/turismo\/wp-content\/uploads\/2024\/12\/Monte-Jucar-Aventura-Montalvos-1-577x433.jpg 577w\" sizes=\"(max-width: 1024px) 100vw, 1024px\" \/><\/a>\n                                        <h4>Monte J\u00facar Aventura<\/h4>\n                                    <\/div>\n                                <\/div>\n                                                            <div class=\"slg-grid-bottom\">\n                                    <div class=\"slg-grid-inner\">\n                                        <a data-grid-start-index=\"2\" href=\"https:\/\/manchajucarcentro.com\/turismo\/recurso\/bar-de-montalvos\/\" class=\"slg-gallery-cover\"><img decoding=\"async\" width=\"900\" height=\"675\" src=\"https:\/\/manchajucarcentro.com\/turismo\/wp-content\/uploads\/2024\/10\/bar-de-montalvos.jpg\" class=\"attachment-listeo-gallery size-listeo-gallery wp-post-image\" alt=\"\" srcset=\"https:\/\/manchajucarcentro.com\/turismo\/wp-content\/uploads\/2024\/10\/bar-de-montalvos.jpg 900w, https:\/\/manchajucarcentro.com\/turismo\/wp-content\/uploads\/2024\/10\/bar-de-montalvos-300x225.jpg 300w, https:\/\/manchajucarcentro.com\/turismo\/wp-content\/uploads\/2024\/10\/bar-de-montalvos-768x576.jpg 768w, https:\/\/manchajucarcentro.com\/turismo\/wp-content\/uploads\/2024\/10\/bar-de-montalvos-590x443.jpg 590w, https:\/\/manchajucarcentro.com\/turismo\/wp-content\/uploads\/2024\/10\/bar-de-montalvos-893x670.jpg 893w, https:\/\/manchajucarcentro.com\/turismo\/wp-content\/uploads\/2024\/10\/bar-de-montalvos-577x433.jpg 577w\" sizes=\"(max-width: 900px) 100vw, 900px\" \/><\/a>\n                                        <h4>Bar de Montalvos<\/h4>\n                                    <\/div>\n\n                                <\/div>\n\n                            <\/div>\n                        <\/div>\n                                <\/div>\n\t\t<\/div>\n\t\t\t\t<\/div>\n\t\t\t\t\t<\/div>\n\t\t\t\t<\/div>\n\t\t<div class=\"elementor-element elementor-element-4cc8f45e e-flex e-con-boxed e-con e-parent\" data-id=\"4cc8f45e\" data-element_type=\"container\">\n\t\t\t\t\t<div class=\"e-con-inner\">\n\t\t\t\t<div class=\"elementor-element elementor-element-7772a3cf elementor-align-center elementor-widget elementor-widget-button\" data-id=\"7772a3cf\" data-element_type=\"widget\" data-widget_type=\"button.default\">\n\t\t\t\t<div class=\"elementor-widget-container\">\n\t\t\t\t\t<div class=\"elementor-button-wrapper\">\n\t\t\t<a class=\"elementor-button elementor-button-link elementor-size-sm\" href=\"http:\/\/manchajucarcentro.com\/turismo\/municipio\/montalvos\">\n\t\t\t\t\t\t<span class=\"elementor-button-content-wrapper\">\n\t\t\t\t\t\t\t\t\t<span class=\"elementor-button-text\">Ver todos<\/span>\n\t\t\t\t\t<\/span>\n\t\t\t\t\t<\/a>\n\t\t<\/div>\n\t\t\t\t<\/div>\n\t\t\t\t<\/div>\n\t\t\t\t\t<\/div>\n\t\t\t\t<\/div>\n\t\t<div class=\"elementor-element elementor-element-3a81518 e-flex e-con-boxed e-con e-parent\" data-id=\"3a81518\" data-element_type=\"container\">\n\t\t\t\t\t<div class=\"e-con-inner\">\n\t\t\t\t<div class=\"elementor-element elementor-element-107f8ee elementor-widget__width-initial elementor-widget elementor-widget-listeo-headline\" data-id=\"107f8ee\" data-element_type=\"widget\" data-widget_type=\"listeo-headline.default\">\n\t\t\t\t<div class=\"elementor-widget-container\">\n\t\t\t\t\t<h3 \n\t\tstyle=\"text-align:center;\" class=\"headline  headline-aligned-to-center headline-extra-spacing headline-box  headline-with-subtitle \"> Experiencias listas para ti  <span > Naturaleza, gastronom\u00eda, starlight, m\u00fasica en directo...<\/span><\/h3>\n\t\t\t\t<\/div>\n\t\t\t\t<\/div>\n\t\t\t\t\t<\/div>\n\t\t\t\t<\/div>\n\t\t<div class=\"elementor-element elementor-element-508deb9 e-flex e-con-boxed e-con e-parent\" data-id=\"508deb9\" data-element_type=\"container\">\n\t\t\t\t\t<div class=\"e-con-inner\">\n\t\t\t\t<div class=\"elementor-element elementor-element-57f7cc1 elementor-widget elementor-widget-listeo-posts-grid\" data-id=\"57f7cc1\" data-element_type=\"widget\" data-widget_type=\"listeo-posts-grid.default\">\n\t\t\t\t<div class=\"elementor-widget-container\">\n\t\t\t\t\t\n\t\t<div class=\"listeo-post-grid-wrapper\">\n\t\t\t<div class=\"row\">\n\n\t\t\t\n\n\t\t\t\t\t\t\t<div class=\"col-md-4\">\n                <a href=\"https:\/\/manchajucarcentro.com\/turismo\/ruta-de-los-puentes\/\" class=\"blog-compact-item-container\">\n                    <div class=\"blog-compact-item\">\n                        <img loading=\"lazy\" decoding=\"async\" width=\"577\" height=\"769\" src=\"https:\/\/manchajucarcentro.com\/turismo\/wp-content\/uploads\/2024\/12\/Ruta-de-los-Puentes-Montalvos-5-577x769.jpg\" class=\"attachment-listeo-blog-related-post size-listeo-blog-related-post wp-post-image\" alt=\"\" srcset=\"https:\/\/manchajucarcentro.com\/turismo\/wp-content\/uploads\/2024\/12\/Ruta-de-los-Puentes-Montalvos-5-577x769.jpg 577w, https:\/\/manchajucarcentro.com\/turismo\/wp-content\/uploads\/2024\/12\/Ruta-de-los-Puentes-Montalvos-5-225x300.jpg 225w, https:\/\/manchajucarcentro.com\/turismo\/wp-content\/uploads\/2024\/12\/Ruta-de-los-Puentes-Montalvos-5-768x1024.jpg 768w, https:\/\/manchajucarcentro.com\/turismo\/wp-content\/uploads\/2024\/12\/Ruta-de-los-Puentes-Montalvos-5-443x590.jpg 443w, https:\/\/manchajucarcentro.com\/turismo\/wp-content\/uploads\/2024\/12\/Ruta-de-los-Puentes-Montalvos-5-503x670.jpg 503w, https:\/\/manchajucarcentro.com\/turismo\/wp-content\/uploads\/2024\/12\/Ruta-de-los-Puentes-Montalvos-5.jpg 900w\" sizes=\"(max-width: 577px) 100vw, 577px\" \/><span class=\"blog-item-tag\">Rutas<\/span>                        \n                        <div class=\"blog-compact-item-content\">\n                                                        <h3>Ruta de los Puentes<\/h3>\n                                                        <p>Integrada en la Red de Senderos (R9), esta ruta propone un trazado circular en forma...                            <\/p>\n                                                    <\/div>\n                    <\/div>\n                <\/a>\n            <\/div>\n\t\t\t<div class=\"col-md-4\">\n                <a href=\"https:\/\/manchajucarcentro.com\/turismo\/ruta-de-la-canada-real\/\" class=\"blog-compact-item-container\">\n                    <div class=\"blog-compact-item\">\n                        <img loading=\"lazy\" decoding=\"async\" width=\"577\" height=\"385\" src=\"https:\/\/manchajucarcentro.com\/turismo\/wp-content\/uploads\/2024\/12\/Ruta-Canada-Real-La-Gineta-4-577x385.jpg\" class=\"attachment-listeo-blog-related-post size-listeo-blog-related-post wp-post-image\" alt=\"\" srcset=\"https:\/\/manchajucarcentro.com\/turismo\/wp-content\/uploads\/2024\/12\/Ruta-Canada-Real-La-Gineta-4-577x385.jpg 577w, https:\/\/manchajucarcentro.com\/turismo\/wp-content\/uploads\/2024\/12\/Ruta-Canada-Real-La-Gineta-4-300x200.jpg 300w, https:\/\/manchajucarcentro.com\/turismo\/wp-content\/uploads\/2024\/12\/Ruta-Canada-Real-La-Gineta-4-590x393.jpg 590w, https:\/\/manchajucarcentro.com\/turismo\/wp-content\/uploads\/2024\/12\/Ruta-Canada-Real-La-Gineta-4.jpg 639w\" sizes=\"(max-width: 577px) 100vw, 577px\" \/><span class=\"blog-item-tag\">Rutas<\/span>                        \n                        <div class=\"blog-compact-item-content\">\n                                                        <h3>Ruta de la Ca\u00f1ada Real<\/h3>\n                                                        <p>La Ruta de la Ca\u00f1ada Real en La Gineta, m\u00e1s conocida como Ca\u00f1ada de Pozo...                            <\/p>\n                                                    <\/div>\n                    <\/div>\n                <\/a>\n            <\/div>\n\t\t\t<div class=\"col-md-4\">\n                <a href=\"https:\/\/manchajucarcentro.com\/turismo\/camino-de-santiago\/\" class=\"blog-compact-item-container\">\n                    <div class=\"blog-compact-item\">\n                        <img loading=\"lazy\" decoding=\"async\" width=\"577\" height=\"433\" src=\"https:\/\/manchajucarcentro.com\/turismo\/wp-content\/uploads\/2024\/12\/Camino-de-Santiago-8-577x433.jpg\" class=\"attachment-listeo-blog-related-post size-listeo-blog-related-post wp-post-image\" alt=\"\" srcset=\"https:\/\/manchajucarcentro.com\/turismo\/wp-content\/uploads\/2024\/12\/Camino-de-Santiago-8-577x433.jpg 577w, https:\/\/manchajucarcentro.com\/turismo\/wp-content\/uploads\/2024\/12\/Camino-de-Santiago-8-300x225.jpg 300w, https:\/\/manchajucarcentro.com\/turismo\/wp-content\/uploads\/2024\/12\/Camino-de-Santiago-8-1024x768.jpg 1024w, https:\/\/manchajucarcentro.com\/turismo\/wp-content\/uploads\/2024\/12\/Camino-de-Santiago-8-768x576.jpg 768w, https:\/\/manchajucarcentro.com\/turismo\/wp-content\/uploads\/2024\/12\/Camino-de-Santiago-8-1536x1152.jpg 1536w, https:\/\/manchajucarcentro.com\/turismo\/wp-content\/uploads\/2024\/12\/Camino-de-Santiago-8-590x443.jpg 590w, https:\/\/manchajucarcentro.com\/turismo\/wp-content\/uploads\/2024\/12\/Camino-de-Santiago-8-893x670.jpg 893w, https:\/\/manchajucarcentro.com\/turismo\/wp-content\/uploads\/2024\/12\/Camino-de-Santiago-8-1200x900.jpg 1200w, https:\/\/manchajucarcentro.com\/turismo\/wp-content\/uploads\/2024\/12\/Camino-de-Santiago-8.jpg 1600w\" sizes=\"(max-width: 577px) 100vw, 577px\" \/><span class=\"blog-item-tag\">Rutas<\/span>                        \n                        <div class=\"blog-compact-item-content\">\n                                                        <h3>Camino de Santiago<\/h3>\n                                                        <p>Las tres rutas que parten desde Levante hacia Santiago, el Camino de Valencia (863 km),...                            <\/p>\n                                                    <\/div>\n                    <\/div>\n                <\/a>\n            <\/div>\n  <\/div>\n        <\/div>\n        \t\t<\/div>\n\t\t\t\t<\/div>\n\t\t\t\t\t<\/div>\n\t\t\t\t<\/div>\n\t\t<div class=\"elementor-element elementor-element-34411f7a e-flex e-con-boxed e-con e-parent\" data-id=\"34411f7a\" data-element_type=\"container\">\n\t\t\t\t\t<div class=\"e-con-inner\">\n\t\t\t\t<div class=\"elementor-element elementor-element-7f67370d elementor-align-center elementor-widget elementor-widget-button\" data-id=\"7f67370d\" data-element_type=\"widget\" data-widget_type=\"button.default\">\n\t\t\t\t<div class=\"elementor-widget-container\">\n\t\t\t\t\t<div class=\"elementor-button-wrapper\">\n\t\t\t<a class=\"elementor-button elementor-button-link elementor-size-sm\" href=\"http:\/\/manchajucarcentro.com\/turismo\/category\/rutas\/\">\n\t\t\t\t\t\t<span class=\"elementor-button-content-wrapper\">\n\t\t\t\t\t\t\t\t\t<span class=\"elementor-button-text\">Ver todos<\/span>\n\t\t\t\t\t<\/span>\n\t\t\t\t\t<\/a>\n\t\t<\/div>\n\t\t\t\t<\/div>\n\t\t\t\t<\/div>\n\t\t\t\t\t<\/div>\n\t\t\t\t<\/div>\n\t\t\t\t<\/div>\n\t\t","protected":false},"excerpt":{"rendered":"<p>Montalvos, aunque peque\u00f1o en poblaci\u00f3n, conserva el encanto de los pueblos manchegos, donde la vida rural y la agricultura siguen siendo el motor de la comunidad. El pueblo cuenta con una iglesia dedicada a su patrona, la Inmaculada Concepci\u00f3n, que refleja la espiritualidad y la historia local. Sus campos y pinares, que ofrecen un entorno [&hellip;]<\/p>\n","protected":false},"author":1,"featured_media":0,"parent":0,"menu_order":0,"comment_status":"closed","ping_status":"closed","template":"","meta":{"footnotes":""},"class_list":["post-895","page","type-page","status-publish","hentry"],"_links":{"self":[{"href":"https:\/\/manchajucarcentro.com\/turismo\/wp-json\/wp\/v2\/pages\/895","targetHints":{"allow":["GET"]}}],"collection":[{"href":"https:\/\/manchajucarcentro.com\/turismo\/wp-json\/wp\/v2\/pages"}],"about":[{"href":"https:\/\/manchajucarcentro.com\/turismo\/wp-json\/wp\/v2\/types\/page"}],"author":[{"embeddable":true,"href":"https:\/\/manchajucarcentro.com\/turismo\/wp-json\/wp\/v2\/users\/1"}],"replies":[{"embeddable":true,"href":"https:\/\/manchajucarcentro.com\/turismo\/wp-json\/wp\/v2\/comments?post=895"}],"version-history":[{"count":48,"href":"https:\/\/manchajucarcentro.com\/turismo\/wp-json\/wp\/v2\/pages\/895\/revisions"}],"predecessor-version":[{"id":3596,"href":"https:\/\/manchajucarcentro.com\/turismo\/wp-json\/wp\/v2\/pages\/895\/revisions\/3596"}],"wp:attachment":[{"href":"https:\/\/manchajucarcentro.com\/turismo\/wp-json\/wp\/v2\/media?parent=895"}],"curies":[{"name":"wp","href":"https:\/\/api.w.org\/{rel}","templated":true}]}}