{"id":896,"date":"2024-10-29T11:25:56","date_gmt":"2024-10-29T10:25:56","guid":{"rendered":"http:\/\/mjc.endinahosting.com\/?page_id=896"},"modified":"2024-12-16T09:38:45","modified_gmt":"2024-12-16T08:38:45","slug":"minaya","status":"publish","type":"page","link":"https:\/\/manchajucarcentro.com\/turismo\/minaya\/","title":{"rendered":"Minaya"},"content":{"rendered":"\t\t<div data-elementor-type=\"wp-page\" data-elementor-id=\"896\" class=\"elementor elementor-896\">\n\t\t\t\t<div class=\"elementor-element elementor-element-a4c6e4a bl-desc-municipios e-flex e-con-boxed e-con e-parent\" data-id=\"a4c6e4a\" data-element_type=\"container\" data-settings=\"{&quot;background_background&quot;:&quot;classic&quot;}\">\n\t\t\t\t\t<div class=\"e-con-inner\">\n\t\t<div class=\"elementor-element elementor-element-f078544 e-con-full e-flex e-con e-child\" data-id=\"f078544\" data-element_type=\"container\">\n\t\t\t\t<div class=\"elementor-element elementor-element-ff8972a elementor-widget elementor-widget-text-editor\" data-id=\"ff8972a\" data-element_type=\"widget\" data-widget_type=\"text-editor.default\">\n\t\t\t\t<div class=\"elementor-widget-container\">\n\t\t\t\t\t\t\t<p>El monumento m\u00e1s significativo de Minaya es la Iglesia de Santiago el Mayor del siglo XIV. Su singular y esbelta torre-fortaleza es una muestra del car\u00e1cter militar que acompa\u00f1\u00f3 a algunos edificios religiosos en esta \u00e9poca.<\/p><p>Es muy venerada la imagen de su patr\u00f3n el Beato Alonso, misionero jesuita m\u00e1rtir nacido en Minaya y muerto en la india en 1583.<\/p><p>Se conserva en Minaya su antiguo Parador de mediados del 1600, que cont\u00f3 entre sus visitantes m\u00e1s ilustres con Mariana de Austria, segunda esposa de Felipe IV, Ma Luisa de Parma, esposa del rey Carlos IV, Fernando VII e Isabel II, con motivo de la inauguraci\u00f3n de la v\u00eda f\u00e9rrea, que pasa a tres kil\u00f3metros de la poblaci\u00f3n.<\/p>\t\t\t\t\t\t<\/div>\n\t\t\t\t<\/div>\n\t\t\t\t<\/div>\n\t\t<div class=\"elementor-element elementor-element-8fc3b9b e-con-full e-flex e-con e-child\" data-id=\"8fc3b9b\" data-element_type=\"container\">\n\t\t\t\t<div class=\"elementor-element elementor-element-ce63c0e elementor-pagination-position-inside elementor-arrows-position-inside elementor-widget elementor-widget-image-carousel\" data-id=\"ce63c0e\" data-element_type=\"widget\" data-settings=\"{&quot;slides_to_show&quot;:&quot;1&quot;,&quot;navigation&quot;:&quot;both&quot;,&quot;autoplay&quot;:&quot;yes&quot;,&quot;pause_on_hover&quot;:&quot;yes&quot;,&quot;pause_on_interaction&quot;:&quot;yes&quot;,&quot;autoplay_speed&quot;:5000,&quot;infinite&quot;:&quot;yes&quot;,&quot;effect&quot;:&quot;slide&quot;,&quot;speed&quot;:500}\" data-widget_type=\"image-carousel.default\">\n\t\t\t\t<div class=\"elementor-widget-container\">\n\t\t\t\t\t<div class=\"elementor-image-carousel-wrapper swiper\" dir=\"ltr\">\n\t\t\t<div class=\"elementor-image-carousel swiper-wrapper\" aria-live=\"off\">\n\t\t\t\t\t\t\t\t<div class=\"swiper-slide\" role=\"group\" aria-roledescription=\"slide\" aria-label=\"1 de 6\"><figure class=\"swiper-slide-inner\"><img decoding=\"async\" class=\"swiper-slide-image\" src=\"https:\/\/manchajucarcentro.com\/turismo\/wp-content\/uploads\/elementor\/thumbs\/Minaya-Slide-3-rhy9lslryu1zg81wt47cmp6q4708mv1zc4di2j8hc0.jpg\" alt=\"\" \/><\/figure><\/div><div class=\"swiper-slide\" role=\"group\" aria-roledescription=\"slide\" aria-label=\"2 de 6\"><figure class=\"swiper-slide-inner\"><img decoding=\"async\" class=\"swiper-slide-image\" src=\"https:\/\/manchajucarcentro.com\/turismo\/wp-content\/uploads\/elementor\/thumbs\/Minaya-Slide-4-rhy9n5hdu7ww7y2wvpby8cup08bbr4g0uuar0x80cg.jpg\" alt=\"\" \/><\/figure><\/div><div class=\"swiper-slide\" role=\"group\" aria-roledescription=\"slide\" aria-label=\"3 de 6\"><figure class=\"swiper-slide-inner\"><img decoding=\"async\" class=\"swiper-slide-image\" src=\"https:\/\/manchajucarcentro.com\/turismo\/wp-content\/uploads\/elementor\/thumbs\/Minaya-Slide-2-rhy9m205v6euobo9a89mbmtc21pwru3apewcvaujls.jpg\" alt=\"\" \/><\/figure><\/div><div class=\"swiper-slide\" role=\"group\" aria-roledescription=\"slide\" aria-label=\"4 de 6\"><figure class=\"swiper-slide-inner\"><img decoding=\"async\" class=\"swiper-slide-image\" src=\"https:\/\/manchajucarcentro.com\/turismo\/wp-content\/uploads\/elementor\/thumbs\/Minaya-Slide-1-rhy9lgdvhzl99ajnsgx78a9qe6oguspgyfw6txqlkw.jpg\" alt=\"\" \/><\/figure><\/div><div class=\"swiper-slide\" role=\"group\" aria-roledescription=\"slide\" aria-label=\"5 de 6\"><figure class=\"swiper-slide-inner\"><img decoding=\"async\" class=\"swiper-slide-image\" src=\"https:\/\/manchajucarcentro.com\/turismo\/wp-content\/uploads\/elementor\/thumbs\/Minaya-Slide-5-rhy9mw2zxvk0zugkel9ojf832dlnm5ephjrw85ly2o.jpg\" alt=\"\" \/><\/figure><\/div><div class=\"swiper-slide\" role=\"group\" aria-roledescription=\"slide\" aria-label=\"6 de 6\"><figure class=\"swiper-slide-inner\"><img decoding=\"async\" class=\"swiper-slide-image\" src=\"https:\/\/manchajucarcentro.com\/turismo\/wp-content\/uploads\/elementor\/thumbs\/Minaya-Slide-6-rhy9mccdyct08198luqil27elaay4i8ceu2p5cf7pc.jpg\" alt=\"\" \/><\/figure><\/div>\t\t\t<\/div>\n\t\t\t\t\t\t\t\t\t\t\t\t<div class=\"elementor-swiper-button elementor-swiper-button-prev\" role=\"button\" tabindex=\"0\">\n\t\t\t\t\t\t<i aria-hidden=\"true\" class=\"eicon-chevron-left\"><\/i>\t\t\t\t\t<\/div>\n\t\t\t\t\t<div class=\"elementor-swiper-button elementor-swiper-button-next\" role=\"button\" tabindex=\"0\">\n\t\t\t\t\t\t<i aria-hidden=\"true\" class=\"eicon-chevron-right\"><\/i>\t\t\t\t\t<\/div>\n\t\t\t\t\n\t\t\t\t\t\t\t\t\t<div class=\"swiper-pagination\"><\/div>\n\t\t\t\t\t\t\t\t\t<\/div>\n\t\t\t\t<\/div>\n\t\t\t\t<\/div>\n\t\t\t\t<\/div>\n\t\t\t\t\t<\/div>\n\t\t\t\t<\/div>\n\t\t<div class=\"elementor-element elementor-element-7f5068e e-flex e-con-boxed e-con e-parent\" data-id=\"7f5068e\" data-element_type=\"container\">\n\t\t\t\t\t<div class=\"e-con-inner\">\n\t\t\t\t<div class=\"elementor-element elementor-element-55b14a7 elementor-widget__width-initial elementor-widget elementor-widget-listeo-headline\" data-id=\"55b14a7\" data-element_type=\"widget\" data-widget_type=\"listeo-headline.default\">\n\t\t\t\t<div class=\"elementor-widget-container\">\n\t\t\t\t\t<h3 \n\t\tstyle=\"text-align:center;\" class=\"headline  headline-aligned-to-center headline-extra-spacing headline-box  headline-with-subtitle \"> Nuestra propuesta  <span > Descubre nuestra esencia y nuestros tesoros<\/span><\/h3>\n\t\t\t\t<\/div>\n\t\t\t\t<\/div>\n\t\t\t\t\t<\/div>\n\t\t\t\t<\/div>\n\t\t<div class=\"elementor-element elementor-element-8269717 e-flex e-con-boxed e-con e-parent\" data-id=\"8269717\" data-element_type=\"container\">\n\t\t\t\t\t<div class=\"e-con-inner\">\n\t\t\t\t<div class=\"elementor-element elementor-element-94e62d5 elementor-widget elementor-widget-listeo-listings-wide\" data-id=\"94e62d5\" data-element_type=\"widget\" data-widget_type=\"listeo-listings-wide.default\">\n\t\t\t\t<div class=\"elementor-widget-container\">\n\t\t\t        <div class=\"fullgrid-slick-carousel listings-wide-carousel\" data-slick='{\"autoplay\": true, \"autoplaySpeed\": 3000}' >\n            <div class=\"fw-carousel-item\">\n                        <div class=\"taxonoomy-wide-grid-element\">                        <div class=\"slg-half\">\n                            <a data-grid-start-index=\"0\" href=\"https:\/\/manchajucarcentro.com\/turismo\/recurso\/queseria-tornero\/\" class=\"slg-gallery-cover\"><img fetchpriority=\"high\" decoding=\"async\" width=\"960\" height=\"517\" src=\"https:\/\/manchajucarcentro.com\/turismo\/wp-content\/uploads\/2024\/10\/Queseria-El-Tornero-Minaya-1.jpg\" class=\"attachment-listeo-gallery size-listeo-gallery wp-post-image\" alt=\"\" srcset=\"https:\/\/manchajucarcentro.com\/turismo\/wp-content\/uploads\/2024\/10\/Queseria-El-Tornero-Minaya-1.jpg 960w, https:\/\/manchajucarcentro.com\/turismo\/wp-content\/uploads\/2024\/10\/Queseria-El-Tornero-Minaya-1-300x162.jpg 300w, https:\/\/manchajucarcentro.com\/turismo\/wp-content\/uploads\/2024\/10\/Queseria-El-Tornero-Minaya-1-768x414.jpg 768w, https:\/\/manchajucarcentro.com\/turismo\/wp-content\/uploads\/2024\/10\/Queseria-El-Tornero-Minaya-1-590x318.jpg 590w, https:\/\/manchajucarcentro.com\/turismo\/wp-content\/uploads\/2024\/10\/Queseria-El-Tornero-Minaya-1-577x311.jpg 577w\" sizes=\"(max-width: 960px) 100vw, 960px\" \/><\/a>\n                            <h4>Queser\u00eda Tornero<\/h4>\n                        <\/div>                        <div class=\"slg-half\">\n                            <div class=\"slg-grid\">\n                                <div class=\"slg-grid-top\">\n                                    <div class=\"slg-grid-inner\">\n                                        <a data-grid-start-index=\"1\" href=\"https:\/\/manchajucarcentro.com\/turismo\/recurso\/queseria-guijarro-munoz\/\" class=\"slg-gallery-cover\"><img decoding=\"async\" width=\"1200\" height=\"1199\" src=\"https:\/\/manchajucarcentro.com\/turismo\/wp-content\/uploads\/2024\/10\/Queseria-Guijarro-Munoz-Minaya-10-1200x1199.jpeg\" class=\"attachment-listeo-gallery size-listeo-gallery wp-post-image\" alt=\"\" srcset=\"https:\/\/manchajucarcentro.com\/turismo\/wp-content\/uploads\/2024\/10\/Queseria-Guijarro-Munoz-Minaya-10-1200x1199.jpeg 1200w, https:\/\/manchajucarcentro.com\/turismo\/wp-content\/uploads\/2024\/10\/Queseria-Guijarro-Munoz-Minaya-10-300x300.jpeg 300w, https:\/\/manchajucarcentro.com\/turismo\/wp-content\/uploads\/2024\/10\/Queseria-Guijarro-Munoz-Minaya-10-1024x1024.jpeg 1024w, https:\/\/manchajucarcentro.com\/turismo\/wp-content\/uploads\/2024\/10\/Queseria-Guijarro-Munoz-Minaya-10-150x150.jpeg 150w, https:\/\/manchajucarcentro.com\/turismo\/wp-content\/uploads\/2024\/10\/Queseria-Guijarro-Munoz-Minaya-10-768x767.jpeg 768w, https:\/\/manchajucarcentro.com\/turismo\/wp-content\/uploads\/2024\/10\/Queseria-Guijarro-Munoz-Minaya-10-590x590.jpeg 590w, https:\/\/manchajucarcentro.com\/turismo\/wp-content\/uploads\/2024\/10\/Queseria-Guijarro-Munoz-Minaya-10-670x670.jpeg 670w, https:\/\/manchajucarcentro.com\/turismo\/wp-content\/uploads\/2024\/10\/Queseria-Guijarro-Munoz-Minaya-10-577x577.jpeg 577w, https:\/\/manchajucarcentro.com\/turismo\/wp-content\/uploads\/2024\/10\/Queseria-Guijarro-Munoz-Minaya-10-200x200.jpeg 200w, https:\/\/manchajucarcentro.com\/turismo\/wp-content\/uploads\/2024\/10\/Queseria-Guijarro-Munoz-Minaya-10.jpeg 1440w\" sizes=\"(max-width: 1200px) 100vw, 1200px\" \/><\/a>\n                                        <h4>Queser\u00eda Guijarro Mu\u00f1oz<\/h4>\n                                    <\/div>\n                                <\/div>\n                                                            <div class=\"slg-grid-bottom\">\n                                    <div class=\"slg-grid-inner\">\n                                        <a data-grid-start-index=\"2\" href=\"https:\/\/manchajucarcentro.com\/turismo\/recurso\/iglesia-de-santiago-el-mayor\/\" class=\"slg-gallery-cover\"><img decoding=\"async\" width=\"1000\" height=\"1500\" src=\"https:\/\/manchajucarcentro.com\/turismo\/wp-content\/uploads\/2024\/11\/Iglesia-Santiago-El-Mayor-Minaya-2.jpg\" class=\"attachment-listeo-gallery size-listeo-gallery wp-post-image\" alt=\"\" srcset=\"https:\/\/manchajucarcentro.com\/turismo\/wp-content\/uploads\/2024\/11\/Iglesia-Santiago-El-Mayor-Minaya-2.jpg 1000w, https:\/\/manchajucarcentro.com\/turismo\/wp-content\/uploads\/2024\/11\/Iglesia-Santiago-El-Mayor-Minaya-2-200x300.jpg 200w, https:\/\/manchajucarcentro.com\/turismo\/wp-content\/uploads\/2024\/11\/Iglesia-Santiago-El-Mayor-Minaya-2-683x1024.jpg 683w, https:\/\/manchajucarcentro.com\/turismo\/wp-content\/uploads\/2024\/11\/Iglesia-Santiago-El-Mayor-Minaya-2-768x1152.jpg 768w, https:\/\/manchajucarcentro.com\/turismo\/wp-content\/uploads\/2024\/11\/Iglesia-Santiago-El-Mayor-Minaya-2-393x590.jpg 393w, https:\/\/manchajucarcentro.com\/turismo\/wp-content\/uploads\/2024\/11\/Iglesia-Santiago-El-Mayor-Minaya-2-447x670.jpg 447w, https:\/\/manchajucarcentro.com\/turismo\/wp-content\/uploads\/2024\/11\/Iglesia-Santiago-El-Mayor-Minaya-2-577x866.jpg 577w\" sizes=\"(max-width: 1000px) 100vw, 1000px\" \/><\/a>\n                                        <h4>Iglesia de Santiago El Mayor<\/h4>\n                                    <\/div>\n\n                                <\/div>\n\n                            <\/div>\n                        <\/div>\n                        <\/div><\/div><div class=\"fw-carousel-item\">\n                        <div class=\"taxonoomy-wide-grid-element\">                        <div class=\"slg-half\">\n                            <a data-grid-start-index=\"3\" href=\"https:\/\/manchajucarcentro.com\/turismo\/recurso\/meson-parador\/\" class=\"slg-gallery-cover\"><img loading=\"lazy\" decoding=\"async\" width=\"849\" height=\"525\" src=\"https:\/\/manchajucarcentro.com\/turismo\/wp-content\/uploads\/2024\/12\/Parador-de-Miraya-Miraya-2.jpg\" class=\"attachment-listeo-gallery size-listeo-gallery wp-post-image\" alt=\"\" srcset=\"https:\/\/manchajucarcentro.com\/turismo\/wp-content\/uploads\/2024\/12\/Parador-de-Miraya-Miraya-2.jpg 849w, https:\/\/manchajucarcentro.com\/turismo\/wp-content\/uploads\/2024\/12\/Parador-de-Miraya-Miraya-2-300x186.jpg 300w, https:\/\/manchajucarcentro.com\/turismo\/wp-content\/uploads\/2024\/12\/Parador-de-Miraya-Miraya-2-768x475.jpg 768w, https:\/\/manchajucarcentro.com\/turismo\/wp-content\/uploads\/2024\/12\/Parador-de-Miraya-Miraya-2-590x365.jpg 590w, https:\/\/manchajucarcentro.com\/turismo\/wp-content\/uploads\/2024\/12\/Parador-de-Miraya-Miraya-2-577x357.jpg 577w\" sizes=\"(max-width: 849px) 100vw, 849px\" \/><\/a>\n                            <h4>Mes\u00f3n Parador<\/h4>\n                        <\/div>                        <div class=\"slg-half\">\n                            <div class=\"slg-grid\">\n                                <div class=\"slg-grid-top\">\n                                    <div class=\"slg-grid-inner\">\n                                        <a data-grid-start-index=\"4\" href=\"https:\/\/manchajucarcentro.com\/turismo\/recurso\/casa-palacio-de-los-senores-de-minaya\/\" class=\"slg-gallery-cover\"><img loading=\"lazy\" decoding=\"async\" width=\"1200\" height=\"900\" src=\"https:\/\/manchajucarcentro.com\/turismo\/wp-content\/uploads\/2024\/12\/Casa-Palacio-de-los-Senores-de-Minaya-Minaya-1-1200x900.jpg\" class=\"attachment-listeo-gallery size-listeo-gallery wp-post-image\" alt=\"\" srcset=\"https:\/\/manchajucarcentro.com\/turismo\/wp-content\/uploads\/2024\/12\/Casa-Palacio-de-los-Senores-de-Minaya-Minaya-1-1200x900.jpg 1200w, https:\/\/manchajucarcentro.com\/turismo\/wp-content\/uploads\/2024\/12\/Casa-Palacio-de-los-Senores-de-Minaya-Minaya-1-300x225.jpg 300w, https:\/\/manchajucarcentro.com\/turismo\/wp-content\/uploads\/2024\/12\/Casa-Palacio-de-los-Senores-de-Minaya-Minaya-1-1024x768.jpg 1024w, https:\/\/manchajucarcentro.com\/turismo\/wp-content\/uploads\/2024\/12\/Casa-Palacio-de-los-Senores-de-Minaya-Minaya-1-768x576.jpg 768w, https:\/\/manchajucarcentro.com\/turismo\/wp-content\/uploads\/2024\/12\/Casa-Palacio-de-los-Senores-de-Minaya-Minaya-1-1536x1152.jpg 1536w, https:\/\/manchajucarcentro.com\/turismo\/wp-content\/uploads\/2024\/12\/Casa-Palacio-de-los-Senores-de-Minaya-Minaya-1-590x443.jpg 590w, https:\/\/manchajucarcentro.com\/turismo\/wp-content\/uploads\/2024\/12\/Casa-Palacio-de-los-Senores-de-Minaya-Minaya-1-893x670.jpg 893w, https:\/\/manchajucarcentro.com\/turismo\/wp-content\/uploads\/2024\/12\/Casa-Palacio-de-los-Senores-de-Minaya-Minaya-1-577x433.jpg 577w, https:\/\/manchajucarcentro.com\/turismo\/wp-content\/uploads\/2024\/12\/Casa-Palacio-de-los-Senores-de-Minaya-Minaya-1.jpg 2048w\" sizes=\"(max-width: 1200px) 100vw, 1200px\" \/><\/a>\n                                        <h4>Casa Palacio de los Se\u00f1ores de Minaya<\/h4>\n                                    <\/div>\n                                <\/div>\n                                                            <div class=\"slg-grid-bottom\">\n                                    <div class=\"slg-grid-inner\">\n                                        <a data-grid-start-index=\"5\" href=\"https:\/\/manchajucarcentro.com\/turismo\/recurso\/quesos-el-minayero\/\" class=\"slg-gallery-cover\"><img loading=\"lazy\" decoding=\"async\" width=\"1080\" height=\"1080\" src=\"https:\/\/manchajucarcentro.com\/turismo\/wp-content\/uploads\/2024\/10\/Quesos-El-Minayero-Minaya-7.jpeg\" class=\"attachment-listeo-gallery size-listeo-gallery wp-post-image\" alt=\"\" srcset=\"https:\/\/manchajucarcentro.com\/turismo\/wp-content\/uploads\/2024\/10\/Quesos-El-Minayero-Minaya-7.jpeg 1080w, https:\/\/manchajucarcentro.com\/turismo\/wp-content\/uploads\/2024\/10\/Quesos-El-Minayero-Minaya-7-300x300.jpeg 300w, https:\/\/manchajucarcentro.com\/turismo\/wp-content\/uploads\/2024\/10\/Quesos-El-Minayero-Minaya-7-1024x1024.jpeg 1024w, https:\/\/manchajucarcentro.com\/turismo\/wp-content\/uploads\/2024\/10\/Quesos-El-Minayero-Minaya-7-150x150.jpeg 150w, https:\/\/manchajucarcentro.com\/turismo\/wp-content\/uploads\/2024\/10\/Quesos-El-Minayero-Minaya-7-768x768.jpeg 768w, https:\/\/manchajucarcentro.com\/turismo\/wp-content\/uploads\/2024\/10\/Quesos-El-Minayero-Minaya-7-590x590.jpeg 590w, https:\/\/manchajucarcentro.com\/turismo\/wp-content\/uploads\/2024\/10\/Quesos-El-Minayero-Minaya-7-670x670.jpeg 670w, https:\/\/manchajucarcentro.com\/turismo\/wp-content\/uploads\/2024\/10\/Quesos-El-Minayero-Minaya-7-577x577.jpeg 577w, https:\/\/manchajucarcentro.com\/turismo\/wp-content\/uploads\/2024\/10\/Quesos-El-Minayero-Minaya-7-200x200.jpeg 200w\" sizes=\"(max-width: 1080px) 100vw, 1080px\" \/><\/a>\n                                        <h4>Quesos El Minayero<\/h4>\n                                    <\/div>\n\n                                <\/div>\n\n                            <\/div>\n                        <\/div>\n                        <\/div><\/div><div class=\"fw-carousel-item\">\n                        <div class=\"taxonoomy-wide-grid-element\">                        <div class=\"slg-half\">\n                            <a data-grid-start-index=\"6\" href=\"https:\/\/manchajucarcentro.com\/turismo\/recurso\/apartamentos-turisticos-la-escapada\/\" class=\"slg-gallery-cover\"><img loading=\"lazy\" decoding=\"async\" width=\"1024\" height=\"768\" src=\"https:\/\/manchajucarcentro.com\/turismo\/wp-content\/uploads\/2024\/10\/Apatamentos-turisticos-La-Escapada-1.jpg\" class=\"attachment-listeo-gallery size-listeo-gallery wp-post-image\" alt=\"\" srcset=\"https:\/\/manchajucarcentro.com\/turismo\/wp-content\/uploads\/2024\/10\/Apatamentos-turisticos-La-Escapada-1.jpg 1024w, https:\/\/manchajucarcentro.com\/turismo\/wp-content\/uploads\/2024\/10\/Apatamentos-turisticos-La-Escapada-1-300x225.jpg 300w, https:\/\/manchajucarcentro.com\/turismo\/wp-content\/uploads\/2024\/10\/Apatamentos-turisticos-La-Escapada-1-768x576.jpg 768w, https:\/\/manchajucarcentro.com\/turismo\/wp-content\/uploads\/2024\/10\/Apatamentos-turisticos-La-Escapada-1-590x443.jpg 590w, https:\/\/manchajucarcentro.com\/turismo\/wp-content\/uploads\/2024\/10\/Apatamentos-turisticos-La-Escapada-1-893x670.jpg 893w, https:\/\/manchajucarcentro.com\/turismo\/wp-content\/uploads\/2024\/10\/Apatamentos-turisticos-La-Escapada-1-577x433.jpg 577w\" sizes=\"(max-width: 1024px) 100vw, 1024px\" \/><\/a>\n                            <h4>Apartamentos Tur\u00edsticos la Escapada<\/h4>\n                        <\/div>                        <div class=\"slg-half\">\n                            <div class=\"slg-grid\">\n                                <div class=\"slg-grid-top\">\n                                    <div class=\"slg-grid-inner\">\n                                        <a data-grid-start-index=\"7\" href=\"https:\/\/manchajucarcentro.com\/turismo\/recurso\/el-molino\/\" class=\"slg-gallery-cover\"><img loading=\"lazy\" decoding=\"async\" width=\"1200\" height=\"674\" src=\"https:\/\/manchajucarcentro.com\/turismo\/wp-content\/uploads\/2024\/12\/Molino-Minaya-2-1200x674.jpg\" class=\"attachment-listeo-gallery size-listeo-gallery wp-post-image\" alt=\"\" srcset=\"https:\/\/manchajucarcentro.com\/turismo\/wp-content\/uploads\/2024\/12\/Molino-Minaya-2-1200x674.jpg 1200w, https:\/\/manchajucarcentro.com\/turismo\/wp-content\/uploads\/2024\/12\/Molino-Minaya-2-300x169.jpg 300w, https:\/\/manchajucarcentro.com\/turismo\/wp-content\/uploads\/2024\/12\/Molino-Minaya-2-1024x576.jpg 1024w, https:\/\/manchajucarcentro.com\/turismo\/wp-content\/uploads\/2024\/12\/Molino-Minaya-2-768x432.jpg 768w, https:\/\/manchajucarcentro.com\/turismo\/wp-content\/uploads\/2024\/12\/Molino-Minaya-2-1536x863.jpg 1536w, https:\/\/manchajucarcentro.com\/turismo\/wp-content\/uploads\/2024\/12\/Molino-Minaya-2-590x332.jpg 590w, https:\/\/manchajucarcentro.com\/turismo\/wp-content\/uploads\/2024\/12\/Molino-Minaya-2-1192x670.jpg 1192w, https:\/\/manchajucarcentro.com\/turismo\/wp-content\/uploads\/2024\/12\/Molino-Minaya-2-577x324.jpg 577w, https:\/\/manchajucarcentro.com\/turismo\/wp-content\/uploads\/2024\/12\/Molino-Minaya-2.jpg 2048w\" sizes=\"(max-width: 1200px) 100vw, 1200px\" \/><\/a>\n                                        <h4>El Molino<\/h4>\n                                    <\/div>\n                                <\/div>\n                                                            <div class=\"slg-grid-bottom\">\n                                    <div class=\"slg-grid-inner\">\n                                        <a data-grid-start-index=\"8\" href=\"https:\/\/manchajucarcentro.com\/turismo\/recurso\/parque-las-eras\/\" class=\"slg-gallery-cover\"><img loading=\"lazy\" decoding=\"async\" width=\"680\" height=\"510\" src=\"https:\/\/manchajucarcentro.com\/turismo\/wp-content\/uploads\/2024\/11\/Parque-las-Eras-Minaya-1.jpg\" class=\"attachment-listeo-gallery size-listeo-gallery wp-post-image\" alt=\"\" srcset=\"https:\/\/manchajucarcentro.com\/turismo\/wp-content\/uploads\/2024\/11\/Parque-las-Eras-Minaya-1.jpg 680w, https:\/\/manchajucarcentro.com\/turismo\/wp-content\/uploads\/2024\/11\/Parque-las-Eras-Minaya-1-300x225.jpg 300w, https:\/\/manchajucarcentro.com\/turismo\/wp-content\/uploads\/2024\/11\/Parque-las-Eras-Minaya-1-590x443.jpg 590w, https:\/\/manchajucarcentro.com\/turismo\/wp-content\/uploads\/2024\/11\/Parque-las-Eras-Minaya-1-577x433.jpg 577w\" sizes=\"(max-width: 680px) 100vw, 680px\" \/><\/a>\n                                        <h4>Parque Las Eras<\/h4>\n                                    <\/div>\n\n                                <\/div>\n\n                            <\/div>\n                        <\/div>\n                        <\/div><\/div><div class=\"fw-carousel-item\">\n                        <div class=\"taxonoomy-wide-grid-element\">                        <div class=\"slg-half\">\n                            <a data-grid-start-index=\"9\" href=\"https:\/\/manchajucarcentro.com\/turismo\/recurso\/cubillos\/\" class=\"slg-gallery-cover\"><img loading=\"lazy\" decoding=\"async\" width=\"510\" height=\"339\" src=\"https:\/\/manchajucarcentro.com\/turismo\/wp-content\/uploads\/2024\/12\/Rutas-de-los-Cubillos-Minaya-6.jpg\" class=\"attachment-listeo-gallery size-listeo-gallery wp-post-image\" alt=\"\" srcset=\"https:\/\/manchajucarcentro.com\/turismo\/wp-content\/uploads\/2024\/12\/Rutas-de-los-Cubillos-Minaya-6.jpg 510w, https:\/\/manchajucarcentro.com\/turismo\/wp-content\/uploads\/2024\/12\/Rutas-de-los-Cubillos-Minaya-6-300x199.jpg 300w\" sizes=\"(max-width: 510px) 100vw, 510px\" \/><\/a>\n                            <h4>Cubillos<\/h4>\n                        <\/div>                        <div class=\"slg-half\">\n                            <div class=\"slg-grid\">\n                                <div class=\"slg-grid-top\">\n                                    <div class=\"slg-grid-inner\">\n                                        <a data-grid-start-index=\"10\" href=\"https:\/\/manchajucarcentro.com\/turismo\/recurso\/hostal-restaurante-antolin\/\" class=\"slg-gallery-cover\"><img loading=\"lazy\" decoding=\"async\" width=\"1200\" height=\"674\" src=\"https:\/\/manchajucarcentro.com\/turismo\/wp-content\/uploads\/2024\/10\/Hostal-Restaurante-Antolin-Minaya-1.jpg\" class=\"attachment-listeo-gallery size-listeo-gallery wp-post-image\" alt=\"\" srcset=\"https:\/\/manchajucarcentro.com\/turismo\/wp-content\/uploads\/2024\/10\/Hostal-Restaurante-Antolin-Minaya-1.jpg 1200w, https:\/\/manchajucarcentro.com\/turismo\/wp-content\/uploads\/2024\/10\/Hostal-Restaurante-Antolin-Minaya-1-300x169.jpg 300w, https:\/\/manchajucarcentro.com\/turismo\/wp-content\/uploads\/2024\/10\/Hostal-Restaurante-Antolin-Minaya-1-1024x575.jpg 1024w, https:\/\/manchajucarcentro.com\/turismo\/wp-content\/uploads\/2024\/10\/Hostal-Restaurante-Antolin-Minaya-1-768x431.jpg 768w, https:\/\/manchajucarcentro.com\/turismo\/wp-content\/uploads\/2024\/10\/Hostal-Restaurante-Antolin-Minaya-1-590x331.jpg 590w, https:\/\/manchajucarcentro.com\/turismo\/wp-content\/uploads\/2024\/10\/Hostal-Restaurante-Antolin-Minaya-1-1193x670.jpg 1193w, https:\/\/manchajucarcentro.com\/turismo\/wp-content\/uploads\/2024\/10\/Hostal-Restaurante-Antolin-Minaya-1-577x324.jpg 577w\" sizes=\"(max-width: 1200px) 100vw, 1200px\" \/><\/a>\n                                        <h4>Hostal Restaurante Antol\u00edn<\/h4>\n                                    <\/div>\n                                <\/div>\n                                                            <div class=\"slg-grid-bottom\">\n                                    <div class=\"slg-grid-inner\">\n                                        <a data-grid-start-index=\"11\" href=\"https:\/\/manchajucarcentro.com\/turismo\/recurso\/restaurante-el-cubillo-de-javier\/\" class=\"slg-gallery-cover\"><img loading=\"lazy\" decoding=\"async\" width=\"720\" height=\"540\" src=\"https:\/\/manchajucarcentro.com\/turismo\/wp-content\/uploads\/2024\/10\/Restaurante-el-Cubillo-de-Javier-Minaya-2.webp\" class=\"attachment-listeo-gallery size-listeo-gallery wp-post-image\" alt=\"\" srcset=\"https:\/\/manchajucarcentro.com\/turismo\/wp-content\/uploads\/2024\/10\/Restaurante-el-Cubillo-de-Javier-Minaya-2.webp 720w, https:\/\/manchajucarcentro.com\/turismo\/wp-content\/uploads\/2024\/10\/Restaurante-el-Cubillo-de-Javier-Minaya-2-300x225.webp 300w, https:\/\/manchajucarcentro.com\/turismo\/wp-content\/uploads\/2024\/10\/Restaurante-el-Cubillo-de-Javier-Minaya-2-590x443.webp 590w, https:\/\/manchajucarcentro.com\/turismo\/wp-content\/uploads\/2024\/10\/Restaurante-el-Cubillo-de-Javier-Minaya-2-577x433.webp 577w\" sizes=\"(max-width: 720px) 100vw, 720px\" \/><\/a>\n                                        <h4>Restaurante El Cubillo de Javier<\/h4>\n                                    <\/div>\n\n                                <\/div>\n\n                            <\/div>\n                        <\/div>\n                                <\/div>\n\t\t<\/div>\n\t\t\t\t<\/div>\n\t\t\t\t\t<\/div>\n\t\t\t\t<\/div>\n\t\t<div class=\"elementor-element elementor-element-419f5a7f e-flex e-con-boxed e-con e-parent\" data-id=\"419f5a7f\" data-element_type=\"container\">\n\t\t\t\t\t<div class=\"e-con-inner\">\n\t\t\t\t<div class=\"elementor-element elementor-element-2ebb2424 elementor-align-center elementor-widget elementor-widget-button\" data-id=\"2ebb2424\" data-element_type=\"widget\" data-widget_type=\"button.default\">\n\t\t\t\t<div class=\"elementor-widget-container\">\n\t\t\t\t\t<div class=\"elementor-button-wrapper\">\n\t\t\t<a class=\"elementor-button elementor-button-link elementor-size-sm\" href=\"http:\/\/manchajucarcentro.com\/turismo\/municipio\/minaya\">\n\t\t\t\t\t\t<span class=\"elementor-button-content-wrapper\">\n\t\t\t\t\t\t\t\t\t<span class=\"elementor-button-text\">Ver todos<\/span>\n\t\t\t\t\t<\/span>\n\t\t\t\t\t<\/a>\n\t\t<\/div>\n\t\t\t\t<\/div>\n\t\t\t\t<\/div>\n\t\t\t\t\t<\/div>\n\t\t\t\t<\/div>\n\t\t<div class=\"elementor-element elementor-element-3a81518 e-flex e-con-boxed e-con e-parent\" data-id=\"3a81518\" data-element_type=\"container\">\n\t\t\t\t\t<div class=\"e-con-inner\">\n\t\t\t\t<div class=\"elementor-element elementor-element-107f8ee elementor-widget__width-initial elementor-widget elementor-widget-listeo-headline\" data-id=\"107f8ee\" data-element_type=\"widget\" data-widget_type=\"listeo-headline.default\">\n\t\t\t\t<div class=\"elementor-widget-container\">\n\t\t\t\t\t<h3 \n\t\tstyle=\"text-align:center;\" class=\"headline  headline-aligned-to-center headline-extra-spacing headline-box  headline-with-subtitle \"> Experiencias listas para ti  <span > Naturaleza, gastronom\u00eda, starlight, m\u00fasica en directo...<\/span><\/h3>\n\t\t\t\t<\/div>\n\t\t\t\t<\/div>\n\t\t\t\t\t<\/div>\n\t\t\t\t<\/div>\n\t\t<div class=\"elementor-element elementor-element-508deb9 e-flex e-con-boxed e-con e-parent\" data-id=\"508deb9\" data-element_type=\"container\">\n\t\t\t\t\t<div class=\"e-con-inner\">\n\t\t\t\t<div class=\"elementor-element elementor-element-57f7cc1 elementor-widget elementor-widget-listeo-posts-grid\" data-id=\"57f7cc1\" data-element_type=\"widget\" data-widget_type=\"listeo-posts-grid.default\">\n\t\t\t\t<div class=\"elementor-widget-container\">\n\t\t\t\t\t\n\t\t<div class=\"listeo-post-grid-wrapper\">\n\t\t\t<div class=\"row\">\n\n\t\t\t\n\n\t\t\t\t\t\t\t<div class=\"col-md-4\">\n                <a href=\"https:\/\/manchajucarcentro.com\/turismo\/rutas-de-los-cubillos\/\" class=\"blog-compact-item-container\">\n                    <div class=\"blog-compact-item\">\n                        <img loading=\"lazy\" decoding=\"async\" width=\"577\" height=\"325\" src=\"https:\/\/manchajucarcentro.com\/turismo\/wp-content\/uploads\/2024\/12\/Rutas-de-los-Cubillos-Minaya-9-577x325.jpg\" class=\"attachment-listeo-blog-related-post size-listeo-blog-related-post wp-post-image\" alt=\"\" srcset=\"https:\/\/manchajucarcentro.com\/turismo\/wp-content\/uploads\/2024\/12\/Rutas-de-los-Cubillos-Minaya-9-577x325.jpg 577w, https:\/\/manchajucarcentro.com\/turismo\/wp-content\/uploads\/2024\/12\/Rutas-de-los-Cubillos-Minaya-9-300x169.jpg 300w, https:\/\/manchajucarcentro.com\/turismo\/wp-content\/uploads\/2024\/12\/Rutas-de-los-Cubillos-Minaya-9-1024x576.jpg 1024w, https:\/\/manchajucarcentro.com\/turismo\/wp-content\/uploads\/2024\/12\/Rutas-de-los-Cubillos-Minaya-9-768x432.jpg 768w, https:\/\/manchajucarcentro.com\/turismo\/wp-content\/uploads\/2024\/12\/Rutas-de-los-Cubillos-Minaya-9-1536x864.jpg 1536w, https:\/\/manchajucarcentro.com\/turismo\/wp-content\/uploads\/2024\/12\/Rutas-de-los-Cubillos-Minaya-9-590x332.jpg 590w, https:\/\/manchajucarcentro.com\/turismo\/wp-content\/uploads\/2024\/12\/Rutas-de-los-Cubillos-Minaya-9-1191x670.jpg 1191w, https:\/\/manchajucarcentro.com\/turismo\/wp-content\/uploads\/2024\/12\/Rutas-de-los-Cubillos-Minaya-9-1200x675.jpg 1200w, https:\/\/manchajucarcentro.com\/turismo\/wp-content\/uploads\/2024\/12\/Rutas-de-los-Cubillos-Minaya-9.jpg 1600w\" sizes=\"(max-width: 577px) 100vw, 577px\" \/><span class=\"blog-item-tag\">Rutas<\/span>                        \n                        <div class=\"blog-compact-item-content\">\n                                                        <h3>Rutas de los Cubillos<\/h3>\n                                                        <p>Las rutas de los Cubillos son 4 rutas en Minaya donde podr\u00e1s descubrir y admirar...                            <\/p>\n                                                    <\/div>\n                    <\/div>\n                <\/a>\n            <\/div>\n\t\t\t<div class=\"col-md-4\">\n                <a href=\"https:\/\/manchajucarcentro.com\/turismo\/camino-de-santiago\/\" class=\"blog-compact-item-container\">\n                    <div class=\"blog-compact-item\">\n                        <img loading=\"lazy\" decoding=\"async\" width=\"577\" height=\"433\" src=\"https:\/\/manchajucarcentro.com\/turismo\/wp-content\/uploads\/2024\/12\/Camino-de-Santiago-8-577x433.jpg\" class=\"attachment-listeo-blog-related-post size-listeo-blog-related-post wp-post-image\" alt=\"\" srcset=\"https:\/\/manchajucarcentro.com\/turismo\/wp-content\/uploads\/2024\/12\/Camino-de-Santiago-8-577x433.jpg 577w, https:\/\/manchajucarcentro.com\/turismo\/wp-content\/uploads\/2024\/12\/Camino-de-Santiago-8-300x225.jpg 300w, https:\/\/manchajucarcentro.com\/turismo\/wp-content\/uploads\/2024\/12\/Camino-de-Santiago-8-1024x768.jpg 1024w, https:\/\/manchajucarcentro.com\/turismo\/wp-content\/uploads\/2024\/12\/Camino-de-Santiago-8-768x576.jpg 768w, https:\/\/manchajucarcentro.com\/turismo\/wp-content\/uploads\/2024\/12\/Camino-de-Santiago-8-1536x1152.jpg 1536w, https:\/\/manchajucarcentro.com\/turismo\/wp-content\/uploads\/2024\/12\/Camino-de-Santiago-8-590x443.jpg 590w, https:\/\/manchajucarcentro.com\/turismo\/wp-content\/uploads\/2024\/12\/Camino-de-Santiago-8-893x670.jpg 893w, https:\/\/manchajucarcentro.com\/turismo\/wp-content\/uploads\/2024\/12\/Camino-de-Santiago-8-1200x900.jpg 1200w, https:\/\/manchajucarcentro.com\/turismo\/wp-content\/uploads\/2024\/12\/Camino-de-Santiago-8.jpg 1600w\" sizes=\"(max-width: 577px) 100vw, 577px\" \/><span class=\"blog-item-tag\">Rutas<\/span>                        \n                        <div class=\"blog-compact-item-content\">\n                                                        <h3>Camino de Santiago<\/h3>\n                                                        <p>Las tres rutas que parten desde Levante hacia Santiago, el Camino de Valencia (863 km),...                            <\/p>\n                                                    <\/div>\n                    <\/div>\n                <\/a>\n            <\/div>\n\t\t\t<div class=\"col-md-4\">\n                <a href=\"https:\/\/manchajucarcentro.com\/turismo\/ruta-del-azafran\/\" class=\"blog-compact-item-container\">\n                    <div class=\"blog-compact-item\">\n                        <img loading=\"lazy\" decoding=\"async\" width=\"577\" height=\"325\" src=\"https:\/\/manchajucarcentro.com\/turismo\/wp-content\/uploads\/2024\/12\/Camino-del-Azafran-2-577x325.webp\" class=\"attachment-listeo-blog-related-post size-listeo-blog-related-post wp-post-image\" alt=\"\" srcset=\"https:\/\/manchajucarcentro.com\/turismo\/wp-content\/uploads\/2024\/12\/Camino-del-Azafran-2-577x325.webp 577w, https:\/\/manchajucarcentro.com\/turismo\/wp-content\/uploads\/2024\/12\/Camino-del-Azafran-2-300x169.webp 300w, https:\/\/manchajucarcentro.com\/turismo\/wp-content\/uploads\/2024\/12\/Camino-del-Azafran-2-1024x576.webp 1024w, https:\/\/manchajucarcentro.com\/turismo\/wp-content\/uploads\/2024\/12\/Camino-del-Azafran-2-768x432.webp 768w, https:\/\/manchajucarcentro.com\/turismo\/wp-content\/uploads\/2024\/12\/Camino-del-Azafran-2-1536x864.webp 1536w, https:\/\/manchajucarcentro.com\/turismo\/wp-content\/uploads\/2024\/12\/Camino-del-Azafran-2-590x332.webp 590w, https:\/\/manchajucarcentro.com\/turismo\/wp-content\/uploads\/2024\/12\/Camino-del-Azafran-2-1191x670.webp 1191w, https:\/\/manchajucarcentro.com\/turismo\/wp-content\/uploads\/2024\/12\/Camino-del-Azafran-2-1200x675.webp 1200w, https:\/\/manchajucarcentro.com\/turismo\/wp-content\/uploads\/2024\/12\/Camino-del-Azafran-2.webp 1706w\" sizes=\"(max-width: 577px) 100vw, 577px\" \/><span class=\"blog-item-tag\">Rutas<\/span>                        \n                        <div class=\"blog-compact-item-content\">\n                                                        <h3>Ruta del azafr\u00e1n<\/h3>\n                                                        <p>La Ruta del Azafr\u00e1n entre Minaya y Villarrobledo es una traves\u00eda cultural y natural que...                            <\/p>\n                                                    <\/div>\n                    <\/div>\n                <\/a>\n            <\/div>\n  <\/div>\n        <\/div>\n        \t\t<\/div>\n\t\t\t\t<\/div>\n\t\t\t\t\t<\/div>\n\t\t\t\t<\/div>\n\t\t<div class=\"elementor-element elementor-element-226866cc e-flex e-con-boxed e-con e-parent\" data-id=\"226866cc\" data-element_type=\"container\">\n\t\t\t\t\t<div class=\"e-con-inner\">\n\t\t\t\t<div class=\"elementor-element elementor-element-21cf52ac elementor-align-center elementor-widget elementor-widget-button\" data-id=\"21cf52ac\" data-element_type=\"widget\" data-widget_type=\"button.default\">\n\t\t\t\t<div class=\"elementor-widget-container\">\n\t\t\t\t\t<div class=\"elementor-button-wrapper\">\n\t\t\t<a class=\"elementor-button elementor-button-link elementor-size-sm\" href=\"http:\/\/manchajucarcentro.com\/turismo\/category\/rutas\/\">\n\t\t\t\t\t\t<span class=\"elementor-button-content-wrapper\">\n\t\t\t\t\t\t\t\t\t<span class=\"elementor-button-text\">Ver todos<\/span>\n\t\t\t\t\t<\/span>\n\t\t\t\t\t<\/a>\n\t\t<\/div>\n\t\t\t\t<\/div>\n\t\t\t\t<\/div>\n\t\t\t\t\t<\/div>\n\t\t\t\t<\/div>\n\t\t\t\t<\/div>\n\t\t","protected":false},"excerpt":{"rendered":"<p>El monumento m\u00e1s significativo de Minaya es la Iglesia de Santiago el Mayor del siglo XIV. Su singular y esbelta torre-fortaleza es una muestra del car\u00e1cter militar que acompa\u00f1\u00f3 a algunos edificios religiosos en esta \u00e9poca. Es muy venerada la imagen de su patr\u00f3n el Beato Alonso, misionero jesuita m\u00e1rtir nacido en Minaya y muerto [&hellip;]<\/p>\n","protected":false},"author":1,"featured_media":0,"parent":0,"menu_order":0,"comment_status":"closed","ping_status":"closed","template":"","meta":{"footnotes":""},"class_list":["post-896","page","type-page","status-publish","hentry"],"_links":{"self":[{"href":"https:\/\/manchajucarcentro.com\/turismo\/wp-json\/wp\/v2\/pages\/896","targetHints":{"allow":["GET"]}}],"collection":[{"href":"https:\/\/manchajucarcentro.com\/turismo\/wp-json\/wp\/v2\/pages"}],"about":[{"href":"https:\/\/manchajucarcentro.com\/turismo\/wp-json\/wp\/v2\/types\/page"}],"author":[{"embeddable":true,"href":"https:\/\/manchajucarcentro.com\/turismo\/wp-json\/wp\/v2\/users\/1"}],"replies":[{"embeddable":true,"href":"https:\/\/manchajucarcentro.com\/turismo\/wp-json\/wp\/v2\/comments?post=896"}],"version-history":[{"count":64,"href":"https:\/\/manchajucarcentro.com\/turismo\/wp-json\/wp\/v2\/pages\/896\/revisions"}],"predecessor-version":[{"id":3609,"href":"https:\/\/manchajucarcentro.com\/turismo\/wp-json\/wp\/v2\/pages\/896\/revisions\/3609"}],"wp:attachment":[{"href":"https:\/\/manchajucarcentro.com\/turismo\/wp-json\/wp\/v2\/media?parent=896"}],"curies":[{"name":"wp","href":"https:\/\/api.w.org\/{rel}","templated":true}]}}