{"id":897,"date":"2024-10-29T11:25:44","date_gmt":"2024-10-29T10:25:44","guid":{"rendered":"http:\/\/mjc.endinahosting.com\/?page_id=897"},"modified":"2024-12-16T12:13:48","modified_gmt":"2024-12-16T11:13:48","slug":"la-roda","status":"publish","type":"page","link":"https:\/\/manchajucarcentro.com\/turismo\/la-roda\/","title":{"rendered":"La Roda"},"content":{"rendered":"\t\t<div data-elementor-type=\"wp-page\" data-elementor-id=\"897\" class=\"elementor elementor-897\">\n\t\t\t\t<div class=\"elementor-element elementor-element-a4c6e4a bl-desc-municipios e-flex e-con-boxed e-con e-parent\" data-id=\"a4c6e4a\" data-element_type=\"container\" data-settings=\"{&quot;background_background&quot;:&quot;classic&quot;}\">\n\t\t\t\t\t<div class=\"e-con-inner\">\n\t\t<div class=\"elementor-element elementor-element-f078544 e-con-full e-flex e-con e-child\" data-id=\"f078544\" data-element_type=\"container\">\n\t\t\t\t<div class=\"elementor-element elementor-element-ff8972a elementor-widget elementor-widget-text-editor\" data-id=\"ff8972a\" data-element_type=\"widget\" data-widget_type=\"text-editor.default\">\n\t\t\t\t<div class=\"elementor-widget-container\">\n\t\t\t\t\t\t\t<p>La Roda es conocida por su famosa Iglesia de El Salvador, un ejemplo \u00fanico de arquitectura columnaria renacentista en la regi\u00f3n, que se eleva con su ic\u00f3nica torre apodada El Faro de la Mancha. Este majestuoso templo, junto con la Ermita de San Sebasti\u00e1n del siglo XVI, son puntos esenciales en un recorrido por el casco antiguo, declarado Bien de Inter\u00e9s Cultural.<\/p><p>Imprescindible un paseo por la Casa de los Atienza, el Palacio de los Condes de Villaleal, y la emblem\u00e1tica Posada del Sol.<\/p><p>Adem\u00e1s de su riqueza patrimonial, La Roda es conocida por sus c\u00e9lebres Miguelitos y una oferta cultural que incluye la colecci\u00f3n de Antonio Mart\u00ednez y el Centro Cervantino, con m\u00e1s de 5.000 ejemplares del Quijote, as\u00ed como sus animados carnavales y el Bel\u00e9n viviente en Navidad.<\/p>\t\t\t\t\t\t<\/div>\n\t\t\t\t<\/div>\n\t\t\t\t<\/div>\n\t\t<div class=\"elementor-element elementor-element-8fc3b9b e-con-full e-flex e-con e-child\" data-id=\"8fc3b9b\" data-element_type=\"container\">\n\t\t\t\t<div class=\"elementor-element elementor-element-ce63c0e elementor-pagination-position-inside elementor-arrows-position-inside elementor-widget elementor-widget-image-carousel\" data-id=\"ce63c0e\" data-element_type=\"widget\" data-settings=\"{&quot;slides_to_show&quot;:&quot;1&quot;,&quot;navigation&quot;:&quot;both&quot;,&quot;autoplay&quot;:&quot;yes&quot;,&quot;pause_on_hover&quot;:&quot;yes&quot;,&quot;pause_on_interaction&quot;:&quot;yes&quot;,&quot;autoplay_speed&quot;:5000,&quot;infinite&quot;:&quot;yes&quot;,&quot;effect&quot;:&quot;slide&quot;,&quot;speed&quot;:500}\" data-widget_type=\"image-carousel.default\">\n\t\t\t\t<div class=\"elementor-widget-container\">\n\t\t\t\t\t<div class=\"elementor-image-carousel-wrapper swiper\" dir=\"ltr\">\n\t\t\t<div class=\"elementor-image-carousel swiper-wrapper\" aria-live=\"off\">\n\t\t\t\t\t\t\t\t<div class=\"swiper-slide\" role=\"group\" aria-roledescription=\"slide\" aria-label=\"1 de 4\"><figure class=\"swiper-slide-inner\"><img decoding=\"async\" class=\"swiper-slide-image\" src=\"https:\/\/manchajucarcentro.com\/turismo\/wp-content\/uploads\/elementor\/thumbs\/La-Roda-Slide-2-rhy9lxayx08f29v31o8hh60134d2pckn0rmxgx1igw.jpg\" alt=\"\" \/><\/figure><\/div><div class=\"swiper-slide\" role=\"group\" aria-roledescription=\"slide\" aria-label=\"2 de 4\"><figure class=\"swiper-slide-inner\"><img decoding=\"async\" class=\"swiper-slide-image\" src=\"https:\/\/manchajucarcentro.com\/turismo\/wp-content\/uploads\/elementor\/thumbs\/La-Roda-Slide-3-rhy9lxayx08f29v31o8hh60134d2pckn0rmxgx1igw.jpg\" alt=\"\" \/><\/figure><\/div><div class=\"swiper-slide\" role=\"group\" aria-roledescription=\"slide\" aria-label=\"3 de 4\"><figure class=\"swiper-slide-inner\"><img decoding=\"async\" class=\"swiper-slide-image\" src=\"https:\/\/manchajucarcentro.com\/turismo\/wp-content\/uploads\/elementor\/thumbs\/Palacio-de-La-Condesa-de-Villaleal-La-Roda-1-rhy9xuv7oakgg2j4dbwzmnlok7jtf0xyztrtsdclhc.jpg\" alt=\"\" \/><\/figure><\/div><div class=\"swiper-slide\" role=\"group\" aria-roledescription=\"slide\" aria-label=\"4 de 4\"><figure class=\"swiper-slide-inner\"><img decoding=\"async\" class=\"swiper-slide-image\" src=\"https:\/\/manchajucarcentro.com\/turismo\/wp-content\/uploads\/elementor\/thumbs\/Casa-del-Inquisidor_de-los-Atienza-La-Roda-4-rhya176jz355q5ocurx8ht8olj2ssa7m4d9z7se7cw.jpg\" alt=\"\" \/><\/figure><\/div>\t\t\t<\/div>\n\t\t\t\t\t\t\t\t\t\t\t\t<div class=\"elementor-swiper-button elementor-swiper-button-prev\" role=\"button\" tabindex=\"0\">\n\t\t\t\t\t\t<i aria-hidden=\"true\" class=\"eicon-chevron-left\"><\/i>\t\t\t\t\t<\/div>\n\t\t\t\t\t<div class=\"elementor-swiper-button elementor-swiper-button-next\" role=\"button\" tabindex=\"0\">\n\t\t\t\t\t\t<i aria-hidden=\"true\" class=\"eicon-chevron-right\"><\/i>\t\t\t\t\t<\/div>\n\t\t\t\t\n\t\t\t\t\t\t\t\t\t<div class=\"swiper-pagination\"><\/div>\n\t\t\t\t\t\t\t\t\t<\/div>\n\t\t\t\t<\/div>\n\t\t\t\t<\/div>\n\t\t\t\t<\/div>\n\t\t\t\t\t<\/div>\n\t\t\t\t<\/div>\n\t\t<div class=\"elementor-element elementor-element-7f5068e e-flex e-con-boxed e-con e-parent\" data-id=\"7f5068e\" data-element_type=\"container\">\n\t\t\t\t\t<div class=\"e-con-inner\">\n\t\t\t\t<div class=\"elementor-element elementor-element-55b14a7 elementor-widget__width-initial elementor-widget elementor-widget-listeo-headline\" data-id=\"55b14a7\" data-element_type=\"widget\" data-widget_type=\"listeo-headline.default\">\n\t\t\t\t<div class=\"elementor-widget-container\">\n\t\t\t\t\t<h3 \n\t\tstyle=\"text-align:center;\" class=\"headline  headline-aligned-to-center headline-extra-spacing headline-box  headline-with-subtitle \"> Nuestra propuesta  <span > Descubre nuestra esencia y nuestros tesoros<\/span><\/h3>\n\t\t\t\t<\/div>\n\t\t\t\t<\/div>\n\t\t\t\t\t<\/div>\n\t\t\t\t<\/div>\n\t\t<div class=\"elementor-element elementor-element-8269717 e-flex e-con-boxed e-con e-parent\" data-id=\"8269717\" data-element_type=\"container\">\n\t\t\t\t\t<div class=\"e-con-inner\">\n\t\t\t\t<div class=\"elementor-element elementor-element-94e62d5 elementor-widget elementor-widget-listeo-listings-wide\" data-id=\"94e62d5\" data-element_type=\"widget\" data-widget_type=\"listeo-listings-wide.default\">\n\t\t\t\t<div class=\"elementor-widget-container\">\n\t\t\t        <div class=\"fullgrid-slick-carousel listings-wide-carousel\" data-slick='{\"autoplay\": true, \"autoplaySpeed\": 3000}' >\n            <div class=\"fw-carousel-item\">\n                        <div class=\"taxonoomy-wide-grid-element\">                        <div class=\"slg-half\">\n                            <a data-grid-start-index=\"0\" href=\"https:\/\/manchajucarcentro.com\/turismo\/recurso\/confiteria-la-moderna\/\" class=\"slg-gallery-cover\"><img fetchpriority=\"high\" decoding=\"async\" width=\"960\" height=\"720\" src=\"https:\/\/manchajucarcentro.com\/turismo\/wp-content\/uploads\/2024\/11\/Confiteria-La-Moderna-La-Roda-3.jpg\" class=\"attachment-listeo-gallery size-listeo-gallery wp-post-image\" alt=\"\" srcset=\"https:\/\/manchajucarcentro.com\/turismo\/wp-content\/uploads\/2024\/11\/Confiteria-La-Moderna-La-Roda-3.jpg 960w, https:\/\/manchajucarcentro.com\/turismo\/wp-content\/uploads\/2024\/11\/Confiteria-La-Moderna-La-Roda-3-300x225.jpg 300w, https:\/\/manchajucarcentro.com\/turismo\/wp-content\/uploads\/2024\/11\/Confiteria-La-Moderna-La-Roda-3-768x576.jpg 768w, https:\/\/manchajucarcentro.com\/turismo\/wp-content\/uploads\/2024\/11\/Confiteria-La-Moderna-La-Roda-3-590x443.jpg 590w, https:\/\/manchajucarcentro.com\/turismo\/wp-content\/uploads\/2024\/11\/Confiteria-La-Moderna-La-Roda-3-893x670.jpg 893w, https:\/\/manchajucarcentro.com\/turismo\/wp-content\/uploads\/2024\/11\/Confiteria-La-Moderna-La-Roda-3-577x433.jpg 577w\" sizes=\"(max-width: 960px) 100vw, 960px\" \/><\/a>\n                            <h4>Confiter\u00eda la Moderna<\/h4>\n                        <\/div>                        <div class=\"slg-half\">\n                            <div class=\"slg-grid\">\n                                <div class=\"slg-grid-top\">\n                                    <div class=\"slg-grid-inner\">\n                                        <a data-grid-start-index=\"1\" href=\"https:\/\/manchajucarcentro.com\/turismo\/recurso\/ermita-de-santa-marta\/\" class=\"slg-gallery-cover\"><img decoding=\"async\" width=\"1200\" height=\"800\" src=\"https:\/\/manchajucarcentro.com\/turismo\/wp-content\/uploads\/2024\/11\/Ermita-Santa-Marta-La-Roda-1-1200x800.jpg\" class=\"attachment-listeo-gallery size-listeo-gallery wp-post-image\" alt=\"\" srcset=\"https:\/\/manchajucarcentro.com\/turismo\/wp-content\/uploads\/2024\/11\/Ermita-Santa-Marta-La-Roda-1-1200x800.jpg 1200w, https:\/\/manchajucarcentro.com\/turismo\/wp-content\/uploads\/2024\/11\/Ermita-Santa-Marta-La-Roda-1-300x200.jpg 300w, https:\/\/manchajucarcentro.com\/turismo\/wp-content\/uploads\/2024\/11\/Ermita-Santa-Marta-La-Roda-1-1024x683.jpg 1024w, https:\/\/manchajucarcentro.com\/turismo\/wp-content\/uploads\/2024\/11\/Ermita-Santa-Marta-La-Roda-1-768x512.jpg 768w, https:\/\/manchajucarcentro.com\/turismo\/wp-content\/uploads\/2024\/11\/Ermita-Santa-Marta-La-Roda-1-1536x1024.jpg 1536w, https:\/\/manchajucarcentro.com\/turismo\/wp-content\/uploads\/2024\/11\/Ermita-Santa-Marta-La-Roda-1-590x393.jpg 590w, https:\/\/manchajucarcentro.com\/turismo\/wp-content\/uploads\/2024\/11\/Ermita-Santa-Marta-La-Roda-1-1005x670.jpg 1005w, https:\/\/manchajucarcentro.com\/turismo\/wp-content\/uploads\/2024\/11\/Ermita-Santa-Marta-La-Roda-1-577x385.jpg 577w, https:\/\/manchajucarcentro.com\/turismo\/wp-content\/uploads\/2024\/11\/Ermita-Santa-Marta-La-Roda-1.jpg 1920w\" sizes=\"(max-width: 1200px) 100vw, 1200px\" \/><\/a>\n                                        <h4>Ermita de Santa Marta<\/h4>\n                                    <\/div>\n                                <\/div>\n                                                            <div class=\"slg-grid-bottom\">\n                                    <div class=\"slg-grid-inner\">\n                                        <a data-grid-start-index=\"2\" href=\"https:\/\/manchajucarcentro.com\/turismo\/recurso\/palacio-de-la-condesa-de-villaleal\/\" class=\"slg-gallery-cover\"><img decoding=\"async\" width=\"1200\" height=\"804\" src=\"https:\/\/manchajucarcentro.com\/turismo\/wp-content\/uploads\/2024\/11\/Palacio-de-La-Condesa-de-Villaleal-La-Roda-1-1200x804.jpg\" class=\"attachment-listeo-gallery size-listeo-gallery wp-post-image\" alt=\"\" srcset=\"https:\/\/manchajucarcentro.com\/turismo\/wp-content\/uploads\/2024\/11\/Palacio-de-La-Condesa-de-Villaleal-La-Roda-1-1200x804.jpg 1200w, https:\/\/manchajucarcentro.com\/turismo\/wp-content\/uploads\/2024\/11\/Palacio-de-La-Condesa-de-Villaleal-La-Roda-1-300x201.jpg 300w, https:\/\/manchajucarcentro.com\/turismo\/wp-content\/uploads\/2024\/11\/Palacio-de-La-Condesa-de-Villaleal-La-Roda-1-1024x686.jpg 1024w, https:\/\/manchajucarcentro.com\/turismo\/wp-content\/uploads\/2024\/11\/Palacio-de-La-Condesa-de-Villaleal-La-Roda-1-768x515.jpg 768w, https:\/\/manchajucarcentro.com\/turismo\/wp-content\/uploads\/2024\/11\/Palacio-de-La-Condesa-de-Villaleal-La-Roda-1-590x395.jpg 590w, https:\/\/manchajucarcentro.com\/turismo\/wp-content\/uploads\/2024\/11\/Palacio-de-La-Condesa-de-Villaleal-La-Roda-1-1000x670.jpg 1000w, https:\/\/manchajucarcentro.com\/turismo\/wp-content\/uploads\/2024\/11\/Palacio-de-La-Condesa-de-Villaleal-La-Roda-1-577x387.jpg 577w, https:\/\/manchajucarcentro.com\/turismo\/wp-content\/uploads\/2024\/11\/Palacio-de-La-Condesa-de-Villaleal-La-Roda-1.jpg 1500w\" sizes=\"(max-width: 1200px) 100vw, 1200px\" \/><\/a>\n                                        <h4>Palacio de la Condesa de Villaleal<\/h4>\n                                    <\/div>\n\n                                <\/div>\n\n                            <\/div>\n                        <\/div>\n                        <\/div><\/div><div class=\"fw-carousel-item\">\n                        <div class=\"taxonoomy-wide-grid-element\">                        <div class=\"slg-half\">\n                            <a data-grid-start-index=\"3\" href=\"https:\/\/manchajucarcentro.com\/turismo\/recurso\/monumento-a-las-letras\/\" class=\"slg-gallery-cover\"><img loading=\"lazy\" decoding=\"async\" width=\"1024\" height=\"769\" src=\"https:\/\/manchajucarcentro.com\/turismo\/wp-content\/uploads\/2024\/11\/Monumeto-de-las-Letras-La-Roda-1.webp\" class=\"attachment-listeo-gallery size-listeo-gallery wp-post-image\" alt=\"\" srcset=\"https:\/\/manchajucarcentro.com\/turismo\/wp-content\/uploads\/2024\/11\/Monumeto-de-las-Letras-La-Roda-1.webp 1024w, https:\/\/manchajucarcentro.com\/turismo\/wp-content\/uploads\/2024\/11\/Monumeto-de-las-Letras-La-Roda-1-300x225.webp 300w, https:\/\/manchajucarcentro.com\/turismo\/wp-content\/uploads\/2024\/11\/Monumeto-de-las-Letras-La-Roda-1-768x577.webp 768w, https:\/\/manchajucarcentro.com\/turismo\/wp-content\/uploads\/2024\/11\/Monumeto-de-las-Letras-La-Roda-1-590x443.webp 590w, https:\/\/manchajucarcentro.com\/turismo\/wp-content\/uploads\/2024\/11\/Monumeto-de-las-Letras-La-Roda-1-892x670.webp 892w, https:\/\/manchajucarcentro.com\/turismo\/wp-content\/uploads\/2024\/11\/Monumeto-de-las-Letras-La-Roda-1-577x433.webp 577w\" sizes=\"(max-width: 1024px) 100vw, 1024px\" \/><\/a>\n                            <h4>Monumento a las Letras<\/h4>\n                        <\/div>                        <div class=\"slg-half\">\n                            <div class=\"slg-grid\">\n                                <div class=\"slg-grid-top\">\n                                    <div class=\"slg-grid-inner\">\n                                        <a data-grid-start-index=\"4\" href=\"https:\/\/manchajucarcentro.com\/turismo\/recurso\/el-monolito\/\" class=\"slg-gallery-cover\"><img loading=\"lazy\" decoding=\"async\" width=\"577\" height=\"1024\" src=\"https:\/\/manchajucarcentro.com\/turismo\/wp-content\/uploads\/2024\/11\/El-Monolito-La-Roda-1.jpg\" class=\"attachment-listeo-gallery size-listeo-gallery wp-post-image\" alt=\"\" srcset=\"https:\/\/manchajucarcentro.com\/turismo\/wp-content\/uploads\/2024\/11\/El-Monolito-La-Roda-1.jpg 577w, https:\/\/manchajucarcentro.com\/turismo\/wp-content\/uploads\/2024\/11\/El-Monolito-La-Roda-1-169x300.jpg 169w, https:\/\/manchajucarcentro.com\/turismo\/wp-content\/uploads\/2024\/11\/El-Monolito-La-Roda-1-332x590.jpg 332w, https:\/\/manchajucarcentro.com\/turismo\/wp-content\/uploads\/2024\/11\/El-Monolito-La-Roda-1-378x670.jpg 378w, https:\/\/manchajucarcentro.com\/turismo\/wp-content\/uploads\/2024\/11\/El-Monolito-La-Roda-1-488x866.jpg 488w\" sizes=\"(max-width: 577px) 100vw, 577px\" \/><\/a>\n                                        <h4>El Monolito<\/h4>\n                                    <\/div>\n                                <\/div>\n                                                            <div class=\"slg-grid-bottom\">\n                                    <div class=\"slg-grid-inner\">\n                                        <a data-grid-start-index=\"5\" href=\"https:\/\/manchajucarcentro.com\/turismo\/recurso\/parque-de-la-goleta\/\" class=\"slg-gallery-cover\"><img loading=\"lazy\" decoding=\"async\" width=\"1200\" height=\"904\" src=\"https:\/\/manchajucarcentro.com\/turismo\/wp-content\/uploads\/2024\/11\/Parque-de-La-Goleta-La-Roda-1-1200x904.jpg\" class=\"attachment-listeo-gallery size-listeo-gallery wp-post-image\" alt=\"\" srcset=\"https:\/\/manchajucarcentro.com\/turismo\/wp-content\/uploads\/2024\/11\/Parque-de-La-Goleta-La-Roda-1-1200x904.jpg 1200w, https:\/\/manchajucarcentro.com\/turismo\/wp-content\/uploads\/2024\/11\/Parque-de-La-Goleta-La-Roda-1-300x226.jpg 300w, https:\/\/manchajucarcentro.com\/turismo\/wp-content\/uploads\/2024\/11\/Parque-de-La-Goleta-La-Roda-1-1024x771.jpg 1024w, https:\/\/manchajucarcentro.com\/turismo\/wp-content\/uploads\/2024\/11\/Parque-de-La-Goleta-La-Roda-1-768x578.jpg 768w, https:\/\/manchajucarcentro.com\/turismo\/wp-content\/uploads\/2024\/11\/Parque-de-La-Goleta-La-Roda-1-1536x1157.jpg 1536w, https:\/\/manchajucarcentro.com\/turismo\/wp-content\/uploads\/2024\/11\/Parque-de-La-Goleta-La-Roda-1-2048x1542.jpg 2048w, https:\/\/manchajucarcentro.com\/turismo\/wp-content\/uploads\/2024\/11\/Parque-de-La-Goleta-La-Roda-1-590x444.jpg 590w, https:\/\/manchajucarcentro.com\/turismo\/wp-content\/uploads\/2024\/11\/Parque-de-La-Goleta-La-Roda-1-890x670.jpg 890w, https:\/\/manchajucarcentro.com\/turismo\/wp-content\/uploads\/2024\/11\/Parque-de-La-Goleta-La-Roda-1-577x434.jpg 577w\" sizes=\"(max-width: 1200px) 100vw, 1200px\" \/><\/a>\n                                        <h4>Parque de La Goleta<\/h4>\n                                    <\/div>\n\n                                <\/div>\n\n                            <\/div>\n                        <\/div>\n                        <\/div><\/div><div class=\"fw-carousel-item\">\n                        <div class=\"taxonoomy-wide-grid-element\">                        <div class=\"slg-half\">\n                            <a data-grid-start-index=\"6\" href=\"https:\/\/manchajucarcentro.com\/turismo\/recurso\/casa-de-los-atienza-o-del-inquisidor\/\" class=\"slg-gallery-cover\"><img loading=\"lazy\" decoding=\"async\" width=\"1150\" height=\"768\" src=\"https:\/\/manchajucarcentro.com\/turismo\/wp-content\/uploads\/2024\/11\/Casa-del-Inquisidor_de-los-Atienza-La-Roda-2.jpg\" class=\"attachment-listeo-gallery size-listeo-gallery wp-post-image\" alt=\"\" srcset=\"https:\/\/manchajucarcentro.com\/turismo\/wp-content\/uploads\/2024\/11\/Casa-del-Inquisidor_de-los-Atienza-La-Roda-2.jpg 1150w, https:\/\/manchajucarcentro.com\/turismo\/wp-content\/uploads\/2024\/11\/Casa-del-Inquisidor_de-los-Atienza-La-Roda-2-300x200.jpg 300w, https:\/\/manchajucarcentro.com\/turismo\/wp-content\/uploads\/2024\/11\/Casa-del-Inquisidor_de-los-Atienza-La-Roda-2-1024x684.jpg 1024w, https:\/\/manchajucarcentro.com\/turismo\/wp-content\/uploads\/2024\/11\/Casa-del-Inquisidor_de-los-Atienza-La-Roda-2-768x513.jpg 768w, https:\/\/manchajucarcentro.com\/turismo\/wp-content\/uploads\/2024\/11\/Casa-del-Inquisidor_de-los-Atienza-La-Roda-2-590x394.jpg 590w, https:\/\/manchajucarcentro.com\/turismo\/wp-content\/uploads\/2024\/11\/Casa-del-Inquisidor_de-los-Atienza-La-Roda-2-1003x670.jpg 1003w, https:\/\/manchajucarcentro.com\/turismo\/wp-content\/uploads\/2024\/11\/Casa-del-Inquisidor_de-los-Atienza-La-Roda-2-577x385.jpg 577w\" sizes=\"(max-width: 1150px) 100vw, 1150px\" \/><\/a>\n                            <h4>Casa de los Atienza o del Inquisidor<\/h4>\n                        <\/div>                        <div class=\"slg-half\">\n                            <div class=\"slg-grid\">\n                                <div class=\"slg-grid-top\">\n                                    <div class=\"slg-grid-inner\">\n                                        <a data-grid-start-index=\"7\" href=\"https:\/\/manchajucarcentro.com\/turismo\/recurso\/hostal-asador-los-amigos\/\" class=\"slg-gallery-cover\"><img loading=\"lazy\" decoding=\"async\" width=\"1000\" height=\"1000\" src=\"https:\/\/manchajucarcentro.com\/turismo\/wp-content\/uploads\/2024\/11\/Hostal-Asador-Los-Amigos-La-Roda-7.jpeg\" class=\"attachment-listeo-gallery size-listeo-gallery wp-post-image\" alt=\"\" srcset=\"https:\/\/manchajucarcentro.com\/turismo\/wp-content\/uploads\/2024\/11\/Hostal-Asador-Los-Amigos-La-Roda-7.jpeg 1000w, https:\/\/manchajucarcentro.com\/turismo\/wp-content\/uploads\/2024\/11\/Hostal-Asador-Los-Amigos-La-Roda-7-300x300.jpeg 300w, https:\/\/manchajucarcentro.com\/turismo\/wp-content\/uploads\/2024\/11\/Hostal-Asador-Los-Amigos-La-Roda-7-150x150.jpeg 150w, https:\/\/manchajucarcentro.com\/turismo\/wp-content\/uploads\/2024\/11\/Hostal-Asador-Los-Amigos-La-Roda-7-768x768.jpeg 768w, https:\/\/manchajucarcentro.com\/turismo\/wp-content\/uploads\/2024\/11\/Hostal-Asador-Los-Amigos-La-Roda-7-590x590.jpeg 590w, https:\/\/manchajucarcentro.com\/turismo\/wp-content\/uploads\/2024\/11\/Hostal-Asador-Los-Amigos-La-Roda-7-670x670.jpeg 670w, https:\/\/manchajucarcentro.com\/turismo\/wp-content\/uploads\/2024\/11\/Hostal-Asador-Los-Amigos-La-Roda-7-577x577.jpeg 577w, https:\/\/manchajucarcentro.com\/turismo\/wp-content\/uploads\/2024\/11\/Hostal-Asador-Los-Amigos-La-Roda-7-200x200.jpeg 200w\" sizes=\"(max-width: 1000px) 100vw, 1000px\" \/><\/a>\n                                        <h4>Hostal Asador Los Amigos<\/h4>\n                                    <\/div>\n                                <\/div>\n                                                            <div class=\"slg-grid-bottom\">\n                                    <div class=\"slg-grid-inner\">\n                                        <a data-grid-start-index=\"8\" href=\"https:\/\/manchajucarcentro.com\/turismo\/recurso\/ermita-de-san-isidro\/\" class=\"slg-gallery-cover\"><img loading=\"lazy\" decoding=\"async\" width=\"1200\" height=\"904\" src=\"https:\/\/manchajucarcentro.com\/turismo\/wp-content\/uploads\/2024\/11\/Ermita-de-San-Isidro-La-Roda-1-1200x904.jpg\" class=\"attachment-listeo-gallery size-listeo-gallery wp-post-image\" alt=\"\" srcset=\"https:\/\/manchajucarcentro.com\/turismo\/wp-content\/uploads\/2024\/11\/Ermita-de-San-Isidro-La-Roda-1-1200x904.jpg 1200w, https:\/\/manchajucarcentro.com\/turismo\/wp-content\/uploads\/2024\/11\/Ermita-de-San-Isidro-La-Roda-1-300x226.jpg 300w, https:\/\/manchajucarcentro.com\/turismo\/wp-content\/uploads\/2024\/11\/Ermita-de-San-Isidro-La-Roda-1-1024x771.jpg 1024w, https:\/\/manchajucarcentro.com\/turismo\/wp-content\/uploads\/2024\/11\/Ermita-de-San-Isidro-La-Roda-1-768x578.jpg 768w, https:\/\/manchajucarcentro.com\/turismo\/wp-content\/uploads\/2024\/11\/Ermita-de-San-Isidro-La-Roda-1-1536x1157.jpg 1536w, https:\/\/manchajucarcentro.com\/turismo\/wp-content\/uploads\/2024\/11\/Ermita-de-San-Isidro-La-Roda-1-590x444.jpg 590w, https:\/\/manchajucarcentro.com\/turismo\/wp-content\/uploads\/2024\/11\/Ermita-de-San-Isidro-La-Roda-1-890x670.jpg 890w, https:\/\/manchajucarcentro.com\/turismo\/wp-content\/uploads\/2024\/11\/Ermita-de-San-Isidro-La-Roda-1-577x434.jpg 577w, https:\/\/manchajucarcentro.com\/turismo\/wp-content\/uploads\/2024\/11\/Ermita-de-San-Isidro-La-Roda-1.jpg 2048w\" sizes=\"(max-width: 1200px) 100vw, 1200px\" \/><\/a>\n                                        <h4>Ermita de San Isidro<\/h4>\n                                    <\/div>\n\n                                <\/div>\n\n                            <\/div>\n                        <\/div>\n                        <\/div><\/div><div class=\"fw-carousel-item\">\n                        <div class=\"taxonoomy-wide-grid-element\">                        <div class=\"slg-half\">\n                            <a data-grid-start-index=\"9\" href=\"https:\/\/manchajucarcentro.com\/turismo\/recurso\/confiteria-gaymon\/\" class=\"slg-gallery-cover\"><img loading=\"lazy\" decoding=\"async\" width=\"1000\" height=\"846\" src=\"https:\/\/manchajucarcentro.com\/turismo\/wp-content\/uploads\/2024\/11\/Confiteria-Gaymon-La-Roda-2.jpeg\" class=\"attachment-listeo-gallery size-listeo-gallery wp-post-image\" alt=\"\" srcset=\"https:\/\/manchajucarcentro.com\/turismo\/wp-content\/uploads\/2024\/11\/Confiteria-Gaymon-La-Roda-2.jpeg 1000w, https:\/\/manchajucarcentro.com\/turismo\/wp-content\/uploads\/2024\/11\/Confiteria-Gaymon-La-Roda-2-300x254.jpeg 300w, https:\/\/manchajucarcentro.com\/turismo\/wp-content\/uploads\/2024\/11\/Confiteria-Gaymon-La-Roda-2-768x650.jpeg 768w, https:\/\/manchajucarcentro.com\/turismo\/wp-content\/uploads\/2024\/11\/Confiteria-Gaymon-La-Roda-2-590x499.jpeg 590w, https:\/\/manchajucarcentro.com\/turismo\/wp-content\/uploads\/2024\/11\/Confiteria-Gaymon-La-Roda-2-792x670.jpeg 792w, https:\/\/manchajucarcentro.com\/turismo\/wp-content\/uploads\/2024\/11\/Confiteria-Gaymon-La-Roda-2-577x488.jpeg 577w\" sizes=\"(max-width: 1000px) 100vw, 1000px\" \/><\/a>\n                            <h4>Confiter\u00eda Gaymon<\/h4>\n                        <\/div>                        <div class=\"slg-half\">\n                            <div class=\"slg-grid\">\n                                <div class=\"slg-grid-top\">\n                                    <div class=\"slg-grid-inner\">\n                                        <a data-grid-start-index=\"10\" href=\"https:\/\/manchajucarcentro.com\/turismo\/recurso\/hotel-restaurante-juanito\/\" class=\"slg-gallery-cover\"><img loading=\"lazy\" decoding=\"async\" width=\"900\" height=\"600\" src=\"https:\/\/manchajucarcentro.com\/turismo\/wp-content\/uploads\/2024\/10\/Hotel-Restaurante-Juanito-La-Roda-2.jpg\" class=\"attachment-listeo-gallery size-listeo-gallery wp-post-image\" alt=\"\" srcset=\"https:\/\/manchajucarcentro.com\/turismo\/wp-content\/uploads\/2024\/10\/Hotel-Restaurante-Juanito-La-Roda-2.jpg 900w, https:\/\/manchajucarcentro.com\/turismo\/wp-content\/uploads\/2024\/10\/Hotel-Restaurante-Juanito-La-Roda-2-300x200.jpg 300w, https:\/\/manchajucarcentro.com\/turismo\/wp-content\/uploads\/2024\/10\/Hotel-Restaurante-Juanito-La-Roda-2-768x512.jpg 768w, https:\/\/manchajucarcentro.com\/turismo\/wp-content\/uploads\/2024\/10\/Hotel-Restaurante-Juanito-La-Roda-2-590x393.jpg 590w, https:\/\/manchajucarcentro.com\/turismo\/wp-content\/uploads\/2024\/10\/Hotel-Restaurante-Juanito-La-Roda-2-577x385.jpg 577w\" sizes=\"(max-width: 900px) 100vw, 900px\" \/><\/a>\n                                        <h4>Hotel Restaurante Juanito<\/h4>\n                                    <\/div>\n                                <\/div>\n                                                            <div class=\"slg-grid-bottom\">\n                                    <div class=\"slg-grid-inner\">\n                                        <a data-grid-start-index=\"11\" href=\"https:\/\/manchajucarcentro.com\/turismo\/recurso\/bodega-sierra-norte\/\" class=\"slg-gallery-cover\"><img loading=\"lazy\" decoding=\"async\" width=\"1000\" height=\"667\" src=\"https:\/\/manchajucarcentro.com\/turismo\/wp-content\/uploads\/2024\/11\/Bodega-Sierra-Norte-La-Roda-5.jpg\" class=\"attachment-listeo-gallery size-listeo-gallery wp-post-image\" alt=\"\" srcset=\"https:\/\/manchajucarcentro.com\/turismo\/wp-content\/uploads\/2024\/11\/Bodega-Sierra-Norte-La-Roda-5.jpg 1000w, https:\/\/manchajucarcentro.com\/turismo\/wp-content\/uploads\/2024\/11\/Bodega-Sierra-Norte-La-Roda-5-300x200.jpg 300w, https:\/\/manchajucarcentro.com\/turismo\/wp-content\/uploads\/2024\/11\/Bodega-Sierra-Norte-La-Roda-5-768x512.jpg 768w, https:\/\/manchajucarcentro.com\/turismo\/wp-content\/uploads\/2024\/11\/Bodega-Sierra-Norte-La-Roda-5-590x394.jpg 590w, https:\/\/manchajucarcentro.com\/turismo\/wp-content\/uploads\/2024\/11\/Bodega-Sierra-Norte-La-Roda-5-577x385.jpg 577w\" sizes=\"(max-width: 1000px) 100vw, 1000px\" \/><\/a>\n                                        <h4>Bodega Sierra Norte<\/h4>\n                                    <\/div>\n\n                                <\/div>\n\n                            <\/div>\n                        <\/div>\n                        <\/div><\/div><div class=\"fw-carousel-item\">\n                        <div class=\"taxonoomy-wide-grid-element\">                        <div class=\"slg-half\">\n                            <a data-grid-start-index=\"12\" href=\"https:\/\/manchajucarcentro.com\/turismo\/recurso\/hotel-restaurante-el-sueno-de-jemik\/\" class=\"slg-gallery-cover\"><img loading=\"lazy\" decoding=\"async\" width=\"1200\" height=\"757\" src=\"https:\/\/manchajucarcentro.com\/turismo\/wp-content\/uploads\/2024\/10\/Hotel-El-sueno-de-Jemik-1.jpg\" class=\"attachment-listeo-gallery size-listeo-gallery wp-post-image\" alt=\"\" srcset=\"https:\/\/manchajucarcentro.com\/turismo\/wp-content\/uploads\/2024\/10\/Hotel-El-sueno-de-Jemik-1.jpg 1200w, https:\/\/manchajucarcentro.com\/turismo\/wp-content\/uploads\/2024\/10\/Hotel-El-sueno-de-Jemik-1-300x189.jpg 300w, https:\/\/manchajucarcentro.com\/turismo\/wp-content\/uploads\/2024\/10\/Hotel-El-sueno-de-Jemik-1-1024x646.jpg 1024w, https:\/\/manchajucarcentro.com\/turismo\/wp-content\/uploads\/2024\/10\/Hotel-El-sueno-de-Jemik-1-768x484.jpg 768w, https:\/\/manchajucarcentro.com\/turismo\/wp-content\/uploads\/2024\/10\/Hotel-El-sueno-de-Jemik-1-590x372.jpg 590w, https:\/\/manchajucarcentro.com\/turismo\/wp-content\/uploads\/2024\/10\/Hotel-El-sueno-de-Jemik-1-1062x670.jpg 1062w, https:\/\/manchajucarcentro.com\/turismo\/wp-content\/uploads\/2024\/10\/Hotel-El-sueno-de-Jemik-1-577x364.jpg 577w\" sizes=\"(max-width: 1200px) 100vw, 1200px\" \/><\/a>\n                            <h4>Hotel-Restaurante El Sue\u00f1o de Jemik<\/h4>\n                        <\/div>                        <div class=\"slg-half\">\n                            <div class=\"slg-grid\">\n                                <div class=\"slg-grid-top\">\n                                    <div class=\"slg-grid-inner\">\n                                        <a data-grid-start-index=\"13\" href=\"https:\/\/manchajucarcentro.com\/turismo\/recurso\/confiteria-collado\/\" class=\"slg-gallery-cover\"><img loading=\"lazy\" decoding=\"async\" width=\"960\" height=\"654\" src=\"https:\/\/manchajucarcentro.com\/turismo\/wp-content\/uploads\/2024\/11\/Confiteria-Collado-La-Roda-3.jpg\" class=\"attachment-listeo-gallery size-listeo-gallery wp-post-image\" alt=\"\" srcset=\"https:\/\/manchajucarcentro.com\/turismo\/wp-content\/uploads\/2024\/11\/Confiteria-Collado-La-Roda-3.jpg 960w, https:\/\/manchajucarcentro.com\/turismo\/wp-content\/uploads\/2024\/11\/Confiteria-Collado-La-Roda-3-300x204.jpg 300w, https:\/\/manchajucarcentro.com\/turismo\/wp-content\/uploads\/2024\/11\/Confiteria-Collado-La-Roda-3-768x523.jpg 768w, https:\/\/manchajucarcentro.com\/turismo\/wp-content\/uploads\/2024\/11\/Confiteria-Collado-La-Roda-3-590x402.jpg 590w, https:\/\/manchajucarcentro.com\/turismo\/wp-content\/uploads\/2024\/11\/Confiteria-Collado-La-Roda-3-577x393.jpg 577w\" sizes=\"(max-width: 960px) 100vw, 960px\" \/><\/a>\n                                        <h4>Confiter\u00eda Collado<\/h4>\n                                    <\/div>\n                                <\/div>\n                                                            <div class=\"slg-grid-bottom\">\n                                    <div class=\"slg-grid-inner\">\n                                        <a data-grid-start-index=\"14\" href=\"https:\/\/manchajucarcentro.com\/turismo\/recurso\/posada-del-sol\/\" class=\"slg-gallery-cover\"><img loading=\"lazy\" decoding=\"async\" width=\"1200\" height=\"800\" src=\"https:\/\/manchajucarcentro.com\/turismo\/wp-content\/uploads\/2024\/11\/Posada-del-Sol-La-Roda-2-1200x800.jpg\" class=\"attachment-listeo-gallery size-listeo-gallery wp-post-image\" alt=\"\" srcset=\"https:\/\/manchajucarcentro.com\/turismo\/wp-content\/uploads\/2024\/11\/Posada-del-Sol-La-Roda-2-1200x800.jpg 1200w, https:\/\/manchajucarcentro.com\/turismo\/wp-content\/uploads\/2024\/11\/Posada-del-Sol-La-Roda-2-300x200.jpg 300w, https:\/\/manchajucarcentro.com\/turismo\/wp-content\/uploads\/2024\/11\/Posada-del-Sol-La-Roda-2-1024x683.jpg 1024w, https:\/\/manchajucarcentro.com\/turismo\/wp-content\/uploads\/2024\/11\/Posada-del-Sol-La-Roda-2-768x512.jpg 768w, https:\/\/manchajucarcentro.com\/turismo\/wp-content\/uploads\/2024\/11\/Posada-del-Sol-La-Roda-2-1536x1024.jpg 1536w, https:\/\/manchajucarcentro.com\/turismo\/wp-content\/uploads\/2024\/11\/Posada-del-Sol-La-Roda-2-590x393.jpg 590w, https:\/\/manchajucarcentro.com\/turismo\/wp-content\/uploads\/2024\/11\/Posada-del-Sol-La-Roda-2-1005x670.jpg 1005w, https:\/\/manchajucarcentro.com\/turismo\/wp-content\/uploads\/2024\/11\/Posada-del-Sol-La-Roda-2-577x385.jpg 577w, https:\/\/manchajucarcentro.com\/turismo\/wp-content\/uploads\/2024\/11\/Posada-del-Sol-La-Roda-2.jpg 1920w\" sizes=\"(max-width: 1200px) 100vw, 1200px\" \/><\/a>\n                                        <h4>Posada del Sol<\/h4>\n                                    <\/div>\n\n                                <\/div>\n\n                            <\/div>\n                        <\/div>\n                        <\/div><\/div><div class=\"fw-carousel-item\">\n                        <div class=\"taxonoomy-wide-grid-element\">                        <div class=\"slg-half\">\n                            <a data-grid-start-index=\"15\" href=\"https:\/\/manchajucarcentro.com\/turismo\/recurso\/la-h-minuscula\/\" class=\"slg-gallery-cover\"><img loading=\"lazy\" decoding=\"async\" width=\"1200\" height=\"800\" src=\"https:\/\/manchajucarcentro.com\/turismo\/wp-content\/uploads\/2024\/11\/la-h-minuscula-La-Roda-1200x800.jpg\" class=\"attachment-listeo-gallery size-listeo-gallery wp-post-image\" alt=\"\" srcset=\"https:\/\/manchajucarcentro.com\/turismo\/wp-content\/uploads\/2024\/11\/la-h-minuscula-La-Roda-1200x800.jpg 1200w, https:\/\/manchajucarcentro.com\/turismo\/wp-content\/uploads\/2024\/11\/la-h-minuscula-La-Roda-300x200.jpg 300w, https:\/\/manchajucarcentro.com\/turismo\/wp-content\/uploads\/2024\/11\/la-h-minuscula-La-Roda-1024x683.jpg 1024w, https:\/\/manchajucarcentro.com\/turismo\/wp-content\/uploads\/2024\/11\/la-h-minuscula-La-Roda-768x512.jpg 768w, https:\/\/manchajucarcentro.com\/turismo\/wp-content\/uploads\/2024\/11\/la-h-minuscula-La-Roda-590x393.jpg 590w, https:\/\/manchajucarcentro.com\/turismo\/wp-content\/uploads\/2024\/11\/la-h-minuscula-La-Roda-1005x670.jpg 1005w, https:\/\/manchajucarcentro.com\/turismo\/wp-content\/uploads\/2024\/11\/la-h-minuscula-La-Roda-577x385.jpg 577w, https:\/\/manchajucarcentro.com\/turismo\/wp-content\/uploads\/2024\/11\/la-h-minuscula-La-Roda.jpg 1536w\" sizes=\"(max-width: 1200px) 100vw, 1200px\" \/><\/a>\n                            <h4>La h min\u00fascula<\/h4>\n                        <\/div>                        <div class=\"slg-half\">\n                            <div class=\"slg-grid\">\n                                <div class=\"slg-grid-top\">\n                                    <div class=\"slg-grid-inner\">\n                                        <a data-grid-start-index=\"16\" href=\"https:\/\/manchajucarcentro.com\/turismo\/recurso\/casa-rural-chalet-de-los-olivos\/\" class=\"slg-gallery-cover\"><img loading=\"lazy\" decoding=\"async\" width=\"750\" height=\"562\" src=\"https:\/\/manchajucarcentro.com\/turismo\/wp-content\/uploads\/2024\/11\/Chalet-de-los-olivos-La-Roda-4.webp\" class=\"attachment-listeo-gallery size-listeo-gallery wp-post-image\" alt=\"\" srcset=\"https:\/\/manchajucarcentro.com\/turismo\/wp-content\/uploads\/2024\/11\/Chalet-de-los-olivos-La-Roda-4.webp 750w, https:\/\/manchajucarcentro.com\/turismo\/wp-content\/uploads\/2024\/11\/Chalet-de-los-olivos-La-Roda-4-300x225.webp 300w, https:\/\/manchajucarcentro.com\/turismo\/wp-content\/uploads\/2024\/11\/Chalet-de-los-olivos-La-Roda-4-590x442.webp 590w, https:\/\/manchajucarcentro.com\/turismo\/wp-content\/uploads\/2024\/11\/Chalet-de-los-olivos-La-Roda-4-577x432.webp 577w\" sizes=\"(max-width: 750px) 100vw, 750px\" \/><\/a>\n                                        <h4>Casa Rural Chalet de los Olivos<\/h4>\n                                    <\/div>\n                                <\/div>\n                                                            <div class=\"slg-grid-bottom\">\n                                    <div class=\"slg-grid-inner\">\n                                        <a data-grid-start-index=\"17\" href=\"https:\/\/manchajucarcentro.com\/turismo\/recurso\/parque-adolfo-suarez\/\" class=\"slg-gallery-cover\"><img loading=\"lazy\" decoding=\"async\" width=\"1200\" height=\"879\" src=\"https:\/\/manchajucarcentro.com\/turismo\/wp-content\/uploads\/2024\/11\/Parque-Adolfo-Suarez-La-Roda-2-1200x879.jpg\" class=\"attachment-listeo-gallery size-listeo-gallery wp-post-image\" alt=\"\" srcset=\"https:\/\/manchajucarcentro.com\/turismo\/wp-content\/uploads\/2024\/11\/Parque-Adolfo-Suarez-La-Roda-2-1200x879.jpg 1200w, https:\/\/manchajucarcentro.com\/turismo\/wp-content\/uploads\/2024\/11\/Parque-Adolfo-Suarez-La-Roda-2-300x220.jpg 300w, https:\/\/manchajucarcentro.com\/turismo\/wp-content\/uploads\/2024\/11\/Parque-Adolfo-Suarez-La-Roda-2-1024x750.jpg 1024w, https:\/\/manchajucarcentro.com\/turismo\/wp-content\/uploads\/2024\/11\/Parque-Adolfo-Suarez-La-Roda-2-768x562.jpg 768w, https:\/\/manchajucarcentro.com\/turismo\/wp-content\/uploads\/2024\/11\/Parque-Adolfo-Suarez-La-Roda-2-1536x1125.jpg 1536w, https:\/\/manchajucarcentro.com\/turismo\/wp-content\/uploads\/2024\/11\/Parque-Adolfo-Suarez-La-Roda-2-590x432.jpg 590w, https:\/\/manchajucarcentro.com\/turismo\/wp-content\/uploads\/2024\/11\/Parque-Adolfo-Suarez-La-Roda-2-915x670.jpg 915w, https:\/\/manchajucarcentro.com\/turismo\/wp-content\/uploads\/2024\/11\/Parque-Adolfo-Suarez-La-Roda-2-577x422.jpg 577w, https:\/\/manchajucarcentro.com\/turismo\/wp-content\/uploads\/2024\/11\/Parque-Adolfo-Suarez-La-Roda-2.jpg 1643w\" sizes=\"(max-width: 1200px) 100vw, 1200px\" \/><\/a>\n                                        <h4>Parque Adolfo Su\u00e1rez<\/h4>\n                                    <\/div>\n\n                                <\/div>\n\n                            <\/div>\n                        <\/div>\n                        <\/div><\/div><div class=\"fw-carousel-item\">\n                        <div class=\"taxonoomy-wide-grid-element\">                        <div class=\"slg-half\">\n                            <a data-grid-start-index=\"18\" href=\"https:\/\/manchajucarcentro.com\/turismo\/recurso\/museo-municipal-antonio-martinez\/\" class=\"slg-gallery-cover\"><img loading=\"lazy\" decoding=\"async\" width=\"975\" height=\"515\" src=\"https:\/\/manchajucarcentro.com\/turismo\/wp-content\/uploads\/2024\/11\/Museo-Etnografico-de-la-Roda-La-Roda-1.jpg\" class=\"attachment-listeo-gallery size-listeo-gallery wp-post-image\" alt=\"\" srcset=\"https:\/\/manchajucarcentro.com\/turismo\/wp-content\/uploads\/2024\/11\/Museo-Etnografico-de-la-Roda-La-Roda-1.jpg 975w, https:\/\/manchajucarcentro.com\/turismo\/wp-content\/uploads\/2024\/11\/Museo-Etnografico-de-la-Roda-La-Roda-1-300x158.jpg 300w, https:\/\/manchajucarcentro.com\/turismo\/wp-content\/uploads\/2024\/11\/Museo-Etnografico-de-la-Roda-La-Roda-1-768x406.jpg 768w, https:\/\/manchajucarcentro.com\/turismo\/wp-content\/uploads\/2024\/11\/Museo-Etnografico-de-la-Roda-La-Roda-1-590x312.jpg 590w, https:\/\/manchajucarcentro.com\/turismo\/wp-content\/uploads\/2024\/11\/Museo-Etnografico-de-la-Roda-La-Roda-1-577x305.jpg 577w\" sizes=\"(max-width: 975px) 100vw, 975px\" \/><\/a>\n                            <h4>Museo Municipal Antonio Mart\u00ednez<\/h4>\n                        <\/div>                        <div class=\"slg-half\">\n                            <div class=\"slg-grid\">\n                                <div class=\"slg-grid-top\">\n                                    <div class=\"slg-grid-inner\">\n                                        <a data-grid-start-index=\"19\" href=\"https:\/\/manchajucarcentro.com\/turismo\/recurso\/centro-cultural-san-sebastian\/\" class=\"slg-gallery-cover\"><img loading=\"lazy\" decoding=\"async\" width=\"1200\" height=\"795\" src=\"https:\/\/manchajucarcentro.com\/turismo\/wp-content\/uploads\/2024\/12\/Centro-Cultural-San-Sebastian-La-Roda-1-1200x795.jpg\" class=\"attachment-listeo-gallery size-listeo-gallery wp-post-image\" alt=\"\" srcset=\"https:\/\/manchajucarcentro.com\/turismo\/wp-content\/uploads\/2024\/12\/Centro-Cultural-San-Sebastian-La-Roda-1-1200x795.jpg 1200w, https:\/\/manchajucarcentro.com\/turismo\/wp-content\/uploads\/2024\/12\/Centro-Cultural-San-Sebastian-La-Roda-1-300x199.jpg 300w, https:\/\/manchajucarcentro.com\/turismo\/wp-content\/uploads\/2024\/12\/Centro-Cultural-San-Sebastian-La-Roda-1-1024x678.jpg 1024w, https:\/\/manchajucarcentro.com\/turismo\/wp-content\/uploads\/2024\/12\/Centro-Cultural-San-Sebastian-La-Roda-1-768x509.jpg 768w, https:\/\/manchajucarcentro.com\/turismo\/wp-content\/uploads\/2024\/12\/Centro-Cultural-San-Sebastian-La-Roda-1-1536x1018.jpg 1536w, https:\/\/manchajucarcentro.com\/turismo\/wp-content\/uploads\/2024\/12\/Centro-Cultural-San-Sebastian-La-Roda-1-590x391.jpg 590w, https:\/\/manchajucarcentro.com\/turismo\/wp-content\/uploads\/2024\/12\/Centro-Cultural-San-Sebastian-La-Roda-1-1011x670.jpg 1011w, https:\/\/manchajucarcentro.com\/turismo\/wp-content\/uploads\/2024\/12\/Centro-Cultural-San-Sebastian-La-Roda-1-577x382.jpg 577w, https:\/\/manchajucarcentro.com\/turismo\/wp-content\/uploads\/2024\/12\/Centro-Cultural-San-Sebastian-La-Roda-1.jpg 1600w\" sizes=\"(max-width: 1200px) 100vw, 1200px\" \/><\/a>\n                                        <h4>Centro Cultural San Sebasti\u00e1n<\/h4>\n                                    <\/div>\n                                <\/div>\n                                                            <div class=\"slg-grid-bottom\">\n                                    <div class=\"slg-grid-inner\">\n                                        <a data-grid-start-index=\"20\" href=\"https:\/\/manchajucarcentro.com\/turismo\/recurso\/hostal-restaurante-el-poligono\/\" class=\"slg-gallery-cover\"><img loading=\"lazy\" decoding=\"async\" width=\"1200\" height=\"675\" src=\"https:\/\/manchajucarcentro.com\/turismo\/wp-content\/uploads\/2024\/10\/Hostal-Restaurante-el-Poligono-2-1200x675.jpg\" class=\"attachment-listeo-gallery size-listeo-gallery wp-post-image\" alt=\"\" srcset=\"https:\/\/manchajucarcentro.com\/turismo\/wp-content\/uploads\/2024\/10\/Hostal-Restaurante-el-Poligono-2-1200x675.jpg 1200w, https:\/\/manchajucarcentro.com\/turismo\/wp-content\/uploads\/2024\/10\/Hostal-Restaurante-el-Poligono-2-300x169.jpg 300w, https:\/\/manchajucarcentro.com\/turismo\/wp-content\/uploads\/2024\/10\/Hostal-Restaurante-el-Poligono-2-1024x576.jpg 1024w, https:\/\/manchajucarcentro.com\/turismo\/wp-content\/uploads\/2024\/10\/Hostal-Restaurante-el-Poligono-2-768x432.jpg 768w, https:\/\/manchajucarcentro.com\/turismo\/wp-content\/uploads\/2024\/10\/Hostal-Restaurante-el-Poligono-2-590x332.jpg 590w, https:\/\/manchajucarcentro.com\/turismo\/wp-content\/uploads\/2024\/10\/Hostal-Restaurante-el-Poligono-2-1192x670.jpg 1192w, https:\/\/manchajucarcentro.com\/turismo\/wp-content\/uploads\/2024\/10\/Hostal-Restaurante-el-Poligono-2-577x324.jpg 577w, https:\/\/manchajucarcentro.com\/turismo\/wp-content\/uploads\/2024\/10\/Hostal-Restaurante-el-Poligono-2.jpg 1366w\" sizes=\"(max-width: 1200px) 100vw, 1200px\" \/><\/a>\n                                        <h4>Hostal Restaurante El Pol\u00edgono<\/h4>\n                                    <\/div>\n\n                                <\/div>\n\n                            <\/div>\n                        <\/div>\n                                <\/div>\n\t\t<\/div>\n\t\t\t\t<\/div>\n\t\t\t\t\t<\/div>\n\t\t\t\t<\/div>\n\t\t<div class=\"elementor-element elementor-element-31d51ee e-flex e-con-boxed e-con e-parent\" data-id=\"31d51ee\" data-element_type=\"container\">\n\t\t\t\t\t<div class=\"e-con-inner\">\n\t\t\t\t<div class=\"elementor-element elementor-element-e924a67 elementor-align-center elementor-widget elementor-widget-button\" data-id=\"e924a67\" data-element_type=\"widget\" data-widget_type=\"button.default\">\n\t\t\t\t<div class=\"elementor-widget-container\">\n\t\t\t\t\t<div class=\"elementor-button-wrapper\">\n\t\t\t<a class=\"elementor-button elementor-button-link elementor-size-sm\" href=\"http:\/\/manchajucarcentro.com\/turismo\/municipio\/la-roda\">\n\t\t\t\t\t\t<span class=\"elementor-button-content-wrapper\">\n\t\t\t\t\t\t\t\t\t<span class=\"elementor-button-text\">Ver todos<\/span>\n\t\t\t\t\t<\/span>\n\t\t\t\t\t<\/a>\n\t\t<\/div>\n\t\t\t\t<\/div>\n\t\t\t\t<\/div>\n\t\t\t\t\t<\/div>\n\t\t\t\t<\/div>\n\t\t<div class=\"elementor-element elementor-element-ab5a880 e-flex e-con-boxed e-con e-parent\" data-id=\"ab5a880\" data-element_type=\"container\" data-settings=\"{&quot;background_background&quot;:&quot;classic&quot;}\">\n\t\t\t\t\t<div class=\"e-con-inner\">\n\t\t\t\t<div class=\"elementor-element elementor-element-0f667a1 elementor-widget__width-initial elementor-widget elementor-widget-listeo-headline\" data-id=\"0f667a1\" data-element_type=\"widget\" data-widget_type=\"listeo-headline.default\">\n\t\t\t\t<div class=\"elementor-widget-container\">\n\t\t\t\t\t<h3 \n\t\tstyle=\"text-align:center;\" class=\"headline  headline-aligned-to-center headline-extra-spacing headline-box  headline-with-subtitle \"> D\u00f3nde comer en La Roda  <span > Todo el sabor de la cocina tradicional castellana<\/span><\/h3>\n\t\t\t\t<\/div>\n\t\t\t\t<\/div>\n\t\t\t\t<div class=\"elementor-element elementor-element-d2b925f elementor-widget elementor-widget-listeo-listings-carousel\" data-id=\"d2b925f\" data-element_type=\"widget\" data-widget_type=\"listeo-listings-carousel.default\">\n\t\t\t\t<div class=\"elementor-widget-container\">\n\t\t\t        <!-- Carousel \/ Start -->\n        \t<div class=\"simple-slick-carousel dots-nav\"  data-slick='{\"autoplay\": true, \"autoplaySpeed\": 3000}' >\n                            <div class=\"fw-carousel-item\">                    \n                        <!-- Listing Item -->\r\n        <a href=\"https:\/\/manchajucarcentro.com\/turismo\/recurso\/restaurante-casa-juanmi\/\"  class=\"listing-item-container listing-geo-data compact\" \r\n\t\tdata-title=\"Restaurante Casa Juanmi\"\r\n\t\tdata-listing-type=\"service\"\r\n\t\tdata-classifieds-price=\"\u20ac\"\r\n\t\tdata-friendly-address=\"C. M\u00e1rtires, 193, 02630 La Roda, Albacete\"\r\n\t\tdata-address=\"C. M\u00e1rtires, 193, 02630 La Roda, Albacete\"\r\n\t\tdata-image=\"https:\/\/manchajucarcentro.com\/turismo\/wp-content\/uploads\/2024\/11\/Restaurante-Casa-Juanmi-La-Roda-4-520x397.jpeg\"\r\n\t\tdata-longitude=\"39.20914683320313\"\r\n\t\tdata-latitude=\"-2.165150286523168\"\r\n\t\t\t\tdata-icon=\"&lt;i class=&quot;fab fa-500px&quot;&gt;&lt;\/i&gt;\"\r\n\r\n\t>\r\n            <div class=\"listing-item  \">\r\n                <div class=\"listing-small-badges-container\">\r\n                                                                                                    \r\n                <\/div>\r\n                <img loading=\"lazy\" decoding=\"async\" width=\"520\" height=\"397\" src=\"https:\/\/manchajucarcentro.com\/turismo\/wp-content\/uploads\/2024\/11\/Restaurante-Casa-Juanmi-La-Roda-4-520x397.jpeg\" class=\"attachment-listeo-listing-grid size-listeo-listing-grid wp-post-image\" alt=\"\" \/>\r\n                                            <div class=\"listing-badge now-closed\">Cerrado ahora<\/div>\r\n                                        \r\n\r\n                <div class=\"listing-item-content\">\r\n                    \r\n                    <h3> Restaurante Casa Juanmi <\/h3>\r\n                    <span>C. M\u00e1rtires, 193, 02630 La Roda, Albacete<\/span>\r\n                <\/div>\r\n                                        <span class=\"save like-icon tooltip left\" title=\"Login To Bookmark Items\"><\/span>\r\n                                                <\/div>\r\n        <\/a>\r\n        \r\n\r\n        <!-- Listing Item \/ End -->\n                    <\/div>\n                                      <div class=\"fw-carousel-item\">                    \n                        <!-- Listing Item -->\r\n        <a href=\"https:\/\/manchajucarcentro.com\/turismo\/recurso\/heladeria-la-poma\/\"  class=\"listing-item-container listing-geo-data compact\" \r\n\t\tdata-title=\"Helader\u00eda LA POMA\"\r\n\t\tdata-listing-type=\"service\"\r\n\t\tdata-classifieds-price=\"\u20ac\"\r\n\t\tdata-friendly-address=\"Av. Juan Ram\u00f3n Ram\u00edrez, 3, 02630 La Roda, Albacete\"\r\n\t\tdata-address=\"Av. Juan Ram\u00f3n Ram\u00edrez, 3, 02630 La Roda, Albacete\"\r\n\t\tdata-image=\"https:\/\/manchajucarcentro.com\/turismo\/wp-content\/uploads\/2024\/11\/Heladeria-La-Poma1-520x397.webp\"\r\n\t\tdata-longitude=\"39.20284361201238\"\r\n\t\tdata-latitude=\"-2.156154965750509\"\r\n\t\t\t\tdata-icon=\"&lt;i class=&quot;fab fa-500px&quot;&gt;&lt;\/i&gt;\"\r\n\r\n\t>\r\n            <div class=\"listing-item  \">\r\n                <div class=\"listing-small-badges-container\">\r\n                                                                                                    \r\n                <\/div>\r\n                <img loading=\"lazy\" decoding=\"async\" width=\"520\" height=\"397\" src=\"https:\/\/manchajucarcentro.com\/turismo\/wp-content\/uploads\/2024\/11\/Heladeria-La-Poma1-520x397.webp\" class=\"attachment-listeo-listing-grid size-listeo-listing-grid wp-post-image\" alt=\"\" \/>\r\n                                        <div class=\"listing-badge now-open\">Abierto ahora<\/div>\r\n                        \r\n\r\n                <div class=\"listing-item-content\">\r\n                    \r\n                    <h3> Helader\u00eda LA POMA <\/h3>\r\n                    <span>Av. Juan Ram\u00f3n Ram\u00edrez, 3, 02630 La Roda, Albacete<\/span>\r\n                <\/div>\r\n                                        <span class=\"save like-icon tooltip left\" title=\"Login To Bookmark Items\"><\/span>\r\n                                                <\/div>\r\n        <\/a>\r\n        \r\n\r\n        <!-- Listing Item \/ End -->\n                    <\/div>\n                                      <div class=\"fw-carousel-item\">                    \n                        <!-- Listing Item -->\r\n        <a href=\"https:\/\/manchajucarcentro.com\/turismo\/recurso\/cafe-leo\/\"  class=\"listing-item-container listing-geo-data compact\" \r\n\t\tdata-title=\"Caf\u00e9 Leo\"\r\n\t\tdata-listing-type=\"service\"\r\n\t\tdata-classifieds-price=\"\u20ac\"\r\n\t\tdata-friendly-address=\"P.\u00ba Estaci\u00f3n, 5, 02630 La Roda, Albacete\"\r\n\t\tdata-address=\"P.\u00ba Estaci\u00f3n, 5, 02630 La Roda, Albacete\"\r\n\t\tdata-image=\"https:\/\/manchajucarcentro.com\/turismo\/wp-content\/uploads\/2024\/11\/Cafe-Bar-Leo-La-Roda-5-520x397.jpg\"\r\n\t\tdata-longitude=\"39.203370425216164\"\r\n\t\tdata-latitude=\"-2.1589484460467645\"\r\n\t\t\t\tdata-icon=\"&lt;i class=&quot;fab fa-500px&quot;&gt;&lt;\/i&gt;\"\r\n\r\n\t>\r\n            <div class=\"listing-item  \">\r\n                <div class=\"listing-small-badges-container\">\r\n                                                                                                    \r\n                <\/div>\r\n                <img loading=\"lazy\" decoding=\"async\" width=\"520\" height=\"397\" src=\"https:\/\/manchajucarcentro.com\/turismo\/wp-content\/uploads\/2024\/11\/Cafe-Bar-Leo-La-Roda-5-520x397.jpg\" class=\"attachment-listeo-listing-grid size-listeo-listing-grid wp-post-image\" alt=\"\" \/>\r\n                                        <div class=\"listing-badge now-open\">Abierto ahora<\/div>\r\n                        \r\n\r\n                <div class=\"listing-item-content\">\r\n                    \r\n                    <h3> Caf\u00e9 Leo <\/h3>\r\n                    <span>P.\u00ba Estaci\u00f3n, 5, 02630 La Roda, Albacete<\/span>\r\n                <\/div>\r\n                                        <span class=\"save like-icon tooltip left\" title=\"Login To Bookmark Items\"><\/span>\r\n                                                <\/div>\r\n        <\/a>\r\n        \r\n\r\n        <!-- Listing Item \/ End -->\n                    <\/div>\n                                      <div class=\"fw-carousel-item\">                    \n                        <!-- Listing Item -->\r\n        <a href=\"https:\/\/manchajucarcentro.com\/turismo\/recurso\/telepizza-la-roda\/\"  class=\"listing-item-container listing-geo-data compact\" \r\n\t\tdata-title=\"Telepizza La Roda\"\r\n\t\tdata-listing-type=\"service\"\r\n\t\tdata-classifieds-price=\"\u20ac\"\r\n\t\tdata-friendly-address=\"C. Tom\u00e1s Prieto, 26, 02630 La Roda, Albacete\"\r\n\t\tdata-address=\"C. Tom\u00e1s Prieto, 26, 02630 La Roda, Albacete\"\r\n\t\tdata-image=\"https:\/\/manchajucarcentro.com\/turismo\/wp-content\/uploads\/2024\/11\/Telepizza-La-Roda-520x397.png\"\r\n\t\tdata-longitude=\"39.20422657651714\"\r\n\t\tdata-latitude=\"-2.156346181655327\"\r\n\t\t\t\tdata-icon=\"&lt;i class=&quot;fab fa-500px&quot;&gt;&lt;\/i&gt;\"\r\n\r\n\t>\r\n            <div class=\"listing-item  \">\r\n                <div class=\"listing-small-badges-container\">\r\n                                                                                                    \r\n                <\/div>\r\n                <img loading=\"lazy\" decoding=\"async\" width=\"520\" height=\"397\" src=\"https:\/\/manchajucarcentro.com\/turismo\/wp-content\/uploads\/2024\/11\/Telepizza-La-Roda-520x397.png\" class=\"attachment-listeo-listing-grid size-listeo-listing-grid wp-post-image\" alt=\"\" \/>\r\n                                        <div class=\"listing-badge now-open\">Abierto ahora<\/div>\r\n                        \r\n\r\n                <div class=\"listing-item-content\">\r\n                    \r\n                    <h3> Telepizza La Roda <\/h3>\r\n                    <span>C. Tom\u00e1s Prieto, 26, 02630 La Roda, Albacete<\/span>\r\n                <\/div>\r\n                                        <span class=\"save like-icon tooltip left\" title=\"Login To Bookmark Items\"><\/span>\r\n                                                <\/div>\r\n        <\/a>\r\n        \r\n\r\n        <!-- Listing Item \/ End -->\n                    <\/div>\n                                      <div class=\"fw-carousel-item\">                    \n                        <!-- Listing Item -->\r\n        <a href=\"https:\/\/manchajucarcentro.com\/turismo\/recurso\/hotel-restaurante-flor-de-la-mancha\/\"  class=\"listing-item-container listing-geo-data compact\" \r\n\t\tdata-title=\"Hotel Restaurante Flor de La Mancha\"\r\n\t\tdata-listing-type=\"service\"\r\n\t\tdata-classifieds-price=\"\u20ac\"\r\n\t\tdata-friendly-address=\"Calle de Alfredo Atienza, 139, bajo, 02630 La Roda, Albacete\"\r\n\t\tdata-address=\"Calle de Alfredo Atienza, 139, bajo, 02630 La Roda, Albacete\"\r\n\t\tdata-image=\"https:\/\/manchajucarcentro.com\/turismo\/wp-content\/uploads\/2024\/10\/Hotel-Restaurante-Flor-de-la-Mancha-6-520x397.jpg\"\r\n\t\tdata-longitude=\"39.20222906563987\"\r\n\t\tdata-latitude=\"-2.1490661613905475\"\r\n\t\t\t\tdata-icon=\"&lt;i class=&quot;fab fa-500px&quot;&gt;&lt;\/i&gt;\"\r\n\r\n\t>\r\n            <div class=\"listing-item  \">\r\n                <div class=\"listing-small-badges-container\">\r\n                                                                                                    \r\n                <\/div>\r\n                <img loading=\"lazy\" decoding=\"async\" width=\"520\" height=\"397\" src=\"https:\/\/manchajucarcentro.com\/turismo\/wp-content\/uploads\/2024\/10\/Hotel-Restaurante-Flor-de-la-Mancha-6-520x397.jpg\" class=\"attachment-listeo-listing-grid size-listeo-listing-grid wp-post-image\" alt=\"\" \/>\r\n                                        <div class=\"listing-badge now-open\">Abierto ahora<\/div>\r\n                        \r\n\r\n                <div class=\"listing-item-content\">\r\n                    \r\n                    <h3> Hotel Restaurante Flor de La Mancha <\/h3>\r\n                    <span>Calle de Alfredo Atienza, 139, bajo, 02630 La Roda, Albacete<\/span>\r\n                <\/div>\r\n                                        <span class=\"save like-icon tooltip left\" title=\"Login To Bookmark Items\"><\/span>\r\n                                                <\/div>\r\n        <\/a>\r\n        \r\n\r\n        <!-- Listing Item \/ End -->\n                    <\/div>\n                                      <div class=\"fw-carousel-item\">                    \n                        <!-- Listing Item -->\r\n        <a href=\"https:\/\/manchajucarcentro.com\/turismo\/recurso\/restaurante-molina\/\"  class=\"listing-item-container listing-geo-data compact\" \r\n\t\tdata-title=\"Restaurante Molina\"\r\n\t\tdata-listing-type=\"service\"\r\n\t\tdata-classifieds-price=\"\u20ac\"\r\n\t\tdata-friendly-address=\"C. Alfredo Atienza, 2, 02630 La Roda, Albacete\"\r\n\t\tdata-address=\"C. Alfredo Atienza, 2, 02630 La Roda, Albacete\"\r\n\t\tdata-image=\"https:\/\/manchajucarcentro.com\/turismo\/wp-content\/uploads\/2024\/11\/Restaurante-Molina-9-520x397.jpeg\"\r\n\t\tdata-longitude=\"39.20584249740619\"\r\n\t\tdata-latitude=\"-2.158078049749654\"\r\n\t\t\t\tdata-icon=\"&lt;i class=&quot;fab fa-500px&quot;&gt;&lt;\/i&gt;\"\r\n\r\n\t>\r\n            <div class=\"listing-item  \">\r\n                <div class=\"listing-small-badges-container\">\r\n                                                                                                    \r\n                <\/div>\r\n                <img loading=\"lazy\" decoding=\"async\" width=\"520\" height=\"397\" src=\"https:\/\/manchajucarcentro.com\/turismo\/wp-content\/uploads\/2024\/11\/Restaurante-Molina-9-520x397.jpeg\" class=\"attachment-listeo-listing-grid size-listeo-listing-grid wp-post-image\" alt=\"\" \/>\r\n                                        <div class=\"listing-badge now-open\">Abierto ahora<\/div>\r\n                        \r\n\r\n                <div class=\"listing-item-content\">\r\n                    \r\n                    <h3> Restaurante Molina <\/h3>\r\n                    <span>C. Alfredo Atienza, 2, 02630 La Roda, Albacete<\/span>\r\n                <\/div>\r\n                                        <span class=\"save like-icon tooltip left\" title=\"Login To Bookmark Items\"><\/span>\r\n                                                <\/div>\r\n        <\/a>\r\n        \r\n\r\n        <!-- Listing Item \/ End -->\n                    <\/div>\n                                      <div class=\"fw-carousel-item\">                    \n                        <!-- Listing Item -->\r\n        <a href=\"https:\/\/manchajucarcentro.com\/turismo\/recurso\/hotel-restaurante-el-sueno-de-jemik\/\"  class=\"listing-item-container listing-geo-data compact\" \r\n\t\tdata-title=\"Hotel-Restaurante El Sue\u00f1o de Jemik\"\r\n\t\tdata-listing-type=\"service\"\r\n\t\tdata-classifieds-price=\"\u20ac\"\r\n\t\tdata-friendly-address=\"Autov\u00eda de Alicante, Salida 40, 02630 La Roda, Albacete\"\r\n\t\tdata-address=\"Autov\u00eda de Alicante, Salida 40, 02630 La Roda, Albacete\"\r\n\t\tdata-image=\"https:\/\/manchajucarcentro.com\/turismo\/wp-content\/uploads\/2024\/10\/Hotel-El-sueno-de-Jemik-1-520x397.jpg\"\r\n\t\tdata-longitude=\"39.20191152903798\"\r\n\t\tdata-latitude=\"-2.145160515667263\"\r\n\t\t\t\tdata-icon=\"&lt;i class=&quot;fab fa-500px&quot;&gt;&lt;\/i&gt;\"\r\n\r\n\t>\r\n            <div class=\"listing-item  \">\r\n                <div class=\"listing-small-badges-container\">\r\n                                                                                                    \r\n                <\/div>\r\n                <img loading=\"lazy\" decoding=\"async\" width=\"520\" height=\"397\" src=\"https:\/\/manchajucarcentro.com\/turismo\/wp-content\/uploads\/2024\/10\/Hotel-El-sueno-de-Jemik-1-520x397.jpg\" class=\"attachment-listeo-listing-grid size-listeo-listing-grid wp-post-image\" alt=\"\" \/>\r\n                                        <div class=\"listing-badge now-open\">Abierto ahora<\/div>\r\n                        \r\n\r\n                <div class=\"listing-item-content\">\r\n                    \r\n                    <h3> Hotel-Restaurante El Sue\u00f1o de Jemik <\/h3>\r\n                    <span>Autov\u00eda de Alicante, Salida 40, 02630 La Roda, Albacete<\/span>\r\n                <\/div>\r\n                                        <span class=\"save like-icon tooltip left\" title=\"Login To Bookmark Items\"><\/span>\r\n                                                <\/div>\r\n        <\/a>\r\n        \r\n\r\n        <!-- Listing Item \/ End -->\n                    <\/div>\n                                      <div class=\"fw-carousel-item\">                    \n                        <!-- Listing Item -->\r\n        <a href=\"https:\/\/manchajucarcentro.com\/turismo\/recurso\/bar-segis\/\"  class=\"listing-item-container listing-geo-data compact\" \r\n\t\tdata-title=\"Bar Segis\"\r\n\t\tdata-listing-type=\"service\"\r\n\t\tdata-classifieds-price=\"\u20ac\"\r\n\t\tdata-friendly-address=\"Av. Ram\u00f3n y Cajal, 35, 02630 La Roda, Albacete\"\r\n\t\tdata-address=\"Av. Ram\u00f3n y Cajal, 35, 02630 La Roda, Albacete\"\r\n\t\tdata-image=\"https:\/\/manchajucarcentro.com\/turismo\/wp-content\/uploads\/2024\/11\/Bar-Segis-La-Roda-1-520x397.jpeg\"\r\n\t\tdata-longitude=\"39.204173105699496\"\r\n\t\tdata-latitude=\"-2.157638603718572\"\r\n\t\t\t\tdata-icon=\"&lt;i class=&quot;fab fa-500px&quot;&gt;&lt;\/i&gt;\"\r\n\r\n\t>\r\n            <div class=\"listing-item  \">\r\n                <div class=\"listing-small-badges-container\">\r\n                                                                                                    \r\n                <\/div>\r\n                <img loading=\"lazy\" decoding=\"async\" width=\"520\" height=\"397\" src=\"https:\/\/manchajucarcentro.com\/turismo\/wp-content\/uploads\/2024\/11\/Bar-Segis-La-Roda-1-520x397.jpeg\" class=\"attachment-listeo-listing-grid size-listeo-listing-grid wp-post-image\" alt=\"\" \/>\r\n                                        <div class=\"listing-badge now-open\">Abierto ahora<\/div>\r\n                        \r\n\r\n                <div class=\"listing-item-content\">\r\n                    \r\n                    <h3> Bar Segis <\/h3>\r\n                    <span>Av. Ram\u00f3n y Cajal, 35, 02630 La Roda, Albacete<\/span>\r\n                <\/div>\r\n                                        <span class=\"save like-icon tooltip left\" title=\"Login To Bookmark Items\"><\/span>\r\n                                                <\/div>\r\n        <\/a>\r\n        \r\n\r\n        <!-- Listing Item \/ End -->\n                    <\/div>\n                                      <div class=\"fw-carousel-item\">                    \n                        <!-- Listing Item -->\r\n        <a href=\"https:\/\/manchajucarcentro.com\/turismo\/recurso\/restaurante-merendero-new-rumbo\/\"  class=\"listing-item-container listing-geo-data compact\" \r\n\t\tdata-title=\"Restaurante Merendero New Rumbo\"\r\n\t\tdata-listing-type=\"service\"\r\n\t\tdata-classifieds-price=\"\u20ac\"\r\n\t\tdata-friendly-address=\"C. Comandante Escribano Ballesteros, 9, 02630 La Roda, Albacete\"\r\n\t\tdata-address=\"C. Comandante Escribano Ballesteros, 9, 02630 La Roda, Albacete\"\r\n\t\tdata-image=\"https:\/\/manchajucarcentro.com\/turismo\/wp-content\/uploads\/2024\/10\/Restaurante-Merendero-New-Rumbo-La-Roda-1.jpeg\"\r\n\t\tdata-longitude=\"39.20255015087102\"\r\n\t\tdata-latitude=\"-2.15864404604683\"\r\n\t\t\t\tdata-icon=\"&lt;i class=&quot;fab fa-500px&quot;&gt;&lt;\/i&gt;\"\r\n\r\n\t>\r\n            <div class=\"listing-item  \">\r\n                <div class=\"listing-small-badges-container\">\r\n                                                                                                    \r\n                <\/div>\r\n                <img loading=\"lazy\" decoding=\"async\" width=\"512\" height=\"384\" src=\"https:\/\/manchajucarcentro.com\/turismo\/wp-content\/uploads\/2024\/10\/Restaurante-Merendero-New-Rumbo-La-Roda-1.jpeg\" class=\"attachment-listeo-listing-grid size-listeo-listing-grid wp-post-image\" alt=\"\" srcset=\"https:\/\/manchajucarcentro.com\/turismo\/wp-content\/uploads\/2024\/10\/Restaurante-Merendero-New-Rumbo-La-Roda-1.jpeg 512w, https:\/\/manchajucarcentro.com\/turismo\/wp-content\/uploads\/2024\/10\/Restaurante-Merendero-New-Rumbo-La-Roda-1-300x225.jpeg 300w\" sizes=\"(max-width: 512px) 100vw, 512px\" \/>\r\n                                            <div class=\"listing-badge now-closed\">Cerrado ahora<\/div>\r\n                                        \r\n\r\n                <div class=\"listing-item-content\">\r\n                    \r\n                    <h3> Restaurante Merendero New Rumbo <\/h3>\r\n                    <span>C. Comandante Escribano Ballesteros, 9, 02630 La Roda, Albacete<\/span>\r\n                <\/div>\r\n                                        <span class=\"save like-icon tooltip left\" title=\"Login To Bookmark Items\"><\/span>\r\n                                                <\/div>\r\n        <\/a>\r\n        \r\n\r\n        <!-- Listing Item \/ End -->\n                    <\/div>\n                                      <div class=\"fw-carousel-item\">                    \n                        <!-- Listing Item -->\r\n        <a href=\"https:\/\/manchajucarcentro.com\/turismo\/recurso\/confiteria-gaymon\/\"  class=\"listing-item-container listing-geo-data compact\" \r\n\t\tdata-title=\"Confiter\u00eda Gaymon\"\r\n\t\tdata-listing-type=\"service\"\r\n\t\tdata-classifieds-price=\"\u20ac\"\r\n\t\tdata-friendly-address=\"C. Alfredo Atienza, 101, 02630 La Roda, Albacete\"\r\n\t\tdata-address=\"C. Alfredo Atienza, 101, 02630 La Roda, Albacete\"\r\n\t\tdata-image=\"https:\/\/manchajucarcentro.com\/turismo\/wp-content\/uploads\/2024\/11\/Confiteria-Gaymon-La-Roda-2-520x397.jpeg\"\r\n\t\tdata-longitude=\"39.204657618442596\"\r\n\t\tdata-latitude=\"-2.1516137325544937\"\r\n\t\t\t\tdata-icon=\"&lt;i class=&quot;fab fa-500px&quot;&gt;&lt;\/i&gt;\"\r\n\r\n\t>\r\n            <div class=\"listing-item  \">\r\n                <div class=\"listing-small-badges-container\">\r\n                                                                                                    \r\n                <\/div>\r\n                <img loading=\"lazy\" decoding=\"async\" width=\"520\" height=\"397\" src=\"https:\/\/manchajucarcentro.com\/turismo\/wp-content\/uploads\/2024\/11\/Confiteria-Gaymon-La-Roda-2-520x397.jpeg\" class=\"attachment-listeo-listing-grid size-listeo-listing-grid wp-post-image\" alt=\"\" \/>\r\n                                        <div class=\"listing-badge now-open\">Abierto ahora<\/div>\r\n                        \r\n\r\n                <div class=\"listing-item-content\">\r\n                    \r\n                    <h3> Confiter\u00eda Gaymon <\/h3>\r\n                    <span>C. Alfredo Atienza, 101, 02630 La Roda, Albacete<\/span>\r\n                <\/div>\r\n                                        <span class=\"save like-icon tooltip left\" title=\"Login To Bookmark Items\"><\/span>\r\n                                                <\/div>\r\n        <\/a>\r\n        \r\n\r\n        <!-- Listing Item \/ End -->\n                    <\/div>\n                                      <div class=\"fw-carousel-item\">                    \n                        <!-- Listing Item -->\r\n        <a href=\"https:\/\/manchajucarcentro.com\/turismo\/recurso\/pizzeria-alba-pizza\/\"  class=\"listing-item-container listing-geo-data compact\" \r\n\t\tdata-title=\"Pizzer\u00eda Alba Pizza\"\r\n\t\tdata-listing-type=\"service\"\r\n\t\tdata-classifieds-price=\"\u20ac\"\r\n\t\tdata-friendly-address=\"C. Rey Don Pelayo, 11, 02630 La Roda, Albacete\"\r\n\t\tdata-address=\"C. Rey Don Pelayo, 11, 02630 La Roda, Albacete\"\r\n\t\tdata-image=\"https:\/\/manchajucarcentro.com\/turismo\/wp-content\/uploads\/2024\/11\/Pizzeria-Alba-La-Roda-1-520x397.jpg\"\r\n\t\tdata-longitude=\"39.20537585781764\"\r\n\t\tdata-latitude=\"-2.159209074882618\"\r\n\t\t\t\tdata-icon=\"&lt;i class=&quot;fab fa-500px&quot;&gt;&lt;\/i&gt;\"\r\n\r\n\t>\r\n            <div class=\"listing-item  \">\r\n                <div class=\"listing-small-badges-container\">\r\n                                                                                                    \r\n                <\/div>\r\n                <img loading=\"lazy\" decoding=\"async\" width=\"520\" height=\"397\" src=\"https:\/\/manchajucarcentro.com\/turismo\/wp-content\/uploads\/2024\/11\/Pizzeria-Alba-La-Roda-1-520x397.jpg\" class=\"attachment-listeo-listing-grid size-listeo-listing-grid wp-post-image\" alt=\"\" \/>\r\n                                        <div class=\"listing-badge now-open\">Abierto ahora<\/div>\r\n                        \r\n\r\n                <div class=\"listing-item-content\">\r\n                    \r\n                    <h3> Pizzer\u00eda Alba Pizza <\/h3>\r\n                    <span>C. Rey Don Pelayo, 11, 02630 La Roda, Albacete<\/span>\r\n                <\/div>\r\n                                        <span class=\"save like-icon tooltip left\" title=\"Login To Bookmark Items\"><\/span>\r\n                                                <\/div>\r\n        <\/a>\r\n        \r\n\r\n        <!-- Listing Item \/ End -->\n                    <\/div>\n                                      <div class=\"fw-carousel-item\">                    \n                        <!-- Listing Item -->\r\n        <a href=\"https:\/\/manchajucarcentro.com\/turismo\/recurso\/hotel-restaurante-juanito\/\"  class=\"listing-item-container listing-geo-data compact\" \r\n\t\tdata-title=\"Hotel Restaurante Juanito\"\r\n\t\tdata-listing-type=\"service\"\r\n\t\tdata-classifieds-price=\"\u20ac\"\r\n\t\tdata-friendly-address=\"C. M\u00e1rtires, 15, 02630 La Roda, Albacete\"\r\n\t\tdata-address=\"C. M\u00e1rtires, 15, 02630 La Roda, Albacete\"\r\n\t\tdata-image=\"https:\/\/manchajucarcentro.com\/turismo\/wp-content\/uploads\/2024\/10\/Hotel-Restaurante-Juanito-La-Roda-2-520x397.jpg\"\r\n\t\tdata-longitude=\"39.20573874179827\"\r\n\t\tdata-latitude=\"-2.1590885943923404\"\r\n\t\t\t\tdata-icon=\"&lt;i class=&quot;fab fa-500px&quot;&gt;&lt;\/i&gt;\"\r\n\r\n\t>\r\n            <div class=\"listing-item  \">\r\n                <div class=\"listing-small-badges-container\">\r\n                                                                                                    \r\n                <\/div>\r\n                <img loading=\"lazy\" decoding=\"async\" width=\"520\" height=\"397\" src=\"https:\/\/manchajucarcentro.com\/turismo\/wp-content\/uploads\/2024\/10\/Hotel-Restaurante-Juanito-La-Roda-2-520x397.jpg\" class=\"attachment-listeo-listing-grid size-listeo-listing-grid wp-post-image\" alt=\"\" \/>\r\n                \r\n\r\n                <div class=\"listing-item-content\">\r\n                    \r\n                    <h3> Hotel Restaurante Juanito <\/h3>\r\n                    <span>C. M\u00e1rtires, 15, 02630 La Roda, Albacete<\/span>\r\n                <\/div>\r\n                                        <span class=\"save like-icon tooltip left\" title=\"Login To Bookmark Items\"><\/span>\r\n                                                <\/div>\r\n        <\/a>\r\n        \r\n\r\n        <!-- Listing Item \/ End -->\n                    <\/div>\n                                      <div class=\"fw-carousel-item\">                    \n                        <!-- Listing Item -->\r\n        <a href=\"https:\/\/manchajucarcentro.com\/turismo\/recurso\/the-coffee-fox\/\"  class=\"listing-item-container listing-geo-data compact\" \r\n\t\tdata-title=\"The Coffee Fox\"\r\n\t\tdata-listing-type=\"service\"\r\n\t\tdata-classifieds-price=\"\u20ac\"\r\n\t\tdata-friendly-address=\"Av. Ram\u00f3n y Cajal, 56, 02630 La Roda, Albacete\"\r\n\t\tdata-address=\"Av. Ram\u00f3n y Cajal, 56, 02630 La Roda, Albacete\"\r\n\t\tdata-image=\"https:\/\/manchajucarcentro.com\/turismo\/wp-content\/uploads\/2024\/11\/Cerveceria-Fox-La-Roda-1-520x397.jpg\"\r\n\t\tdata-longitude=\"39.204309952892906\"\r\n\t\tdata-latitude=\"-2.158076999118543\"\r\n\t\t\t\tdata-icon=\"&lt;i class=&quot;fab fa-500px&quot;&gt;&lt;\/i&gt;\"\r\n\r\n\t>\r\n            <div class=\"listing-item  \">\r\n                <div class=\"listing-small-badges-container\">\r\n                                                                                                    \r\n                <\/div>\r\n                <img loading=\"lazy\" decoding=\"async\" width=\"520\" height=\"397\" src=\"https:\/\/manchajucarcentro.com\/turismo\/wp-content\/uploads\/2024\/11\/Cerveceria-Fox-La-Roda-1-520x397.jpg\" class=\"attachment-listeo-listing-grid size-listeo-listing-grid wp-post-image\" alt=\"\" \/>\r\n                                        <div class=\"listing-badge now-open\">Abierto ahora<\/div>\r\n                        \r\n\r\n                <div class=\"listing-item-content\">\r\n                    \r\n                    <h3> The Coffee Fox <\/h3>\r\n                    <span>Av. Ram\u00f3n y Cajal, 56, 02630 La Roda, Albacete<\/span>\r\n                <\/div>\r\n                                        <span class=\"save like-icon tooltip left\" title=\"Login To Bookmark Items\"><\/span>\r\n                                                <\/div>\r\n        <\/a>\r\n        \r\n\r\n        <!-- Listing Item \/ End -->\n                    <\/div>\n                                      <div class=\"fw-carousel-item\">                    \n                        <!-- Listing Item -->\r\n        <a href=\"https:\/\/manchajucarcentro.com\/turismo\/recurso\/la-guindilla-gastro-bar\/\"  class=\"listing-item-container listing-geo-data compact\" \r\n\t\tdata-title=\"La Guindilla Gastro Bar\"\r\n\t\tdata-listing-type=\"service\"\r\n\t\tdata-classifieds-price=\"\u20ac\"\r\n\t\tdata-friendly-address=\"Av. Ram\u00f3n y Cajal, 33, 02630 La Roda, Albacete\"\r\n\t\tdata-address=\"Av. Ram\u00f3n y Cajal, 33, 02630 La Roda, Albacete\"\r\n\t\tdata-image=\"https:\/\/manchajucarcentro.com\/turismo\/wp-content\/uploads\/2024\/11\/La-Guindilla-Gastro-Bar-2-520x397.jpeg\"\r\n\t\tdata-longitude=\"39.204106364489384\"\r\n\t\tdata-latitude=\"-2.15777121906229\"\r\n\t\t\t\tdata-icon=\"&lt;i class=&quot;fab fa-500px&quot;&gt;&lt;\/i&gt;\"\r\n\r\n\t>\r\n            <div class=\"listing-item  \">\r\n                <div class=\"listing-small-badges-container\">\r\n                                                                                                    \r\n                <\/div>\r\n                <img loading=\"lazy\" decoding=\"async\" width=\"520\" height=\"397\" src=\"https:\/\/manchajucarcentro.com\/turismo\/wp-content\/uploads\/2024\/11\/La-Guindilla-Gastro-Bar-2-520x397.jpeg\" class=\"attachment-listeo-listing-grid size-listeo-listing-grid wp-post-image\" alt=\"\" \/>\r\n                                        <div class=\"listing-badge now-open\">Abierto ahora<\/div>\r\n                        \r\n\r\n                <div class=\"listing-item-content\">\r\n                    \r\n                    <h3> La Guindilla Gastro Bar <\/h3>\r\n                    <span>Av. Ram\u00f3n y Cajal, 33, 02630 La Roda, Albacete<\/span>\r\n                <\/div>\r\n                                        <span class=\"save like-icon tooltip left\" title=\"Login To Bookmark Items\"><\/span>\r\n                                                <\/div>\r\n        <\/a>\r\n        \r\n\r\n        <!-- Listing Item \/ End -->\n                    <\/div>\n                                      <div class=\"fw-carousel-item\">                    \n                        <!-- Listing Item -->\r\n        <a href=\"https:\/\/manchajucarcentro.com\/turismo\/recurso\/espacio-llanura\/\"  class=\"listing-item-container listing-geo-data compact\" \r\n\t\tdata-title=\"Espacio Llanura\"\r\n\t\tdata-listing-type=\"service\"\r\n\t\tdata-classifieds-price=\"\u20ac\"\r\n\t\tdata-friendly-address=\"C. Juan Carrasco, 1, 02630 La Roda, Albacete\"\r\n\t\tdata-address=\"C. Juan Carrasco, 1, 02630 La Roda, Albacete\"\r\n\t\tdata-image=\"https:\/\/manchajucarcentro.com\/turismo\/wp-content\/uploads\/2024\/11\/Espacio-Llanura-La-Roda-1-520x397.jpeg\"\r\n\t\tdata-longitude=\"39.201184081905474\"\r\n\t\tdata-latitude=\"-2.163726030687434\"\r\n\t\t\t\tdata-icon=\"&lt;i class=&quot;fab fa-500px&quot;&gt;&lt;\/i&gt;\"\r\n\r\n\t>\r\n            <div class=\"listing-item  \">\r\n                <div class=\"listing-small-badges-container\">\r\n                                                                                                    \r\n                <\/div>\r\n                <img loading=\"lazy\" decoding=\"async\" width=\"520\" height=\"397\" src=\"https:\/\/manchajucarcentro.com\/turismo\/wp-content\/uploads\/2024\/11\/Espacio-Llanura-La-Roda-1-520x397.jpeg\" class=\"attachment-listeo-listing-grid size-listeo-listing-grid wp-post-image\" alt=\"\" \/>\r\n                                            <div class=\"listing-badge now-closed\">Cerrado ahora<\/div>\r\n                                        \r\n\r\n                <div class=\"listing-item-content\">\r\n                    \r\n                    <h3> Espacio Llanura <\/h3>\r\n                    <span>C. Juan Carrasco, 1, 02630 La Roda, Albacete<\/span>\r\n                <\/div>\r\n                                        <span class=\"save like-icon tooltip left\" title=\"Login To Bookmark Items\"><\/span>\r\n                                                <\/div>\r\n        <\/a>\r\n        \r\n\r\n        <!-- Listing Item \/ End -->\n                    <\/div>\n                                      <div class=\"fw-carousel-item\">                    \n                        <!-- Listing Item -->\r\n        <a href=\"https:\/\/manchajucarcentro.com\/turismo\/recurso\/hostal-asador-los-amigos\/\"  class=\"listing-item-container listing-geo-data compact\" \r\n\t\tdata-title=\"Hostal Asador Los Amigos\"\r\n\t\tdata-listing-type=\"service\"\r\n\t\tdata-classifieds-price=\"\u20ac\"\r\n\t\tdata-friendly-address=\"C. Gral. Prim, 62, Bajo, 02630 La Roda, Albacete\"\r\n\t\tdata-address=\"C. Gral. Prim, 62, Bajo, 02630 La Roda, Albacete\"\r\n\t\tdata-image=\"https:\/\/manchajucarcentro.com\/turismo\/wp-content\/uploads\/2024\/11\/Hostal-Asador-Los-Amigos-La-Roda-7-520x397.jpeg\"\r\n\t\tdata-longitude=\"39.212875639173\"\r\n\t\tdata-latitude=\"-2.157074874882269\"\r\n\t\t\t\tdata-icon=\"&lt;i class=&quot;fab fa-500px&quot;&gt;&lt;\/i&gt;\"\r\n\r\n\t>\r\n            <div class=\"listing-item  \">\r\n                <div class=\"listing-small-badges-container\">\r\n                                                                                                    \r\n                <\/div>\r\n                <img loading=\"lazy\" decoding=\"async\" width=\"520\" height=\"397\" src=\"https:\/\/manchajucarcentro.com\/turismo\/wp-content\/uploads\/2024\/11\/Hostal-Asador-Los-Amigos-La-Roda-7-520x397.jpeg\" class=\"attachment-listeo-listing-grid size-listeo-listing-grid wp-post-image\" alt=\"\" \/>\r\n                                        <div class=\"listing-badge now-open\">Abierto ahora<\/div>\r\n                        \r\n\r\n                <div class=\"listing-item-content\">\r\n                    \r\n                    <h3> Hostal Asador Los Amigos <\/h3>\r\n                    <span>C. Gral. Prim, 62, Bajo, 02630 La Roda, Albacete<\/span>\r\n                <\/div>\r\n                                        <span class=\"save like-icon tooltip left\" title=\"Login To Bookmark Items\"><\/span>\r\n                                                <\/div>\r\n        <\/a>\r\n        \r\n\r\n        <!-- Listing Item \/ End -->\n                    <\/div>\n                                      <div class=\"fw-carousel-item\">                    \n                        <!-- Listing Item -->\r\n        <a href=\"https:\/\/manchajucarcentro.com\/turismo\/recurso\/cultural-rodense-la-sociedad\/\"  class=\"listing-item-container listing-geo-data compact\" \r\n\t\tdata-title=\"Cultural Rodense La Sociedad\"\r\n\t\tdata-listing-type=\"service\"\r\n\t\tdata-classifieds-price=\"\u20ac\"\r\n\t\tdata-friendly-address=\"Av. Ram\u00f3n y Cajal, 31, 02630 La Roda, Albacete\"\r\n\t\tdata-address=\"Av. Ram\u00f3n y Cajal, 31, 02630 La Roda, Albacete\"\r\n\t\tdata-image=\"https:\/\/manchajucarcentro.com\/turismo\/wp-content\/uploads\/2024\/11\/Cultural-Rodense-La-Roda-1-520x397.jpg\"\r\n\t\tdata-longitude=\"39.20421006071563\"\r\n\t\tdata-latitude=\"-2.157749161390431\"\r\n\t\t\t\tdata-icon=\"&lt;i class=&quot;fab fa-500px&quot;&gt;&lt;\/i&gt;\"\r\n\r\n\t>\r\n            <div class=\"listing-item  \">\r\n                <div class=\"listing-small-badges-container\">\r\n                                                                                                    \r\n                <\/div>\r\n                <img loading=\"lazy\" decoding=\"async\" width=\"520\" height=\"397\" src=\"https:\/\/manchajucarcentro.com\/turismo\/wp-content\/uploads\/2024\/11\/Cultural-Rodense-La-Roda-1-520x397.jpg\" class=\"attachment-listeo-listing-grid size-listeo-listing-grid wp-post-image\" alt=\"\" \/>\r\n                                        <div class=\"listing-badge now-open\">Abierto ahora<\/div>\r\n                        \r\n\r\n                <div class=\"listing-item-content\">\r\n                    \r\n                    <h3> Cultural Rodense La Sociedad <\/h3>\r\n                    <span>Av. Ram\u00f3n y Cajal, 31, 02630 La Roda, Albacete<\/span>\r\n                <\/div>\r\n                                        <span class=\"save like-icon tooltip left\" title=\"Login To Bookmark Items\"><\/span>\r\n                                                <\/div>\r\n        <\/a>\r\n        \r\n\r\n        <!-- Listing Item \/ End -->\n                    <\/div>\n                                      <div class=\"fw-carousel-item\">                    \n                        <!-- Listing Item -->\r\n        <a href=\"https:\/\/manchajucarcentro.com\/turismo\/recurso\/hostal-restaurante-el-poligono\/\"  class=\"listing-item-container listing-geo-data compact\" \r\n\t\tdata-title=\"Hostal Restaurante El Pol\u00edgono\"\r\n\t\tdata-listing-type=\"service\"\r\n\t\tdata-classifieds-price=\"\u20ac\"\r\n\t\tdata-friendly-address=\"Centro Comercial, Local 6, Pol\u00edgono Industrial El Salvador, 02630 La Roda, Albacete\"\r\n\t\tdata-address=\"Centro Comercial, Local 6, Pol\u00edgono Industrial El Salvador, 02630 La Roda, Albacete\"\r\n\t\tdata-image=\"https:\/\/manchajucarcentro.com\/turismo\/wp-content\/uploads\/2024\/10\/Hostal-Restaurante-el-Poligono-2-520x397.jpg\"\r\n\t\tdata-longitude=\"39.19405775402656\"\r\n\t\tdata-latitude=\"-2.1460434306874343\"\r\n\t\t\t\tdata-icon=\"&lt;i class=&quot;fab fa-500px&quot;&gt;&lt;\/i&gt;\"\r\n\r\n\t>\r\n            <div class=\"listing-item  \">\r\n                <div class=\"listing-small-badges-container\">\r\n                                                                                                    \r\n                <\/div>\r\n                <img loading=\"lazy\" decoding=\"async\" width=\"520\" height=\"397\" src=\"https:\/\/manchajucarcentro.com\/turismo\/wp-content\/uploads\/2024\/10\/Hostal-Restaurante-el-Poligono-2-520x397.jpg\" class=\"attachment-listeo-listing-grid size-listeo-listing-grid wp-post-image\" alt=\"\" \/>\r\n                                        <div class=\"listing-badge now-open\">Abierto ahora<\/div>\r\n                        \r\n\r\n                <div class=\"listing-item-content\">\r\n                    \r\n                    <h3> Hostal Restaurante El Pol\u00edgono <\/h3>\r\n                    <span>Centro Comercial, Local 6, Pol\u00edgono Industrial El Salvador, 02630 La Roda, Albacete<\/span>\r\n                <\/div>\r\n                                        <span class=\"save like-icon tooltip left\" title=\"Login To Bookmark Items\"><\/span>\r\n                                                <\/div>\r\n        <\/a>\r\n        \r\n\r\n        <!-- Listing Item \/ End -->\n                    <\/div>\n                                      <div class=\"fw-carousel-item\">                    \n                        <!-- Listing Item -->\r\n        <a href=\"https:\/\/manchajucarcentro.com\/turismo\/recurso\/restaurante-muchamiga\/\"  class=\"listing-item-container listing-geo-data compact\" \r\n\t\tdata-title=\"Restaurante Muchamiga\"\r\n\t\tdata-listing-type=\"service\"\r\n\t\tdata-classifieds-price=\"\u20ac\"\r\n\t\tdata-friendly-address=\"C. Pi y Margall, 18, 02630 La Roda, Albacete\"\r\n\t\tdata-address=\"C. Pi y Margall, 18, 02630 La Roda, Albacete\"\r\n\t\tdata-image=\"https:\/\/manchajucarcentro.com\/turismo\/wp-content\/uploads\/2024\/11\/Restaurante-Muchamiga-La-Roda-1-520x397.jpeg\"\r\n\t\tdata-longitude=\"39.204496828718355\"\r\n\t\tdata-latitude=\"-2.156496361390442\"\r\n\t\t\t\tdata-icon=\"&lt;i class=&quot;fab fa-500px&quot;&gt;&lt;\/i&gt;\"\r\n\r\n\t>\r\n            <div class=\"listing-item  \">\r\n                <div class=\"listing-small-badges-container\">\r\n                                                                                                    \r\n                <\/div>\r\n                <img loading=\"lazy\" decoding=\"async\" width=\"520\" height=\"397\" src=\"https:\/\/manchajucarcentro.com\/turismo\/wp-content\/uploads\/2024\/11\/Restaurante-Muchamiga-La-Roda-1-520x397.jpeg\" class=\"attachment-listeo-listing-grid size-listeo-listing-grid wp-post-image\" alt=\"\" \/>\r\n                                            <div class=\"listing-badge now-closed\">Cerrado ahora<\/div>\r\n                                        \r\n\r\n                <div class=\"listing-item-content\">\r\n                    \r\n                    <h3> Restaurante Muchamiga <\/h3>\r\n                    <span>C. Pi y Margall, 18, 02630 La Roda, Albacete<\/span>\r\n                <\/div>\r\n                                        <span class=\"save like-icon tooltip left\" title=\"Login To Bookmark Items\"><\/span>\r\n                                                <\/div>\r\n        <\/a>\r\n        \r\n\r\n        <!-- Listing Item \/ End -->\n                    <\/div>\n                                      <div class=\"fw-carousel-item\">                    \n                        <!-- Listing Item -->\r\n        <a href=\"https:\/\/manchajucarcentro.com\/turismo\/recurso\/restaurante-juanito\/\"  class=\"listing-item-container listing-geo-data compact\" \r\n\t\tdata-title=\"Restaurante Juanito\"\r\n\t\tdata-listing-type=\"service\"\r\n\t\tdata-classifieds-price=\"\u20ac\"\r\n\t\tdata-friendly-address=\"Km. 209, N-301, 02630 La Roda, Albacete\"\r\n\t\tdata-address=\"Km. 209, N-301, 02630 La Roda, Albacete\"\r\n\t\tdata-image=\"https:\/\/manchajucarcentro.com\/turismo\/wp-content\/uploads\/2024\/11\/Restaurante-Juanito-La-Roda-1-520x397.jpeg\"\r\n\t\tdata-longitude=\"39.217447515598586\"\r\n\t\tdata-latitude=\"-2.185602159538306\"\r\n\t\t\t\tdata-icon=\"&lt;i class=&quot;fab fa-500px&quot;&gt;&lt;\/i&gt;\"\r\n\r\n\t>\r\n            <div class=\"listing-item  \">\r\n                <div class=\"listing-small-badges-container\">\r\n                                                                                                    \r\n                <\/div>\r\n                <img loading=\"lazy\" decoding=\"async\" width=\"520\" height=\"397\" src=\"https:\/\/manchajucarcentro.com\/turismo\/wp-content\/uploads\/2024\/11\/Restaurante-Juanito-La-Roda-1-520x397.jpeg\" class=\"attachment-listeo-listing-grid size-listeo-listing-grid wp-post-image\" alt=\"\" \/>\r\n                                            <div class=\"listing-badge now-closed\">Cerrado ahora<\/div>\r\n                                        \r\n\r\n                <div class=\"listing-item-content\">\r\n                    \r\n                    <h3> Restaurante Juanito <\/h3>\r\n                    <span>Km. 209, N-301, 02630 La Roda, Albacete<\/span>\r\n                <\/div>\r\n                                        <span class=\"save like-icon tooltip left\" title=\"Login To Bookmark Items\"><\/span>\r\n                                                <\/div>\r\n        <\/a>\r\n        \r\n\r\n        <!-- Listing Item \/ End -->\n                    <\/div>\n                                      <div class=\"fw-carousel-item\">                    \n                        <!-- Listing Item -->\r\n        <a href=\"https:\/\/manchajucarcentro.com\/turismo\/recurso\/restaurante-il-monolite\/\"  class=\"listing-item-container listing-geo-data compact\" \r\n\t\tdata-title=\"Restaurante Il Monolite\"\r\n\t\tdata-listing-type=\"service\"\r\n\t\tdata-classifieds-price=\"\u20ac\"\r\n\t\tdata-friendly-address=\"C\/ Castelar, 20, 02630 La Roda, Albacete\"\r\n\t\tdata-address=\"C\/ Castelar, 20, 02630 La Roda, Albacete\"\r\n\t\tdata-image=\"https:\/\/manchajucarcentro.com\/turismo\/wp-content\/uploads\/2024\/11\/Restaurante-Il-Monolite-La-Roda-1-520x397.jpeg\"\r\n\t\tdata-longitude=\"39.203842706364334\"\r\n\t\tdata-latitude=\"-2.1586850307030336\"\r\n\t\t\t\tdata-icon=\"&lt;i class=&quot;fab fa-500px&quot;&gt;&lt;\/i&gt;\"\r\n\r\n\t>\r\n            <div class=\"listing-item  \">\r\n                <div class=\"listing-small-badges-container\">\r\n                                                                                                    \r\n                <\/div>\r\n                <img loading=\"lazy\" decoding=\"async\" width=\"520\" height=\"397\" src=\"https:\/\/manchajucarcentro.com\/turismo\/wp-content\/uploads\/2024\/11\/Restaurante-Il-Monolite-La-Roda-1-520x397.jpeg\" class=\"attachment-listeo-listing-grid size-listeo-listing-grid wp-post-image\" alt=\"\" \/>\r\n                                        <div class=\"listing-badge now-open\">Abierto ahora<\/div>\r\n                        \r\n\r\n                <div class=\"listing-item-content\">\r\n                    \r\n                    <h3> Restaurante Il Monolite <\/h3>\r\n                    <span>C\/ Castelar, 20, 02630 La Roda, Albacete<\/span>\r\n                <\/div>\r\n                                        <span class=\"save like-icon tooltip left\" title=\"Login To Bookmark Items\"><\/span>\r\n                                                <\/div>\r\n        <\/a>\r\n        \r\n\r\n        <!-- Listing Item \/ End -->\n                    <\/div>\n                          <\/div>\n        \t\t<\/div>\n\t\t\t\t<\/div>\n\t\t\t\t\t<\/div>\n\t\t\t\t<\/div>\n\t\t<div class=\"elementor-element elementor-element-6949cb84 e-flex e-con-boxed e-con e-parent\" data-id=\"6949cb84\" data-element_type=\"container\">\n\t\t\t\t\t<div class=\"e-con-inner\">\n\t\t\t\t<div class=\"elementor-element elementor-element-28705755 elementor-align-center elementor-widget elementor-widget-button\" data-id=\"28705755\" data-element_type=\"widget\" data-widget_type=\"button.default\">\n\t\t\t\t<div class=\"elementor-widget-container\">\n\t\t\t\t\t<div class=\"elementor-button-wrapper\">\n\t\t\t<a class=\"elementor-button elementor-button-link elementor-size-sm\" href=\"http:\/\/manchajucarcentro.com\/turismo\/municipio\/la-roda\">\n\t\t\t\t\t\t<span class=\"elementor-button-content-wrapper\">\n\t\t\t\t\t\t\t\t\t<span class=\"elementor-button-text\">Ver todos<\/span>\n\t\t\t\t\t<\/span>\n\t\t\t\t\t<\/a>\n\t\t<\/div>\n\t\t\t\t<\/div>\n\t\t\t\t<\/div>\n\t\t\t\t\t<\/div>\n\t\t\t\t<\/div>\n\t\t<div class=\"elementor-element elementor-element-3a81518 e-flex e-con-boxed e-con e-parent\" data-id=\"3a81518\" data-element_type=\"container\">\n\t\t\t\t\t<div class=\"e-con-inner\">\n\t\t\t\t<div class=\"elementor-element elementor-element-107f8ee elementor-widget__width-initial elementor-widget elementor-widget-listeo-headline\" data-id=\"107f8ee\" data-element_type=\"widget\" data-widget_type=\"listeo-headline.default\">\n\t\t\t\t<div class=\"elementor-widget-container\">\n\t\t\t\t\t<h3 \n\t\tstyle=\"text-align:center;\" class=\"headline  headline-aligned-to-center headline-extra-spacing headline-box  headline-with-subtitle \"> Experiencias listas para ti  <span > Naturaleza, gastronom\u00eda, starlight, m\u00fasica en directo...<\/span><\/h3>\n\t\t\t\t<\/div>\n\t\t\t\t<\/div>\n\t\t\t\t\t<\/div>\n\t\t\t\t<\/div>\n\t\t<div class=\"elementor-element elementor-element-508deb9 e-flex e-con-boxed e-con e-parent\" data-id=\"508deb9\" data-element_type=\"container\">\n\t\t\t\t\t<div class=\"e-con-inner\">\n\t\t\t\t<div class=\"elementor-element elementor-element-57f7cc1 elementor-widget elementor-widget-listeo-posts-grid\" data-id=\"57f7cc1\" data-element_type=\"widget\" data-widget_type=\"listeo-posts-grid.default\">\n\t\t\t\t<div class=\"elementor-widget-container\">\n\t\t\t\t\t\n\t\t<div class=\"listeo-post-grid-wrapper\">\n\t\t\t<div class=\"row\">\n\n\t\t\t\n\n\t\t\t\t\t\t\t<div class=\"col-md-4\">\n                <a href=\"https:\/\/manchajucarcentro.com\/turismo\/festival-de-los-sentidos\/\" class=\"blog-compact-item-container\">\n                    <div class=\"blog-compact-item\">\n                        <img loading=\"lazy\" decoding=\"async\" width=\"577\" height=\"385\" src=\"https:\/\/manchajucarcentro.com\/turismo\/wp-content\/uploads\/2024\/12\/Festival-de-los-Sentidos-La-Roda-3-577x385.jpeg\" class=\"attachment-listeo-blog-related-post size-listeo-blog-related-post wp-post-image\" alt=\"\" srcset=\"https:\/\/manchajucarcentro.com\/turismo\/wp-content\/uploads\/2024\/12\/Festival-de-los-Sentidos-La-Roda-3-577x385.jpeg 577w, https:\/\/manchajucarcentro.com\/turismo\/wp-content\/uploads\/2024\/12\/Festival-de-los-Sentidos-La-Roda-3-300x200.jpeg 300w, https:\/\/manchajucarcentro.com\/turismo\/wp-content\/uploads\/2024\/12\/Festival-de-los-Sentidos-La-Roda-3-768x512.jpeg 768w, https:\/\/manchajucarcentro.com\/turismo\/wp-content\/uploads\/2024\/12\/Festival-de-los-Sentidos-La-Roda-3-590x394.jpeg 590w, https:\/\/manchajucarcentro.com\/turismo\/wp-content\/uploads\/2024\/12\/Festival-de-los-Sentidos-La-Roda-3.jpeg 1000w\" sizes=\"(max-width: 577px) 100vw, 577px\" \/><span class=\"blog-item-tag\">Festivales<\/span>                        \n                        <div class=\"blog-compact-item-content\">\n                                                        <h3>Festival de Los Sentidos<\/h3>\n                                                        <p>El Festival de Los Sentidos, celebrado anualmente desde 2008 en el mes de junio en...                            <\/p>\n                                                    <\/div>\n                    <\/div>\n                <\/a>\n            <\/div>\n\t\t\t<div class=\"col-md-4\">\n                <a href=\"https:\/\/manchajucarcentro.com\/turismo\/ruta-del-quijote-tramo-6\/\" class=\"blog-compact-item-container\">\n                    <div class=\"blog-compact-item\">\n                        <img loading=\"lazy\" decoding=\"async\" width=\"577\" height=\"433\" src=\"https:\/\/manchajucarcentro.com\/turismo\/wp-content\/uploads\/2024\/12\/Ruta-del-Quijote-4-577x433.jpg\" class=\"attachment-listeo-blog-related-post size-listeo-blog-related-post wp-post-image\" alt=\"\" srcset=\"https:\/\/manchajucarcentro.com\/turismo\/wp-content\/uploads\/2024\/12\/Ruta-del-Quijote-4-577x433.jpg 577w, https:\/\/manchajucarcentro.com\/turismo\/wp-content\/uploads\/2024\/12\/Ruta-del-Quijote-4-300x225.jpg 300w, https:\/\/manchajucarcentro.com\/turismo\/wp-content\/uploads\/2024\/12\/Ruta-del-Quijote-4-1024x768.jpg 1024w, https:\/\/manchajucarcentro.com\/turismo\/wp-content\/uploads\/2024\/12\/Ruta-del-Quijote-4-768x576.jpg 768w, https:\/\/manchajucarcentro.com\/turismo\/wp-content\/uploads\/2024\/12\/Ruta-del-Quijote-4-1536x1152.jpg 1536w, https:\/\/manchajucarcentro.com\/turismo\/wp-content\/uploads\/2024\/12\/Ruta-del-Quijote-4-590x443.jpg 590w, https:\/\/manchajucarcentro.com\/turismo\/wp-content\/uploads\/2024\/12\/Ruta-del-Quijote-4-893x670.jpg 893w, https:\/\/manchajucarcentro.com\/turismo\/wp-content\/uploads\/2024\/12\/Ruta-del-Quijote-4-1200x900.jpg 1200w, https:\/\/manchajucarcentro.com\/turismo\/wp-content\/uploads\/2024\/12\/Ruta-del-Quijote-4.jpg 1600w\" sizes=\"(max-width: 577px) 100vw, 577px\" \/><span class=\"blog-item-tag\">Rutas<\/span>                        \n                        <div class=\"blog-compact-item-content\">\n                                                        <h3>Ruta del Quijote &#8211; Tramo 6<\/h3>\n                                                        <p>El tramo 6 de la Ruta del Quijote que conecta La Roda con Munera permite...                            <\/p>\n                                                    <\/div>\n                    <\/div>\n                <\/a>\n            <\/div>\n\t\t\t<div class=\"col-md-4\">\n                <a href=\"https:\/\/manchajucarcentro.com\/turismo\/ruta-de-los-escudos\/\" class=\"blog-compact-item-container\">\n                    <div class=\"blog-compact-item\">\n                        <img loading=\"lazy\" decoding=\"async\" width=\"404\" height=\"337\" src=\"https:\/\/manchajucarcentro.com\/turismo\/wp-content\/uploads\/2024\/12\/Ruta-de-los-Escudos-La-Roda-7.jpg\" class=\"attachment-listeo-blog-related-post size-listeo-blog-related-post wp-post-image\" alt=\"\" srcset=\"https:\/\/manchajucarcentro.com\/turismo\/wp-content\/uploads\/2024\/12\/Ruta-de-los-Escudos-La-Roda-7.jpg 404w, https:\/\/manchajucarcentro.com\/turismo\/wp-content\/uploads\/2024\/12\/Ruta-de-los-Escudos-La-Roda-7-300x250.jpg 300w\" sizes=\"(max-width: 404px) 100vw, 404px\" \/><span class=\"blog-item-tag\">Rutas<\/span>                        \n                        <div class=\"blog-compact-item-content\">\n                                                        <h3>Ruta de los Escudos<\/h3>\n                                                        <p>La Roda posee una valios\u00edsima ruta de los escudos. En ellos se puede observar la...                            <\/p>\n                                                    <\/div>\n                    <\/div>\n                <\/a>\n            <\/div>\n  <\/div>\n        <\/div>\n        \t\t<\/div>\n\t\t\t\t<\/div>\n\t\t\t\t\t<\/div>\n\t\t\t\t<\/div>\n\t\t<div class=\"elementor-element elementor-element-7c0a9ca1 e-flex e-con-boxed e-con e-parent\" data-id=\"7c0a9ca1\" data-element_type=\"container\">\n\t\t\t\t\t<div class=\"e-con-inner\">\n\t\t\t\t<div class=\"elementor-element elementor-element-566d71d4 elementor-align-center elementor-widget elementor-widget-button\" data-id=\"566d71d4\" data-element_type=\"widget\" data-widget_type=\"button.default\">\n\t\t\t\t<div class=\"elementor-widget-container\">\n\t\t\t\t\t<div class=\"elementor-button-wrapper\">\n\t\t\t<a class=\"elementor-button elementor-button-link elementor-size-sm\" href=\"http:\/\/manchajucarcentro.com\/turismo\/category\/rutas\/\">\n\t\t\t\t\t\t<span class=\"elementor-button-content-wrapper\">\n\t\t\t\t\t\t\t\t\t<span class=\"elementor-button-text\">Ver todos<\/span>\n\t\t\t\t\t<\/span>\n\t\t\t\t\t<\/a>\n\t\t<\/div>\n\t\t\t\t<\/div>\n\t\t\t\t<\/div>\n\t\t\t\t\t<\/div>\n\t\t\t\t<\/div>\n\t\t\t\t<\/div>\n\t\t","protected":false},"excerpt":{"rendered":"<p>La Roda es conocida por su famosa Iglesia de El Salvador, un ejemplo \u00fanico de arquitectura columnaria renacentista en la regi\u00f3n, que se eleva con su ic\u00f3nica torre apodada El Faro de la Mancha. Este majestuoso templo, junto con la Ermita de San Sebasti\u00e1n del siglo XVI, son puntos esenciales en un recorrido por el [&hellip;]<\/p>\n","protected":false},"author":1,"featured_media":0,"parent":0,"menu_order":0,"comment_status":"closed","ping_status":"closed","template":"","meta":{"footnotes":""},"class_list":["post-897","page","type-page","status-publish","hentry"],"_links":{"self":[{"href":"https:\/\/manchajucarcentro.com\/turismo\/wp-json\/wp\/v2\/pages\/897","targetHints":{"allow":["GET"]}}],"collection":[{"href":"https:\/\/manchajucarcentro.com\/turismo\/wp-json\/wp\/v2\/pages"}],"about":[{"href":"https:\/\/manchajucarcentro.com\/turismo\/wp-json\/wp\/v2\/types\/page"}],"author":[{"embeddable":true,"href":"https:\/\/manchajucarcentro.com\/turismo\/wp-json\/wp\/v2\/users\/1"}],"replies":[{"embeddable":true,"href":"https:\/\/manchajucarcentro.com\/turismo\/wp-json\/wp\/v2\/comments?post=897"}],"version-history":[{"count":52,"href":"https:\/\/manchajucarcentro.com\/turismo\/wp-json\/wp\/v2\/pages\/897\/revisions"}],"predecessor-version":[{"id":3908,"href":"https:\/\/manchajucarcentro.com\/turismo\/wp-json\/wp\/v2\/pages\/897\/revisions\/3908"}],"wp:attachment":[{"href":"https:\/\/manchajucarcentro.com\/turismo\/wp-json\/wp\/v2\/media?parent=897"}],"curies":[{"name":"wp","href":"https:\/\/api.w.org\/{rel}","templated":true}]}}