{"id":898,"date":"2024-10-29T11:25:32","date_gmt":"2024-10-29T10:25:32","guid":{"rendered":"http:\/\/mjc.endinahosting.com\/?page_id=898"},"modified":"2024-12-16T09:33:53","modified_gmt":"2024-12-16T08:33:53","slug":"la-gineta","status":"publish","type":"page","link":"https:\/\/manchajucarcentro.com\/turismo\/la-gineta\/","title":{"rendered":"La Gineta"},"content":{"rendered":"\t\t<div data-elementor-type=\"wp-page\" data-elementor-id=\"898\" class=\"elementor elementor-898\">\n\t\t\t\t<div class=\"elementor-element elementor-element-a4c6e4a bl-desc-municipios e-flex e-con-boxed e-con e-parent\" data-id=\"a4c6e4a\" data-element_type=\"container\" data-settings=\"{&quot;background_background&quot;:&quot;classic&quot;}\">\n\t\t\t\t\t<div class=\"e-con-inner\">\n\t\t<div class=\"elementor-element elementor-element-f078544 e-con-full e-flex e-con e-child\" data-id=\"f078544\" data-element_type=\"container\">\n\t\t\t\t<div class=\"elementor-element elementor-element-ff8972a elementor-widget elementor-widget-text-editor\" data-id=\"ff8972a\" data-element_type=\"widget\" data-widget_type=\"text-editor.default\">\n\t\t\t\t<div class=\"elementor-widget-container\">\n\t\t\t\t\t\t\t<p>Aunque eminentemente agr\u00edcola, con cultivos de secano y de regad\u00edo extensivo, en La Gineta se desarroll\u00f3 desde la segunda mitad del siglo XX una actividad industrial basada en la fabricaci\u00f3n de sillas de anea.<\/p><p>Pasear por sus tranquilas calles es una manera excelente de conocer su patrimonio, destacando la iglesia de San Mart\u00edn, un templo g\u00f3tico del siglo XVI que es su principal joya arquitect\u00f3nica.<\/p><p>La Gineta tambi\u00e9n ofrece una conexi\u00f3n especial con la naturaleza y la cultura gracias al Camino de Santiago, que atraviesa el municipio en su ruta de Valencia a Zamora, as\u00ed como a \u00e1reas recreativas como la Ca\u00f1ada de Pozo Rubio, ideal para disfrutar de un d\u00eda al aire libre.<\/p>\t\t\t\t\t\t<\/div>\n\t\t\t\t<\/div>\n\t\t\t\t<\/div>\n\t\t<div class=\"elementor-element elementor-element-8fc3b9b e-con-full e-flex e-con e-child\" data-id=\"8fc3b9b\" data-element_type=\"container\">\n\t\t\t\t<div class=\"elementor-element elementor-element-ce63c0e elementor-pagination-position-inside elementor-arrows-position-inside elementor-widget elementor-widget-image-carousel\" data-id=\"ce63c0e\" data-element_type=\"widget\" data-settings=\"{&quot;slides_to_show&quot;:&quot;1&quot;,&quot;navigation&quot;:&quot;both&quot;,&quot;autoplay&quot;:&quot;yes&quot;,&quot;pause_on_hover&quot;:&quot;yes&quot;,&quot;pause_on_interaction&quot;:&quot;yes&quot;,&quot;autoplay_speed&quot;:5000,&quot;infinite&quot;:&quot;yes&quot;,&quot;effect&quot;:&quot;slide&quot;,&quot;speed&quot;:500}\" data-widget_type=\"image-carousel.default\">\n\t\t\t\t<div class=\"elementor-widget-container\">\n\t\t\t\t\t<div class=\"elementor-image-carousel-wrapper swiper\" dir=\"ltr\">\n\t\t\t<div class=\"elementor-image-carousel swiper-wrapper\" aria-live=\"off\">\n\t\t\t\t\t\t\t\t<div class=\"swiper-slide\" role=\"group\" aria-roledescription=\"slide\" aria-label=\"1 de 4\"><figure class=\"swiper-slide-inner\"><img decoding=\"async\" class=\"swiper-slide-image\" src=\"https:\/\/manchajucarcentro.com\/turismo\/wp-content\/uploads\/elementor\/thumbs\/La-Gineta-Slide-4-rhy9gvw49zc2tj6lgzthlxs2fr78frkfztq7uiihts.jpg\" alt=\"\" \/><\/figure><\/div><div class=\"swiper-slide\" role=\"group\" aria-roledescription=\"slide\" aria-label=\"2 de 4\"><figure class=\"swiper-slide-inner\"><img decoding=\"async\" class=\"swiper-slide-image\" src=\"https:\/\/manchajucarcentro.com\/turismo\/wp-content\/uploads\/elementor\/thumbs\/La-Gineta-Slide-2-rhy9i0b6fuveorjvwzag35kvzbo0mr0whds3heuke8.jpg\" alt=\"\" \/><\/figure><\/div><div class=\"swiper-slide\" role=\"group\" aria-roledescription=\"slide\" aria-label=\"3 de 4\"><figure class=\"swiper-slide-inner\"><img decoding=\"async\" class=\"swiper-slide-image\" src=\"https:\/\/manchajucarcentro.com\/turismo\/wp-content\/uploads\/elementor\/thumbs\/La-Gineta-Slide-3-rhy9igafo1ha64wobo73rjjq2vh99lsc7kvcn46vgg.jpg\" alt=\"\" \/><\/figure><\/div><div class=\"swiper-slide\" role=\"group\" aria-roledescription=\"slide\" aria-label=\"4 de 4\"><figure class=\"swiper-slide-inner\"><img decoding=\"async\" class=\"swiper-slide-image\" src=\"https:\/\/manchajucarcentro.com\/turismo\/wp-content\/uploads\/elementor\/thumbs\/La-Gineta-Slide-1-rhy9ii641pjutcty0p0cwj2n9n7zozzsvu6blo4340.jpg\" alt=\"\" \/><\/figure><\/div>\t\t\t<\/div>\n\t\t\t\t\t\t\t\t\t\t\t\t<div class=\"elementor-swiper-button elementor-swiper-button-prev\" role=\"button\" tabindex=\"0\">\n\t\t\t\t\t\t<i aria-hidden=\"true\" class=\"eicon-chevron-left\"><\/i>\t\t\t\t\t<\/div>\n\t\t\t\t\t<div class=\"elementor-swiper-button elementor-swiper-button-next\" role=\"button\" tabindex=\"0\">\n\t\t\t\t\t\t<i aria-hidden=\"true\" class=\"eicon-chevron-right\"><\/i>\t\t\t\t\t<\/div>\n\t\t\t\t\n\t\t\t\t\t\t\t\t\t<div class=\"swiper-pagination\"><\/div>\n\t\t\t\t\t\t\t\t\t<\/div>\n\t\t\t\t<\/div>\n\t\t\t\t<\/div>\n\t\t\t\t<\/div>\n\t\t\t\t\t<\/div>\n\t\t\t\t<\/div>\n\t\t<div class=\"elementor-element elementor-element-7f5068e e-flex e-con-boxed e-con e-parent\" data-id=\"7f5068e\" data-element_type=\"container\">\n\t\t\t\t\t<div class=\"e-con-inner\">\n\t\t\t\t<div class=\"elementor-element elementor-element-55b14a7 elementor-widget__width-initial elementor-widget elementor-widget-listeo-headline\" data-id=\"55b14a7\" data-element_type=\"widget\" data-widget_type=\"listeo-headline.default\">\n\t\t\t\t<div class=\"elementor-widget-container\">\n\t\t\t\t\t<h3 \n\t\tstyle=\"text-align:center;\" class=\"headline  headline-aligned-to-center headline-extra-spacing headline-box  headline-with-subtitle \"> Nuestra propuesta  <span > Descubre nuestra esencia y nuestros tesoros<\/span><\/h3>\n\t\t\t\t<\/div>\n\t\t\t\t<\/div>\n\t\t\t\t\t<\/div>\n\t\t\t\t<\/div>\n\t\t<div class=\"elementor-element elementor-element-8269717 e-flex e-con-boxed e-con e-parent\" data-id=\"8269717\" data-element_type=\"container\">\n\t\t\t\t\t<div class=\"e-con-inner\">\n\t\t\t\t<div class=\"elementor-element elementor-element-94e62d5 elementor-widget elementor-widget-listeo-listings-wide\" data-id=\"94e62d5\" data-element_type=\"widget\" data-widget_type=\"listeo-listings-wide.default\">\n\t\t\t\t<div class=\"elementor-widget-container\">\n\t\t\t        <div class=\"fullgrid-slick-carousel listings-wide-carousel\" data-slick='{\"autoplay\": true, \"autoplaySpeed\": 3000}' >\n            <div class=\"fw-carousel-item\">\n                        <div class=\"taxonoomy-wide-grid-element\">                        <div class=\"slg-half\">\n                            <a data-grid-start-index=\"0\" href=\"https:\/\/manchajucarcentro.com\/turismo\/recurso\/iglesia-de-san-martin\/\" class=\"slg-gallery-cover\"><img fetchpriority=\"high\" decoding=\"async\" width=\"1200\" height=\"1499\" src=\"https:\/\/manchajucarcentro.com\/turismo\/wp-content\/uploads\/2024\/11\/Iglesia-San-Martin-La-Gineta-7-1200x1499.jpg\" class=\"attachment-listeo-gallery size-listeo-gallery wp-post-image\" alt=\"\" srcset=\"https:\/\/manchajucarcentro.com\/turismo\/wp-content\/uploads\/2024\/11\/Iglesia-San-Martin-La-Gineta-7-1200x1499.jpg 1200w, https:\/\/manchajucarcentro.com\/turismo\/wp-content\/uploads\/2024\/11\/Iglesia-San-Martin-La-Gineta-7-240x300.jpg 240w, https:\/\/manchajucarcentro.com\/turismo\/wp-content\/uploads\/2024\/11\/Iglesia-San-Martin-La-Gineta-7-820x1024.jpg 820w, https:\/\/manchajucarcentro.com\/turismo\/wp-content\/uploads\/2024\/11\/Iglesia-San-Martin-La-Gineta-7-768x959.jpg 768w, https:\/\/manchajucarcentro.com\/turismo\/wp-content\/uploads\/2024\/11\/Iglesia-San-Martin-La-Gineta-7-1230x1536.jpg 1230w, https:\/\/manchajucarcentro.com\/turismo\/wp-content\/uploads\/2024\/11\/Iglesia-San-Martin-La-Gineta-7-1640x2048.jpg 1640w, https:\/\/manchajucarcentro.com\/turismo\/wp-content\/uploads\/2024\/11\/Iglesia-San-Martin-La-Gineta-7-472x590.jpg 472w, https:\/\/manchajucarcentro.com\/turismo\/wp-content\/uploads\/2024\/11\/Iglesia-San-Martin-La-Gineta-7-536x670.jpg 536w, https:\/\/manchajucarcentro.com\/turismo\/wp-content\/uploads\/2024\/11\/Iglesia-San-Martin-La-Gineta-7-577x721.jpg 577w, https:\/\/manchajucarcentro.com\/turismo\/wp-content\/uploads\/2024\/11\/Iglesia-San-Martin-La-Gineta-7.jpg 1643w\" sizes=\"(max-width: 1200px) 100vw, 1200px\" \/><\/a>\n                            <h4>Iglesia de San Mart\u00edn<\/h4>\n                        <\/div>                        <div class=\"slg-half\">\n                            <div class=\"slg-grid\">\n                                <div class=\"slg-grid-top\">\n                                    <div class=\"slg-grid-inner\">\n                                        <a data-grid-start-index=\"1\" href=\"https:\/\/manchajucarcentro.com\/turismo\/recurso\/parque-glorieta-amalio-fernandez\/\" class=\"slg-gallery-cover\"><img decoding=\"async\" width=\"1200\" height=\"540\" src=\"https:\/\/manchajucarcentro.com\/turismo\/wp-content\/uploads\/2024\/11\/Parque-Glorieta-Amalio-Fernandez-La-Gineta-1-1200x540.webp\" class=\"attachment-listeo-gallery size-listeo-gallery wp-post-image\" alt=\"\" srcset=\"https:\/\/manchajucarcentro.com\/turismo\/wp-content\/uploads\/2024\/11\/Parque-Glorieta-Amalio-Fernandez-La-Gineta-1-1200x540.webp 1200w, https:\/\/manchajucarcentro.com\/turismo\/wp-content\/uploads\/2024\/11\/Parque-Glorieta-Amalio-Fernandez-La-Gineta-1-300x135.webp 300w, https:\/\/manchajucarcentro.com\/turismo\/wp-content\/uploads\/2024\/11\/Parque-Glorieta-Amalio-Fernandez-La-Gineta-1-1024x461.webp 1024w, https:\/\/manchajucarcentro.com\/turismo\/wp-content\/uploads\/2024\/11\/Parque-Glorieta-Amalio-Fernandez-La-Gineta-1-768x346.webp 768w, https:\/\/manchajucarcentro.com\/turismo\/wp-content\/uploads\/2024\/11\/Parque-Glorieta-Amalio-Fernandez-La-Gineta-1-1536x692.webp 1536w, https:\/\/manchajucarcentro.com\/turismo\/wp-content\/uploads\/2024\/11\/Parque-Glorieta-Amalio-Fernandez-La-Gineta-1-590x266.webp 590w, https:\/\/manchajucarcentro.com\/turismo\/wp-content\/uploads\/2024\/11\/Parque-Glorieta-Amalio-Fernandez-La-Gineta-1-577x260.webp 577w, https:\/\/manchajucarcentro.com\/turismo\/wp-content\/uploads\/2024\/11\/Parque-Glorieta-Amalio-Fernandez-La-Gineta-1.webp 2048w\" sizes=\"(max-width: 1200px) 100vw, 1200px\" \/><\/a>\n                                        <h4>Parque Glorieta Amalio Fern\u00e1ndez<\/h4>\n                                    <\/div>\n                                <\/div>\n                                                            <div class=\"slg-grid-bottom\">\n                                    <div class=\"slg-grid-inner\">\n                                        <a data-grid-start-index=\"2\" href=\"https:\/\/manchajucarcentro.com\/turismo\/recurso\/restaurante-los-chopos\/\" class=\"slg-gallery-cover\"><img decoding=\"async\" width=\"1200\" height=\"801\" src=\"https:\/\/manchajucarcentro.com\/turismo\/wp-content\/uploads\/2024\/10\/Restaurante-Los-Chopos-La-Gineta-1.jpg\" class=\"attachment-listeo-gallery size-listeo-gallery wp-post-image\" alt=\"\" srcset=\"https:\/\/manchajucarcentro.com\/turismo\/wp-content\/uploads\/2024\/10\/Restaurante-Los-Chopos-La-Gineta-1.jpg 1200w, https:\/\/manchajucarcentro.com\/turismo\/wp-content\/uploads\/2024\/10\/Restaurante-Los-Chopos-La-Gineta-1-300x200.jpg 300w, https:\/\/manchajucarcentro.com\/turismo\/wp-content\/uploads\/2024\/10\/Restaurante-Los-Chopos-La-Gineta-1-1024x684.jpg 1024w, https:\/\/manchajucarcentro.com\/turismo\/wp-content\/uploads\/2024\/10\/Restaurante-Los-Chopos-La-Gineta-1-768x513.jpg 768w, https:\/\/manchajucarcentro.com\/turismo\/wp-content\/uploads\/2024\/10\/Restaurante-Los-Chopos-La-Gineta-1-590x394.jpg 590w, https:\/\/manchajucarcentro.com\/turismo\/wp-content\/uploads\/2024\/10\/Restaurante-Los-Chopos-La-Gineta-1-1004x670.jpg 1004w, https:\/\/manchajucarcentro.com\/turismo\/wp-content\/uploads\/2024\/10\/Restaurante-Los-Chopos-La-Gineta-1-577x385.jpg 577w\" sizes=\"(max-width: 1200px) 100vw, 1200px\" \/><\/a>\n                                        <h4>Restaurante Los Chopos<\/h4>\n                                    <\/div>\n\n                                <\/div>\n\n                            <\/div>\n                        <\/div>\n                        <\/div><\/div><div class=\"fw-carousel-item\">\n                        <div class=\"taxonoomy-wide-grid-element\">                        <div class=\"slg-half\">\n                            <a data-grid-start-index=\"3\" href=\"https:\/\/manchajucarcentro.com\/turismo\/recurso\/cafe-bar-los-arcos\/\" class=\"slg-gallery-cover\"><img loading=\"lazy\" decoding=\"async\" width=\"382\" height=\"510\" src=\"https:\/\/manchajucarcentro.com\/turismo\/wp-content\/uploads\/2024\/10\/Cafe-Bar-Los-Arcos-La-Gineta-2.jpg\" class=\"attachment-listeo-gallery size-listeo-gallery wp-post-image\" alt=\"\" srcset=\"https:\/\/manchajucarcentro.com\/turismo\/wp-content\/uploads\/2024\/10\/Cafe-Bar-Los-Arcos-La-Gineta-2.jpg 382w, https:\/\/manchajucarcentro.com\/turismo\/wp-content\/uploads\/2024\/10\/Cafe-Bar-Los-Arcos-La-Gineta-2-225x300.jpg 225w\" sizes=\"(max-width: 382px) 100vw, 382px\" \/><\/a>\n                            <h4>Caf\u00e9-Bar Los Arcos<\/h4>\n                        <\/div>                        <div class=\"slg-half\">\n                            <div class=\"slg-grid\">\n                                <div class=\"slg-grid-top\">\n                                    <div class=\"slg-grid-inner\">\n                                        <a data-grid-start-index=\"4\" href=\"https:\/\/manchajucarcentro.com\/turismo\/recurso\/bar-el-rincon-del-abuelo\/\" class=\"slg-gallery-cover\"><img loading=\"lazy\" decoding=\"async\" width=\"640\" height=\"480\" src=\"https:\/\/manchajucarcentro.com\/turismo\/wp-content\/uploads\/2024\/10\/Bar-El-Rincon-del-Abuelo-La-Gineta-3.jpg\" class=\"attachment-listeo-gallery size-listeo-gallery wp-post-image\" alt=\"\" srcset=\"https:\/\/manchajucarcentro.com\/turismo\/wp-content\/uploads\/2024\/10\/Bar-El-Rincon-del-Abuelo-La-Gineta-3.jpg 640w, https:\/\/manchajucarcentro.com\/turismo\/wp-content\/uploads\/2024\/10\/Bar-El-Rincon-del-Abuelo-La-Gineta-3-300x225.jpg 300w, https:\/\/manchajucarcentro.com\/turismo\/wp-content\/uploads\/2024\/10\/Bar-El-Rincon-del-Abuelo-La-Gineta-3-590x443.jpg 590w, https:\/\/manchajucarcentro.com\/turismo\/wp-content\/uploads\/2024\/10\/Bar-El-Rincon-del-Abuelo-La-Gineta-3-577x433.jpg 577w\" sizes=\"(max-width: 640px) 100vw, 640px\" \/><\/a>\n                                        <h4>Bar El Rinc\u00f3n del Abuelo<\/h4>\n                                    <\/div>\n                                <\/div>\n                                                            <div class=\"slg-grid-bottom\">\n                                    <div class=\"slg-grid-inner\">\n                                        <a data-grid-start-index=\"5\" href=\"https:\/\/manchajucarcentro.com\/turismo\/recurso\/casa-de-la-cultura-catedratico-juan-soler\/\" class=\"slg-gallery-cover\"><img loading=\"lazy\" decoding=\"async\" width=\"800\" height=\"600\" src=\"https:\/\/manchajucarcentro.com\/turismo\/wp-content\/uploads\/2024\/12\/Casa-de-la-Cultura-Catedratico-Juan-Soler-La-Gineta-1.jpg\" class=\"attachment-listeo-gallery size-listeo-gallery wp-post-image\" alt=\"\" srcset=\"https:\/\/manchajucarcentro.com\/turismo\/wp-content\/uploads\/2024\/12\/Casa-de-la-Cultura-Catedratico-Juan-Soler-La-Gineta-1.jpg 800w, https:\/\/manchajucarcentro.com\/turismo\/wp-content\/uploads\/2024\/12\/Casa-de-la-Cultura-Catedratico-Juan-Soler-La-Gineta-1-300x225.jpg 300w, https:\/\/manchajucarcentro.com\/turismo\/wp-content\/uploads\/2024\/12\/Casa-de-la-Cultura-Catedratico-Juan-Soler-La-Gineta-1-768x576.jpg 768w, https:\/\/manchajucarcentro.com\/turismo\/wp-content\/uploads\/2024\/12\/Casa-de-la-Cultura-Catedratico-Juan-Soler-La-Gineta-1-590x443.jpg 590w, https:\/\/manchajucarcentro.com\/turismo\/wp-content\/uploads\/2024\/12\/Casa-de-la-Cultura-Catedratico-Juan-Soler-La-Gineta-1-577x433.jpg 577w\" sizes=\"(max-width: 800px) 100vw, 800px\" \/><\/a>\n                                        <h4>Casa de la Cultura Catedr\u00e1tico Juan Soler<\/h4>\n                                    <\/div>\n\n                                <\/div>\n\n                            <\/div>\n                        <\/div>\n                        <\/div><\/div><div class=\"fw-carousel-item\">\n                        <div class=\"taxonoomy-wide-grid-element\">                        <div class=\"slg-half\">\n                            <a data-grid-start-index=\"6\" href=\"https:\/\/manchajucarcentro.com\/turismo\/recurso\/cafe-bar-los-chatos\/\" class=\"slg-gallery-cover\"><img loading=\"lazy\" decoding=\"async\" width=\"960\" height=\"638\" src=\"https:\/\/manchajucarcentro.com\/turismo\/wp-content\/uploads\/2024\/10\/Cafe-Bar-Los-Chatos-La-Gineta-5.jpg\" class=\"attachment-listeo-gallery size-listeo-gallery wp-post-image\" alt=\"\" srcset=\"https:\/\/manchajucarcentro.com\/turismo\/wp-content\/uploads\/2024\/10\/Cafe-Bar-Los-Chatos-La-Gineta-5.jpg 960w, https:\/\/manchajucarcentro.com\/turismo\/wp-content\/uploads\/2024\/10\/Cafe-Bar-Los-Chatos-La-Gineta-5-300x199.jpg 300w, https:\/\/manchajucarcentro.com\/turismo\/wp-content\/uploads\/2024\/10\/Cafe-Bar-Los-Chatos-La-Gineta-5-768x510.jpg 768w, https:\/\/manchajucarcentro.com\/turismo\/wp-content\/uploads\/2024\/10\/Cafe-Bar-Los-Chatos-La-Gineta-5-590x392.jpg 590w, https:\/\/manchajucarcentro.com\/turismo\/wp-content\/uploads\/2024\/10\/Cafe-Bar-Los-Chatos-La-Gineta-5-577x383.jpg 577w\" sizes=\"(max-width: 960px) 100vw, 960px\" \/><\/a>\n                            <h4>Caf\u00e9-Bar Los Chatos<\/h4>\n                        <\/div>                        <div class=\"slg-half\">\n                            <div class=\"slg-grid\">\n                                <div class=\"slg-grid-top\">\n                                    <div class=\"slg-grid-inner\">\n                                        <a data-grid-start-index=\"7\" href=\"https:\/\/manchajucarcentro.com\/turismo\/recurso\/ddiego-cafe-pub\/\" class=\"slg-gallery-cover\">\t<img decoding=\"async\" src=\"https:\/\/manchajucarcentro.com\/turismo\/wp-content\/plugins\/listeo-core\/templates\/images\/listeo_placeholder.png\" alt=\"\">\r\n<\/a>\n                                        <h4>D&#8217;diego Caf\u00e9-Pub<\/h4>\n                                    <\/div>\n                                <\/div>\n                                                            <div class=\"slg-grid-bottom\">\n                                    <div class=\"slg-grid-inner\">\n                                        <a data-grid-start-index=\"8\" href=\"https:\/\/manchajucarcentro.com\/turismo\/recurso\/bodega-manzaneque\/\" class=\"slg-gallery-cover\"><img loading=\"lazy\" decoding=\"async\" width=\"1200\" height=\"750\" src=\"https:\/\/manchajucarcentro.com\/turismo\/wp-content\/uploads\/2025\/03\/Bodega-Manzaneque-1-1200x750.jpg\" class=\"attachment-listeo-gallery size-listeo-gallery wp-post-image\" alt=\"\" srcset=\"https:\/\/manchajucarcentro.com\/turismo\/wp-content\/uploads\/2025\/03\/Bodega-Manzaneque-1-1200x750.jpg 1200w, https:\/\/manchajucarcentro.com\/turismo\/wp-content\/uploads\/2025\/03\/Bodega-Manzaneque-1-300x188.jpg 300w, https:\/\/manchajucarcentro.com\/turismo\/wp-content\/uploads\/2025\/03\/Bodega-Manzaneque-1-1024x640.jpg 1024w, https:\/\/manchajucarcentro.com\/turismo\/wp-content\/uploads\/2025\/03\/Bodega-Manzaneque-1-768x480.jpg 768w, https:\/\/manchajucarcentro.com\/turismo\/wp-content\/uploads\/2025\/03\/Bodega-Manzaneque-1-1536x960.jpg 1536w, https:\/\/manchajucarcentro.com\/turismo\/wp-content\/uploads\/2025\/03\/Bodega-Manzaneque-1-590x369.jpg 590w, https:\/\/manchajucarcentro.com\/turismo\/wp-content\/uploads\/2025\/03\/Bodega-Manzaneque-1-1072x670.jpg 1072w, https:\/\/manchajucarcentro.com\/turismo\/wp-content\/uploads\/2025\/03\/Bodega-Manzaneque-1-577x361.jpg 577w, https:\/\/manchajucarcentro.com\/turismo\/wp-content\/uploads\/2025\/03\/Bodega-Manzaneque-1.jpg 1600w\" sizes=\"(max-width: 1200px) 100vw, 1200px\" \/><\/a>\n                                        <h4>Bodega Manzaneque<\/h4>\n                                    <\/div>\n\n                                <\/div>\n\n                            <\/div>\n                        <\/div>\n                        <\/div><\/div><div class=\"fw-carousel-item\">\n                        <div class=\"taxonoomy-wide-grid-element\">                        <div class=\"slg-half\">\n                            <a data-grid-start-index=\"9\" href=\"https:\/\/manchajucarcentro.com\/turismo\/recurso\/museo-etnografico-de-la-gineta\/\" class=\"slg-gallery-cover\"><img loading=\"lazy\" decoding=\"async\" width=\"975\" height=\"515\" src=\"https:\/\/manchajucarcentro.com\/turismo\/wp-content\/uploads\/2024\/11\/Museo-etnografico-La-Gineta-1.jpg\" class=\"attachment-listeo-gallery size-listeo-gallery wp-post-image\" alt=\"\" srcset=\"https:\/\/manchajucarcentro.com\/turismo\/wp-content\/uploads\/2024\/11\/Museo-etnografico-La-Gineta-1.jpg 975w, https:\/\/manchajucarcentro.com\/turismo\/wp-content\/uploads\/2024\/11\/Museo-etnografico-La-Gineta-1-300x158.jpg 300w, https:\/\/manchajucarcentro.com\/turismo\/wp-content\/uploads\/2024\/11\/Museo-etnografico-La-Gineta-1-768x406.jpg 768w, https:\/\/manchajucarcentro.com\/turismo\/wp-content\/uploads\/2024\/11\/Museo-etnografico-La-Gineta-1-590x312.jpg 590w, https:\/\/manchajucarcentro.com\/turismo\/wp-content\/uploads\/2024\/11\/Museo-etnografico-La-Gineta-1-577x305.jpg 577w\" sizes=\"(max-width: 975px) 100vw, 975px\" \/><\/a>\n                            <h4>Museo Etnogr\u00e1fico de La Gineta<\/h4>\n                        <\/div>                                <div class=\"slg-half\">\n                                    <div class=\"slg-grid\">\n                                        <div class=\"slg-grid-top\">\n                                            <div class=\"slg-grid-inner\">\n                                                <a data-grid-start-index=\"10\" href=\"https:\/\/manchajucarcentro.com\/turismo\/recurso\/bodega-manzaneque\/\" class=\"slg-gallery-cover\"><img loading=\"lazy\" decoding=\"async\" width=\"1200\" height=\"750\" src=\"https:\/\/manchajucarcentro.com\/turismo\/wp-content\/uploads\/2025\/03\/Bodega-Manzaneque-1-1200x750.jpg\" class=\"attachment-listeo-gallery size-listeo-gallery wp-post-image\" alt=\"\" srcset=\"https:\/\/manchajucarcentro.com\/turismo\/wp-content\/uploads\/2025\/03\/Bodega-Manzaneque-1-1200x750.jpg 1200w, https:\/\/manchajucarcentro.com\/turismo\/wp-content\/uploads\/2025\/03\/Bodega-Manzaneque-1-300x188.jpg 300w, https:\/\/manchajucarcentro.com\/turismo\/wp-content\/uploads\/2025\/03\/Bodega-Manzaneque-1-1024x640.jpg 1024w, https:\/\/manchajucarcentro.com\/turismo\/wp-content\/uploads\/2025\/03\/Bodega-Manzaneque-1-768x480.jpg 768w, https:\/\/manchajucarcentro.com\/turismo\/wp-content\/uploads\/2025\/03\/Bodega-Manzaneque-1-1536x960.jpg 1536w, https:\/\/manchajucarcentro.com\/turismo\/wp-content\/uploads\/2025\/03\/Bodega-Manzaneque-1-590x369.jpg 590w, https:\/\/manchajucarcentro.com\/turismo\/wp-content\/uploads\/2025\/03\/Bodega-Manzaneque-1-1072x670.jpg 1072w, https:\/\/manchajucarcentro.com\/turismo\/wp-content\/uploads\/2025\/03\/Bodega-Manzaneque-1-577x361.jpg 577w, https:\/\/manchajucarcentro.com\/turismo\/wp-content\/uploads\/2025\/03\/Bodega-Manzaneque-1.jpg 1600w\" sizes=\"(max-width: 1200px) 100vw, 1200px\" \/><\/a>\n                                                <h4>Bodega Manzaneque<\/h4>\n                                            <\/div>\n                                        <\/div>\n                                                                            <div class=\"slg-grid-bottom\">\n                                            <div class=\"slg-grid-inner\">\n                                                <a data-grid-start-index=\"11\" href=\"https:\/\/manchajucarcentro.com\/turismo\/recurso\/casa-de-la-cultura-catedratico-juan-soler\/\" class=\"slg-gallery-cover\"><img loading=\"lazy\" decoding=\"async\" width=\"800\" height=\"600\" src=\"https:\/\/manchajucarcentro.com\/turismo\/wp-content\/uploads\/2024\/12\/Casa-de-la-Cultura-Catedratico-Juan-Soler-La-Gineta-1.jpg\" class=\"attachment-listeo-gallery size-listeo-gallery wp-post-image\" alt=\"\" srcset=\"https:\/\/manchajucarcentro.com\/turismo\/wp-content\/uploads\/2024\/12\/Casa-de-la-Cultura-Catedratico-Juan-Soler-La-Gineta-1.jpg 800w, https:\/\/manchajucarcentro.com\/turismo\/wp-content\/uploads\/2024\/12\/Casa-de-la-Cultura-Catedratico-Juan-Soler-La-Gineta-1-300x225.jpg 300w, https:\/\/manchajucarcentro.com\/turismo\/wp-content\/uploads\/2024\/12\/Casa-de-la-Cultura-Catedratico-Juan-Soler-La-Gineta-1-768x576.jpg 768w, https:\/\/manchajucarcentro.com\/turismo\/wp-content\/uploads\/2024\/12\/Casa-de-la-Cultura-Catedratico-Juan-Soler-La-Gineta-1-590x443.jpg 590w, https:\/\/manchajucarcentro.com\/turismo\/wp-content\/uploads\/2024\/12\/Casa-de-la-Cultura-Catedratico-Juan-Soler-La-Gineta-1-577x433.jpg 577w\" sizes=\"(max-width: 800px) 100vw, 800px\" \/><\/a>\n                                                <h4>Casa de la Cultura Catedr\u00e1tico Juan Soler<\/h4>\n                                            <\/div>\n\n                                        <\/div>\n\n                                    <\/div>\n                                <\/div>\n                    <\/div>\n\t\t<\/div>\n\t\t\t\t<\/div>\n\t\t\t\t\t<\/div>\n\t\t\t\t<\/div>\n\t\t<div class=\"elementor-element elementor-element-37324208 e-flex e-con-boxed e-con e-parent\" data-id=\"37324208\" data-element_type=\"container\">\n\t\t\t\t\t<div class=\"e-con-inner\">\n\t\t\t\t<div class=\"elementor-element elementor-element-4ae50df3 elementor-align-center elementor-widget elementor-widget-button\" data-id=\"4ae50df3\" data-element_type=\"widget\" data-widget_type=\"button.default\">\n\t\t\t\t<div class=\"elementor-widget-container\">\n\t\t\t\t\t<div class=\"elementor-button-wrapper\">\n\t\t\t<a class=\"elementor-button elementor-button-link elementor-size-sm\" href=\"http:\/\/manchajucarcentro.com\/turismo\/municipio\/la-gineta\">\n\t\t\t\t\t\t<span class=\"elementor-button-content-wrapper\">\n\t\t\t\t\t\t\t\t\t<span class=\"elementor-button-text\">Ver todos<\/span>\n\t\t\t\t\t<\/span>\n\t\t\t\t\t<\/a>\n\t\t<\/div>\n\t\t\t\t<\/div>\n\t\t\t\t<\/div>\n\t\t\t\t\t<\/div>\n\t\t\t\t<\/div>\n\t\t<div class=\"elementor-element elementor-element-3a81518 e-flex e-con-boxed e-con e-parent\" data-id=\"3a81518\" data-element_type=\"container\">\n\t\t\t\t\t<div class=\"e-con-inner\">\n\t\t\t\t<div class=\"elementor-element elementor-element-107f8ee elementor-widget__width-initial elementor-widget elementor-widget-listeo-headline\" data-id=\"107f8ee\" data-element_type=\"widget\" data-widget_type=\"listeo-headline.default\">\n\t\t\t\t<div class=\"elementor-widget-container\">\n\t\t\t\t\t<h3 \n\t\tstyle=\"text-align:center;\" class=\"headline  headline-aligned-to-center headline-extra-spacing headline-box  headline-with-subtitle \"> Experiencias listas para ti  <span > Naturaleza, gastronom\u00eda, starlight, m\u00fasica en directo...<\/span><\/h3>\n\t\t\t\t<\/div>\n\t\t\t\t<\/div>\n\t\t\t\t\t<\/div>\n\t\t\t\t<\/div>\n\t\t<div class=\"elementor-element elementor-element-508deb9 e-flex e-con-boxed e-con e-parent\" data-id=\"508deb9\" data-element_type=\"container\">\n\t\t\t\t\t<div class=\"e-con-inner\">\n\t\t\t\t<div class=\"elementor-element elementor-element-57f7cc1 elementor-widget elementor-widget-listeo-posts-grid\" data-id=\"57f7cc1\" data-element_type=\"widget\" data-widget_type=\"listeo-posts-grid.default\">\n\t\t\t\t<div class=\"elementor-widget-container\">\n\t\t\t\t\t\n\t\t<div class=\"listeo-post-grid-wrapper\">\n\t\t\t<div class=\"row\">\n\n\t\t\t\n\n\t\t\t\t\t\t\t<div class=\"col-md-4\">\n                <a href=\"https:\/\/manchajucarcentro.com\/turismo\/ruta-de-la-canada-real\/\" class=\"blog-compact-item-container\">\n                    <div class=\"blog-compact-item\">\n                        <img loading=\"lazy\" decoding=\"async\" width=\"577\" height=\"385\" src=\"https:\/\/manchajucarcentro.com\/turismo\/wp-content\/uploads\/2024\/12\/Ruta-Canada-Real-La-Gineta-4-577x385.jpg\" class=\"attachment-listeo-blog-related-post size-listeo-blog-related-post wp-post-image\" alt=\"\" srcset=\"https:\/\/manchajucarcentro.com\/turismo\/wp-content\/uploads\/2024\/12\/Ruta-Canada-Real-La-Gineta-4-577x385.jpg 577w, https:\/\/manchajucarcentro.com\/turismo\/wp-content\/uploads\/2024\/12\/Ruta-Canada-Real-La-Gineta-4-300x200.jpg 300w, https:\/\/manchajucarcentro.com\/turismo\/wp-content\/uploads\/2024\/12\/Ruta-Canada-Real-La-Gineta-4-590x393.jpg 590w, https:\/\/manchajucarcentro.com\/turismo\/wp-content\/uploads\/2024\/12\/Ruta-Canada-Real-La-Gineta-4.jpg 639w\" sizes=\"(max-width: 577px) 100vw, 577px\" \/><span class=\"blog-item-tag\">Rutas<\/span>                        \n                        <div class=\"blog-compact-item-content\">\n                                                        <h3>Ruta de la Ca\u00f1ada Real<\/h3>\n                                                        <p>La Ruta de la Ca\u00f1ada Real en La Gineta, m\u00e1s conocida como Ca\u00f1ada de Pozo...                            <\/p>\n                                                    <\/div>\n                    <\/div>\n                <\/a>\n            <\/div>\n\t\t\t<div class=\"col-md-4\">\n                <a href=\"https:\/\/manchajucarcentro.com\/turismo\/ginetarock\/\" class=\"blog-compact-item-container\">\n                    <div class=\"blog-compact-item\">\n                        <img loading=\"lazy\" decoding=\"async\" width=\"577\" height=\"312\" src=\"https:\/\/manchajucarcentro.com\/turismo\/wp-content\/uploads\/2024\/12\/GinetaRock-Fest-La-Gineta-1-577x312.webp\" class=\"attachment-listeo-blog-related-post size-listeo-blog-related-post wp-post-image\" alt=\"\" srcset=\"https:\/\/manchajucarcentro.com\/turismo\/wp-content\/uploads\/2024\/12\/GinetaRock-Fest-La-Gineta-1-577x312.webp 577w, https:\/\/manchajucarcentro.com\/turismo\/wp-content\/uploads\/2024\/12\/GinetaRock-Fest-La-Gineta-1-300x162.webp 300w, https:\/\/manchajucarcentro.com\/turismo\/wp-content\/uploads\/2024\/12\/GinetaRock-Fest-La-Gineta-1-768x415.webp 768w, https:\/\/manchajucarcentro.com\/turismo\/wp-content\/uploads\/2024\/12\/GinetaRock-Fest-La-Gineta-1-590x319.webp 590w, https:\/\/manchajucarcentro.com\/turismo\/wp-content\/uploads\/2024\/12\/GinetaRock-Fest-La-Gineta-1.webp 1000w\" sizes=\"(max-width: 577px) 100vw, 577px\" \/><span class=\"blog-item-tag\">Festivales<\/span>                        \n                        <div class=\"blog-compact-item-content\">\n                                                        <h3>GinetaRock<\/h3>\n                                                        <p>M\u00edtico festival manchego de rock y heavy metal que tiene lugar a finales de septiembre....                            <\/p>\n                                                    <\/div>\n                    <\/div>\n                <\/a>\n            <\/div>\n\t\t\t<div class=\"col-md-4\">\n                <a href=\"https:\/\/manchajucarcentro.com\/turismo\/camino-de-santiago\/\" class=\"blog-compact-item-container\">\n                    <div class=\"blog-compact-item\">\n                        <img loading=\"lazy\" decoding=\"async\" width=\"577\" height=\"433\" src=\"https:\/\/manchajucarcentro.com\/turismo\/wp-content\/uploads\/2024\/12\/Camino-de-Santiago-8-577x433.jpg\" class=\"attachment-listeo-blog-related-post size-listeo-blog-related-post wp-post-image\" alt=\"\" srcset=\"https:\/\/manchajucarcentro.com\/turismo\/wp-content\/uploads\/2024\/12\/Camino-de-Santiago-8-577x433.jpg 577w, https:\/\/manchajucarcentro.com\/turismo\/wp-content\/uploads\/2024\/12\/Camino-de-Santiago-8-300x225.jpg 300w, https:\/\/manchajucarcentro.com\/turismo\/wp-content\/uploads\/2024\/12\/Camino-de-Santiago-8-1024x768.jpg 1024w, https:\/\/manchajucarcentro.com\/turismo\/wp-content\/uploads\/2024\/12\/Camino-de-Santiago-8-768x576.jpg 768w, https:\/\/manchajucarcentro.com\/turismo\/wp-content\/uploads\/2024\/12\/Camino-de-Santiago-8-1536x1152.jpg 1536w, https:\/\/manchajucarcentro.com\/turismo\/wp-content\/uploads\/2024\/12\/Camino-de-Santiago-8-590x443.jpg 590w, https:\/\/manchajucarcentro.com\/turismo\/wp-content\/uploads\/2024\/12\/Camino-de-Santiago-8-893x670.jpg 893w, https:\/\/manchajucarcentro.com\/turismo\/wp-content\/uploads\/2024\/12\/Camino-de-Santiago-8-1200x900.jpg 1200w, https:\/\/manchajucarcentro.com\/turismo\/wp-content\/uploads\/2024\/12\/Camino-de-Santiago-8.jpg 1600w\" sizes=\"(max-width: 577px) 100vw, 577px\" \/><span class=\"blog-item-tag\">Rutas<\/span>                        \n                        <div class=\"blog-compact-item-content\">\n                                                        <h3>Camino de Santiago<\/h3>\n                                                        <p>Las tres rutas que parten desde Levante hacia Santiago, el Camino de Valencia (863 km),...                            <\/p>\n                                                    <\/div>\n                    <\/div>\n                <\/a>\n            <\/div>\n  <\/div>\n        <\/div>\n        \t\t<\/div>\n\t\t\t\t<\/div>\n\t\t\t\t\t<\/div>\n\t\t\t\t<\/div>\n\t\t<div class=\"elementor-element elementor-element-888bfec e-flex e-con-boxed e-con e-parent\" data-id=\"888bfec\" data-element_type=\"container\">\n\t\t\t\t\t<div class=\"e-con-inner\">\n\t\t\t\t<div class=\"elementor-element elementor-element-18024861 elementor-align-center elementor-widget elementor-widget-button\" data-id=\"18024861\" data-element_type=\"widget\" data-widget_type=\"button.default\">\n\t\t\t\t<div class=\"elementor-widget-container\">\n\t\t\t\t\t<div class=\"elementor-button-wrapper\">\n\t\t\t<a class=\"elementor-button elementor-button-link elementor-size-sm\" href=\"http:\/\/manchajucarcentro.com\/turismo\/category\/rutas\/\">\n\t\t\t\t\t\t<span class=\"elementor-button-content-wrapper\">\n\t\t\t\t\t\t\t\t\t<span class=\"elementor-button-text\">Ver todos<\/span>\n\t\t\t\t\t<\/span>\n\t\t\t\t\t<\/a>\n\t\t<\/div>\n\t\t\t\t<\/div>\n\t\t\t\t<\/div>\n\t\t\t\t\t<\/div>\n\t\t\t\t<\/div>\n\t\t\t\t<\/div>\n\t\t","protected":false},"excerpt":{"rendered":"<p>Aunque eminentemente agr\u00edcola, con cultivos de secano y de regad\u00edo extensivo, en La Gineta se desarroll\u00f3 desde la segunda mitad del siglo XX una actividad industrial basada en la fabricaci\u00f3n de sillas de anea. Pasear por sus tranquilas calles es una manera excelente de conocer su patrimonio, destacando la iglesia de San Mart\u00edn, un templo [&hellip;]<\/p>\n","protected":false},"author":1,"featured_media":0,"parent":0,"menu_order":0,"comment_status":"closed","ping_status":"closed","template":"","meta":{"footnotes":""},"class_list":["post-898","page","type-page","status-publish","hentry"],"_links":{"self":[{"href":"https:\/\/manchajucarcentro.com\/turismo\/wp-json\/wp\/v2\/pages\/898","targetHints":{"allow":["GET"]}}],"collection":[{"href":"https:\/\/manchajucarcentro.com\/turismo\/wp-json\/wp\/v2\/pages"}],"about":[{"href":"https:\/\/manchajucarcentro.com\/turismo\/wp-json\/wp\/v2\/types\/page"}],"author":[{"embeddable":true,"href":"https:\/\/manchajucarcentro.com\/turismo\/wp-json\/wp\/v2\/users\/1"}],"replies":[{"embeddable":true,"href":"https:\/\/manchajucarcentro.com\/turismo\/wp-json\/wp\/v2\/comments?post=898"}],"version-history":[{"count":82,"href":"https:\/\/manchajucarcentro.com\/turismo\/wp-json\/wp\/v2\/pages\/898\/revisions"}],"predecessor-version":[{"id":4585,"href":"https:\/\/manchajucarcentro.com\/turismo\/wp-json\/wp\/v2\/pages\/898\/revisions\/4585"}],"wp:attachment":[{"href":"https:\/\/manchajucarcentro.com\/turismo\/wp-json\/wp\/v2\/media?parent=898"}],"curies":[{"name":"wp","href":"https:\/\/api.w.org\/{rel}","templated":true}]}}