{"id":900,"date":"2024-10-29T11:24:37","date_gmt":"2024-10-29T10:24:37","guid":{"rendered":"http:\/\/mjc.endinahosting.com\/?page_id=900"},"modified":"2024-12-16T12:09:52","modified_gmt":"2024-12-16T11:09:52","slug":"barrax","status":"publish","type":"page","link":"https:\/\/manchajucarcentro.com\/turismo\/barrax\/","title":{"rendered":"Barrax"},"content":{"rendered":"\t\t<div data-elementor-type=\"wp-page\" data-elementor-id=\"900\" class=\"elementor elementor-900\">\n\t\t\t\t<div class=\"elementor-element elementor-element-a4c6e4a bl-desc-municipios e-flex e-con-boxed e-con e-parent\" data-id=\"a4c6e4a\" data-element_type=\"container\" data-settings=\"{&quot;background_background&quot;:&quot;classic&quot;}\">\n\t\t\t\t\t<div class=\"e-con-inner\">\n\t\t<div class=\"elementor-element elementor-element-f078544 e-con-full e-flex e-con e-child\" data-id=\"f078544\" data-element_type=\"container\">\n\t\t\t\t<div class=\"elementor-element elementor-element-ff8972a elementor-widget elementor-widget-text-editor\" data-id=\"ff8972a\" data-element_type=\"widget\" data-widget_type=\"text-editor.default\">\n\t\t\t\t<div class=\"elementor-widget-container\">\n\t\t\t\t\t\t\t<p>Barrax es conocido por ser el pueblo natal del pintor Benjam\u00edn Palencia, fundador de la escuela de Vallecas, y cuya obra se encuentra en el Museo Provincial de Albacete.<\/p><p>Uno de los s\u00edmbolos m\u00e1s representativos de Barrax es su molino de viento, que forma parte del escudo de la localidad y se encuentra en un peque\u00f1o cerro a la entrada del pueblo, ofreciendo vistas panor\u00e1micas tanto del molino como del propio municipio. Otro lugar destacado es la Ermita de San Roque, un edificio del siglo XVIII que ha revelado recientemente pinturas policromadas durante su restauraci\u00f3n.<\/p><p>Barrax celebra diversas fiestas populares, como las dedicadas a San Roque y la Virgen del Rosario, que llenan las calles de m\u00fasica, procesiones y tradiciones.<\/p>\t\t\t\t\t\t<\/div>\n\t\t\t\t<\/div>\n\t\t\t\t<\/div>\n\t\t<div class=\"elementor-element elementor-element-8fc3b9b e-con-full e-flex e-con e-child\" data-id=\"8fc3b9b\" data-element_type=\"container\">\n\t\t\t\t<div class=\"elementor-element elementor-element-ce63c0e elementor-pagination-position-inside elementor-arrows-position-inside elementor-widget elementor-widget-image-carousel\" data-id=\"ce63c0e\" data-element_type=\"widget\" data-settings=\"{&quot;slides_to_show&quot;:&quot;1&quot;,&quot;navigation&quot;:&quot;both&quot;,&quot;autoplay&quot;:&quot;yes&quot;,&quot;pause_on_hover&quot;:&quot;yes&quot;,&quot;pause_on_interaction&quot;:&quot;yes&quot;,&quot;autoplay_speed&quot;:5000,&quot;infinite&quot;:&quot;yes&quot;,&quot;effect&quot;:&quot;slide&quot;,&quot;speed&quot;:500}\" data-widget_type=\"image-carousel.default\">\n\t\t\t\t<div class=\"elementor-widget-container\">\n\t\t\t\t\t<div class=\"elementor-image-carousel-wrapper swiper\" dir=\"ltr\">\n\t\t\t<div class=\"elementor-image-carousel swiper-wrapper\" aria-live=\"off\">\n\t\t\t\t\t\t\t\t<div class=\"swiper-slide\" role=\"group\" aria-roledescription=\"slide\" aria-label=\"1 de 3\"><figure class=\"swiper-slide-inner\"><img decoding=\"async\" class=\"swiper-slide-image\" src=\"https:\/\/manchajucarcentro.com\/turismo\/wp-content\/uploads\/elementor\/thumbs\/Barrax-Slide-3-rhy9kurl4srnu9f2apks4xq4qbn0xrbn7gw0skmnk0.jpg\" alt=\"\" \/><\/figure><\/div><div class=\"swiper-slide\" role=\"group\" aria-roledescription=\"slide\" aria-label=\"2 de 3\"><figure class=\"swiper-slide-inner\"><img decoding=\"async\" class=\"swiper-slide-image\" src=\"https:\/\/manchajucarcentro.com\/turismo\/wp-content\/uploads\/elementor\/thumbs\/Barrax-Slide-1-rhy9k79mdxvhs0d73xf3wlnlvouulbqcs8kvsnlhvk.jpg\" alt=\"\" \/><\/figure><\/div><div class=\"swiper-slide\" role=\"group\" aria-roledescription=\"slide\" aria-label=\"3 de 3\"><figure class=\"swiper-slide-inner\"><img decoding=\"async\" class=\"swiper-slide-image\" src=\"https:\/\/manchajucarcentro.com\/turismo\/wp-content\/uploads\/elementor\/thumbs\/Barrax-Slide-2-e1732874129529-rhy9je4mi2rls3jiu2to9b0bgqugypioc8ctx2sp8g.jpg\" alt=\"\" \/><\/figure><\/div>\t\t\t<\/div>\n\t\t\t\t\t\t\t\t\t\t\t\t<div class=\"elementor-swiper-button elementor-swiper-button-prev\" role=\"button\" tabindex=\"0\">\n\t\t\t\t\t\t<i aria-hidden=\"true\" class=\"eicon-chevron-left\"><\/i>\t\t\t\t\t<\/div>\n\t\t\t\t\t<div class=\"elementor-swiper-button elementor-swiper-button-next\" role=\"button\" tabindex=\"0\">\n\t\t\t\t\t\t<i aria-hidden=\"true\" class=\"eicon-chevron-right\"><\/i>\t\t\t\t\t<\/div>\n\t\t\t\t\n\t\t\t\t\t\t\t\t\t<div class=\"swiper-pagination\"><\/div>\n\t\t\t\t\t\t\t\t\t<\/div>\n\t\t\t\t<\/div>\n\t\t\t\t<\/div>\n\t\t\t\t<\/div>\n\t\t\t\t\t<\/div>\n\t\t\t\t<\/div>\n\t\t<div class=\"elementor-element elementor-element-7f5068e e-flex e-con-boxed e-con e-parent\" data-id=\"7f5068e\" data-element_type=\"container\">\n\t\t\t\t\t<div class=\"e-con-inner\">\n\t\t\t\t<div class=\"elementor-element elementor-element-55b14a7 elementor-widget__width-initial elementor-widget elementor-widget-listeo-headline\" data-id=\"55b14a7\" data-element_type=\"widget\" data-widget_type=\"listeo-headline.default\">\n\t\t\t\t<div class=\"elementor-widget-container\">\n\t\t\t\t\t<h3 \n\t\tstyle=\"text-align:center;\" class=\"headline  headline-aligned-to-center headline-extra-spacing headline-box  headline-with-subtitle \"> Nuestra propuesta  <span > Descubre nuestra esencia y nuestros tesoros<\/span><\/h3>\n\t\t\t\t<\/div>\n\t\t\t\t<\/div>\n\t\t\t\t\t<\/div>\n\t\t\t\t<\/div>\n\t\t<div class=\"elementor-element elementor-element-8269717 e-flex e-con-boxed e-con e-parent\" data-id=\"8269717\" data-element_type=\"container\">\n\t\t\t\t\t<div class=\"e-con-inner\">\n\t\t\t\t<div class=\"elementor-element elementor-element-94e62d5 elementor-widget elementor-widget-listeo-listings-wide\" data-id=\"94e62d5\" data-element_type=\"widget\" data-widget_type=\"listeo-listings-wide.default\">\n\t\t\t\t<div class=\"elementor-widget-container\">\n\t\t\t        <div class=\"fullgrid-slick-carousel listings-wide-carousel\" data-slick='{\"autoplay\": true, \"autoplaySpeed\": 3000}' >\n            <div class=\"fw-carousel-item\">\n                        <div class=\"taxonoomy-wide-grid-element\">                        <div class=\"slg-half\">\n                            <a data-grid-start-index=\"0\" href=\"https:\/\/manchajucarcentro.com\/turismo\/recurso\/iglesia-de-la-purisima-concepcion-barrax\/\" class=\"slg-gallery-cover\"><img fetchpriority=\"high\" decoding=\"async\" width=\"680\" height=\"455\" src=\"https:\/\/manchajucarcentro.com\/turismo\/wp-content\/uploads\/2024\/11\/Iglesia-de-La-Purisima-Concepcion-Barrax-4.jpg\" class=\"attachment-listeo-gallery size-listeo-gallery wp-post-image\" alt=\"\" srcset=\"https:\/\/manchajucarcentro.com\/turismo\/wp-content\/uploads\/2024\/11\/Iglesia-de-La-Purisima-Concepcion-Barrax-4.jpg 680w, https:\/\/manchajucarcentro.com\/turismo\/wp-content\/uploads\/2024\/11\/Iglesia-de-La-Purisima-Concepcion-Barrax-4-300x201.jpg 300w, https:\/\/manchajucarcentro.com\/turismo\/wp-content\/uploads\/2024\/11\/Iglesia-de-La-Purisima-Concepcion-Barrax-4-590x395.jpg 590w, https:\/\/manchajucarcentro.com\/turismo\/wp-content\/uploads\/2024\/11\/Iglesia-de-La-Purisima-Concepcion-Barrax-4-577x386.jpg 577w\" sizes=\"(max-width: 680px) 100vw, 680px\" \/><\/a>\n                            <h4>Iglesia de La Pur\u00edsima Concepci\u00f3n<\/h4>\n                        <\/div>                        <div class=\"slg-half\">\n                            <div class=\"slg-grid\">\n                                <div class=\"slg-grid-top\">\n                                    <div class=\"slg-grid-inner\">\n                                        <a data-grid-start-index=\"1\" href=\"https:\/\/manchajucarcentro.com\/turismo\/recurso\/molino-de-viento\/\" class=\"slg-gallery-cover\"><img decoding=\"async\" width=\"1200\" height=\"803\" src=\"https:\/\/manchajucarcentro.com\/turismo\/wp-content\/uploads\/2024\/11\/Molino-de-Barrax-Barrax-1-1200x803.jpg\" class=\"attachment-listeo-gallery size-listeo-gallery wp-post-image\" alt=\"\" srcset=\"https:\/\/manchajucarcentro.com\/turismo\/wp-content\/uploads\/2024\/11\/Molino-de-Barrax-Barrax-1-1200x803.jpg 1200w, https:\/\/manchajucarcentro.com\/turismo\/wp-content\/uploads\/2024\/11\/Molino-de-Barrax-Barrax-1-300x201.jpg 300w, https:\/\/manchajucarcentro.com\/turismo\/wp-content\/uploads\/2024\/11\/Molino-de-Barrax-Barrax-1-1024x685.jpg 1024w, https:\/\/manchajucarcentro.com\/turismo\/wp-content\/uploads\/2024\/11\/Molino-de-Barrax-Barrax-1-768x514.jpg 768w, https:\/\/manchajucarcentro.com\/turismo\/wp-content\/uploads\/2024\/11\/Molino-de-Barrax-Barrax-1-1536x1028.jpg 1536w, https:\/\/manchajucarcentro.com\/turismo\/wp-content\/uploads\/2024\/11\/Molino-de-Barrax-Barrax-1-590x395.jpg 590w, https:\/\/manchajucarcentro.com\/turismo\/wp-content\/uploads\/2024\/11\/Molino-de-Barrax-Barrax-1-1001x670.jpg 1001w, https:\/\/manchajucarcentro.com\/turismo\/wp-content\/uploads\/2024\/11\/Molino-de-Barrax-Barrax-1-577x386.jpg 577w, https:\/\/manchajucarcentro.com\/turismo\/wp-content\/uploads\/2024\/11\/Molino-de-Barrax-Barrax-1.jpg 1600w\" sizes=\"(max-width: 1200px) 100vw, 1200px\" \/><\/a>\n                                        <h4>Molino de Viento<\/h4>\n                                    <\/div>\n                                <\/div>\n                                                            <div class=\"slg-grid-bottom\">\n                                    <div class=\"slg-grid-inner\">\n                                        <a data-grid-start-index=\"2\" href=\"https:\/\/manchajucarcentro.com\/turismo\/recurso\/ermita-de-san-roque\/\" class=\"slg-gallery-cover\"><img decoding=\"async\" width=\"800\" height=\"364\" src=\"https:\/\/manchajucarcentro.com\/turismo\/wp-content\/uploads\/2024\/11\/Ermita-de-San-Roque-Barrax-e1732193135385.jpg\" class=\"attachment-listeo-gallery size-listeo-gallery wp-post-image\" alt=\"\" srcset=\"https:\/\/manchajucarcentro.com\/turismo\/wp-content\/uploads\/2024\/11\/Ermita-de-San-Roque-Barrax-e1732193135385.jpg 800w, https:\/\/manchajucarcentro.com\/turismo\/wp-content\/uploads\/2024\/11\/Ermita-de-San-Roque-Barrax-e1732193135385-300x137.jpg 300w, https:\/\/manchajucarcentro.com\/turismo\/wp-content\/uploads\/2024\/11\/Ermita-de-San-Roque-Barrax-e1732193135385-768x349.jpg 768w, https:\/\/manchajucarcentro.com\/turismo\/wp-content\/uploads\/2024\/11\/Ermita-de-San-Roque-Barrax-e1732193135385-590x268.jpg 590w, https:\/\/manchajucarcentro.com\/turismo\/wp-content\/uploads\/2024\/11\/Ermita-de-San-Roque-Barrax-e1732193135385-577x263.jpg 577w\" sizes=\"(max-width: 800px) 100vw, 800px\" \/><\/a>\n                                        <h4>Ermita de San Roque<\/h4>\n                                    <\/div>\n\n                                <\/div>\n\n                            <\/div>\n                        <\/div>\n                        <\/div><\/div><div class=\"fw-carousel-item\">\n                        <div class=\"taxonoomy-wide-grid-element\">                        <div class=\"slg-half\">\n                            <a data-grid-start-index=\"3\" href=\"https:\/\/manchajucarcentro.com\/turismo\/recurso\/hostal-restaurante-el-cruce-de-barrax\/\" class=\"slg-gallery-cover\"><img loading=\"lazy\" decoding=\"async\" width=\"1200\" height=\"894\" src=\"https:\/\/manchajucarcentro.com\/turismo\/wp-content\/uploads\/2024\/10\/Hostal-Restaurante-El-Cruce-de-Barrax-1200x894.png\" class=\"attachment-listeo-gallery size-listeo-gallery wp-post-image\" alt=\"\" srcset=\"https:\/\/manchajucarcentro.com\/turismo\/wp-content\/uploads\/2024\/10\/Hostal-Restaurante-El-Cruce-de-Barrax-1200x894.png 1200w, https:\/\/manchajucarcentro.com\/turismo\/wp-content\/uploads\/2024\/10\/Hostal-Restaurante-El-Cruce-de-Barrax-300x224.png 300w, https:\/\/manchajucarcentro.com\/turismo\/wp-content\/uploads\/2024\/10\/Hostal-Restaurante-El-Cruce-de-Barrax-1024x763.png 1024w, https:\/\/manchajucarcentro.com\/turismo\/wp-content\/uploads\/2024\/10\/Hostal-Restaurante-El-Cruce-de-Barrax-768x572.png 768w, https:\/\/manchajucarcentro.com\/turismo\/wp-content\/uploads\/2024\/10\/Hostal-Restaurante-El-Cruce-de-Barrax-590x440.png 590w, https:\/\/manchajucarcentro.com\/turismo\/wp-content\/uploads\/2024\/10\/Hostal-Restaurante-El-Cruce-de-Barrax-899x670.png 899w, https:\/\/manchajucarcentro.com\/turismo\/wp-content\/uploads\/2024\/10\/Hostal-Restaurante-El-Cruce-de-Barrax-577x430.png 577w, https:\/\/manchajucarcentro.com\/turismo\/wp-content\/uploads\/2024\/10\/Hostal-Restaurante-El-Cruce-de-Barrax.png 1208w\" sizes=\"(max-width: 1200px) 100vw, 1200px\" \/><\/a>\n                            <h4>Hostal Restaurante El Cruce De Barrax<\/h4>\n                        <\/div>                        <div class=\"slg-half\">\n                            <div class=\"slg-grid\">\n                                <div class=\"slg-grid-top\">\n                                    <div class=\"slg-grid-inner\">\n                                        <a data-grid-start-index=\"4\" href=\"https:\/\/manchajucarcentro.com\/turismo\/recurso\/cucos-o-cubillos\/\" class=\"slg-gallery-cover\"><img loading=\"lazy\" decoding=\"async\" width=\"378\" height=\"500\" src=\"https:\/\/manchajucarcentro.com\/turismo\/wp-content\/uploads\/2024\/12\/Cuco-Barrax-3.jpg\" class=\"attachment-listeo-gallery size-listeo-gallery wp-post-image\" alt=\"\" srcset=\"https:\/\/manchajucarcentro.com\/turismo\/wp-content\/uploads\/2024\/12\/Cuco-Barrax-3.jpg 378w, https:\/\/manchajucarcentro.com\/turismo\/wp-content\/uploads\/2024\/12\/Cuco-Barrax-3-227x300.jpg 227w\" sizes=\"(max-width: 378px) 100vw, 378px\" \/><\/a>\n                                        <h4>Cucos o cubillos<\/h4>\n                                    <\/div>\n                                <\/div>\n                                                            <div class=\"slg-grid-bottom\">\n                                    <div class=\"slg-grid-inner\">\n                                        <a data-grid-start-index=\"5\" href=\"https:\/\/manchajucarcentro.com\/turismo\/recurso\/restaurante-hostal-cuatro-vientos\/\" class=\"slg-gallery-cover\"><img loading=\"lazy\" decoding=\"async\" width=\"1024\" height=\"768\" src=\"https:\/\/manchajucarcentro.com\/turismo\/wp-content\/uploads\/2024\/10\/Restaurante-hostal-Cuatro-vientos-Barrax-2.jpeg\" class=\"attachment-listeo-gallery size-listeo-gallery wp-post-image\" alt=\"\" srcset=\"https:\/\/manchajucarcentro.com\/turismo\/wp-content\/uploads\/2024\/10\/Restaurante-hostal-Cuatro-vientos-Barrax-2.jpeg 1024w, https:\/\/manchajucarcentro.com\/turismo\/wp-content\/uploads\/2024\/10\/Restaurante-hostal-Cuatro-vientos-Barrax-2-300x225.jpeg 300w, https:\/\/manchajucarcentro.com\/turismo\/wp-content\/uploads\/2024\/10\/Restaurante-hostal-Cuatro-vientos-Barrax-2-768x576.jpeg 768w, https:\/\/manchajucarcentro.com\/turismo\/wp-content\/uploads\/2024\/10\/Restaurante-hostal-Cuatro-vientos-Barrax-2-590x443.jpeg 590w, https:\/\/manchajucarcentro.com\/turismo\/wp-content\/uploads\/2024\/10\/Restaurante-hostal-Cuatro-vientos-Barrax-2-893x670.jpeg 893w, https:\/\/manchajucarcentro.com\/turismo\/wp-content\/uploads\/2024\/10\/Restaurante-hostal-Cuatro-vientos-Barrax-2-577x433.jpeg 577w\" sizes=\"(max-width: 1024px) 100vw, 1024px\" \/><\/a>\n                                        <h4>Restaurante Hostal Cuatro Vientos<\/h4>\n                                    <\/div>\n\n                                <\/div>\n\n                            <\/div>\n                        <\/div>\n                        <\/div><\/div><div class=\"fw-carousel-item\">\n                        <div class=\"taxonoomy-wide-grid-element\">                        <div class=\"slg-half\">\n                            <a data-grid-start-index=\"6\" href=\"https:\/\/manchajucarcentro.com\/turismo\/recurso\/ermita-del-cristo-del-perdon\/\" class=\"slg-gallery-cover\"><img loading=\"lazy\" decoding=\"async\" width=\"800\" height=\"600\" src=\"https:\/\/manchajucarcentro.com\/turismo\/wp-content\/uploads\/2024\/11\/Ermita-del-Cristo-del-Perdon-Barrax-1.webp\" class=\"attachment-listeo-gallery size-listeo-gallery wp-post-image\" alt=\"\" srcset=\"https:\/\/manchajucarcentro.com\/turismo\/wp-content\/uploads\/2024\/11\/Ermita-del-Cristo-del-Perdon-Barrax-1.webp 800w, https:\/\/manchajucarcentro.com\/turismo\/wp-content\/uploads\/2024\/11\/Ermita-del-Cristo-del-Perdon-Barrax-1-300x225.webp 300w, https:\/\/manchajucarcentro.com\/turismo\/wp-content\/uploads\/2024\/11\/Ermita-del-Cristo-del-Perdon-Barrax-1-768x576.webp 768w, https:\/\/manchajucarcentro.com\/turismo\/wp-content\/uploads\/2024\/11\/Ermita-del-Cristo-del-Perdon-Barrax-1-590x443.webp 590w, https:\/\/manchajucarcentro.com\/turismo\/wp-content\/uploads\/2024\/11\/Ermita-del-Cristo-del-Perdon-Barrax-1-577x433.webp 577w\" sizes=\"(max-width: 800px) 100vw, 800px\" \/><\/a>\n                            <h4>Ermita del Cristo del Perd\u00f3n<\/h4>\n                        <\/div>                        <div class=\"slg-half\">\n                            <div class=\"slg-grid\">\n                                <div class=\"slg-grid-top\">\n                                    <div class=\"slg-grid-inner\">\n                                        <a data-grid-start-index=\"7\" href=\"https:\/\/manchajucarcentro.com\/turismo\/recurso\/ayuntamiento-de-barrax\/\" class=\"slg-gallery-cover\"><img loading=\"lazy\" decoding=\"async\" width=\"1000\" height=\"736\" src=\"https:\/\/manchajucarcentro.com\/turismo\/wp-content\/uploads\/2024\/12\/Ayuntamiento-Barrax-1.jpg\" class=\"attachment-listeo-gallery size-listeo-gallery wp-post-image\" alt=\"\" srcset=\"https:\/\/manchajucarcentro.com\/turismo\/wp-content\/uploads\/2024\/12\/Ayuntamiento-Barrax-1.jpg 1000w, https:\/\/manchajucarcentro.com\/turismo\/wp-content\/uploads\/2024\/12\/Ayuntamiento-Barrax-1-300x221.jpg 300w, https:\/\/manchajucarcentro.com\/turismo\/wp-content\/uploads\/2024\/12\/Ayuntamiento-Barrax-1-768x565.jpg 768w, https:\/\/manchajucarcentro.com\/turismo\/wp-content\/uploads\/2024\/12\/Ayuntamiento-Barrax-1-590x434.jpg 590w, https:\/\/manchajucarcentro.com\/turismo\/wp-content\/uploads\/2024\/12\/Ayuntamiento-Barrax-1-910x670.jpg 910w, https:\/\/manchajucarcentro.com\/turismo\/wp-content\/uploads\/2024\/12\/Ayuntamiento-Barrax-1-577x425.jpg 577w\" sizes=\"(max-width: 1000px) 100vw, 1000px\" \/><\/a>\n                                        <h4>Ayuntamiento de Barrax<\/h4>\n                                    <\/div>\n                                <\/div>\n                                                            <div class=\"slg-grid-bottom\">\n                                    <div class=\"slg-grid-inner\">\n                                        <a data-grid-start-index=\"8\" href=\"https:\/\/manchajucarcentro.com\/turismo\/recurso\/apimancha\/\" class=\"slg-gallery-cover\"><img loading=\"lazy\" decoding=\"async\" width=\"1200\" height=\"461\" src=\"https:\/\/manchajucarcentro.com\/turismo\/wp-content\/uploads\/2024\/11\/Apimancha-Barrax-3-1200x461.jpg\" class=\"attachment-listeo-gallery size-listeo-gallery wp-post-image\" alt=\"\" srcset=\"https:\/\/manchajucarcentro.com\/turismo\/wp-content\/uploads\/2024\/11\/Apimancha-Barrax-3-1200x461.jpg 1200w, https:\/\/manchajucarcentro.com\/turismo\/wp-content\/uploads\/2024\/11\/Apimancha-Barrax-3-300x115.jpg 300w, https:\/\/manchajucarcentro.com\/turismo\/wp-content\/uploads\/2024\/11\/Apimancha-Barrax-3-1024x394.jpg 1024w, https:\/\/manchajucarcentro.com\/turismo\/wp-content\/uploads\/2024\/11\/Apimancha-Barrax-3-768x295.jpg 768w, https:\/\/manchajucarcentro.com\/turismo\/wp-content\/uploads\/2024\/11\/Apimancha-Barrax-3-590x227.jpg 590w, https:\/\/manchajucarcentro.com\/turismo\/wp-content\/uploads\/2024\/11\/Apimancha-Barrax-3-577x222.jpg 577w, https:\/\/manchajucarcentro.com\/turismo\/wp-content\/uploads\/2024\/11\/Apimancha-Barrax-3.jpg 1475w\" sizes=\"(max-width: 1200px) 100vw, 1200px\" \/><\/a>\n                                        <h4>Apimancha<\/h4>\n                                    <\/div>\n\n                                <\/div>\n\n                            <\/div>\n                        <\/div>\n                        <\/div><\/div><div class=\"fw-carousel-item\">\n                        <div class=\"taxonoomy-wide-grid-element\">                        <div class=\"slg-half\">\n                            <a data-grid-start-index=\"9\" href=\"https:\/\/manchajucarcentro.com\/turismo\/recurso\/confiteria-panaderia-la-confi\/\" class=\"slg-gallery-cover\"><img loading=\"lazy\" decoding=\"async\" width=\"1200\" height=\"674\" src=\"https:\/\/manchajucarcentro.com\/turismo\/wp-content\/uploads\/2024\/11\/Confiteria-La-Confi-Barrax-2-1200x674.jpeg\" class=\"attachment-listeo-gallery size-listeo-gallery wp-post-image\" alt=\"\" srcset=\"https:\/\/manchajucarcentro.com\/turismo\/wp-content\/uploads\/2024\/11\/Confiteria-La-Confi-Barrax-2-1200x674.jpeg 1200w, https:\/\/manchajucarcentro.com\/turismo\/wp-content\/uploads\/2024\/11\/Confiteria-La-Confi-Barrax-2-300x168.jpeg 300w, https:\/\/manchajucarcentro.com\/turismo\/wp-content\/uploads\/2024\/11\/Confiteria-La-Confi-Barrax-2-1024x575.jpeg 1024w, https:\/\/manchajucarcentro.com\/turismo\/wp-content\/uploads\/2024\/11\/Confiteria-La-Confi-Barrax-2-768x431.jpeg 768w, https:\/\/manchajucarcentro.com\/turismo\/wp-content\/uploads\/2024\/11\/Confiteria-La-Confi-Barrax-2-1536x863.jpeg 1536w, https:\/\/manchajucarcentro.com\/turismo\/wp-content\/uploads\/2024\/11\/Confiteria-La-Confi-Barrax-2-590x331.jpeg 590w, https:\/\/manchajucarcentro.com\/turismo\/wp-content\/uploads\/2024\/11\/Confiteria-La-Confi-Barrax-2-1193x670.jpeg 1193w, https:\/\/manchajucarcentro.com\/turismo\/wp-content\/uploads\/2024\/11\/Confiteria-La-Confi-Barrax-2-577x324.jpeg 577w, https:\/\/manchajucarcentro.com\/turismo\/wp-content\/uploads\/2024\/11\/Confiteria-La-Confi-Barrax-2.jpeg 2048w\" sizes=\"(max-width: 1200px) 100vw, 1200px\" \/><\/a>\n                            <h4>Confiter\u00eda Panader\u00eda \u00abLa Confi\u00bb<\/h4>\n                        <\/div>                                <div class=\"slg-half\">\n                                    <div class=\"slg-grid\">\n                                        <div class=\"slg-grid-top\">\n                                            <div class=\"slg-grid-inner\">\n                                                <a data-grid-start-index=\"10\" href=\"https:\/\/manchajucarcentro.com\/turismo\/recurso\/ermita-del-cristo-del-perdon\/\" class=\"slg-gallery-cover\"><img loading=\"lazy\" decoding=\"async\" width=\"800\" height=\"600\" src=\"https:\/\/manchajucarcentro.com\/turismo\/wp-content\/uploads\/2024\/11\/Ermita-del-Cristo-del-Perdon-Barrax-1.webp\" class=\"attachment-listeo-gallery size-listeo-gallery wp-post-image\" alt=\"\" srcset=\"https:\/\/manchajucarcentro.com\/turismo\/wp-content\/uploads\/2024\/11\/Ermita-del-Cristo-del-Perdon-Barrax-1.webp 800w, https:\/\/manchajucarcentro.com\/turismo\/wp-content\/uploads\/2024\/11\/Ermita-del-Cristo-del-Perdon-Barrax-1-300x225.webp 300w, https:\/\/manchajucarcentro.com\/turismo\/wp-content\/uploads\/2024\/11\/Ermita-del-Cristo-del-Perdon-Barrax-1-768x576.webp 768w, https:\/\/manchajucarcentro.com\/turismo\/wp-content\/uploads\/2024\/11\/Ermita-del-Cristo-del-Perdon-Barrax-1-590x443.webp 590w, https:\/\/manchajucarcentro.com\/turismo\/wp-content\/uploads\/2024\/11\/Ermita-del-Cristo-del-Perdon-Barrax-1-577x433.webp 577w\" sizes=\"(max-width: 800px) 100vw, 800px\" \/><\/a>\n                                                <h4>Ermita del Cristo del Perd\u00f3n<\/h4>\n                                            <\/div>\n                                        <\/div>\n                                                                            <div class=\"slg-grid-bottom\">\n                                            <div class=\"slg-grid-inner\">\n                                                <a data-grid-start-index=\"11\" href=\"https:\/\/manchajucarcentro.com\/turismo\/recurso\/restaurante-hostal-cuatro-vientos\/\" class=\"slg-gallery-cover\"><img loading=\"lazy\" decoding=\"async\" width=\"1024\" height=\"768\" src=\"https:\/\/manchajucarcentro.com\/turismo\/wp-content\/uploads\/2024\/10\/Restaurante-hostal-Cuatro-vientos-Barrax-2.jpeg\" class=\"attachment-listeo-gallery size-listeo-gallery wp-post-image\" alt=\"\" srcset=\"https:\/\/manchajucarcentro.com\/turismo\/wp-content\/uploads\/2024\/10\/Restaurante-hostal-Cuatro-vientos-Barrax-2.jpeg 1024w, https:\/\/manchajucarcentro.com\/turismo\/wp-content\/uploads\/2024\/10\/Restaurante-hostal-Cuatro-vientos-Barrax-2-300x225.jpeg 300w, https:\/\/manchajucarcentro.com\/turismo\/wp-content\/uploads\/2024\/10\/Restaurante-hostal-Cuatro-vientos-Barrax-2-768x576.jpeg 768w, https:\/\/manchajucarcentro.com\/turismo\/wp-content\/uploads\/2024\/10\/Restaurante-hostal-Cuatro-vientos-Barrax-2-590x443.jpeg 590w, https:\/\/manchajucarcentro.com\/turismo\/wp-content\/uploads\/2024\/10\/Restaurante-hostal-Cuatro-vientos-Barrax-2-893x670.jpeg 893w, https:\/\/manchajucarcentro.com\/turismo\/wp-content\/uploads\/2024\/10\/Restaurante-hostal-Cuatro-vientos-Barrax-2-577x433.jpeg 577w\" sizes=\"(max-width: 1024px) 100vw, 1024px\" \/><\/a>\n                                                <h4>Restaurante Hostal Cuatro Vientos<\/h4>\n                                            <\/div>\n\n                                        <\/div>\n\n                                    <\/div>\n                                <\/div>\n                    <\/div>\n\t\t<\/div>\n\t\t\t\t<\/div>\n\t\t\t\t\t<\/div>\n\t\t\t\t<\/div>\n\t\t<div class=\"elementor-element elementor-element-4e94dcf7 e-flex e-con-boxed e-con e-parent\" data-id=\"4e94dcf7\" data-element_type=\"container\">\n\t\t\t\t\t<div class=\"e-con-inner\">\n\t\t\t\t<div class=\"elementor-element elementor-element-20935e4a elementor-align-center elementor-widget elementor-widget-button\" data-id=\"20935e4a\" data-element_type=\"widget\" data-widget_type=\"button.default\">\n\t\t\t\t<div class=\"elementor-widget-container\">\n\t\t\t\t\t<div class=\"elementor-button-wrapper\">\n\t\t\t<a class=\"elementor-button elementor-button-link elementor-size-sm\" href=\"http:\/\/manchajucarcentro.com\/turismo\/municipio\/barrax\/\">\n\t\t\t\t\t\t<span class=\"elementor-button-content-wrapper\">\n\t\t\t\t\t\t\t\t\t<span class=\"elementor-button-text\">Ver todos<\/span>\n\t\t\t\t\t<\/span>\n\t\t\t\t\t<\/a>\n\t\t<\/div>\n\t\t\t\t<\/div>\n\t\t\t\t<\/div>\n\t\t\t\t\t<\/div>\n\t\t\t\t<\/div>\n\t\t<div class=\"elementor-element elementor-element-ab5a880 e-flex e-con-boxed e-con e-parent\" data-id=\"ab5a880\" data-element_type=\"container\" data-settings=\"{&quot;background_background&quot;:&quot;classic&quot;}\">\n\t\t\t\t\t<div class=\"e-con-inner\">\n\t\t\t\t<div class=\"elementor-element elementor-element-0f667a1 elementor-widget__width-initial elementor-widget elementor-widget-listeo-headline\" data-id=\"0f667a1\" data-element_type=\"widget\" data-widget_type=\"listeo-headline.default\">\n\t\t\t\t<div class=\"elementor-widget-container\">\n\t\t\t\t\t<h3 \n\t\tstyle=\"text-align:center;\" class=\"headline  headline-aligned-to-center headline-extra-spacing headline-box  headline-with-subtitle \"> D\u00f3nde comer en Barrax  <span > Todo el sabor de la cocina tradicional castellana<\/span><\/h3>\n\t\t\t\t<\/div>\n\t\t\t\t<\/div>\n\t\t\t\t<div class=\"elementor-element elementor-element-d2b925f elementor-widget elementor-widget-listeo-listings-carousel\" data-id=\"d2b925f\" data-element_type=\"widget\" data-widget_type=\"listeo-listings-carousel.default\">\n\t\t\t\t<div class=\"elementor-widget-container\">\n\t\t\t        <!-- Carousel \/ Start -->\n        \t<div class=\"simple-slick-carousel dots-nav\"  data-slick='{\"autoplay\": true, \"autoplaySpeed\": 3000}' >\n                            <div class=\"fw-carousel-item\">                    \n                        <!-- Listing Item -->\r\n        <a href=\"https:\/\/manchajucarcentro.com\/turismo\/recurso\/restaurante-hostal-cuatro-vientos\/\"  class=\"listing-item-container listing-geo-data compact\" \r\n\t\tdata-title=\"Restaurante Hostal Cuatro Vientos\"\r\n\t\tdata-listing-type=\"service\"\r\n\t\tdata-classifieds-price=\"\u20ac\"\r\n\t\tdata-friendly-address=\"C. Miguel S\u00e1nchez Flor, 1, 02639 Barrax, Albacete\"\r\n\t\tdata-address=\"C. Miguel S\u00e1nchez Flor, 1, 02639 Barrax, Albacete\"\r\n\t\tdata-image=\"https:\/\/manchajucarcentro.com\/turismo\/wp-content\/uploads\/2024\/10\/Restaurante-hostal-Cuatro-vientos-Barrax-2-520x397.jpeg\"\r\n\t\tdata-longitude=\"39.044577095788256\"\r\n\t\tdata-latitude=\"-2.2018090767416973\"\r\n\t\t\t\tdata-icon=\"&lt;i class=&quot;fab fa-500px&quot;&gt;&lt;\/i&gt;\"\r\n\r\n\t>\r\n            <div class=\"listing-item  \">\r\n                <div class=\"listing-small-badges-container\">\r\n                                                                                                    \r\n                <\/div>\r\n                <img loading=\"lazy\" decoding=\"async\" width=\"520\" height=\"397\" src=\"https:\/\/manchajucarcentro.com\/turismo\/wp-content\/uploads\/2024\/10\/Restaurante-hostal-Cuatro-vientos-Barrax-2-520x397.jpeg\" class=\"attachment-listeo-listing-grid size-listeo-listing-grid wp-post-image\" alt=\"\" \/>\r\n                                        <div class=\"listing-badge now-open\">Abierto ahora<\/div>\r\n                        \r\n\r\n                <div class=\"listing-item-content\">\r\n                    \r\n                    <h3> Restaurante Hostal Cuatro Vientos <\/h3>\r\n                    <span>C. Miguel S\u00e1nchez Flor, 1, 02639 Barrax, Albacete<\/span>\r\n                <\/div>\r\n                                        <span class=\"save like-icon tooltip left\" title=\"Login To Bookmark Items\"><\/span>\r\n                                                <\/div>\r\n        <\/a>\r\n        \r\n\r\n        <!-- Listing Item \/ End -->\n                    <\/div>\n                                      <div class=\"fw-carousel-item\">                    \n                        <!-- Listing Item -->\r\n        <a href=\"https:\/\/manchajucarcentro.com\/turismo\/recurso\/confiteria-panaderia-la-confi\/\"  class=\"listing-item-container listing-geo-data compact\" \r\n\t\tdata-title=\"Confiter\u00eda Panader\u00eda \u00abLa Confi\u00bb\"\r\n\t\tdata-listing-type=\"service\"\r\n\t\tdata-classifieds-price=\"\u20ac\"\r\n\t\tdata-friendly-address=\"C. Molienda de la Paz, 02639 Barrax, Albacete\"\r\n\t\tdata-address=\"C. Molienda de la Paz, 02639 Barrax, Albacete\"\r\n\t\tdata-image=\"https:\/\/manchajucarcentro.com\/turismo\/wp-content\/uploads\/2024\/11\/Confiteria-La-Confi-Barrax-2-520x397.jpeg\"\r\n\t\tdata-longitude=\"39.04488438649621\"\r\n\t\tdata-latitude=\"-2.201420317218289\"\r\n\t\t\t\tdata-icon=\"&lt;i class=&quot;fab fa-500px&quot;&gt;&lt;\/i&gt;\"\r\n\r\n\t>\r\n            <div class=\"listing-item  \">\r\n                <div class=\"listing-small-badges-container\">\r\n                                                                                                    \r\n                <\/div>\r\n                <img loading=\"lazy\" decoding=\"async\" width=\"520\" height=\"397\" src=\"https:\/\/manchajucarcentro.com\/turismo\/wp-content\/uploads\/2024\/11\/Confiteria-La-Confi-Barrax-2-520x397.jpeg\" class=\"attachment-listeo-listing-grid size-listeo-listing-grid wp-post-image\" alt=\"\" \/>\r\n                \r\n\r\n                <div class=\"listing-item-content\">\r\n                    \r\n                    <h3> Confiter\u00eda Panader\u00eda \u00abLa Confi\u00bb <\/h3>\r\n                    <span>C. Molienda de la Paz, 02639 Barrax, Albacete<\/span>\r\n                <\/div>\r\n                                        <span class=\"save like-icon tooltip left\" title=\"Login To Bookmark Items\"><\/span>\r\n                                                <\/div>\r\n        <\/a>\r\n        \r\n\r\n        <!-- Listing Item \/ End -->\n                    <\/div>\n                                      <div class=\"fw-carousel-item\">                    \n                        <!-- Listing Item -->\r\n        <a href=\"https:\/\/manchajucarcentro.com\/turismo\/recurso\/hostal-restaurante-el-cruce-de-barrax\/\"  class=\"listing-item-container listing-geo-data compact\" \r\n\t\tdata-title=\"Hostal Restaurante El Cruce De Barrax\"\r\n\t\tdata-listing-type=\"service\"\r\n\t\tdata-classifieds-price=\"\u20ac\"\r\n\t\tdata-friendly-address=\"C. Albacete, 57, 02639 Barrax, Albacete\"\r\n\t\tdata-address=\"C. Albacete, 57, 02639 Barrax, Albacete\"\r\n\t\tdata-image=\"https:\/\/manchajucarcentro.com\/turismo\/wp-content\/uploads\/2024\/10\/Hostal-Restaurante-El-Cruce-de-Barrax-520x397.png\"\r\n\t\tdata-longitude=\"39.04316276035228\"\r\n\t\tdata-latitude=\"-2.1940900883824264\"\r\n\t\t\t\tdata-icon=\"&lt;i class=&quot;fab fa-500px&quot;&gt;&lt;\/i&gt;\"\r\n\r\n\t>\r\n            <div class=\"listing-item  \">\r\n                <div class=\"listing-small-badges-container\">\r\n                                                                                                    \r\n                <\/div>\r\n                <img loading=\"lazy\" decoding=\"async\" width=\"520\" height=\"397\" src=\"https:\/\/manchajucarcentro.com\/turismo\/wp-content\/uploads\/2024\/10\/Hostal-Restaurante-El-Cruce-de-Barrax-520x397.png\" class=\"attachment-listeo-listing-grid size-listeo-listing-grid wp-post-image\" alt=\"\" \/>\r\n                                        <div class=\"listing-badge now-open\">Abierto ahora<\/div>\r\n                        \r\n\r\n                <div class=\"listing-item-content\">\r\n                    \r\n                    <h3> Hostal Restaurante El Cruce De Barrax <\/h3>\r\n                    <span>C. Albacete, 57, 02639 Barrax, Albacete<\/span>\r\n                <\/div>\r\n                                        <span class=\"save like-icon tooltip left\" title=\"Login To Bookmark Items\"><\/span>\r\n                                                <\/div>\r\n        <\/a>\r\n        \r\n\r\n        <!-- Listing Item \/ End -->\n                    <\/div>\n                                      <div class=\"fw-carousel-item\">                    \n                        <!-- Listing Item -->\r\n        <a href=\"https:\/\/manchajucarcentro.com\/turismo\/recurso\/taberna-ramon\/\"  class=\"listing-item-container listing-geo-data compact\" \r\n\t\tdata-title=\"Taberna Ram\u00f3n\"\r\n\t\tdata-listing-type=\"service\"\r\n\t\tdata-classifieds-price=\"\u20ac\"\r\n\t\tdata-friendly-address=\"C. San Roque, 9, 02639 Barrax, Albacete\"\r\n\t\tdata-address=\"C. San Roque, 9, 02639 Barrax, Albacete\"\r\n\t\tdata-image=\"https:\/\/manchajucarcentro.com\/turismo\/wp-content\/uploads\/2024\/10\/Taberna-Ramon-Barrax-520x397.jpeg\"\r\n\t\tdata-longitude=\"39.04655104917386\"\r\n\t\tdata-latitude=\"-2.201149446054143\"\r\n\t\t\t\tdata-icon=\"&lt;i class=&quot;fab fa-500px&quot;&gt;&lt;\/i&gt;\"\r\n\r\n\t>\r\n            <div class=\"listing-item  \">\r\n                <div class=\"listing-small-badges-container\">\r\n                                                                                                    \r\n                <\/div>\r\n                <img loading=\"lazy\" decoding=\"async\" width=\"520\" height=\"397\" src=\"https:\/\/manchajucarcentro.com\/turismo\/wp-content\/uploads\/2024\/10\/Taberna-Ramon-Barrax-520x397.jpeg\" class=\"attachment-listeo-listing-grid size-listeo-listing-grid wp-post-image\" alt=\"\" \/>\r\n                                            <div class=\"listing-badge now-closed\">Cerrado ahora<\/div>\r\n                                        \r\n\r\n                <div class=\"listing-item-content\">\r\n                    \r\n                    <h3> Taberna Ram\u00f3n <\/h3>\r\n                    <span>C. San Roque, 9, 02639 Barrax, Albacete<\/span>\r\n                <\/div>\r\n                                        <span class=\"save like-icon tooltip left\" title=\"Login To Bookmark Items\"><\/span>\r\n                                                <\/div>\r\n        <\/a>\r\n        \r\n\r\n        <!-- Listing Item \/ End -->\n                    <\/div>\n                          <\/div>\n        \t\t<\/div>\n\t\t\t\t<\/div>\n\t\t\t\t\t<\/div>\n\t\t\t\t<\/div>\n\t\t<div class=\"elementor-element elementor-element-216052bc e-flex e-con-boxed e-con e-parent\" data-id=\"216052bc\" data-element_type=\"container\">\n\t\t\t\t\t<div class=\"e-con-inner\">\n\t\t\t\t<div class=\"elementor-element elementor-element-2f63b8ba elementor-align-center elementor-widget elementor-widget-button\" data-id=\"2f63b8ba\" data-element_type=\"widget\" data-widget_type=\"button.default\">\n\t\t\t\t<div class=\"elementor-widget-container\">\n\t\t\t\t\t<div class=\"elementor-button-wrapper\">\n\t\t\t<a class=\"elementor-button elementor-button-link elementor-size-sm\" href=\"http:\/\/manchajucarcentro.com\/turismo\/municipio\/barrax\/\">\n\t\t\t\t\t\t<span class=\"elementor-button-content-wrapper\">\n\t\t\t\t\t\t\t\t\t<span class=\"elementor-button-text\">Ver todos<\/span>\n\t\t\t\t\t<\/span>\n\t\t\t\t\t<\/a>\n\t\t<\/div>\n\t\t\t\t<\/div>\n\t\t\t\t<\/div>\n\t\t\t\t\t<\/div>\n\t\t\t\t<\/div>\n\t\t<div class=\"elementor-element elementor-element-3a81518 e-flex e-con-boxed e-con e-parent\" data-id=\"3a81518\" data-element_type=\"container\">\n\t\t\t\t\t<div class=\"e-con-inner\">\n\t\t\t\t<div class=\"elementor-element elementor-element-107f8ee elementor-widget__width-initial elementor-widget elementor-widget-listeo-headline\" data-id=\"107f8ee\" data-element_type=\"widget\" data-widget_type=\"listeo-headline.default\">\n\t\t\t\t<div class=\"elementor-widget-container\">\n\t\t\t\t\t<h3 \n\t\tstyle=\"text-align:center;\" class=\"headline  headline-aligned-to-center headline-extra-spacing headline-box  headline-with-subtitle \"> Experiencias listas para ti  <span > Naturaleza, gastronom\u00eda, starlight, m\u00fasica en directo...<\/span><\/h3>\n\t\t\t\t<\/div>\n\t\t\t\t<\/div>\n\t\t\t\t\t<\/div>\n\t\t\t\t<\/div>\n\t\t<div class=\"elementor-element elementor-element-508deb9 e-flex e-con-boxed e-con e-parent\" data-id=\"508deb9\" data-element_type=\"container\">\n\t\t\t\t\t<div class=\"e-con-inner\">\n\t\t\t\t<div class=\"elementor-element elementor-element-57f7cc1 elementor-widget elementor-widget-listeo-posts-grid\" data-id=\"57f7cc1\" data-element_type=\"widget\" data-widget_type=\"listeo-posts-grid.default\">\n\t\t\t\t<div class=\"elementor-widget-container\">\n\t\t\t\t\t\n\t\t<div class=\"listeo-post-grid-wrapper\">\n\t\t\t<div class=\"row\">\n\n\t\t\t\n\n\t\t\t\t\t\t\t<div class=\"col-md-4\">\n                <a href=\"https:\/\/manchajucarcentro.com\/turismo\/ruta-benjamin-palencia\/\" class=\"blog-compact-item-container\">\n                    <div class=\"blog-compact-item\">\n                        <img loading=\"lazy\" decoding=\"async\" width=\"577\" height=\"384\" src=\"https:\/\/manchajucarcentro.com\/turismo\/wp-content\/uploads\/2024\/12\/Ruta-Benjamin-Palencia-Barrax-8-577x384.jpg\" class=\"attachment-listeo-blog-related-post size-listeo-blog-related-post wp-post-image\" alt=\"\" srcset=\"https:\/\/manchajucarcentro.com\/turismo\/wp-content\/uploads\/2024\/12\/Ruta-Benjamin-Palencia-Barrax-8-577x384.jpg 577w, https:\/\/manchajucarcentro.com\/turismo\/wp-content\/uploads\/2024\/12\/Ruta-Benjamin-Palencia-Barrax-8-300x200.jpg 300w, https:\/\/manchajucarcentro.com\/turismo\/wp-content\/uploads\/2024\/12\/Ruta-Benjamin-Palencia-Barrax-8-590x393.jpg 590w, https:\/\/manchajucarcentro.com\/turismo\/wp-content\/uploads\/2024\/12\/Ruta-Benjamin-Palencia-Barrax-8.jpg 640w\" sizes=\"(max-width: 577px) 100vw, 577px\" \/><span class=\"blog-item-tag\">Rutas<\/span>                        \n                        <div class=\"blog-compact-item-content\">\n                                                        <h3>Ruta Benjam\u00edn Palencia<\/h3>\n                                                        <p>La Ruta Benjam\u00edn Palencia en Barrax es una experiencia de senderismo que rinde homenaje al...                            <\/p>\n                                                    <\/div>\n                    <\/div>\n                <\/a>\n            <\/div>\n\t\t\t<div class=\"col-md-4\">\n                <a href=\"https:\/\/manchajucarcentro.com\/turismo\/ruta-de-la-canada-real\/\" class=\"blog-compact-item-container\">\n                    <div class=\"blog-compact-item\">\n                        <img loading=\"lazy\" decoding=\"async\" width=\"577\" height=\"385\" src=\"https:\/\/manchajucarcentro.com\/turismo\/wp-content\/uploads\/2024\/12\/Ruta-Canada-Real-La-Gineta-4-577x385.jpg\" class=\"attachment-listeo-blog-related-post size-listeo-blog-related-post wp-post-image\" alt=\"\" srcset=\"https:\/\/manchajucarcentro.com\/turismo\/wp-content\/uploads\/2024\/12\/Ruta-Canada-Real-La-Gineta-4-577x385.jpg 577w, https:\/\/manchajucarcentro.com\/turismo\/wp-content\/uploads\/2024\/12\/Ruta-Canada-Real-La-Gineta-4-300x200.jpg 300w, https:\/\/manchajucarcentro.com\/turismo\/wp-content\/uploads\/2024\/12\/Ruta-Canada-Real-La-Gineta-4-590x393.jpg 590w, https:\/\/manchajucarcentro.com\/turismo\/wp-content\/uploads\/2024\/12\/Ruta-Canada-Real-La-Gineta-4.jpg 639w\" sizes=\"(max-width: 577px) 100vw, 577px\" \/><span class=\"blog-item-tag\">Rutas<\/span>                        \n                        <div class=\"blog-compact-item-content\">\n                                                        <h3>Ruta de la Ca\u00f1ada Real<\/h3>\n                                                        <p>La Ruta de la Ca\u00f1ada Real en La Gineta, m\u00e1s conocida como Ca\u00f1ada de Pozo...                            <\/p>\n                                                    <\/div>\n                    <\/div>\n                <\/a>\n            <\/div>\n\t\t\t<div class=\"col-md-4\">\n                <a href=\"https:\/\/manchajucarcentro.com\/turismo\/camino-de-santiago\/\" class=\"blog-compact-item-container\">\n                    <div class=\"blog-compact-item\">\n                        <img loading=\"lazy\" decoding=\"async\" width=\"577\" height=\"433\" src=\"https:\/\/manchajucarcentro.com\/turismo\/wp-content\/uploads\/2024\/12\/Camino-de-Santiago-8-577x433.jpg\" class=\"attachment-listeo-blog-related-post size-listeo-blog-related-post wp-post-image\" alt=\"\" srcset=\"https:\/\/manchajucarcentro.com\/turismo\/wp-content\/uploads\/2024\/12\/Camino-de-Santiago-8-577x433.jpg 577w, https:\/\/manchajucarcentro.com\/turismo\/wp-content\/uploads\/2024\/12\/Camino-de-Santiago-8-300x225.jpg 300w, https:\/\/manchajucarcentro.com\/turismo\/wp-content\/uploads\/2024\/12\/Camino-de-Santiago-8-1024x768.jpg 1024w, https:\/\/manchajucarcentro.com\/turismo\/wp-content\/uploads\/2024\/12\/Camino-de-Santiago-8-768x576.jpg 768w, https:\/\/manchajucarcentro.com\/turismo\/wp-content\/uploads\/2024\/12\/Camino-de-Santiago-8-1536x1152.jpg 1536w, https:\/\/manchajucarcentro.com\/turismo\/wp-content\/uploads\/2024\/12\/Camino-de-Santiago-8-590x443.jpg 590w, https:\/\/manchajucarcentro.com\/turismo\/wp-content\/uploads\/2024\/12\/Camino-de-Santiago-8-893x670.jpg 893w, https:\/\/manchajucarcentro.com\/turismo\/wp-content\/uploads\/2024\/12\/Camino-de-Santiago-8-1200x900.jpg 1200w, https:\/\/manchajucarcentro.com\/turismo\/wp-content\/uploads\/2024\/12\/Camino-de-Santiago-8.jpg 1600w\" sizes=\"(max-width: 577px) 100vw, 577px\" \/><span class=\"blog-item-tag\">Rutas<\/span>                        \n                        <div class=\"blog-compact-item-content\">\n                                                        <h3>Camino de Santiago<\/h3>\n                                                        <p>Las tres rutas que parten desde Levante hacia Santiago, el Camino de Valencia (863 km),...                            <\/p>\n                                                    <\/div>\n                    <\/div>\n                <\/a>\n            <\/div>\n  <\/div>\n        <\/div>\n        \t\t<\/div>\n\t\t\t\t<\/div>\n\t\t\t\t\t<\/div>\n\t\t\t\t<\/div>\n\t\t<div class=\"elementor-element elementor-element-54f918cc e-flex e-con-boxed e-con e-parent\" data-id=\"54f918cc\" data-element_type=\"container\">\n\t\t\t\t\t<div class=\"e-con-inner\">\n\t\t\t\t<div class=\"elementor-element elementor-element-4b912633 elementor-align-center elementor-widget elementor-widget-button\" data-id=\"4b912633\" data-element_type=\"widget\" data-widget_type=\"button.default\">\n\t\t\t\t<div class=\"elementor-widget-container\">\n\t\t\t\t\t<div class=\"elementor-button-wrapper\">\n\t\t\t<a class=\"elementor-button elementor-button-link elementor-size-sm\" href=\"http:\/\/manchajucarcentro.com\/turismo\/category\/rutas\/\">\n\t\t\t\t\t\t<span class=\"elementor-button-content-wrapper\">\n\t\t\t\t\t\t\t\t\t<span class=\"elementor-button-text\">Ver todos<\/span>\n\t\t\t\t\t<\/span>\n\t\t\t\t\t<\/a>\n\t\t<\/div>\n\t\t\t\t<\/div>\n\t\t\t\t<\/div>\n\t\t\t\t\t<\/div>\n\t\t\t\t<\/div>\n\t\t\t\t<\/div>\n\t\t","protected":false},"excerpt":{"rendered":"<p>Barrax es conocido por ser el pueblo natal del pintor Benjam\u00edn Palencia, fundador de la escuela de Vallecas, y cuya obra se encuentra en el Museo Provincial de Albacete. Uno de los s\u00edmbolos m\u00e1s representativos de Barrax es su molino de viento, que forma parte del escudo de la localidad y se encuentra en un [&hellip;]<\/p>\n","protected":false},"author":1,"featured_media":0,"parent":0,"menu_order":0,"comment_status":"closed","ping_status":"closed","template":"","meta":{"footnotes":""},"class_list":["post-900","page","type-page","status-publish","hentry"],"_links":{"self":[{"href":"https:\/\/manchajucarcentro.com\/turismo\/wp-json\/wp\/v2\/pages\/900","targetHints":{"allow":["GET"]}}],"collection":[{"href":"https:\/\/manchajucarcentro.com\/turismo\/wp-json\/wp\/v2\/pages"}],"about":[{"href":"https:\/\/manchajucarcentro.com\/turismo\/wp-json\/wp\/v2\/types\/page"}],"author":[{"embeddable":true,"href":"https:\/\/manchajucarcentro.com\/turismo\/wp-json\/wp\/v2\/users\/1"}],"replies":[{"embeddable":true,"href":"https:\/\/manchajucarcentro.com\/turismo\/wp-json\/wp\/v2\/comments?post=900"}],"version-history":[{"count":128,"href":"https:\/\/manchajucarcentro.com\/turismo\/wp-json\/wp\/v2\/pages\/900\/revisions"}],"predecessor-version":[{"id":3903,"href":"https:\/\/manchajucarcentro.com\/turismo\/wp-json\/wp\/v2\/pages\/900\/revisions\/3903"}],"wp:attachment":[{"href":"https:\/\/manchajucarcentro.com\/turismo\/wp-json\/wp\/v2\/media?parent=900"}],"curies":[{"name":"wp","href":"https:\/\/api.w.org\/{rel}","templated":true}]}}